 {"id":1184,"date":"2019-02-01T10:41:25","date_gmt":"2019-02-01T10:41:25","guid":{"rendered":"https:\/\/bollicine.org\/?page_id=1184"},"modified":"2026-09-03T10:43:57","modified_gmt":"2026-09-03T10:43:57","slug":"home","status":"publish","type":"page","link":"https:\/\/bollicine.org\/","title":{"rendered":"Home"},"content":{"rendered":"\n<p class=\"wp-block-paragraph\">[vc_row css_animation=&#8221;&#8221; row_type=&#8221;row&#8221; use_row_as_full_screen_section=&#8221;no&#8221; type=&#8221;full_width&#8221; angled_section=&#8221;no&#8221; text_align=&#8221;left&#8221; background_image_as_pattern=&#8221;without_pattern&#8221; padding_top=&#8221;0&#8243; padding_bottom=&#8221;0&#8243; css=&#8221;.vc_custom_1550148559441{margin-top: 0px !important;border-top-width: 0px !important;border-bottom-width: 0px !important;padding-top: 0px !important;}&#8221; z_index=&#8221;&#8221;][vc_column width=&#8221;1\/6&#8243;][\/vc_column][vc_column width=&#8221;2\/3&#8243;][vc_column_text][rev_slider_vc alias=&#8221;home&#8221;][\/vc_column_text][\/vc_column][vc_column width=&#8221;1\/6&#8243;]<a  itemprop=\"url\" href=\"\" target=\"_self\"  class=\"qbutton  big_large default\" style=\"\">SPORT<\/a>[\/vc_column][\/vc_row][vc_row css_animation=&#8221;&#8221; row_type=&#8221;row&#8221; use_row_as_full_screen_section=&#8221;no&#8221; type=&#8221;full_width&#8221; angled_section=&#8221;no&#8221; text_align=&#8221;left&#8221; background_image_as_pattern=&#8221;without_pattern&#8221;][vc_column width=&#8221;1\/6&#8243;][\/vc_column][vc_column width=&#8221;2\/3&#8243;]<div class=\"qode-blog-carousel-titled\" data-posts-shown=\"3\">\n\t<div class=\"qode-bct-title-holder\" >\n\t\t<a class=\"qode-bct-caroufredsel-prev\" href=\"#\">\n\t\t\t<span class=\"qode-bct-caroufredsel-nav-inner\">\n\t\t\t\t<span class=\"qode-bct-caroufredsel-nav-icon-holder\">\n\t\t\t\t\t<span class=\"arrow_carrot-left\"><\/span>\n\t\t\t\t<\/span>\n\t\t\t<\/span>\n\t\t<\/a>\n\t\t\t\t\t\t\t\t<h3>\n\t\t\t\t\t\tNews\t\t\t\t\t<\/h3>\n\t\t\t\t<a class=\"qode-bct-caroufredsel-next\" href=\"#\">\n\t\t<span class=\"qode-bct-caroufredsel-nav-inner\">\n\t\t\t<span class=\"qode-bct-caroufredsel-nav-icon-holder\">\n\t\t\t\t<span class=\"arrow_carrot-right\"><\/span>\n\t\t\t<\/span>\n\t\t<\/span>\n\t<\/a>\n\t<\/div>\n\t\t\t<div class=\"qode-bct-posts-holder\">\n\t\t<div class=\"qode-bct-posts\">\n\t\t\t\t\t\t\t\t\t\t\t\t<div class=\"qode-bct-post\">\n\t\t\t\t\t\t\t\t\t\t\t\t<div class=\"qode-bct-post-text\">\n\t\t\t\t\t\t\t<h3 class=\"qode-bct-post-title entry_title\" itemprop=\"name\">\n\t\t\t\t\t\t\t\t<a href=\"https:\/\/bollicine.org\/?p=3200\" itemprop=\"url\">Graduatoria Giovani selezionati per il Progetto Servizio Civile Regionale presso Le Bollicine APS, nell\u2019ambito del Bando per la presentazione di progetti finanziato con il PR FSE+ 2021\/2027 \u2013 Anno 2025, relativa al progetto \u201cIncludere e vivere: attivit\u00e0 di socializzazione e percorsi di autonomia per persone con disabilit\u00e0\u201d.<\/a>\n\t\t\t\t\t\t\t<\/h3>\n\t\t\t\t\t\t\t\t\t\t\t\t\t\t<p itemprop=\"description\" class = \"qode-bct-post-excerpt\"> In data&nbsp;6 luglio 2026&nbsp;si sono svolti i colloqui di selezione dei giovani candidati da impiegare nel progetto di&nbsp;Servizio Civile Regionale&nbsp;denominato Includere e vivere: attivit\u00e0 di socializzazione e percorsi di autonomia per persone con disabilit\u00e0, presentato nell\u2019ambito del Bando per la presentazione di progetti finanziato con&nbsp;PR...<\/p>\n\t\t\t\t\t\t\t<div class=\"qode-bct-post-date entry_date updated\" itemprop=\"dateCreated\">\n\t\t\t\t\t\t\t\t10 Luglio 2026\t\t\t\t\t\t\t\t<meta itemprop=\"interactionCount\" content=\"UserComments: 0\"\/>\n\t\t\t\t\t\t\t<\/div>\n\t\t\t\t\t\t<\/div>\n\t\t\t\t\t<\/div>\n\t\t\t\t\t\t\t\t\t\t\t\t<div class=\"qode-bct-post\">\n\t\t\t\t\t\t\t\t\t\t\t\t<div class=\"qode-bct-post-text\">\n\t\t\t\t\t\t\t<h3 class=\"qode-bct-post-title entry_title\" itemprop=\"name\">\n\t\t\t\t\t\t\t\t<a href=\"https:\/\/bollicine.org\/?p=3186\" itemprop=\"url\">Elenco ammessi alle procedure di selezione Servizio Civile<\/a>\n\t\t\t\t\t\t\t<\/h3>\n\t\t\t\t\t\t\t\t\t\t\t\t\t\t<p itemprop=\"description\" class = \"qode-bct-post-excerpt\"> Sono scaduti i termini di presentazione delle candidature per svolgere il Servizio Civile Regionale presso Le Bollicine APS, nell\u2019ambito del Bando per la presentazione di progetti finanziato con il PR FSE+ 2021\/2027 \u2013 Anno 2025, relativa al progetto \u201cIncludere e vivere: attivit\u00e0 di socializzazione e...<\/p>\n\t\t\t\t\t\t\t<div class=\"qode-bct-post-date entry_date updated\" itemprop=\"dateCreated\">\n\t\t\t\t\t\t\t\t23 Giugno 2026\t\t\t\t\t\t\t\t<meta itemprop=\"interactionCount\" content=\"UserComments: 0\"\/>\n\t\t\t\t\t\t\t<\/div>\n\t\t\t\t\t\t<\/div>\n\t\t\t\t\t<\/div>\n\t\t\t\t\t\t\t\t\t\t\t\t<div class=\"qode-bct-post\">\n\t\t\t\t\t\t\t\t\t\t\t\t<div class=\"qode-bct-post-text\">\n\t\t\t\t\t\t\t<h3 class=\"qode-bct-post-title entry_title\" itemprop=\"name\">\n\t\t\t\t\t\t\t\t<a href=\"https:\/\/bollicine.org\/?p=3180\" itemprop=\"url\">Servizio civile presso Le Bollicine<\/a>\n\t\t\t\t\t\t\t<\/h3>\n\t\t\t\t\t\t\t\t\t\t\t\t\t\t<p itemprop=\"description\" class = \"qode-bct-post-excerpt\"> Le Bollicine sono un ente accreditato per il servizio civile nazionale e regionale. Le nostre sedi sono: Il nuovo servizio civile regionale ha durata di 12 mesi, per 25 ore a settimana e permette ai giovani di maturare un\u2019esperienza significativa dal punto di vista umano,...<\/p>\n\t\t\t\t\t\t\t<div class=\"qode-bct-post-date entry_date updated\" itemprop=\"dateCreated\">\n\t\t\t\t\t\t\t\t15 Maggio 2026\t\t\t\t\t\t\t\t<meta itemprop=\"interactionCount\" content=\"UserComments: 0\"\/>\n\t\t\t\t\t\t\t<\/div>\n\t\t\t\t\t\t<\/div>\n\t\t\t\t\t<\/div>\n\t\t\t\t\t\t\t\t\t\t\t\t<div class=\"qode-bct-post\">\n\t\t\t\t\t\t\t\t\t\t\t\t<div class=\"qode-bct-post-text\">\n\t\t\t\t\t\t\t<h3 class=\"qode-bct-post-title entry_title\" itemprop=\"name\">\n\t\t\t\t\t\t\t\t<a href=\"https:\/\/bollicine.org\/?p=3119\" itemprop=\"url\">Sella e Sorrisi<\/a>\n\t\t\t\t\t\t\t<\/h3>\n\t\t\t\t\t\t\t\t\t\t\t\t\t\t<p itemprop=\"description\" class = \"qode-bct-post-excerpt\"> Una giornata di festa per l&#8217;Equitazione Inclusiva Domenica 4 maggio 2025 &#8211; Centro Tosca delle Bollicine\u00a0 &#8211; Loc. Agresto &#8211; San Rocco a Pilli Sovicille (SI) PROGRAMMA Ore 9-11: Esibizioni di interventi assistiti con gli animali Ore 11-13: Dalla riabilitazione allo sport: dimostrazioni di gimkane...<\/p>\n\t\t\t\t\t\t\t<div class=\"qode-bct-post-date entry_date updated\" itemprop=\"dateCreated\">\n\t\t\t\t\t\t\t\t2 Maggio 2025\t\t\t\t\t\t\t\t<meta itemprop=\"interactionCount\" content=\"UserComments: 0\"\/>\n\t\t\t\t\t\t\t<\/div>\n\t\t\t\t\t\t<\/div>\n\t\t\t\t\t<\/div>\n\t\t\t\t\t\t\t\t\t\t\t\t<div class=\"qode-bct-post\">\n\t\t\t\t\t\t\t\t\t\t\t\t<div class=\"qode-bct-post-text\">\n\t\t\t\t\t\t\t<h3 class=\"qode-bct-post-title entry_title\" itemprop=\"name\">\n\t\t\t\t\t\t\t\t<a href=\"https:\/\/bollicine.org\/?p=3115\" itemprop=\"url\">Sostienici con il tuo 5&#215;1000<\/a>\n\t\t\t\t\t\t\t<\/h3>\n\t\t\t\t\t\t\t\t\t\t\t\t\t\t<p itemprop=\"description\" class = \"qode-bct-post-excerpt\"> Carissimi tutti, come ogni anno contiamo nella vostra collaborazione per devolvere il vostro 5&#215;1000 alla nostra Associazione, un gesto piccolo ma che per noi vuol dire molto. Grazie ai contributi ricevuti negli anni passati \u00e8 stato possibile realizzare molti progetti in favore delle persone con...<\/p>\n\t\t\t\t\t\t\t<div class=\"qode-bct-post-date entry_date updated\" itemprop=\"dateCreated\">\n\t\t\t\t\t\t\t\t9 Aprile 2025\t\t\t\t\t\t\t\t<meta itemprop=\"interactionCount\" content=\"UserComments: 0\"\/>\n\t\t\t\t\t\t\t<\/div>\n\t\t\t\t\t\t<\/div>\n\t\t\t\t\t<\/div>\n\t\t\t\t\t\t\t\t\t\t\t\t<div class=\"qode-bct-post\">\n\t\t\t\t\t\t\t\t\t\t\t\t<div class=\"qode-bct-post-text\">\n\t\t\t\t\t\t\t<h3 class=\"qode-bct-post-title entry_title\" itemprop=\"name\">\n\t\t\t\t\t\t\t\t<a href=\"https:\/\/bollicine.org\/?p=3109\" itemprop=\"url\">GIOCOSPORT &#8211; WORKSHOP FORMATIVO<\/a>\n\t\t\t\t\t\t\t<\/h3>\n\t\t\t\t\t\t\t\t\t\t\t\t\t\t<p itemprop=\"description\" class = \"qode-bct-post-excerpt\"> Il progetto del CONI Giocosport \u201cinclusiva\u2026 mente insieme\u201d, finanziato dalla Fondazione Mps e dall\u2019 Universit\u00e0 di Siena, fa parte delle 16 proposte progettuali, legate a temi del welfare culturale e finanziate tramite il Community Hub &#8211; Culture ibride nel 2024, che propongono collaborazioni innovative tra...<\/p>\n\t\t\t\t\t\t\t<div class=\"qode-bct-post-date entry_date updated\" itemprop=\"dateCreated\">\n\t\t\t\t\t\t\t\t18 Febbraio 2025\t\t\t\t\t\t\t\t<meta itemprop=\"interactionCount\" content=\"UserComments: 0\"\/>\n\t\t\t\t\t\t\t<\/div>\n\t\t\t\t\t\t<\/div>\n\t\t\t\t\t<\/div>\n\t\t\t\t\t\t\t\t\t\t\t\t<div class=\"qode-bct-post\">\n\t\t\t\t\t\t\t\t\t\t\t\t<div class=\"qode-bct-post-text\">\n\t\t\t\t\t\t\t<h3 class=\"qode-bct-post-title entry_title\" itemprop=\"name\">\n\t\t\t\t\t\t\t\t<a href=\"https:\/\/bollicine.org\/?p=3089\" itemprop=\"url\">Campi solari 2024<\/a>\n\t\t\t\t\t\t\t<\/h3>\n\t\t\t\t\t\t\t\t\t\t\t\t\t\t<p itemprop=\"description\" class = \"qode-bct-post-excerpt\"> Alle Bollicine si respira gi\u00e0 l&#8217;aria d&#8217;Estate! Tornano al Centro Tosca delle Bollicine, nella nostra vallata immersa nel verde, due settimane di campi estivi all&#8217;insegna del divertimento e della natura Vi aspettiamo!! Per iscrizioni e informazioni 0577286335 &#8211; 3397932988 infolebollicine@gmail.com Ricordiamo la possibilit\u00e0 di usufruire...<\/p>\n\t\t\t\t\t\t\t<div class=\"qode-bct-post-date entry_date updated\" itemprop=\"dateCreated\">\n\t\t\t\t\t\t\t\t3 Giugno 2024\t\t\t\t\t\t\t\t<meta itemprop=\"interactionCount\" content=\"UserComments: 0\"\/>\n\t\t\t\t\t\t\t<\/div>\n\t\t\t\t\t\t<\/div>\n\t\t\t\t\t<\/div>\n\t\t\t\t\t\t\t\t\t\t\t\t<div class=\"qode-bct-post\">\n\t\t\t\t\t\t\t\t\t\t\t\t<div class=\"qode-bct-post-text\">\n\t\t\t\t\t\t\t<h3 class=\"qode-bct-post-title entry_title\" itemprop=\"name\">\n\t\t\t\t\t\t\t\t<a href=\"https:\/\/bollicine.org\/?p=3078\" itemprop=\"url\">Sostienici con il tuo 5&#215;1000<\/a>\n\t\t\t\t\t\t\t<\/h3>\n\t\t\t\t\t\t\t\t\t\t\t\t\t\t<p itemprop=\"description\" class = \"qode-bct-post-excerpt\"> Carissimi tutti, come ogni anno contiamo nella vostra collaborazione per devolvere il vostro 5&#215;1000 alla nostra Associazione, un gesto piccolo ma che per noi vuol dire molto. Grazie ai contributi ricevuti negli anni passati \u00e8 stato possibile realizzare molti progetti in favore delle persone con...<\/p>\n\t\t\t\t\t\t\t<div class=\"qode-bct-post-date entry_date updated\" itemprop=\"dateCreated\">\n\t\t\t\t\t\t\t\t9 Aprile 2024\t\t\t\t\t\t\t\t<meta itemprop=\"interactionCount\" content=\"UserComments: 0\"\/>\n\t\t\t\t\t\t\t<\/div>\n\t\t\t\t\t\t<\/div>\n\t\t\t\t\t<\/div>\n\t\t\t\t\t\t\t\t\t\t\t\t<div class=\"qode-bct-post\">\n\t\t\t\t\t\t\t\t\t\t\t\t<div class=\"qode-bct-post-text\">\n\t\t\t\t\t\t\t<h3 class=\"qode-bct-post-title entry_title\" itemprop=\"name\">\n\t\t\t\t\t\t\t\t<a href=\"https:\/\/bollicine.org\/?p=3058\" itemprop=\"url\">Un gesto d&#8217;amore<\/a>\n\t\t\t\t\t\t\t<\/h3>\n\t\t\t\t\t\t\t\t\t\t\t\t\t\t<p itemprop=\"description\" class = \"qode-bct-post-excerpt\"> Scopri le nuove idee per festeggiare un\u2019occasione speciale. Con le nostre bomboniere contribuirai al sostegno dei progetti di autonomia per le persone con disabilit\u00e0. Per info Ufficio: 3397932988 &#8211; 0577 286335 Angela: 3317353705 Mail: infolebollicine@gmail.com<\/p>\n\t\t\t\t\t\t\t<div class=\"qode-bct-post-date entry_date updated\" itemprop=\"dateCreated\">\n\t\t\t\t\t\t\t\t5 Marzo 2024\t\t\t\t\t\t\t\t<meta itemprop=\"interactionCount\" content=\"UserComments: 0\"\/>\n\t\t\t\t\t\t\t<\/div>\n\t\t\t\t\t\t<\/div>\n\t\t\t\t\t<\/div>\n\t\t\t\t\t\t\t\t\t\t\t\t<div class=\"qode-bct-post\">\n\t\t\t\t\t\t\t\t\t\t\t\t<div class=\"qode-bct-post-text\">\n\t\t\t\t\t\t\t<h3 class=\"qode-bct-post-title entry_title\" itemprop=\"name\">\n\t\t\t\t\t\t\t\t<a href=\"https:\/\/bollicine.org\/?p=3053\" itemprop=\"url\">SOS EDUCATORI<\/a>\n\t\t\t\t\t\t\t<\/h3>\n\t\t\t\t\t\t\t\t\t\t\t\t\t\t<p itemprop=\"description\" class = \"qode-bct-post-excerpt\"> L&#8217;associazione le bollicine seleziona educatori professionali da inserire nell&#8217;equipe educativa per la realizzazione di progettualit\u00e0 nell&#8217;ambito dell&#8217;autonomia e percorsi di residenzialit\u00e0. Disponibilit\u00e0 full time &#8211; Inviare i CV per mail 347 402 2311 infolebollicine@gmail.com<\/p>\n\t\t\t\t\t\t\t<div class=\"qode-bct-post-date entry_date updated\" itemprop=\"dateCreated\">\n\t\t\t\t\t\t\t\t7 Dicembre 2023\t\t\t\t\t\t\t\t<meta itemprop=\"interactionCount\" content=\"UserComments: 0\"\/>\n\t\t\t\t\t\t\t<\/div>\n\t\t\t\t\t\t<\/div>\n\t\t\t\t\t<\/div>\n\t\t\t\t\t\t\t\t\t\t\t\t<div class=\"qode-bct-post\">\n\t\t\t\t\t\t\t\t\t\t\t\t<div class=\"qode-bct-post-text\">\n\t\t\t\t\t\t\t<h3 class=\"qode-bct-post-title entry_title\" itemprop=\"name\">\n\t\t\t\t\t\t\t\t<a href=\"https:\/\/bollicine.org\/?p=3049\" itemprop=\"url\">AbiTanti a Rosmarino: Insieme per costruire una casa accessibile<\/a>\n\t\t\t\t\t\t\t<\/h3>\n\t\t\t\t\t\t\t\t\t\t\t\t\t\t<p itemprop=\"description\" class = \"qode-bct-post-excerpt\"> https:\/\/www.eppela.com\/projects\/10705 AbiTanti a Rosmarino: Insieme per costruire una casa accessibile il nostro progetto &#8220;AbiTanti a Rosmarino: Insieme per costruire una casa accessibile&#8221; \u00e8 stato selezionato dalla Fondazione &#8220;Il cuore si scioglie&#8221; di Unicoop Firenze per partecipare ad una campagna di crowdfunding sulla piattaforma Eppela. Casa...<\/p>\n\t\t\t\t\t\t\t<div class=\"qode-bct-post-date entry_date updated\" itemprop=\"dateCreated\">\n\t\t\t\t\t\t\t\t16 Ottobre 2023\t\t\t\t\t\t\t\t<meta itemprop=\"interactionCount\" content=\"UserComments: 0\"\/>\n\t\t\t\t\t\t\t<\/div>\n\t\t\t\t\t\t<\/div>\n\t\t\t\t\t<\/div>\n\t\t\t\t\t\t\t\t\t\t\t\t<div class=\"qode-bct-post\">\n\t\t\t\t\t\t\t\t\t\t\t\t<div class=\"qode-bct-post-text\">\n\t\t\t\t\t\t\t<h3 class=\"qode-bct-post-title entry_title\" itemprop=\"name\">\n\t\t\t\t\t\t\t\t<a href=\"https:\/\/bollicine.org\/?p=3017\" itemprop=\"url\">Casa Rosmarino<\/a>\n\t\t\t\t\t\t\t<\/h3>\n\t\t\t\t\t\t\t\t\t\t\t\t\t\t<p itemprop=\"description\" class = \"qode-bct-post-excerpt\"> 19 settembre 2023 Una data che segna un importante traguardo per la nostra #associazione e per i nostri ragazzi La data della nascita di #casarosmarino, appartamento di propriet\u00e0 di Bollicine Emma Tosca finalizzato allo sviluppo di percorsi di autonomia per persone con disabilit\u00e0. Perch\u00e9 esercitare...<\/p>\n\t\t\t\t\t\t\t<div class=\"qode-bct-post-date entry_date updated\" itemprop=\"dateCreated\">\n\t\t\t\t\t\t\t\t22 Settembre 2023\t\t\t\t\t\t\t\t<meta itemprop=\"interactionCount\" content=\"UserComments: 0\"\/>\n\t\t\t\t\t\t\t<\/div>\n\t\t\t\t\t\t<\/div>\n\t\t\t\t\t<\/div>\n\t\t\t\t\t\t\t\t\t\t\t\t<div class=\"qode-bct-post\">\n\t\t\t\t\t\t\t\t\t\t\t\t<div class=\"qode-bct-post-text\">\n\t\t\t\t\t\t\t<h3 class=\"qode-bct-post-title entry_title\" itemprop=\"name\">\n\t\t\t\t\t\t\t\t<a href=\"https:\/\/bollicine.org\/?p=3013\" itemprop=\"url\">Libeccio- Vento d\u2019estate<\/a>\n\t\t\t\t\t\t\t<\/h3>\n\t\t\t\t\t\t\t\t\t\t\t\t\t\t<p itemprop=\"description\" class = \"qode-bct-post-excerpt\"> Dal 03 al 07 luglio presso le sedi \u201cCentro Tosca\u201d e \u201cCircolo Ampugnano\u201d Le bollicine, si \u00e8 tenuto il primo campo solare, finanziato dalla Fondazione Mps con il progetto denominato \u201cLibeccio- Vento d\u2019estate\u201d (Co-progettazione Campi Solari 2023). Il campo si \u00e8 rivolto a 14 persone...<\/p>\n\t\t\t\t\t\t\t<div class=\"qode-bct-post-date entry_date updated\" itemprop=\"dateCreated\">\n\t\t\t\t\t\t\t\t11 Luglio 2023\t\t\t\t\t\t\t\t<meta itemprop=\"interactionCount\" content=\"UserComments: 0\"\/>\n\t\t\t\t\t\t\t<\/div>\n\t\t\t\t\t\t<\/div>\n\t\t\t\t\t<\/div>\n\t\t\t\t\t\t\t\t\t\t\t\t<div class=\"qode-bct-post\">\n\t\t\t\t\t\t\t\t\t\t\t\t<div class=\"qode-bct-post-text\">\n\t\t\t\t\t\t\t<h3 class=\"qode-bct-post-title entry_title\" itemprop=\"name\">\n\t\t\t\t\t\t\t\t<a href=\"https:\/\/bollicine.org\/?p=3010\" itemprop=\"url\">Il circolo dell&#8217;Orto amico<\/a>\n\t\t\t\t\t\t\t<\/h3>\n\t\t\t\t\t\t\t\t\t\t\t\t\t\t<p itemprop=\"description\" class = \"qode-bct-post-excerpt\"> Un orto accessibile alle Bollicine. \u00c8 operativo l&#8217;Orto Rialzato al Centro Tosca delle Bollicine. Sono oltre 30 le persone con disabilit\u00e0 che partecipano alle esperienze di orticoltura. \u00c8 stato realizzato grazie al coinvolgimento nella progettazione delle associazioni di riferimento della disabilit\u00e0, ed esperti del settore...<\/p>\n\t\t\t\t\t\t\t<div class=\"qode-bct-post-date entry_date updated\" itemprop=\"dateCreated\">\n\t\t\t\t\t\t\t\t5 Luglio 2023\t\t\t\t\t\t\t\t<meta itemprop=\"interactionCount\" content=\"UserComments: 0\"\/>\n\t\t\t\t\t\t\t<\/div>\n\t\t\t\t\t\t<\/div>\n\t\t\t\t\t<\/div>\n\t\t\t\t\t\t\t\t\t\t\t\t<div class=\"qode-bct-post\">\n\t\t\t\t\t\t\t\t\t\t\t\t<div class=\"qode-bct-post-text\">\n\t\t\t\t\t\t\t<h3 class=\"qode-bct-post-title entry_title\" itemprop=\"name\">\n\t\t\t\t\t\t\t\t<a href=\"https:\/\/bollicine.org\/?p=2990\" itemprop=\"url\">Insieme a cavallo<\/a>\n\t\t\t\t\t\t\t<\/h3>\n\t\t\t\t\t\t\t\t\t\t\t\t\t\t<p itemprop=\"description\" class = \"qode-bct-post-excerpt\"> Giornata di incontro e sensibilizzazione &#8211; Interventi assistiti con gli animali&nbsp; Domenica 7 maggio 2023&nbsp; &#8211; Centro Tosca delle Bollicine&nbsp; &#8211; Loc. Agresto &#8211; San Rocco a Pilli Sovicille (SI) PROGRAMMA Ore 9-11: Esibizioni di interventi assistiti con gli animali Ore 11-13: Dalla riabilitazione allo...<\/p>\n\t\t\t\t\t\t\t<div class=\"qode-bct-post-date entry_date updated\" itemprop=\"dateCreated\">\n\t\t\t\t\t\t\t\t24 Aprile 2023\t\t\t\t\t\t\t\t<meta itemprop=\"interactionCount\" content=\"UserComments: 0\"\/>\n\t\t\t\t\t\t\t<\/div>\n\t\t\t\t\t\t<\/div>\n\t\t\t\t\t<\/div>\n\t\t\t\t\t\t\t\t\t\t\t\t<div class=\"qode-bct-post\">\n\t\t\t\t\t\t\t\t\t\t\t\t<div class=\"qode-bct-post-text\">\n\t\t\t\t\t\t\t<h3 class=\"qode-bct-post-title entry_title\" itemprop=\"name\">\n\t\t\t\t\t\t\t\t<a href=\"https:\/\/bollicine.org\/?p=2775\" itemprop=\"url\">Alla scoperta del Cavallo<\/a>\n\t\t\t\t\t\t\t<\/h3>\n\t\t\t\t\t\t\t\t\t\t\t\t\t\t<p itemprop=\"description\" class = \"qode-bct-post-excerpt\"> Carissimi Amici, vogliamo iniziare questo 2023 sotto i migliori auspici e siamo certi che il modo migliore per farlo sia, come sempre, donando una parte del nostro tempo. Stiamo organizzando un corso di formazione per aspiranti Volontari negli interventi assistiti con gli animali, presso il...<\/p>\n\t\t\t\t\t\t\t<div class=\"qode-bct-post-date entry_date updated\" itemprop=\"dateCreated\">\n\t\t\t\t\t\t\t\t13 Gennaio 2023\t\t\t\t\t\t\t\t<meta itemprop=\"interactionCount\" content=\"UserComments: 0\"\/>\n\t\t\t\t\t\t\t<\/div>\n\t\t\t\t\t\t<\/div>\n\t\t\t\t\t<\/div>\n\t\t\t\t\t\t\t\t\t\t\t\t<div class=\"qode-bct-post\">\n\t\t\t\t\t\t\t\t\t\t\t\t<div class=\"qode-bct-post-text\">\n\t\t\t\t\t\t\t<h3 class=\"qode-bct-post-title entry_title\" itemprop=\"name\">\n\t\t\t\t\t\t\t\t<a href=\"https:\/\/bollicine.org\/?p=2749\" itemprop=\"url\">Le Bollicine in fiera<\/a>\n\t\t\t\t\t\t\t<\/h3>\n\t\t\t\t\t\t\t\t\t\t\t\t\t\t<p itemprop=\"description\" class = \"qode-bct-post-excerpt\"> Cari Amici, come tradizione vuole anche quest&#8217;anno torniamo con il nostro &#8220;banchino&#8221; di beneficenza, con tanti tanti prodotti realizzati dalle mani esperte e l&#8217;amore che le mamme dei nostri ragazzi ci mettono per crearli. \u00c8 l&#8217;occasione giusta per rincontrarci, per scambiarci un sorriso e per...<\/p>\n\t\t\t\t\t\t\t<div class=\"qode-bct-post-date entry_date updated\" itemprop=\"dateCreated\">\n\t\t\t\t\t\t\t\t24 Novembre 2022\t\t\t\t\t\t\t\t<meta itemprop=\"interactionCount\" content=\"UserComments: 0\"\/>\n\t\t\t\t\t\t\t<\/div>\n\t\t\t\t\t\t<\/div>\n\t\t\t\t\t<\/div>\n\t\t\t\t\t\t\t\t\t\t\t\t<div class=\"qode-bct-post\">\n\t\t\t\t\t\t\t\t\t\t\t\t<div class=\"qode-bct-post-text\">\n\t\t\t\t\t\t\t<h3 class=\"qode-bct-post-title entry_title\" itemprop=\"name\">\n\t\t\t\t\t\t\t\t<a href=\"https:\/\/bollicine.org\/?p=2732\" itemprop=\"url\">Educazione all&#8217;affettivit\u00e0 e sessualit\u00e0 nelle persone con disabilit\u00e0 cognitiva in et\u00e0 adulta<\/a>\n\t\t\t\t\t\t\t<\/h3>\n\t\t\t\t\t\t\t\t\t\t\t\t\t\t<p itemprop=\"description\" class = \"qode-bct-post-excerpt\"> Cari Amici, Familiari, Volontari ed Operatori vi segnaliamo una nuova opportunit\u00e0 organizzata dall&#8217;Associazione Le Bollicine A.P.S, all&#8217;interno del Tavolo Disabilit\u00e0 di &#8220;Si-Sienasociale &#8211; La coprogettazione che tanto vale&#8221; Il tema sar\u00e0 &#8220;Educazione all&#8217;affettivit\u00e0 e sessualit\u00e0 nelle persone con disabilit\u00e0&#8221;. I percorsi formativi saranno divisi tra...<\/p>\n\t\t\t\t\t\t\t<div class=\"qode-bct-post-date entry_date updated\" itemprop=\"dateCreated\">\n\t\t\t\t\t\t\t\t15 Novembre 2022\t\t\t\t\t\t\t\t<meta itemprop=\"interactionCount\" content=\"UserComments: 0\"\/>\n\t\t\t\t\t\t\t<\/div>\n\t\t\t\t\t\t<\/div>\n\t\t\t\t\t<\/div>\n\t\t\t\t\t\t\t\t\t\t\t\t<div class=\"qode-bct-post\">\n\t\t\t\t\t\t\t\t\t\t\t\t<div class=\"qode-bct-post-text\">\n\t\t\t\t\t\t\t<h3 class=\"qode-bct-post-title entry_title\" itemprop=\"name\">\n\t\t\t\t\t\t\t\t<a href=\"https:\/\/bollicine.org\/?p=2726\" itemprop=\"url\">L\u2019accompagnamento della  famiglia nei percorsi di autonomia e vita indipendente<\/a>\n\t\t\t\t\t\t\t<\/h3>\n\t\t\t\t\t\t\t\t\t\t\t\t\t\t<p itemprop=\"description\" class = \"qode-bct-post-excerpt\"> Cari amici nei giorni del 21 Ottobre (per operatori e volontari) e 22 Ottobre (per le Famiglie) per il progetto SI-Sienasociale ospiteremo La Fondazione Down F.V.G che ci parler\u00e0 del progetto Casa al Sole, una bella occasione di formazione e di confronto che non potete...<\/p>\n\t\t\t\t\t\t\t<div class=\"qode-bct-post-date entry_date updated\" itemprop=\"dateCreated\">\n\t\t\t\t\t\t\t\t11 Ottobre 2022\t\t\t\t\t\t\t\t<meta itemprop=\"interactionCount\" content=\"UserComments: 0\"\/>\n\t\t\t\t\t\t\t<\/div>\n\t\t\t\t\t\t<\/div>\n\t\t\t\t\t<\/div>\n\t\t\t\t\t\t\t\t\t\t\t\t<div class=\"qode-bct-post\">\n\t\t\t\t\t\t\t\t\t\t\t\t<div class=\"qode-bct-post-text\">\n\t\t\t\t\t\t\t<h3 class=\"qode-bct-post-title entry_title\" itemprop=\"name\">\n\t\t\t\t\t\t\t\t<a href=\"https:\/\/bollicine.org\/?p=2722\" itemprop=\"url\">La consapevolezza e il riconoscimento del bisogno<\/a>\n\t\t\t\t\t\t\t<\/h3>\n\t\t\t\t\t\t\t\t\t\t\t\t\t\t<p itemprop=\"description\" class = \"qode-bct-post-excerpt\"> Venerd\u00ec 14 ottobre prossimo presso la Sala Coppi della Misericordia di Siena il tavolo disabilit\u00e0 del progetto SI- Sienasociale organizza un incontro in plenaria, dedicato alle famiglie, gli studenti, gli insegnanti e gli operatori guidato dalla dottoressa Elena Lenzi psicologa, psicoterapeuta e sessuologa dell&#8217; Istituto...<\/p>\n\t\t\t\t\t\t\t<div class=\"qode-bct-post-date entry_date updated\" itemprop=\"dateCreated\">\n\t\t\t\t\t\t\t\t11 Ottobre 2022\t\t\t\t\t\t\t\t<meta itemprop=\"interactionCount\" content=\"UserComments: 0\"\/>\n\t\t\t\t\t\t\t<\/div>\n\t\t\t\t\t\t<\/div>\n\t\t\t\t\t<\/div>\n\t\t\t\t\t\t\t\t\t\t\t\t<div class=\"qode-bct-post\">\n\t\t\t\t\t\t\t\t\t\t\t\t<div class=\"qode-bct-post-text\">\n\t\t\t\t\t\t\t<h3 class=\"qode-bct-post-title entry_title\" itemprop=\"name\">\n\t\t\t\t\t\t\t\t<a href=\"https:\/\/bollicine.org\/?p=2719\" itemprop=\"url\">Costruiamo il futuro &#8211; NUOVE DATE<\/a>\n\t\t\t\t\t\t\t<\/h3>\n\t\t\t\t\t\t\t\t\t\t\t\t\t\t<p itemprop=\"description\" class = \"qode-bct-post-excerpt\"> Cari amici, come promesso per chi era iscritto al corso tenuto dal Sant&#8217;Anna &#8220;Costruiamo Il Futuro: percorso di accompagnamento rivolto alle famiglie, alle persone con disabilit\u00e0&#8221;. Vi inoltriamo i nuovi appuntamenti. Sono fissati per Sabato 8 Ottobre e Venerd\u00ec 11 Novembre, trovate nel volantino tutte...<\/p>\n\t\t\t\t\t\t\t<div class=\"qode-bct-post-date entry_date updated\" itemprop=\"dateCreated\">\n\t\t\t\t\t\t\t\t7 Ottobre 2022\t\t\t\t\t\t\t\t<meta itemprop=\"interactionCount\" content=\"UserComments: 0\"\/>\n\t\t\t\t\t\t\t<\/div>\n\t\t\t\t\t\t<\/div>\n\t\t\t\t\t<\/div>\n\t\t\t\t\t\t\t\t\t\t\t\t<div class=\"qode-bct-post\">\n\t\t\t\t\t\t\t\t\t\t\t\t<div class=\"qode-bct-post-text\">\n\t\t\t\t\t\t\t<h3 class=\"qode-bct-post-title entry_title\" itemprop=\"name\">\n\t\t\t\t\t\t\t\t<a href=\"https:\/\/bollicine.org\/?p=2705\" itemprop=\"url\">Sport per tutti<\/a>\n\t\t\t\t\t\t\t<\/h3>\n\t\t\t\t\t\t\t\t\t\t\t\t\t\t<p itemprop=\"description\" class = \"qode-bct-post-excerpt\"> Un pomeriggio di attivit\u00e0 al centro sportivo Le Bollicine Domenica 18 settembre ti aspettiamo per scoprire tutte le nostre attivit\u00e0, mi raccomando non mancare!\u00a0 Per info EMAIL: bollicinesport@gmail.com &#8211; TELUFFICIO: 0577286335 &#8211; COORDIDATRICE: 347 4022311<\/p>\n\t\t\t\t\t\t\t<div class=\"qode-bct-post-date entry_date updated\" itemprop=\"dateCreated\">\n\t\t\t\t\t\t\t\t6 Settembre 2022\t\t\t\t\t\t\t\t<meta itemprop=\"interactionCount\" content=\"UserComments: 0\"\/>\n\t\t\t\t\t\t\t<\/div>\n\t\t\t\t\t\t<\/div>\n\t\t\t\t\t<\/div>\n\t\t\t\t\t\t\t\t\t\t\t\t<div class=\"qode-bct-post\">\n\t\t\t\t\t\t\t\t\t\t\t\t<div class=\"qode-bct-post-text\">\n\t\t\t\t\t\t\t<h3 class=\"qode-bct-post-title entry_title\" itemprop=\"name\">\n\t\t\t\t\t\t\t\t<a href=\"https:\/\/bollicine.org\/?p=2694\" itemprop=\"url\">Insieme a cavallo<\/a>\n\t\t\t\t\t\t\t<\/h3>\n\t\t\t\t\t\t\t\t\t\t\t\t\t\t<p itemprop=\"description\" class = \"qode-bct-post-excerpt\"> Il 15 maggio, con il patrocinio del CESVOT, ed il prezioso contributo della UnipolSai Assicurazione, della Banca CRAS, della Carrefour, del CentroFarc, del Panificio Corsini, della Selleria il Puledro, si \u00e8 tenuta la manifestazione \u201cInsieme a cavallo: dalla riabilitazione allo sport \u2013 interventi per favorire...<\/p>\n\t\t\t\t\t\t\t<div class=\"qode-bct-post-date entry_date updated\" itemprop=\"dateCreated\">\n\t\t\t\t\t\t\t\t18 Maggio 2022\t\t\t\t\t\t\t\t<meta itemprop=\"interactionCount\" content=\"UserComments: 0\"\/>\n\t\t\t\t\t\t\t<\/div>\n\t\t\t\t\t\t<\/div>\n\t\t\t\t\t<\/div>\n\t\t\t\t\t\t\t\t\t\t\t\t<div class=\"qode-bct-post\">\n\t\t\t\t\t\t\t\t\t\t\t\t<div class=\"qode-bct-post-text\">\n\t\t\t\t\t\t\t<h3 class=\"qode-bct-post-title entry_title\" itemprop=\"name\">\n\t\t\t\t\t\t\t\t<a href=\"https:\/\/bollicine.org\/?p=2689\" itemprop=\"url\">Costruiamo il Futuro<\/a>\n\t\t\t\t\t\t\t<\/h3>\n\t\t\t\t\t\t\t\t\t\t\t\t\t\t<p itemprop=\"description\" class = \"qode-bct-post-excerpt\"> L&#8217;Associazione A.se.do. e le Bollicine grazie al Protocollo di intesa con l&#8217;Istituto Sant&#8217;Anna di Pisa, sono lieti di presentarvi una rilevante iniziativa rivolta alle famiglie, volontari, operatori coinvolti nei progetti di vita delle persone con disabilit\u00e0. Un importante occasione per garantire la condivisione, lo scambio...<\/p>\n\t\t\t\t\t\t\t<div class=\"qode-bct-post-date entry_date updated\" itemprop=\"dateCreated\">\n\t\t\t\t\t\t\t\t10 Maggio 2022\t\t\t\t\t\t\t\t<meta itemprop=\"interactionCount\" content=\"UserComments: 0\"\/>\n\t\t\t\t\t\t\t<\/div>\n\t\t\t\t\t\t<\/div>\n\t\t\t\t\t<\/div>\n\t\t\t\t\t\t\t\t\t\t\t\t<div class=\"qode-bct-post\">\n\t\t\t\t\t\t\t\t\t\t\t\t<div class=\"qode-bct-post-text\">\n\t\t\t\t\t\t\t<h3 class=\"qode-bct-post-title entry_title\" itemprop=\"name\">\n\t\t\t\t\t\t\t\t<a href=\"https:\/\/bollicine.org\/?p=2676\" itemprop=\"url\">Otto per mille della Chiesa Valdese: Il Circolo di Ampugnano<\/a>\n\t\t\t\t\t\t\t<\/h3>\n\t\t\t\t\t\t\t\t\t\t\t\t\t\t<p itemprop=\"description\" class = \"qode-bct-post-excerpt\"> L&#8217;Associazione Le Bollicine ha acquisito a fine 2020, grazie ad una donazione dei soci del paese, il Circolo di Ampugnano, un immobile situato nel Comune di Sovicille in Loc. Ampugnano. La struttura era stata costruita dagli abitanti negli anni 80 ed era nata come punto...<\/p>\n\t\t\t\t\t\t\t<div class=\"qode-bct-post-date entry_date updated\" itemprop=\"dateCreated\">\n\t\t\t\t\t\t\t\t18 Febbraio 2022\t\t\t\t\t\t\t\t<meta itemprop=\"interactionCount\" content=\"UserComments: 0\"\/>\n\t\t\t\t\t\t\t<\/div>\n\t\t\t\t\t\t<\/div>\n\t\t\t\t\t<\/div>\n\t\t\t\t\t\t\t\t\t\t\t\t<div class=\"qode-bct-post\">\n\t\t\t\t\t\t\t\t\t\t\t\t<div class=\"qode-bct-post-text\">\n\t\t\t\t\t\t\t<h3 class=\"qode-bct-post-title entry_title\" itemprop=\"name\">\n\t\t\t\t\t\t\t\t<a href=\"https:\/\/bollicine.org\/?p=2672\" itemprop=\"url\">Progetto \u201c MOBILITA&#8217; INSIEME\u201d- Bando Mobilit\u00e0 Solidale e servizi di Prossimit\u00e0 \u2013 si conclude   il progetto finanziato da Fondazione Monte dei Paschi.<\/a>\n\t\t\t\t\t\t\t<\/h3>\n\t\t\t\t\t\t\t\t\t\t\t\t\t\t<p itemprop=\"description\" class = \"qode-bct-post-excerpt\"> Il progetto Mobilit\u00e0 Insieme , finanziato dalla Fondazione Monte dei Paschi di Siena\u00a0 e realizzato da Ass. Bollicine\u00a0 in co-progettazione con l\u2019Associazione\u00a0 Asedo, Amnic e Invalidi civili, Associazione Paraplegici, Associaizone Se mi aiuti Ballo anch&#8217;Io ,Comune di Soville, Societ\u00e0 della Salute Senese termina la sua...<\/p>\n\t\t\t\t\t\t\t<div class=\"qode-bct-post-date entry_date updated\" itemprop=\"dateCreated\">\n\t\t\t\t\t\t\t\t4 Gennaio 2022\t\t\t\t\t\t\t\t<meta itemprop=\"interactionCount\" content=\"UserComments: 0\"\/>\n\t\t\t\t\t\t\t<\/div>\n\t\t\t\t\t\t<\/div>\n\t\t\t\t\t<\/div>\n\t\t\t\t\t\t\t\t\t\t\t\t<div class=\"qode-bct-post\">\n\t\t\t\t\t\t\t\t\t\t\t\t\t<div class=\"qode-bct-post-image\">\n\t\t\t\t\t\t\t\t<a href=\"https:\/\/bollicine.org\/?p=2562\" itemprop=\"url\">\n\t\t\t\t\t\t\t\t\t<img loading=\"lazy\" decoding=\"async\" width=\"611\" height=\"428\" src=\"https:\/\/bollicine.org\/wp-content\/uploads\/2021\/11\/Logo-8xmille_ita_PDF_Page1_Image1-1.jpg\" class=\"attachment-full size-full wp-post-image\" alt=\"\" srcset=\"https:\/\/bollicine.org\/wp-content\/uploads\/2021\/11\/Logo-8xmille_ita_PDF_Page1_Image1-1.jpg 611w, https:\/\/bollicine.org\/wp-content\/uploads\/2021\/11\/Logo-8xmille_ita_PDF_Page1_Image1-1-300x210.jpg 300w\" sizes=\"auto, (max-width: 611px) 100vw, 611px\" \/>\t\t\t\t\t\t\t\t<\/a>\n\t\t\t\t\t\t\t<\/div>\n\t\t\t\t\t\t\t\t\t\t\t\t<div class=\"qode-bct-post-text\">\n\t\t\t\t\t\t\t<h3 class=\"qode-bct-post-title entry_title\" itemprop=\"name\">\n\t\t\t\t\t\t\t\t<a href=\"https:\/\/bollicine.org\/?p=2562\" itemprop=\"url\">Abitiamo il futuro<\/a>\n\t\t\t\t\t\t\t<\/h3>\n\t\t\t\t\t\t\t\t\t\t\t\t\t\t<p itemprop=\"description\" class = \"qode-bct-post-excerpt\"> Sperimentazione di percorsi di vita indipendente per persone con disabilit\u00e0. Progetto realizzato con i fondi Otto per mille della Chiesa Valdese. Casa Clementina e Casa Fragola sono un progetto innovativo che permette la realizzazione di percorsi di autonomia con la sperimentazione di esperienze di coabitazione...<\/p>\n\t\t\t\t\t\t\t<div class=\"qode-bct-post-date entry_date updated\" itemprop=\"dateCreated\">\n\t\t\t\t\t\t\t\t21 Novembre 2021\t\t\t\t\t\t\t\t<meta itemprop=\"interactionCount\" content=\"UserComments: 0\"\/>\n\t\t\t\t\t\t\t<\/div>\n\t\t\t\t\t\t<\/div>\n\t\t\t\t\t<\/div>\n\t\t\t\t\t\t\t\t\t\t\t\t<div class=\"qode-bct-post\">\n\t\t\t\t\t\t\t\t\t\t\t\t\t<div class=\"qode-bct-post-image\">\n\t\t\t\t\t\t\t\t<a href=\"https:\/\/bollicine.org\/?p=2372\" itemprop=\"url\">\n\t\t\t\t\t\t\t\t\t<img loading=\"lazy\" decoding=\"async\" width=\"1810\" height=\"2560\" src=\"https:\/\/bollicine.org\/wp-content\/uploads\/2021\/07\/RiescOvunque-LOCANDINA-FINALE_page-0001-1-scaled.jpg\" class=\"attachment-full size-full wp-post-image\" alt=\"\" srcset=\"https:\/\/bollicine.org\/wp-content\/uploads\/2021\/07\/RiescOvunque-LOCANDINA-FINALE_page-0001-1-scaled.jpg 1810w, https:\/\/bollicine.org\/wp-content\/uploads\/2021\/07\/RiescOvunque-LOCANDINA-FINALE_page-0001-1-212x300.jpg 212w, https:\/\/bollicine.org\/wp-content\/uploads\/2021\/07\/RiescOvunque-LOCANDINA-FINALE_page-0001-1-724x1024.jpg 724w, https:\/\/bollicine.org\/wp-content\/uploads\/2021\/07\/RiescOvunque-LOCANDINA-FINALE_page-0001-1-768x1086.jpg 768w, https:\/\/bollicine.org\/wp-content\/uploads\/2021\/07\/RiescOvunque-LOCANDINA-FINALE_page-0001-1-1086x1536.jpg 1086w, https:\/\/bollicine.org\/wp-content\/uploads\/2021\/07\/RiescOvunque-LOCANDINA-FINALE_page-0001-1-1448x2048.jpg 1448w, https:\/\/bollicine.org\/wp-content\/uploads\/2021\/07\/RiescOvunque-LOCANDINA-FINALE_page-0001-1-700x990.jpg 700w\" sizes=\"auto, (max-width: 1810px) 100vw, 1810px\" \/>\t\t\t\t\t\t\t\t<\/a>\n\t\t\t\t\t\t\t<\/div>\n\t\t\t\t\t\t\t\t\t\t\t\t<div class=\"qode-bct-post-text\">\n\t\t\t\t\t\t\t<h3 class=\"qode-bct-post-title entry_title\" itemprop=\"name\">\n\t\t\t\t\t\t\t\t<a href=\"https:\/\/bollicine.org\/?p=2372\" itemprop=\"url\">RiescOvunque- Cinema per tutti. Le date dei prossimi appuntamenti.<\/a>\n\t\t\t\t\t\t\t<\/h3>\n\t\t\t\t\t\t\t\t\t\t\t\t\t\t<p itemprop=\"description\" class = \"qode-bct-post-excerpt\"> L&#8217;ATS Riusciremo Insieme (Associazione Temporanea di Scopo), costituita tra le associazioni afferenti la disabilit\u00e0 e il terzo settore della provincia di Siena, organizza Riesco Ovunque,&nbsp; Rassegna cinematografica accessibile a tutti e tutte realizzata dall&#8217;Associazione ODV Visionaria,&nbsp; in collaborazione con il Cinema Garibaldi di Poggibonsi, Il...<\/p>\n\t\t\t\t\t\t\t<div class=\"qode-bct-post-date entry_date updated\" itemprop=\"dateCreated\">\n\t\t\t\t\t\t\t\t5 Luglio 2021\t\t\t\t\t\t\t\t<meta itemprop=\"interactionCount\" content=\"UserComments: 0\"\/>\n\t\t\t\t\t\t\t<\/div>\n\t\t\t\t\t\t<\/div>\n\t\t\t\t\t<\/div>\n\t\t\t\t\t\t\t\t\t\t\t\t<div class=\"qode-bct-post\">\n\t\t\t\t\t\t\t\t\t\t\t\t\t<div class=\"qode-bct-post-image\">\n\t\t\t\t\t\t\t\t<a href=\"https:\/\/bollicine.org\/?p=2362\" itemprop=\"url\">\n\t\t\t\t\t\t\t\t\t<img loading=\"lazy\" decoding=\"async\" width=\"1024\" height=\"768\" src=\"https:\/\/bollicine.org\/wp-content\/uploads\/2021\/06\/PHOTO-2021-06-28-13-03-51.jpg\" class=\"attachment-full size-full wp-post-image\" alt=\"\" srcset=\"https:\/\/bollicine.org\/wp-content\/uploads\/2021\/06\/PHOTO-2021-06-28-13-03-51.jpg 1024w, https:\/\/bollicine.org\/wp-content\/uploads\/2021\/06\/PHOTO-2021-06-28-13-03-51-300x225.jpg 300w, https:\/\/bollicine.org\/wp-content\/uploads\/2021\/06\/PHOTO-2021-06-28-13-03-51-768x576.jpg 768w, https:\/\/bollicine.org\/wp-content\/uploads\/2021\/06\/PHOTO-2021-06-28-13-03-51-800x600.jpg 800w, https:\/\/bollicine.org\/wp-content\/uploads\/2021\/06\/PHOTO-2021-06-28-13-03-51-700x525.jpg 700w\" sizes=\"auto, (max-width: 1024px) 100vw, 1024px\" \/>\t\t\t\t\t\t\t\t<\/a>\n\t\t\t\t\t\t\t<\/div>\n\t\t\t\t\t\t\t\t\t\t\t\t<div class=\"qode-bct-post-text\">\n\t\t\t\t\t\t\t<h3 class=\"qode-bct-post-title entry_title\" itemprop=\"name\">\n\t\t\t\t\t\t\t\t<a href=\"https:\/\/bollicine.org\/?p=2362\" itemprop=\"url\">Trekking nelle Faggete del Monte Amiata all&#8217;Insegna dell&#8217;Integrazione<\/a>\n\t\t\t\t\t\t\t<\/h3>\n\t\t\t\t\t\t\t\t\t\t\t\t\t\t<p itemprop=\"description\" class = \"qode-bct-post-excerpt\"> Sabato 26 Giugno, nuovo appuntamento dedicato all&#8217;incontro e all&#8217;integrazione. Iniziativa promossadallo Spazio DirSI -Disabilit\u00e0 in rete a Siena-con la Collaborazione del CAI. Una giornata diTrekking nelle faggete del Monte Amiata con l&#8217;esplorazione del &#8220;percorso sensoriale Accessibiledelle Macinaie&#8221; e altri bellissimi sentieri condotto dalle guide escursionistiche...<\/p>\n\t\t\t\t\t\t\t<div class=\"qode-bct-post-date entry_date updated\" itemprop=\"dateCreated\">\n\t\t\t\t\t\t\t\t28 Giugno 2021\t\t\t\t\t\t\t\t<meta itemprop=\"interactionCount\" content=\"UserComments: 0\"\/>\n\t\t\t\t\t\t\t<\/div>\n\t\t\t\t\t\t<\/div>\n\t\t\t\t\t<\/div>\n\t\t\t\t\t\t\t\t\t\t\t\t<div class=\"qode-bct-post\">\n\t\t\t\t\t\t\t\t\t\t\t\t<div class=\"qode-bct-post-text\">\n\t\t\t\t\t\t\t<h3 class=\"qode-bct-post-title entry_title\" itemprop=\"name\">\n\t\t\t\t\t\t\t\t<a href=\"https:\/\/bollicine.org\/?p=1834\" itemprop=\"url\">Graduatoria giovani selezionati Progetto Servizio Civile Regionale &#8221; NON SOLO SPORT: PERCORSI DI INTEGRAZIONE SOCIALE PER LE PERSONE DIVERSAMENTE ABILI\u201d<\/a>\n\t\t\t\t\t\t\t<\/h3>\n\t\t\t\t\t\t\t\t\t\t\t\t\t\t<p itemprop=\"description\" class = \"qode-bct-post-excerpt\"> Lo scorso 17 giugno si sono svolti i colloqui di selezione dei giovani che hanno presentato la propria domanda di partecipazione allo svolgimento del Servizio Civile Regionale presso l&#8217;Associazione Le Bollicine. A seguito della valutazione dei curricula e dei colloqui svolti, pubblichiamo la seguente graduatoria:...<\/p>\n\t\t\t\t\t\t\t<div class=\"qode-bct-post-date entry_date updated\" itemprop=\"dateCreated\">\n\t\t\t\t\t\t\t\t21 Giugno 2021\t\t\t\t\t\t\t\t<meta itemprop=\"interactionCount\" content=\"UserComments: 0\"\/>\n\t\t\t\t\t\t\t<\/div>\n\t\t\t\t\t\t<\/div>\n\t\t\t\t\t<\/div>\n\t\t\t\t\t\t\t\t\t\t\t\t<div class=\"qode-bct-post\">\n\t\t\t\t\t\t\t\t\t\t\t\t<div class=\"qode-bct-post-text\">\n\t\t\t\t\t\t\t<h3 class=\"qode-bct-post-title entry_title\" itemprop=\"name\">\n\t\t\t\t\t\t\t\t<a href=\"https:\/\/bollicine.org\/?p=2343\" itemprop=\"url\">Le Bollicine diventano APS<\/a>\n\t\t\t\t\t\t\t<\/h3>\n\t\t\t\t\t\t\t\t\t\t\t\t\t\t<p itemprop=\"description\" class = \"qode-bct-post-excerpt\"> Il 25 maggio 2021 l&#8217;Assemblea dell&#8217;Associazione Sportiva Le Bollicine ha votato il nuovo statuto. E&#8217; stata scelta la nuova denominazione &#8220;LE BOLLICINE A.P.S.&#8221; Per saperne di pi\u00f9 scarica il nuovo statuto.<\/p>\n\t\t\t\t\t\t\t<div class=\"qode-bct-post-date entry_date updated\" itemprop=\"dateCreated\">\n\t\t\t\t\t\t\t\t3 Giugno 2021\t\t\t\t\t\t\t\t<meta itemprop=\"interactionCount\" content=\"UserComments: 0\"\/>\n\t\t\t\t\t\t\t<\/div>\n\t\t\t\t\t\t<\/div>\n\t\t\t\t\t<\/div>\n\t\t\t\t\t\t\t\t\t\t\t\t<div class=\"qode-bct-post\">\n\t\t\t\t\t\t\t\t\t\t\t\t<div class=\"qode-bct-post-text\">\n\t\t\t\t\t\t\t<h3 class=\"qode-bct-post-title entry_title\" itemprop=\"name\">\n\t\t\t\t\t\t\t\t<a href=\"https:\/\/bollicine.org\/?p=1826\" itemprop=\"url\">Servizio Civile Regionale: il Calendario dei colloqui di selezione presso Le Bollicine<\/a>\n\t\t\t\t\t\t\t<\/h3>\n\t\t\t\t\t\t\t\t\t\t\t\t\t\t<p itemprop=\"description\" class = \"qode-bct-post-excerpt\"> Il 28 maggio scorso sono scaduti i termini di presentazione delle candidature per svolgere il Servizio Civile Regionale presso Le Bollicine APS, nell&#8217;ambito del bando Per progetti presentati da enti di I, II e III categoria e finanziati con il FSC 2014\/2020 Le Bollicine, per...<\/p>\n\t\t\t\t\t\t\t<div class=\"qode-bct-post-date entry_date updated\" itemprop=\"dateCreated\">\n\t\t\t\t\t\t\t\t3 Giugno 2021\t\t\t\t\t\t\t\t<meta itemprop=\"interactionCount\" content=\"UserComments: 0\"\/>\n\t\t\t\t\t\t\t<\/div>\n\t\t\t\t\t\t<\/div>\n\t\t\t\t\t<\/div>\n\t\t\t\t\t\t\t\t\t\t\t\t<div class=\"qode-bct-post\">\n\t\t\t\t\t\t\t\t\t\t\t\t<div class=\"qode-bct-post-text\">\n\t\t\t\t\t\t\t<h3 class=\"qode-bct-post-title entry_title\" itemprop=\"name\">\n\t\t\t\t\t\t\t\t<a href=\"https:\/\/bollicine.org\/?p=2337\" itemprop=\"url\">Pic nic sotto le stelle<\/a>\n\t\t\t\t\t\t\t<\/h3>\n\t\t\t\t\t\t\t\t\t\t\t\t\t\t<p itemprop=\"description\" class = \"qode-bct-post-excerpt\"> Buongiorno,\u00a0siamo alla fine della nostra campagna.\u00a0 Grazie alla partecipazione di tantissime persone abbiamo raggiunto un grande risultato. Insieme potremo arrivare al pi\u00f9 grande traguardo&#8230;raggiungere 7500,00 euro nella nostra raccolta per il progetto &#8220;Re &#8211; Inventiamo il Circolo Archimede: dai le ali al nostro sogno&#8221; vi...<\/p>\n\t\t\t\t\t\t\t<div class=\"qode-bct-post-date entry_date updated\" itemprop=\"dateCreated\">\n\t\t\t\t\t\t\t\t28 Maggio 2021\t\t\t\t\t\t\t\t<meta itemprop=\"interactionCount\" content=\"UserComments: 0\"\/>\n\t\t\t\t\t\t\t<\/div>\n\t\t\t\t\t\t<\/div>\n\t\t\t\t\t<\/div>\n\t\t\t\t\t\t\t\t\t\t\t\t<div class=\"qode-bct-post\">\n\t\t\t\t\t\t\t\t\t\t\t\t\t<div class=\"qode-bct-post-image\">\n\t\t\t\t\t\t\t\t<a href=\"https:\/\/bollicine.org\/?p=2328\" itemprop=\"url\">\n\t\t\t\t\t\t\t\t\t<img loading=\"lazy\" decoding=\"async\" width=\"1755\" height=\"1240\" src=\"https:\/\/bollicine.org\/wp-content\/uploads\/2021\/05\/Volantino-Tosca-2021_page-0001.jpg\" class=\"attachment-full size-full wp-post-image\" alt=\"\" srcset=\"https:\/\/bollicine.org\/wp-content\/uploads\/2021\/05\/Volantino-Tosca-2021_page-0001.jpg 1755w, https:\/\/bollicine.org\/wp-content\/uploads\/2021\/05\/Volantino-Tosca-2021_page-0001-300x212.jpg 300w, https:\/\/bollicine.org\/wp-content\/uploads\/2021\/05\/Volantino-Tosca-2021_page-0001-1024x724.jpg 1024w, https:\/\/bollicine.org\/wp-content\/uploads\/2021\/05\/Volantino-Tosca-2021_page-0001-768x543.jpg 768w, https:\/\/bollicine.org\/wp-content\/uploads\/2021\/05\/Volantino-Tosca-2021_page-0001-1536x1085.jpg 1536w, https:\/\/bollicine.org\/wp-content\/uploads\/2021\/05\/Volantino-Tosca-2021_page-0001-700x495.jpg 700w\" sizes=\"auto, (max-width: 1755px) 100vw, 1755px\" \/>\t\t\t\t\t\t\t\t<\/a>\n\t\t\t\t\t\t\t<\/div>\n\t\t\t\t\t\t\t\t\t\t\t\t<div class=\"qode-bct-post-text\">\n\t\t\t\t\t\t\t<h3 class=\"qode-bct-post-title entry_title\" itemprop=\"name\">\n\t\t\t\t\t\t\t\t<a href=\"https:\/\/bollicine.org\/?p=2328\" itemprop=\"url\">L&#8217;estate si avvicina. Le Bollicine ti aspettano.<\/a>\n\t\t\t\t\t\t\t<\/h3>\n\t\t\t\t\t\t\t\t\t\t\t\t\t\t<p itemprop=\"description\" class = \"qode-bct-post-excerpt\"> Dopo un anno di sospensione eccoci di nuovo pronti per i nostri consueti\u00a0campi estivi\u00a0all&#8217;insegna della natura e del divertimento. Chi gi\u00e0 ci ha frequentato sa che i nostri ampi spazi interni ed esterni ci permettono di organizzare le attivit\u00e0 in completa sicurezza, rispettando il distanziamento\u00a0...<\/p>\n\t\t\t\t\t\t\t<div class=\"qode-bct-post-date entry_date updated\" itemprop=\"dateCreated\">\n\t\t\t\t\t\t\t\t27 Maggio 2021\t\t\t\t\t\t\t\t<meta itemprop=\"interactionCount\" content=\"UserComments: 0\"\/>\n\t\t\t\t\t\t\t<\/div>\n\t\t\t\t\t\t<\/div>\n\t\t\t\t\t<\/div>\n\t\t\t\t\t\t\t\t\t\t\t\t<div class=\"qode-bct-post\">\n\t\t\t\t\t\t\t\t\t\t\t\t\t<div class=\"qode-bct-post-image\">\n\t\t\t\t\t\t\t\t<a href=\"https:\/\/bollicine.org\/?p=2321\" itemprop=\"url\">\n\t\t\t\t\t\t\t\t\t<img loading=\"lazy\" decoding=\"async\" width=\"1472\" height=\"930\" src=\"https:\/\/bollicine.org\/wp-content\/uploads\/2021\/05\/circolo-archimede.jpg\" class=\"attachment-full size-full wp-post-image\" alt=\"\" srcset=\"https:\/\/bollicine.org\/wp-content\/uploads\/2021\/05\/circolo-archimede.jpg 1472w, https:\/\/bollicine.org\/wp-content\/uploads\/2021\/05\/circolo-archimede-300x190.jpg 300w, https:\/\/bollicine.org\/wp-content\/uploads\/2021\/05\/circolo-archimede-1024x647.jpg 1024w, https:\/\/bollicine.org\/wp-content\/uploads\/2021\/05\/circolo-archimede-768x485.jpg 768w, https:\/\/bollicine.org\/wp-content\/uploads\/2021\/05\/circolo-archimede-700x442.jpg 700w\" sizes=\"auto, (max-width: 1472px) 100vw, 1472px\" \/>\t\t\t\t\t\t\t\t<\/a>\n\t\t\t\t\t\t\t<\/div>\n\t\t\t\t\t\t\t\t\t\t\t\t<div class=\"qode-bct-post-text\">\n\t\t\t\t\t\t\t<h3 class=\"qode-bct-post-title entry_title\" itemprop=\"name\">\n\t\t\t\t\t\t\t\t<a href=\"https:\/\/bollicine.org\/?p=2321\" itemprop=\"url\">Reinventiamo Il Circolo Archimede. Raccolta fondi sulla piattaforma Eppela.<\/a>\n\t\t\t\t\t\t\t<\/h3>\n\t\t\t\t\t\t\t\t\t\t\t\t\t\t<p itemprop=\"description\" class = \"qode-bct-post-excerpt\"> Nell\u2019ambito dei progetti Pensati con il cuore, la campagna di crowdfunding della&nbsp;Fondazione Il Cuore si scioglie, la sezione soci Coop di Siena in collaborazione con l\u2019associazione Le Bollicine&nbsp;promuove&nbsp;una raccolta fondi popolare volta alla ristrutturazione e all\u2019eliminazione delle barriere architettoniche di un immobile&nbsp;che necessita di alcuni...<\/p>\n\t\t\t\t\t\t\t<div class=\"qode-bct-post-date entry_date updated\" itemprop=\"dateCreated\">\n\t\t\t\t\t\t\t\t20 Maggio 2021\t\t\t\t\t\t\t\t<meta itemprop=\"interactionCount\" content=\"UserComments: 0\"\/>\n\t\t\t\t\t\t\t<\/div>\n\t\t\t\t\t\t<\/div>\n\t\t\t\t\t<\/div>\n\t\t\t\t\t\t\t\t\t\t\t\t<div class=\"qode-bct-post\">\n\t\t\t\t\t\t\t\t\t\t\t\t<div class=\"qode-bct-post-text\">\n\t\t\t\t\t\t\t<h3 class=\"qode-bct-post-title entry_title\" itemprop=\"name\">\n\t\t\t\t\t\t\t\t<a href=\"https:\/\/bollicine.org\/?p=2309\" itemprop=\"url\">Il nostro aperitivo a casa vostra. &#8220;Reinventiamo il Circolo Archimede&#8221;<\/a>\n\t\t\t\t\t\t\t<\/h3>\n\t\t\t\t\t\t\t\t\t\t\t\t\t\t<p itemprop=\"description\" class = \"qode-bct-post-excerpt\"> Dopo il successo della nostra passeggiata a Ponte allo Spino di ieri, questa settimana proponiamo due nuove iniziative per sostenere il nostro progetto &#8220;Re-inventiamo il Circolo Archimede: dai le ali al nostro sogno&#8221;Due opportunit\u00e0 per sostenerci divertendosi e gustando le nostre prelibatezze La prima \u00e8...<\/p>\n\t\t\t\t\t\t\t<div class=\"qode-bct-post-date entry_date updated\" itemprop=\"dateCreated\">\n\t\t\t\t\t\t\t\t10 Maggio 2021\t\t\t\t\t\t\t\t<meta itemprop=\"interactionCount\" content=\"UserComments: 0\"\/>\n\t\t\t\t\t\t\t<\/div>\n\t\t\t\t\t\t<\/div>\n\t\t\t\t\t<\/div>\n\t\t\t\t\t\t\t\t\t\t\t\t<div class=\"qode-bct-post\">\n\t\t\t\t\t\t\t\t\t\t\t\t<div class=\"qode-bct-post-text\">\n\t\t\t\t\t\t\t<h3 class=\"qode-bct-post-title entry_title\" itemprop=\"name\">\n\t\t\t\t\t\t\t\t<a href=\"https:\/\/bollicine.org\/?p=2304\" itemprop=\"url\">L\u2019Associazione Sportiva \u201cLe Bollicine\u201d seleziona 8 nuovi volontari del Servizio Civile Regionale.<\/a>\n\t\t\t\t\t\t\t<\/h3>\n\t\t\t\t\t\t\t\t\t\t\t\t\t\t<p itemprop=\"description\" class = \"qode-bct-post-excerpt\"> E&#8217; POSSIBILE PRESENTARE DOMANDA DI SELEZIONE ENTRO LE ORE 14.00 DEL GIORNO 28 maggio 2021 &#8211; Il progetto&nbsp; dell\u2019Associazione Le Bollicine e\u2019 : &#8220;Non solo sport: percorsi di integrazione sociale per le persone diversamente abili. Per tutte le informazioni sull&#8217;Associazione, sulla modalit\u00e0 di presentazione delle...<\/p>\n\t\t\t\t\t\t\t<div class=\"qode-bct-post-date entry_date updated\" itemprop=\"dateCreated\">\n\t\t\t\t\t\t\t\t3 Maggio 2021\t\t\t\t\t\t\t\t<meta itemprop=\"interactionCount\" content=\"UserComments: 0\"\/>\n\t\t\t\t\t\t\t<\/div>\n\t\t\t\t\t\t<\/div>\n\t\t\t\t\t<\/div>\n\t\t\t\t\t\t\t\t\t\t\t\t<div class=\"qode-bct-post\">\n\t\t\t\t\t\t\t\t\t\t\t\t<div class=\"qode-bct-post-text\">\n\t\t\t\t\t\t\t<h3 class=\"qode-bct-post-title entry_title\" itemprop=\"name\">\n\t\t\t\t\t\t\t\t<a href=\"https:\/\/bollicine.org\/?p=2292\" itemprop=\"url\">Servizio Civile Regionale<\/a>\n\t\t\t\t\t\t\t<\/h3>\n\t\t\t\t\t\t\t\t\t\t\t\t\t\t<p itemprop=\"description\" class = \"qode-bct-post-excerpt\"> Aperto il Bando Regione Toscana. L&#8217;Associazione Le Bollicine seleziona 8 volontari Per informazioni: Ass. Le Bollicine 0577286335 &#8211; 347422311 infolebollicine@gmail.com www.bollicine.org<\/p>\n\t\t\t\t\t\t\t<div class=\"qode-bct-post-date entry_date updated\" itemprop=\"dateCreated\">\n\t\t\t\t\t\t\t\t29 Aprile 2021\t\t\t\t\t\t\t\t<meta itemprop=\"interactionCount\" content=\"UserComments: 0\"\/>\n\t\t\t\t\t\t\t<\/div>\n\t\t\t\t\t\t<\/div>\n\t\t\t\t\t<\/div>\n\t\t\t\t\t\t\t\t\t\t\t\t<div class=\"qode-bct-post\">\n\t\t\t\t\t\t\t\t\t\t\t\t\t<div class=\"qode-bct-post-image\">\n\t\t\t\t\t\t\t\t<a href=\"https:\/\/bollicine.org\/?p=2288\" itemprop=\"url\">\n\t\t\t\t\t\t\t\t\t<img loading=\"lazy\" decoding=\"async\" width=\"1810\" height=\"2560\" src=\"https:\/\/bollicine.org\/wp-content\/uploads\/2021\/04\/0001-scaled.jpg\" class=\"attachment-full size-full wp-post-image\" alt=\"\" srcset=\"https:\/\/bollicine.org\/wp-content\/uploads\/2021\/04\/0001-scaled.jpg 1810w, https:\/\/bollicine.org\/wp-content\/uploads\/2021\/04\/0001-212x300.jpg 212w, https:\/\/bollicine.org\/wp-content\/uploads\/2021\/04\/0001-724x1024.jpg 724w, https:\/\/bollicine.org\/wp-content\/uploads\/2021\/04\/0001-768x1086.jpg 768w, https:\/\/bollicine.org\/wp-content\/uploads\/2021\/04\/0001-1086x1536.jpg 1086w, https:\/\/bollicine.org\/wp-content\/uploads\/2021\/04\/0001-1448x2048.jpg 1448w, https:\/\/bollicine.org\/wp-content\/uploads\/2021\/04\/0001-700x990.jpg 700w\" sizes=\"auto, (max-width: 1810px) 100vw, 1810px\" \/>\t\t\t\t\t\t\t\t<\/a>\n\t\t\t\t\t\t\t<\/div>\n\t\t\t\t\t\t\t\t\t\t\t\t<div class=\"qode-bct-post-text\">\n\t\t\t\t\t\t\t<h3 class=\"qode-bct-post-title entry_title\" itemprop=\"name\">\n\t\t\t\t\t\t\t\t<a href=\"https:\/\/bollicine.org\/?p=2288\" itemprop=\"url\">5X1000 anno 2020: Devolvi alle Bollicine<\/a>\n\t\t\t\t\t\t\t<\/h3>\n\t\t\t\t\t\t\t\t\t\t\t\t\t\t<p itemprop=\"description\" class = \"qode-bct-post-excerpt\"> Ciao a tutti chiediamo la vostra collaborazione\u00a0per\u00a0devolvere la quota del\u00a05\u00a0per\u00a0mille\u00a0sui redditi 2020 all&#8217;Associazione &#8220;Le Bollicine&#8221;. Grazie ai contributi ricevuti negli anni passati \u00e8 stato possibile realizzare molti progetti in favore delle persone con disabilit\u00e0. Ricordiamo l&#8217;acquisto di un auto attrezzata, il sostegno ai percorsi educativi...<\/p>\n\t\t\t\t\t\t\t<div class=\"qode-bct-post-date entry_date updated\" itemprop=\"dateCreated\">\n\t\t\t\t\t\t\t\t19 Aprile 2021\t\t\t\t\t\t\t\t<meta itemprop=\"interactionCount\" content=\"UserComments: 0\"\/>\n\t\t\t\t\t\t\t<\/div>\n\t\t\t\t\t\t<\/div>\n\t\t\t\t\t<\/div>\n\t\t\t\t\t\t\t\t\t\t\t\t<div class=\"qode-bct-post\">\n\t\t\t\t\t\t\t\t\t\t\t\t\t<div class=\"qode-bct-post-image\">\n\t\t\t\t\t\t\t\t<a href=\"https:\/\/bollicine.org\/?p=2282\" itemprop=\"url\">\n\t\t\t\t\t\t\t\t\t<img loading=\"lazy\" decoding=\"async\" width=\"1640\" height=\"924\" src=\"https:\/\/bollicine.org\/wp-content\/uploads\/2021\/03\/spazio-dirsi.png\" class=\"attachment-full size-full wp-post-image\" alt=\"\" srcset=\"https:\/\/bollicine.org\/wp-content\/uploads\/2021\/03\/spazio-dirsi.png 1640w, https:\/\/bollicine.org\/wp-content\/uploads\/2021\/03\/spazio-dirsi-300x169.png 300w, https:\/\/bollicine.org\/wp-content\/uploads\/2021\/03\/spazio-dirsi-1024x577.png 1024w, https:\/\/bollicine.org\/wp-content\/uploads\/2021\/03\/spazio-dirsi-768x433.png 768w, https:\/\/bollicine.org\/wp-content\/uploads\/2021\/03\/spazio-dirsi-1536x865.png 1536w, https:\/\/bollicine.org\/wp-content\/uploads\/2021\/03\/spazio-dirsi-700x394.png 700w, https:\/\/bollicine.org\/wp-content\/uploads\/2021\/03\/spazio-dirsi-539x303.png 539w\" sizes=\"auto, (max-width: 1640px) 100vw, 1640px\" \/>\t\t\t\t\t\t\t\t<\/a>\n\t\t\t\t\t\t\t<\/div>\n\t\t\t\t\t\t\t\t\t\t\t\t<div class=\"qode-bct-post-text\">\n\t\t\t\t\t\t\t<h3 class=\"qode-bct-post-title entry_title\" itemprop=\"name\">\n\t\t\t\t\t\t\t\t<a href=\"https:\/\/bollicine.org\/?p=2282\" itemprop=\"url\">Conferenza Stampa -&#8220;Spazio DirSI si presenta: disabilit\u00e0 in rete Siena&#8221;<\/a>\n\t\t\t\t\t\t\t<\/h3>\n\t\t\t\t\t\t\t\t\t\t\t\t\t\t<p itemprop=\"description\" class = \"qode-bct-post-excerpt\"> vi aspettiamo mercoled\u00ec 17 alle ore 11 per la conferenza stampa in diretta Facebook per conoscere questa nuova realt\u00e0 presente sul territorio!#SpazioDirSI#Disabilit\u00e0inRete#Siena#Riesco https:\/\/www.facebook.com\/events\/289444519220892 Il progetto DirSI \u2013 Disabilit\u00e0 in rete Siena \u2013 nasce dalla coprogettazione di enti del terzo settore ed istituzioni del territorio senese...<\/p>\n\t\t\t\t\t\t\t<div class=\"qode-bct-post-date entry_date updated\" itemprop=\"dateCreated\">\n\t\t\t\t\t\t\t\t15 Marzo 2021\t\t\t\t\t\t\t\t<meta itemprop=\"interactionCount\" content=\"UserComments: 0\"\/>\n\t\t\t\t\t\t\t<\/div>\n\t\t\t\t\t\t<\/div>\n\t\t\t\t\t<\/div>\n\t\t\t\t\t\t\t\t\t\t\t\t<div class=\"qode-bct-post\">\n\t\t\t\t\t\t\t\t\t\t\t\t\t<div class=\"qode-bct-post-image\">\n\t\t\t\t\t\t\t\t<a href=\"https:\/\/bollicine.org\/?p=2278\" itemprop=\"url\">\n\t\t\t\t\t\t\t\t\t<img loading=\"lazy\" decoding=\"async\" width=\"1512\" height=\"2016\" src=\"https:\/\/bollicine.org\/wp-content\/uploads\/2021\/03\/154577819_4090199114324841_8356007722258271187_o.jpg\" class=\"attachment-full size-full wp-post-image\" alt=\"\" srcset=\"https:\/\/bollicine.org\/wp-content\/uploads\/2021\/03\/154577819_4090199114324841_8356007722258271187_o.jpg 1512w, https:\/\/bollicine.org\/wp-content\/uploads\/2021\/03\/154577819_4090199114324841_8356007722258271187_o-225x300.jpg 225w, https:\/\/bollicine.org\/wp-content\/uploads\/2021\/03\/154577819_4090199114324841_8356007722258271187_o-768x1024.jpg 768w, https:\/\/bollicine.org\/wp-content\/uploads\/2021\/03\/154577819_4090199114324841_8356007722258271187_o-1152x1536.jpg 1152w, https:\/\/bollicine.org\/wp-content\/uploads\/2021\/03\/154577819_4090199114324841_8356007722258271187_o-600x800.jpg 600w, https:\/\/bollicine.org\/wp-content\/uploads\/2021\/03\/154577819_4090199114324841_8356007722258271187_o-700x933.jpg 700w\" sizes=\"auto, (max-width: 1512px) 100vw, 1512px\" \/>\t\t\t\t\t\t\t\t<\/a>\n\t\t\t\t\t\t\t<\/div>\n\t\t\t\t\t\t\t\t\t\t\t\t<div class=\"qode-bct-post-text\">\n\t\t\t\t\t\t\t<h3 class=\"qode-bct-post-title entry_title\" itemprop=\"name\">\n\t\t\t\t\t\t\t\t<a href=\"https:\/\/bollicine.org\/?p=2278\" itemprop=\"url\">Dall\u2019International Inner Wheel Club di Siena nuove attrezzature per Casa Clementina<\/a>\n\t\t\t\t\t\t\t<\/h3>\n\t\t\t\t\t\t\t\t\t\t\t\t\t\t<p itemprop=\"description\" class = \"qode-bct-post-excerpt\"> L&#8217;International Inner Wheel Club di Siena &#8211; &#8220;Sostiene Casa Clementina&#8221; . Grazie alla donazione ricevuta saranno acquistitati arredi e attrezzature a sostegno dei progetti di autonomia e vita indipendente delle persone con Disabilit\u00e0. Casa Clementina non \u00e8 solo un &#8220;luogo&#8221; ma rappresenta un riferimento ,...<\/p>\n\t\t\t\t\t\t\t<div class=\"qode-bct-post-date entry_date updated\" itemprop=\"dateCreated\">\n\t\t\t\t\t\t\t\t1 Marzo 2021\t\t\t\t\t\t\t\t<meta itemprop=\"interactionCount\" content=\"UserComments: 0\"\/>\n\t\t\t\t\t\t\t<\/div>\n\t\t\t\t\t\t<\/div>\n\t\t\t\t\t<\/div>\n\t\t\t\t\t\t\t\t\t\t\t\t<div class=\"qode-bct-post\">\n\t\t\t\t\t\t\t\t\t\t\t\t<div class=\"qode-bct-post-text\">\n\t\t\t\t\t\t\t<h3 class=\"qode-bct-post-title entry_title\" itemprop=\"name\">\n\t\t\t\t\t\t\t\t<a href=\"https:\/\/bollicine.org\/?p=2266\" itemprop=\"url\">Ciaspolata per i ragazzi delle Bollicine<\/a>\n\t\t\t\t\t\t\t<\/h3>\n\t\t\t\t\t\t\t\t\t\t\t\t\t\t<p itemprop=\"description\" class = \"qode-bct-post-excerpt\"> <\/p>\n\t\t\t\t\t\t\t<div class=\"qode-bct-post-date entry_date updated\" itemprop=\"dateCreated\">\n\t\t\t\t\t\t\t\t8 Febbraio 2021\t\t\t\t\t\t\t\t<meta itemprop=\"interactionCount\" content=\"UserComments: 0\"\/>\n\t\t\t\t\t\t\t<\/div>\n\t\t\t\t\t\t<\/div>\n\t\t\t\t\t<\/div>\n\t\t\t\t\t\t\t\t\t\t\t\t<div class=\"qode-bct-post\">\n\t\t\t\t\t\t\t\t\t\t\t\t<div class=\"qode-bct-post-text\">\n\t\t\t\t\t\t\t<h3 class=\"qode-bct-post-title entry_title\" itemprop=\"name\">\n\t\t\t\t\t\t\t\t<a href=\"https:\/\/bollicine.org\/?p=2264\" itemprop=\"url\">Riusciremo Insieme<\/a>\n\t\t\t\t\t\t\t<\/h3>\n\t\t\t\t\t\t\t\t\t\t\t\t\t\t<p itemprop=\"description\" class = \"qode-bct-post-excerpt\"> Riusciremo Insieme<\/p>\n\t\t\t\t\t\t\t<div class=\"qode-bct-post-date entry_date updated\" itemprop=\"dateCreated\">\n\t\t\t\t\t\t\t\t5 Febbraio 2021\t\t\t\t\t\t\t\t<meta itemprop=\"interactionCount\" content=\"UserComments: 0\"\/>\n\t\t\t\t\t\t\t<\/div>\n\t\t\t\t\t\t<\/div>\n\t\t\t\t\t<\/div>\n\t\t\t\t\t\t\t\t\t\t\t\t<div class=\"qode-bct-post\">\n\t\t\t\t\t\t\t\t\t\t\t\t<div class=\"qode-bct-post-text\">\n\t\t\t\t\t\t\t<h3 class=\"qode-bct-post-title entry_title\" itemprop=\"name\">\n\t\t\t\t\t\t\t\t<a href=\"https:\/\/bollicine.org\/?p=2238\" itemprop=\"url\">Mobilit\u00e0 Per tutti : I risultati della sperimentazione del progetto finanziato da Fondazione Monte dei Paschi.<\/a>\n\t\t\t\t\t\t\t<\/h3>\n\t\t\t\t\t\t\t\t\t\t\t\t\t\t<p itemprop=\"description\" class = \"qode-bct-post-excerpt\"> Il progetto Mobilit\u00e0 per tutti , finanziato dalla Fondazione Monte dei Paschi di Siena e realizzato da Ass. Bollicine in co-progettazione con l\u2019Associazione Asedo, Anmic e Invalidi civili , Misericordia di Castellina, Azienda Tiemme, con il patrocinio della Societ\u00e0 della Salute Senese, del Comune di...<\/p>\n\t\t\t\t\t\t\t<div class=\"qode-bct-post-date entry_date updated\" itemprop=\"dateCreated\">\n\t\t\t\t\t\t\t\t15 Dicembre 2020\t\t\t\t\t\t\t\t<meta itemprop=\"interactionCount\" content=\"UserComments: 0\"\/>\n\t\t\t\t\t\t\t<\/div>\n\t\t\t\t\t\t<\/div>\n\t\t\t\t\t<\/div>\n\t\t\t\t\t\t\t\t\t\t\t\t<div class=\"qode-bct-post\">\n\t\t\t\t\t\t\t\t\t\t\t\t\t<div class=\"qode-bct-post-image\">\n\t\t\t\t\t\t\t\t<a href=\"https:\/\/bollicine.org\/?p=2188\" itemprop=\"url\">\n\t\t\t\t\t\t\t\t\t<img loading=\"lazy\" decoding=\"async\" width=\"930\" height=\"1600\" src=\"https:\/\/bollicine.org\/wp-content\/uploads\/2020\/12\/image.png\" class=\"attachment-full size-full wp-post-image\" alt=\"\" srcset=\"https:\/\/bollicine.org\/wp-content\/uploads\/2020\/12\/image.png 930w, https:\/\/bollicine.org\/wp-content\/uploads\/2020\/12\/image-174x300.png 174w, https:\/\/bollicine.org\/wp-content\/uploads\/2020\/12\/image-595x1024.png 595w, https:\/\/bollicine.org\/wp-content\/uploads\/2020\/12\/image-768x1321.png 768w, https:\/\/bollicine.org\/wp-content\/uploads\/2020\/12\/image-893x1536.png 893w, https:\/\/bollicine.org\/wp-content\/uploads\/2020\/12\/image-700x1204.png 700w\" sizes=\"auto, (max-width: 930px) 100vw, 930px\" \/>\t\t\t\t\t\t\t\t<\/a>\n\t\t\t\t\t\t\t<\/div>\n\t\t\t\t\t\t\t\t\t\t\t\t<div class=\"qode-bct-post-text\">\n\t\t\t\t\t\t\t<h3 class=\"qode-bct-post-title entry_title\" itemprop=\"name\">\n\t\t\t\t\t\t\t\t<a href=\"https:\/\/bollicine.org\/?p=2188\" itemprop=\"url\">Un Natale con il cuore: sostieni Le Bollicine<\/a>\n\t\t\t\t\t\t\t<\/h3>\n\t\t\t\t\t\t\t\t\t\t\t\t\t\t<p itemprop=\"description\" class = \"qode-bct-post-excerpt\"> Domani 8 dicembre. Natale \u00e8 sempre pi\u00f9 vicino e Le Bollicine vi aspettano per acquistare qualche pensierino da regalare a parenti ed amici. I prodotti sono realizzati dai nostri ragazzi e dalle loro mamme. Potete trovare liquori aromatizzati al melograno, al mandarino e alla menta,...<\/p>\n\t\t\t\t\t\t\t<div class=\"qode-bct-post-date entry_date updated\" itemprop=\"dateCreated\">\n\t\t\t\t\t\t\t\t7 Dicembre 2020\t\t\t\t\t\t\t\t<meta itemprop=\"interactionCount\" content=\"UserComments: 0\"\/>\n\t\t\t\t\t\t\t<\/div>\n\t\t\t\t\t\t<\/div>\n\t\t\t\t\t<\/div>\n\t\t\t\t\t\t\t\t\t\t\t\t<div class=\"qode-bct-post\">\n\t\t\t\t\t\t\t\t\t\t\t\t<div class=\"qode-bct-post-text\">\n\t\t\t\t\t\t\t<h3 class=\"qode-bct-post-title entry_title\" itemprop=\"name\">\n\t\t\t\t\t\t\t\t<a href=\"https:\/\/bollicine.org\/?p=2154\" itemprop=\"url\">Regione Toscana: Contributi per la ripartenza dello sport nell&#8217;emergenza Covid-19<\/a>\n\t\t\t\t\t\t\t<\/h3>\n\t\t\t\t\t\t\t\t\t\t\t\t\t\t<p itemprop=\"description\" class = \"qode-bct-post-excerpt\"> La Regione Toscana con Decreto Dirigenziale n. 16082 del 16\/09\/202o assegna un contributo di Euro 3000 alle Bollicine. L&#8217;intervento \u00e8 finalizzato a sostenere la riapertura degli spazi sportivi nell&#8217;ambito dell\u2019emergenza Covid-19. I bisogni sono tantissimi, ma l&#8217;intervento Regionale \u00e8 comunque un segno per le attivit\u00e0...<\/p>\n\t\t\t\t\t\t\t<div class=\"qode-bct-post-date entry_date updated\" itemprop=\"dateCreated\">\n\t\t\t\t\t\t\t\t30 Novembre 2020\t\t\t\t\t\t\t\t<meta itemprop=\"interactionCount\" content=\"UserComments: 0\"\/>\n\t\t\t\t\t\t\t<\/div>\n\t\t\t\t\t\t<\/div>\n\t\t\t\t\t<\/div>\n\t\t\t\t\t\t\t\t\t\t\t\t<div class=\"qode-bct-post\">\n\t\t\t\t\t\t\t\t\t\t\t\t<div class=\"qode-bct-post-text\">\n\t\t\t\t\t\t\t<h3 class=\"qode-bct-post-title entry_title\" itemprop=\"name\">\n\t\t\t\t\t\t\t\t<a href=\"https:\/\/bollicine.org\/?p=2150\" itemprop=\"url\">\u201cLe Bollicine\u201d: per ogni gusto un regalo giusto<\/a>\n\t\t\t\t\t\t\t<\/h3>\n\t\t\t\t\t\t\t\t\t\t\t\t\t\t<p itemprop=\"description\" class = \"qode-bct-post-excerpt\"> Liquori, sali aromatici e prodotti biologici: si possono acquistare, in vista del Natale, per sostenere questa organizzazione di volontariato che si dedica alle persone con disabilit\u00e0 cognitive Per ogni gusto un regalo giusto<\/p>\n\t\t\t\t\t\t\t<div class=\"qode-bct-post-date entry_date updated\" itemprop=\"dateCreated\">\n\t\t\t\t\t\t\t\t26 Novembre 2020\t\t\t\t\t\t\t\t<meta itemprop=\"interactionCount\" content=\"UserComments: 0\"\/>\n\t\t\t\t\t\t\t<\/div>\n\t\t\t\t\t\t<\/div>\n\t\t\t\t\t<\/div>\n\t\t\t\t\t\t\t\t\t\t\t\t<div class=\"qode-bct-post\">\n\t\t\t\t\t\t\t\t\t\t\t\t<div class=\"qode-bct-post-text\">\n\t\t\t\t\t\t\t<h3 class=\"qode-bct-post-title entry_title\" itemprop=\"name\">\n\t\t\t\t\t\t\t\t<a href=\"https:\/\/bollicine.org\/?p=2072\" itemprop=\"url\">Convocazione Assemblea Soci<\/a>\n\t\t\t\t\t\t\t<\/h3>\n\t\t\t\t\t\t\t\t\t\t\t\t\t\t<p itemprop=\"description\" class = \"qode-bct-post-excerpt\"> Con la presente si comunica che il giorno 30 Ottobre 2020 alle ore 16,30 in prima Convocazione e alle ore 17.15 In Seconda Convocazione, \u00e8 indetta l&#8217;Assemblea dell&#8217; Associazione Le Bollicine. IN CONSIDERAZIONE DELLO STATO DI EMERGENZA COVID LA CONVOCAZIONE IN OGGETTO AVVERRA&#8217; SU PIATTAFORMA...<\/p>\n\t\t\t\t\t\t\t<div class=\"qode-bct-post-date entry_date updated\" itemprop=\"dateCreated\">\n\t\t\t\t\t\t\t\t24 Ottobre 2020\t\t\t\t\t\t\t\t<meta itemprop=\"interactionCount\" content=\"UserComments: 0\"\/>\n\t\t\t\t\t\t\t<\/div>\n\t\t\t\t\t\t<\/div>\n\t\t\t\t\t<\/div>\n\t\t\t\t\t\t\t\t\t\t\t\t<div class=\"qode-bct-post\">\n\t\t\t\t\t\t\t\t\t\t\t\t<div class=\"qode-bct-post-text\">\n\t\t\t\t\t\t\t<h3 class=\"qode-bct-post-title entry_title\" itemprop=\"name\">\n\t\t\t\t\t\t\t\t<a href=\"https:\/\/bollicine.org\/?p=2049\" itemprop=\"url\">1990-2020 Trentennale dell&#8217;Associazione Le Bollicine<\/a>\n\t\t\t\t\t\t\t<\/h3>\n\t\t\t\t\t\t\t\t\t\t\t\t\t\t<p itemprop=\"description\" class = \"qode-bct-post-excerpt\"> BRINDISI PER TRENT&#8217;ANNI ASSOCIAZIONE LE BOLLICINE La citt\u00e0 si riunisce in Piazza del Campo per un gesto simbolico ma denso di significati: energia, passione, coraggio, uguaglianza, condivisione. Questi sono valori che hanno caratterizzato l&#8217;impegno dell&#8217;Associazione di volontariato senese realizzato in favore delle persone con disabilit\u00e0...<\/p>\n\t\t\t\t\t\t\t<div class=\"qode-bct-post-date entry_date updated\" itemprop=\"dateCreated\">\n\t\t\t\t\t\t\t\t18 Settembre 2020\t\t\t\t\t\t\t\t<meta itemprop=\"interactionCount\" content=\"UserComments: 0\"\/>\n\t\t\t\t\t\t\t<\/div>\n\t\t\t\t\t\t<\/div>\n\t\t\t\t\t<\/div>\n\t\t\t\t\t\t\t\t\t\t\t\t<div class=\"qode-bct-post\">\n\t\t\t\t\t\t\t\t\t\t\t\t<div class=\"qode-bct-post-text\">\n\t\t\t\t\t\t\t<h3 class=\"qode-bct-post-title entry_title\" itemprop=\"name\">\n\t\t\t\t\t\t\t\t<a href=\"https:\/\/bollicine.org\/?p=2043\" itemprop=\"url\">Trent&#8217;anni di Bollicine!<\/a>\n\t\t\t\t\t\t\t<\/h3>\n\t\t\t\t\t\t\t\t\t\t\t\t\t\t<p itemprop=\"description\" class = \"qode-bct-post-excerpt\"> L\u2019Associazione di volontariato \u201cLe Bollicine\u201d ODV festeggia il trentesimo anniversario dalla sua nascita. Era il 1990, quando alcuni genitori di persone con disabilit\u00e0, insieme a un gruppo di cittadini impegnati nel sociale, decisero di riunirsi per dare continuit\u00e0 ad un progetto di riabilitazione equestre con...<\/p>\n\t\t\t\t\t\t\t<div class=\"qode-bct-post-date entry_date updated\" itemprop=\"dateCreated\">\n\t\t\t\t\t\t\t\t7 Settembre 2020\t\t\t\t\t\t\t\t<meta itemprop=\"interactionCount\" content=\"UserComments: 0\"\/>\n\t\t\t\t\t\t\t<\/div>\n\t\t\t\t\t\t<\/div>\n\t\t\t\t\t<\/div>\n\t\t\t\t\t\t\t\t\t\t\t\t<div class=\"qode-bct-post\">\n\t\t\t\t\t\t\t\t\t\t\t\t<div class=\"qode-bct-post-text\">\n\t\t\t\t\t\t\t<h3 class=\"qode-bct-post-title entry_title\" itemprop=\"name\">\n\t\t\t\t\t\t\t\t<a href=\"https:\/\/bollicine.org\/?p=2034\" itemprop=\"url\">FONDAZIONE CHIANTI BANCA SOSTIENE LE BOLLICINE<\/a>\n\t\t\t\t\t\t\t<\/h3>\n\t\t\t\t\t\t\t\t\t\t\t\t\t\t<p itemprop=\"description\" class = \"qode-bct-post-excerpt\"> In arrivo una nuova auto adibita al trasporto di persone con disabilit\u00e0!!! Ogni anno beneficiano dei nostri servizi circa 70 disabili residenti nella provincia di Siena sostenendo cos\u00ec la mobilit\u00e0 e facilitando l&#8217;accesso al mondo del lavoro, alle attivit\u00e0 sportive, alla vita sociale.<\/p>\n\t\t\t\t\t\t\t<div class=\"qode-bct-post-date entry_date updated\" itemprop=\"dateCreated\">\n\t\t\t\t\t\t\t\t13 Giugno 2020\t\t\t\t\t\t\t\t<meta itemprop=\"interactionCount\" content=\"UserComments: 0\"\/>\n\t\t\t\t\t\t\t<\/div>\n\t\t\t\t\t\t<\/div>\n\t\t\t\t\t<\/div>\n\t\t\t\t\t\t\t\t\t\t\t\t<div class=\"qode-bct-post\">\n\t\t\t\t\t\t\t\t\t\t\t\t<div class=\"qode-bct-post-text\">\n\t\t\t\t\t\t\t<h3 class=\"qode-bct-post-title entry_title\" itemprop=\"name\">\n\t\t\t\t\t\t\t\t<a href=\"https:\/\/bollicine.org\/?p=2030\" itemprop=\"url\">Le Bollicine su La Nazione<\/a>\n\t\t\t\t\t\t\t<\/h3>\n\t\t\t\t\t\t\t\t\t\t\t\t\t\t<p itemprop=\"description\" class = \"qode-bct-post-excerpt\"> Carissimi, condividiamo con voi un bell&#8217;articolo su Casa Clementina pubblicato su La Nazione qualche giorno fa.<\/p>\n\t\t\t\t\t\t\t<div class=\"qode-bct-post-date entry_date updated\" itemprop=\"dateCreated\">\n\t\t\t\t\t\t\t\t22 Maggio 2020\t\t\t\t\t\t\t\t<meta itemprop=\"interactionCount\" content=\"UserComments: 0\"\/>\n\t\t\t\t\t\t\t<\/div>\n\t\t\t\t\t\t<\/div>\n\t\t\t\t\t<\/div>\n\t\t\t\t\t\t\t\t\t\t\t\t<div class=\"qode-bct-post\">\n\t\t\t\t\t\t\t\t\t\t\t\t<div class=\"qode-bct-post-text\">\n\t\t\t\t\t\t\t<h3 class=\"qode-bct-post-title entry_title\" itemprop=\"name\">\n\t\t\t\t\t\t\t\t<a href=\"https:\/\/bollicine.org\/?p=2026\" itemprop=\"url\">5 per mille Associazione Le Bollicine<\/a>\n\t\t\t\t\t\t\t<\/h3>\n\t\t\t\t\t\t\t\t\t\t\t\t\t\t<p itemprop=\"description\" class = \"qode-bct-post-excerpt\"> Carissimi contiamo nel vostro aiuto per diffondere tra i propri contatti, la possibilit\u00e0 di poter DEVOLVERE IL 5 PER MILLE ALL&#8217;ASSOCIAZIONE LE BOLLICINE.Negli anni grazie al sostegno di tante persone abbiamo avviato il progetto per il Durante Dopo di Noi Casa Clementina, acquistato pulmini, attrezzature...<\/p>\n\t\t\t\t\t\t\t<div class=\"qode-bct-post-date entry_date updated\" itemprop=\"dateCreated\">\n\t\t\t\t\t\t\t\t9 Maggio 2020\t\t\t\t\t\t\t\t<meta itemprop=\"interactionCount\" content=\"UserComments: 0\"\/>\n\t\t\t\t\t\t\t<\/div>\n\t\t\t\t\t\t<\/div>\n\t\t\t\t\t<\/div>\n\t\t\t\t\t\t\t\t\t\t\t\t<div class=\"qode-bct-post\">\n\t\t\t\t\t\t\t\t\t\t\t\t<div class=\"qode-bct-post-text\">\n\t\t\t\t\t\t\t<h3 class=\"qode-bct-post-title entry_title\" itemprop=\"name\">\n\t\t\t\t\t\t\t\t<a href=\"https:\/\/bollicine.org\/?p=2017\" itemprop=\"url\">AVVISO DI SELEZIONE RELATIVO AL PROFILO PROFESSIONALE DI EDUCATORE\u00a0<\/a>\n\t\t\t\t\t\t\t<\/h3>\n\t\t\t\t\t\t\t\t\t\t\t\t\t\t<p itemprop=\"description\" class = \"qode-bct-post-excerpt\"> l\u2019Associazione \u201cLe Bollicine\u201d vuole selezionare educatori professionali con cui cooperare nell\u2019ambito delle proprie attivit\u00e0 istituzionali relative alla promozione dell\u2019autonomia delle persone con disabilit\u00e0. Di seguito trovate l&#8217;avviso di selezione e la domanda di partecipazione. Avviso di selezione Domanda di partecipazione<\/p>\n\t\t\t\t\t\t\t<div class=\"qode-bct-post-date entry_date updated\" itemprop=\"dateCreated\">\n\t\t\t\t\t\t\t\t30 Aprile 2020\t\t\t\t\t\t\t\t<meta itemprop=\"interactionCount\" content=\"UserComments: 0\"\/>\n\t\t\t\t\t\t\t<\/div>\n\t\t\t\t\t\t<\/div>\n\t\t\t\t\t<\/div>\n\t\t\t\t\t\t\t\t\t\t\t\t<div class=\"qode-bct-post\">\n\t\t\t\t\t\t\t\t\t\t\t\t<div class=\"qode-bct-post-text\">\n\t\t\t\t\t\t\t<h3 class=\"qode-bct-post-title entry_title\" itemprop=\"name\">\n\t\t\t\t\t\t\t\t<a href=\"https:\/\/bollicine.org\/?p=2012\" itemprop=\"url\">#simangia sostiene le Bollicine<\/a>\n\t\t\t\t\t\t\t<\/h3>\n\t\t\t\t\t\t\t\t\t\t\t\t\t\t<p itemprop=\"description\" class = \"qode-bct-post-excerpt\"> Conoscete tutti &#8220;Si mangia&#8221;? ? Nato per dare una mano ai ristoratori senesi in questo momento di difficolt\u00e0 economica. Permettendo ai cittadini di godersi un buon pasto dei migliori ristoranti di Siena a domicilio e a un prezzo conveniente. ?? Nei giorni 24-25-26 aprile e...<\/p>\n\t\t\t\t\t\t\t<div class=\"qode-bct-post-date entry_date updated\" itemprop=\"dateCreated\">\n\t\t\t\t\t\t\t\t24 Aprile 2020\t\t\t\t\t\t\t\t<meta itemprop=\"interactionCount\" content=\"UserComments: 0\"\/>\n\t\t\t\t\t\t\t<\/div>\n\t\t\t\t\t\t<\/div>\n\t\t\t\t\t<\/div>\n\t\t\t\t\t\t\t\t\t\t\t\t<div class=\"qode-bct-post\">\n\t\t\t\t\t\t\t\t\t\t\t\t<div class=\"qode-bct-post-text\">\n\t\t\t\t\t\t\t<h3 class=\"qode-bct-post-title entry_title\" itemprop=\"name\">\n\t\t\t\t\t\t\t\t<a href=\"https:\/\/bollicine.org\/?p=2008\" itemprop=\"url\">I Consigli di Giakhy per il sociale<\/a>\n\t\t\t\t\t\t\t<\/h3>\n\t\t\t\t\t\t\t\t\t\t\t\t\t\t<p itemprop=\"description\" class = \"qode-bct-post-excerpt\"> Carissimi, vogliamo condividere questo stupendo video pubblicato da Giacomo Vigni, ringraziandolo per le sue parole e per il suo cuore d&#8217;oro. L&#8217;inclusione e l&#8217;empatia possono cambiare il mondo!<\/p>\n\t\t\t\t\t\t\t<div class=\"qode-bct-post-date entry_date updated\" itemprop=\"dateCreated\">\n\t\t\t\t\t\t\t\t3 Aprile 2020\t\t\t\t\t\t\t\t<meta itemprop=\"interactionCount\" content=\"UserComments: 0\"\/>\n\t\t\t\t\t\t\t<\/div>\n\t\t\t\t\t\t<\/div>\n\t\t\t\t\t<\/div>\n\t\t\t\t\t\t\t\t\t\t\t\t<div class=\"qode-bct-post\">\n\t\t\t\t\t\t\t\t\t\t\t\t<div class=\"qode-bct-post-text\">\n\t\t\t\t\t\t\t<h3 class=\"qode-bct-post-title entry_title\" itemprop=\"name\">\n\t\t\t\t\t\t\t\t<a href=\"https:\/\/bollicine.org\/?p=2004\" itemprop=\"url\">Clementina &#8211; Andr\u00e0 tutto bene<\/a>\n\t\t\t\t\t\t\t<\/h3>\n\t\t\t\t\t\t\t\t\t\t\t\t\t\t<p itemprop=\"description\" class = \"qode-bct-post-excerpt\"> Carissimi, vogliamo condividere con voi questo bellissimo video fatto da Francesco Nencini con immagini e video dei nostri ragazzi. Buona visione e un caro abbraccio a tutti!<\/p>\n\t\t\t\t\t\t\t<div class=\"qode-bct-post-date entry_date updated\" itemprop=\"dateCreated\">\n\t\t\t\t\t\t\t\t1 Aprile 2020\t\t\t\t\t\t\t\t<meta itemprop=\"interactionCount\" content=\"UserComments: 0\"\/>\n\t\t\t\t\t\t\t<\/div>\n\t\t\t\t\t\t<\/div>\n\t\t\t\t\t<\/div>\n\t\t\t\t\t\t\t\t\t\t\t\t<div class=\"qode-bct-post\">\n\t\t\t\t\t\t\t\t\t\t\t\t<div class=\"qode-bct-post-text\">\n\t\t\t\t\t\t\t<h3 class=\"qode-bct-post-title entry_title\" itemprop=\"name\">\n\t\t\t\t\t\t\t\t<a href=\"https:\/\/bollicine.org\/?p=1998\" itemprop=\"url\">La disabilit\u00e0 al tempo del Covid-19<\/a>\n\t\t\t\t\t\t\t<\/h3>\n\t\t\t\t\t\t\t\t\t\t\t\t\t\t<p itemprop=\"description\" class = \"qode-bct-post-excerpt\"> Buongiorno, vogliamo condividere con voi quest&#8217;interessante articolo di Letizia Pini, pubblicato su Il Cittadino Online, con&nbsp;Francesco Nencini, past president di ASEDO Siena e membro del Direttivo di&nbsp;Casa Clementina, e con Massimo Vita, past president UNICI Siena e vicepresidente nazionale I.Ri.Fo.R. Onlus. La disabilit\u00e0 al tempo...<\/p>\n\t\t\t\t\t\t\t<div class=\"qode-bct-post-date entry_date updated\" itemprop=\"dateCreated\">\n\t\t\t\t\t\t\t\t27 Marzo 2020\t\t\t\t\t\t\t\t<meta itemprop=\"interactionCount\" content=\"UserComments: 0\"\/>\n\t\t\t\t\t\t\t<\/div>\n\t\t\t\t\t\t<\/div>\n\t\t\t\t\t<\/div>\n\t\t\t\t\t\t\t\t\t\t\t\t<div class=\"qode-bct-post\">\n\t\t\t\t\t\t\t\t\t\t\t\t<div class=\"qode-bct-post-text\">\n\t\t\t\t\t\t\t<h3 class=\"qode-bct-post-title entry_title\" itemprop=\"name\">\n\t\t\t\t\t\t\t\t<a href=\"https:\/\/bollicine.org\/?p=1991\" itemprop=\"url\">Le Bollicine non si fermano<\/a>\n\t\t\t\t\t\t\t<\/h3>\n\t\t\t\t\t\t\t\t\t\t\t\t\t\t<p itemprop=\"description\" class = \"qode-bct-post-excerpt\"> Le Bollicine non si fermano! Proponiamo interventi e attivit\u00e0&nbsp;di sostegno online rivolte al mantenimento dei percorsi di autonomia per sostenerle famiglie e i ragazzi a casa. Operatori e volontari realizzano quotidianamente video-chiamate, gruppi online con attivit\u00e0 personalizzate, momenti di scambio e socializzazione. I nostri operatori...<\/p>\n\t\t\t\t\t\t\t<div class=\"qode-bct-post-date entry_date updated\" itemprop=\"dateCreated\">\n\t\t\t\t\t\t\t\t27 Marzo 2020\t\t\t\t\t\t\t\t<meta itemprop=\"interactionCount\" content=\"UserComments: 0\"\/>\n\t\t\t\t\t\t\t<\/div>\n\t\t\t\t\t\t<\/div>\n\t\t\t\t\t<\/div>\n\t\t\t\t\t\t\t\t\t\t\t\t<div class=\"qode-bct-post\">\n\t\t\t\t\t\t\t\t\t\t\t\t<div class=\"qode-bct-post-text\">\n\t\t\t\t\t\t\t<h3 class=\"qode-bct-post-title entry_title\" itemprop=\"name\">\n\t\t\t\t\t\t\t\t<a href=\"https:\/\/bollicine.org\/?p=1987\" itemprop=\"url\">Comunicazione COVID-19<\/a>\n\t\t\t\t\t\t\t<\/h3>\n\t\t\t\t\t\t\t\t\t\t\t\t\t\t<p itemprop=\"description\" class = \"qode-bct-post-excerpt\"> L&#8217;Associazione Le Bollicine ODV alla luce del DPCM, al fine di contrastare ed evitare il diffondersi del COVID \u2013 19, HA SOSPESO TUTTE LE ATTIVITA&#8217; SPORTIVE, RIABILITATIVE E DI SOCIALIZZAZIONE REALIZZATE AL CENTRO EQUESTRE \u201cTOSCA DELLE BOLLICINE\u201d. I LABORATORI PER I PERCORSI DI VITA INDIPENDENTE...<\/p>\n\t\t\t\t\t\t\t<div class=\"qode-bct-post-date entry_date updated\" itemprop=\"dateCreated\">\n\t\t\t\t\t\t\t\t11 Marzo 2020\t\t\t\t\t\t\t\t<meta itemprop=\"interactionCount\" content=\"UserComments: 0\"\/>\n\t\t\t\t\t\t\t<\/div>\n\t\t\t\t\t\t<\/div>\n\t\t\t\t\t<\/div>\n\t\t\t\t\t\t\t\t\t\t\t\t<div class=\"qode-bct-post\">\n\t\t\t\t\t\t\t\t\t\t\t\t<div class=\"qode-bct-post-text\">\n\t\t\t\t\t\t\t<h3 class=\"qode-bct-post-title entry_title\" itemprop=\"name\">\n\t\t\t\t\t\t\t\t<a href=\"https:\/\/bollicine.org\/?p=1982\" itemprop=\"url\">Mobilit\u00e0 Per tutti: I risultati della sperimentazione del progetto finanziato da Fondazione Monte dei Paschi.<\/a>\n\t\t\t\t\t\t\t<\/h3>\n\t\t\t\t\t\t\t\t\t\t\t\t\t\t<p itemprop=\"description\" class = \"qode-bct-post-excerpt\"> Mobilit\u00e0 Per tutti: I risultati della sperimentazione del progetto finanziato da Fondazione Monte dei Paschi. L\u2019associazione le Bollicine ha realizzato la prima sperimentazione sul Bando Mobilit\u00e0 per tutti, finanziata dalla Fondazione Monte dei paschi di Siena in co-progettazione con l\u2019Associazione Asedo, Amnic e Invalidi civili...<\/p>\n\t\t\t\t\t\t\t<div class=\"qode-bct-post-date entry_date updated\" itemprop=\"dateCreated\">\n\t\t\t\t\t\t\t\t9 Marzo 2020\t\t\t\t\t\t\t\t<meta itemprop=\"interactionCount\" content=\"UserComments: 0\"\/>\n\t\t\t\t\t\t\t<\/div>\n\t\t\t\t\t\t<\/div>\n\t\t\t\t\t<\/div>\n\t\t\t\t\t\t\t\t\t\t\t\t<div class=\"qode-bct-post\">\n\t\t\t\t\t\t\t\t\t\t\t\t<div class=\"qode-bct-post-text\">\n\t\t\t\t\t\t\t<h3 class=\"qode-bct-post-title entry_title\" itemprop=\"name\">\n\t\t\t\t\t\t\t\t<a href=\"https:\/\/bollicine.org\/?p=1975\" itemprop=\"url\">Divert-Time<\/a>\n\t\t\t\t\t\t\t<\/h3>\n\t\t\t\t\t\t\t\t\t\t\t\t\t\t<p itemprop=\"description\" class = \"qode-bct-post-excerpt\"> UN NUOVO PROGETTO ALLE BOLLICINE: DIVERT-TIME &#8211; INSIEME Grazie al contributo del Comune di Siena \u2013 Bando Si &amp; per tutti, nasce \u201cDivert-time\u201d, progetto realizzato dall&#8217;associazione Le Bollicine con il partenariato dell&#8217;Associazione Asedo, Pubblica Assistenza di Siena, Misericordia, CAI, Auser, Il progetto &#8220;Divert-time \u2013 Insieme...<\/p>\n\t\t\t\t\t\t\t<div class=\"qode-bct-post-date entry_date updated\" itemprop=\"dateCreated\">\n\t\t\t\t\t\t\t\t3 Marzo 2020\t\t\t\t\t\t\t\t<meta itemprop=\"interactionCount\" content=\"UserComments: 0\"\/>\n\t\t\t\t\t\t\t<\/div>\n\t\t\t\t\t\t<\/div>\n\t\t\t\t\t<\/div>\n\t\t\t\t\t\t\t\t\t\t\t\t<div class=\"qode-bct-post\">\n\t\t\t\t\t\t\t\t\t\t\t\t<div class=\"qode-bct-post-text\">\n\t\t\t\t\t\t\t<h3 class=\"qode-bct-post-title entry_title\" itemprop=\"name\">\n\t\t\t\t\t\t\t\t<a href=\"https:\/\/bollicine.org\/?p=1970\" itemprop=\"url\">Lotteria di beneficenza delle Bollicine 2019: estratti i numeri vincenti<\/a>\n\t\t\t\t\t\t\t<\/h3>\n\t\t\t\t\t\t\t\t\t\t\t\t\t\t<p itemprop=\"description\" class = \"qode-bct-post-excerpt\"> Il 18 dicembre, presso il Centro Tosca delle Bollicine, \u00e8 avvenuta l&#8217;estrazione dei 4 biglietti che si aggiudicano i premi messi in palio nell&#8217;edizione 2019 della Lotteria di Beneficenza dell&#8217;Associazione Le Bollicine. Per ritirare la vincita, i possessori dei biglietti vincenti potranno contattare la nostra...<\/p>\n\t\t\t\t\t\t\t<div class=\"qode-bct-post-date entry_date updated\" itemprop=\"dateCreated\">\n\t\t\t\t\t\t\t\t23 Dicembre 2019\t\t\t\t\t\t\t\t<meta itemprop=\"interactionCount\" content=\"UserComments: 0\"\/>\n\t\t\t\t\t\t\t<\/div>\n\t\t\t\t\t\t<\/div>\n\t\t\t\t\t<\/div>\n\t\t\t\t\t\t\t\t\t\t\t\t<div class=\"qode-bct-post\">\n\t\t\t\t\t\t\t\t\t\t\t\t\t<div class=\"qode-bct-post-image\">\n\t\t\t\t\t\t\t\t<a href=\"https:\/\/bollicine.org\/?p=1953\" itemprop=\"url\">\n\t\t\t\t\t\t\t\t\t<img loading=\"lazy\" decoding=\"async\" width=\"959\" height=\"720\" src=\"https:\/\/bollicine.org\/wp-content\/uploads\/2019\/12\/79510336_293365381602539_1381063664789880832_o.jpg\" class=\"attachment-full size-full wp-post-image\" alt=\"\" srcset=\"https:\/\/bollicine.org\/wp-content\/uploads\/2019\/12\/79510336_293365381602539_1381063664789880832_o.jpg 959w, https:\/\/bollicine.org\/wp-content\/uploads\/2019\/12\/79510336_293365381602539_1381063664789880832_o-300x225.jpg 300w, https:\/\/bollicine.org\/wp-content\/uploads\/2019\/12\/79510336_293365381602539_1381063664789880832_o-768x577.jpg 768w, https:\/\/bollicine.org\/wp-content\/uploads\/2019\/12\/79510336_293365381602539_1381063664789880832_o-800x600.jpg 800w, https:\/\/bollicine.org\/wp-content\/uploads\/2019\/12\/79510336_293365381602539_1381063664789880832_o-700x526.jpg 700w\" sizes=\"auto, (max-width: 959px) 100vw, 959px\" \/>\t\t\t\t\t\t\t\t<\/a>\n\t\t\t\t\t\t\t<\/div>\n\t\t\t\t\t\t\t\t\t\t\t\t<div class=\"qode-bct-post-text\">\n\t\t\t\t\t\t\t<h3 class=\"qode-bct-post-title entry_title\" itemprop=\"name\">\n\t\t\t\t\t\t\t\t<a href=\"https:\/\/bollicine.org\/?p=1953\" itemprop=\"url\">La Fondazione Monte dei Paschi di Siena ha scelto Casa Clementina come location per la sua cena degli auguri<\/a>\n\t\t\t\t\t\t\t<\/h3>\n\t\t\t\t\t\t\t\t\t\t\t\t\t\t<p itemprop=\"description\" class = \"qode-bct-post-excerpt\"> <\/p>\n\t\t\t\t\t\t\t<div class=\"qode-bct-post-date entry_date updated\" itemprop=\"dateCreated\">\n\t\t\t\t\t\t\t\t23 Dicembre 2019\t\t\t\t\t\t\t\t<meta itemprop=\"interactionCount\" content=\"UserComments: 0\"\/>\n\t\t\t\t\t\t\t<\/div>\n\t\t\t\t\t\t<\/div>\n\t\t\t\t\t<\/div>\n\t\t\t\t\t\t\t\t\t\t\t\t<div class=\"qode-bct-post\">\n\t\t\t\t\t\t\t\t\t\t\t\t\t<div class=\"qode-bct-post-image\">\n\t\t\t\t\t\t\t\t<a href=\"https:\/\/bollicine.org\/?p=1947\" itemprop=\"url\">\n\t\t\t\t\t\t\t\t\t<img loading=\"lazy\" decoding=\"async\" width=\"2560\" height=\"1921\" src=\"https:\/\/bollicine.org\/wp-content\/uploads\/2019\/11\/Volantino-cena-allevatori-1-scaled.jpg\" class=\"attachment-full size-full wp-post-image\" alt=\"\" srcset=\"https:\/\/bollicine.org\/wp-content\/uploads\/2019\/11\/Volantino-cena-allevatori-1-scaled.jpg 2560w, https:\/\/bollicine.org\/wp-content\/uploads\/2019\/11\/Volantino-cena-allevatori-1-300x225.jpg 300w, https:\/\/bollicine.org\/wp-content\/uploads\/2019\/11\/Volantino-cena-allevatori-1-1024x768.jpg 1024w, https:\/\/bollicine.org\/wp-content\/uploads\/2019\/11\/Volantino-cena-allevatori-1-768x576.jpg 768w, https:\/\/bollicine.org\/wp-content\/uploads\/2019\/11\/Volantino-cena-allevatori-1-1536x1153.jpg 1536w, https:\/\/bollicine.org\/wp-content\/uploads\/2019\/11\/Volantino-cena-allevatori-1-2048x1537.jpg 2048w, https:\/\/bollicine.org\/wp-content\/uploads\/2019\/11\/Volantino-cena-allevatori-1-800x600.jpg 800w, https:\/\/bollicine.org\/wp-content\/uploads\/2019\/11\/Volantino-cena-allevatori-1-700x525.jpg 700w\" sizes=\"auto, (max-width: 2560px) 100vw, 2560px\" \/>\t\t\t\t\t\t\t\t<\/a>\n\t\t\t\t\t\t\t<\/div>\n\t\t\t\t\t\t\t\t\t\t\t\t<div class=\"qode-bct-post-text\">\n\t\t\t\t\t\t\t<h3 class=\"qode-bct-post-title entry_title\" itemprop=\"name\">\n\t\t\t\t\t\t\t\t<a href=\"https:\/\/bollicine.org\/?p=1947\" itemprop=\"url\">UN GESTO D&#8217;AMORE.<\/a>\n\t\t\t\t\t\t\t<\/h3>\n\t\t\t\t\t\t\t\t\t\t\t\t\t\t<p itemprop=\"description\" class = \"qode-bct-post-excerpt\"> Il 7 dicembre presso il Circolo Arci di Sant&#8217;Andrea (Strada Grossetana,55) alle ore 20.30 si terr\u00e0 la cena degli&nbsp;Auguri&nbsp;di Natale dell&#8217;Associazione Proprietari, Allenatori e Allevatori cavalli da Palio. Tutti possono aderire e sostenere cos\u00ec l&#8217;Associazione Le&nbsp;Bollicine Emma Tosca&nbsp;. Ti aspettiamo<\/p>\n\t\t\t\t\t\t\t<div class=\"qode-bct-post-date entry_date updated\" itemprop=\"dateCreated\">\n\t\t\t\t\t\t\t\t28 Novembre 2019\t\t\t\t\t\t\t\t<meta itemprop=\"interactionCount\" content=\"UserComments: 0\"\/>\n\t\t\t\t\t\t\t<\/div>\n\t\t\t\t\t\t<\/div>\n\t\t\t\t\t<\/div>\n\t\t\t\t\t\t\t\t\t\t\t\t<div class=\"qode-bct-post\">\n\t\t\t\t\t\t\t\t\t\t\t\t\t<div class=\"qode-bct-post-image\">\n\t\t\t\t\t\t\t\t<a href=\"https:\/\/bollicine.org\/?p=1933\" itemprop=\"url\">\n\t\t\t\t\t\t\t\t\t<img loading=\"lazy\" decoding=\"async\" width=\"1283\" height=\"924\" src=\"https:\/\/bollicine.org\/wp-content\/uploads\/2019\/04\/8DA85BD4-768F-44EB-A052-33871E96066B.jpeg\" class=\"attachment-full size-full wp-post-image\" alt=\"\" srcset=\"https:\/\/bollicine.org\/wp-content\/uploads\/2019\/04\/8DA85BD4-768F-44EB-A052-33871E96066B.jpeg 1283w, https:\/\/bollicine.org\/wp-content\/uploads\/2019\/04\/8DA85BD4-768F-44EB-A052-33871E96066B-300x216.jpeg 300w, https:\/\/bollicine.org\/wp-content\/uploads\/2019\/04\/8DA85BD4-768F-44EB-A052-33871E96066B-768x553.jpeg 768w, https:\/\/bollicine.org\/wp-content\/uploads\/2019\/04\/8DA85BD4-768F-44EB-A052-33871E96066B-1024x737.jpeg 1024w, https:\/\/bollicine.org\/wp-content\/uploads\/2019\/04\/8DA85BD4-768F-44EB-A052-33871E96066B-700x504.jpeg 700w\" sizes=\"auto, (max-width: 1283px) 100vw, 1283px\" \/>\t\t\t\t\t\t\t\t<\/a>\n\t\t\t\t\t\t\t<\/div>\n\t\t\t\t\t\t\t\t\t\t\t\t<div class=\"qode-bct-post-text\">\n\t\t\t\t\t\t\t<h3 class=\"qode-bct-post-title entry_title\" itemprop=\"name\">\n\t\t\t\t\t\t\t\t<a href=\"https:\/\/bollicine.org\/?p=1933\" itemprop=\"url\">Anche Le Bollicine partecipano ai festeggiamenti per i 115 della Robur: Sabato 23 novembre Le Bollicine sfidano il San Prospero Correggio<\/a>\n\t\t\t\t\t\t\t<\/h3>\n\t\t\t\t\t\t\t\t\t\t\t\t\t\t<p itemprop=\"description\" class = \"qode-bct-post-excerpt\"> Una settimana di eventi ed iniziative in occasione dei 115 anni di calcio bianconero a Siena. E\u2019 quella organizzata dalla Robur Siena, per celebrare un anniversario importante, con uno sguardo al passato e al presente, indispensabile per proiettarci insieme al futuro. La Robur Siena \u00e8...<\/p>\n\t\t\t\t\t\t\t<div class=\"qode-bct-post-date entry_date updated\" itemprop=\"dateCreated\">\n\t\t\t\t\t\t\t\t18 Novembre 2019\t\t\t\t\t\t\t\t<meta itemprop=\"interactionCount\" content=\"UserComments: 0\"\/>\n\t\t\t\t\t\t\t<\/div>\n\t\t\t\t\t\t<\/div>\n\t\t\t\t\t<\/div>\n\t\t\t\t\t\t\t\t\t\t\t\t<div class=\"qode-bct-post\">\n\t\t\t\t\t\t\t\t\t\t\t\t<div class=\"qode-bct-post-text\">\n\t\t\t\t\t\t\t<h3 class=\"qode-bct-post-title entry_title\" itemprop=\"name\">\n\t\t\t\t\t\t\t\t<a href=\"https:\/\/bollicine.org\/?p=1930\" itemprop=\"url\">Graduatoria giovani selezionati progetto di Servizio Civile Universale- Le Bollicine<\/a>\n\t\t\t\t\t\t\t<\/h3>\n\t\t\t\t\t\t\t\t\t\t\t\t\t\t<p itemprop=\"description\" class = \"qode-bct-post-excerpt\"> Di seguito riportiamo la graduatoria stilata dopo i colloqui di selezione effettuati per il progetto di Servizio Civile Universale \u201cAbitare il futuro: percorsi finalizzati all&#8217;autonomia e all&#8217;integrazione sociale delle persone con disabilit\u00e0.&#8221; Codice Progetto (R09NZ0269619101098NR09), presso l&#8217;Associazione Le Bollicine, codice Ente NZ02696. I candidati risultati...<\/p>\n\t\t\t\t\t\t\t<div class=\"qode-bct-post-date entry_date updated\" itemprop=\"dateCreated\">\n\t\t\t\t\t\t\t\t7 Novembre 2019\t\t\t\t\t\t\t\t<meta itemprop=\"interactionCount\" content=\"UserComments: 0\"\/>\n\t\t\t\t\t\t\t<\/div>\n\t\t\t\t\t\t<\/div>\n\t\t\t\t\t<\/div>\n\t\t\t\t\t\t\t\t\t\t\t\t<div class=\"qode-bct-post\">\n\t\t\t\t\t\t\t\t\t\t\t\t<div class=\"qode-bct-post-text\">\n\t\t\t\t\t\t\t<h3 class=\"qode-bct-post-title entry_title\" itemprop=\"name\">\n\t\t\t\t\t\t\t\t<a href=\"https:\/\/bollicine.org\/?p=1916\" itemprop=\"url\">LA FATTORIA DI TOSCA &#8211; LE BOLLICINE REALIZZANO UN ORTO SOCIALE GRAZIE ALLE EROGAZIONI OTTO PER MILLE DELLA CHIESA VALDESE.<\/a>\n\t\t\t\t\t\t\t<\/h3>\n\t\t\t\t\t\t\t\t\t\t\t\t\t\t<p itemprop=\"description\" class = \"qode-bct-post-excerpt\"> Grazie al Contributo erogato dalla Chiesa Valdese al &#8220;Centro Tosca delle Bollicine&#8221; \u00e8 stato progettato un bellissimo Orto. Dopo un anno dall&#8217;avvio del percorso, le persone con disabilit\u00e0 insieme agli anziani del territorio e volontari, possono vedere concretamente il frutto del loro lavoro. Le Attivit\u00e0...<\/p>\n\t\t\t\t\t\t\t<div class=\"qode-bct-post-date entry_date updated\" itemprop=\"dateCreated\">\n\t\t\t\t\t\t\t\t31 Ottobre 2019\t\t\t\t\t\t\t\t<meta itemprop=\"interactionCount\" content=\"UserComments: 0\"\/>\n\t\t\t\t\t\t\t<\/div>\n\t\t\t\t\t\t<\/div>\n\t\t\t\t\t<\/div>\n\t\t\t\t\t\t\t\t\t\t\t\t<div class=\"qode-bct-post\">\n\t\t\t\t\t\t\t\t\t\t\t\t\t<div class=\"qode-bct-post-image\">\n\t\t\t\t\t\t\t\t<a href=\"https:\/\/bollicine.org\/?p=1909\" itemprop=\"url\">\n\t\t\t\t\t\t\t\t\t<img loading=\"lazy\" decoding=\"async\" width=\"960\" height=\"720\" src=\"https:\/\/bollicine.org\/wp-content\/uploads\/2019\/10\/72715752_2800625739948858_289323818990698496_n.jpg\" class=\"attachment-full size-full wp-post-image\" alt=\"\" srcset=\"https:\/\/bollicine.org\/wp-content\/uploads\/2019\/10\/72715752_2800625739948858_289323818990698496_n.jpg 960w, https:\/\/bollicine.org\/wp-content\/uploads\/2019\/10\/72715752_2800625739948858_289323818990698496_n-300x225.jpg 300w, https:\/\/bollicine.org\/wp-content\/uploads\/2019\/10\/72715752_2800625739948858_289323818990698496_n-768x576.jpg 768w, https:\/\/bollicine.org\/wp-content\/uploads\/2019\/10\/72715752_2800625739948858_289323818990698496_n-800x600.jpg 800w, https:\/\/bollicine.org\/wp-content\/uploads\/2019\/10\/72715752_2800625739948858_289323818990698496_n-700x525.jpg 700w\" sizes=\"auto, (max-width: 960px) 100vw, 960px\" \/>\t\t\t\t\t\t\t\t<\/a>\n\t\t\t\t\t\t\t<\/div>\n\t\t\t\t\t\t\t\t\t\t\t\t<div class=\"qode-bct-post-text\">\n\t\t\t\t\t\t\t<h3 class=\"qode-bct-post-title entry_title\" itemprop=\"name\">\n\t\t\t\t\t\t\t\t<a href=\"https:\/\/bollicine.org\/?p=1909\" itemprop=\"url\">Casa Clementina compie 4 anni: \u00e8 possibile continuare a sostenere il nostro progetto!<\/a>\n\t\t\t\t\t\t\t<\/h3>\n\t\t\t\t\t\t\t\t\t\t\t\t\t\t<p itemprop=\"description\" class = \"qode-bct-post-excerpt\"> Insieme per Casa Clementina! La serata di ristorazione all&#8217;Orto dei Tolomei ha permesso di raccogliere \u20ac 4.380 , grazie alla sensibilit\u00e0 delle tantissime persone intervenute alla cena. La Fondazione Mediolanum RADDOPPIERA&#8217; il contributo raccolto . E possibile continuare a donare per altri 13 giorni per...<\/p>\n\t\t\t\t\t\t\t<div class=\"qode-bct-post-date entry_date updated\" itemprop=\"dateCreated\">\n\t\t\t\t\t\t\t\t28 Ottobre 2019\t\t\t\t\t\t\t\t<meta itemprop=\"interactionCount\" content=\"UserComments: 0\"\/>\n\t\t\t\t\t\t\t<\/div>\n\t\t\t\t\t\t<\/div>\n\t\t\t\t\t<\/div>\n\t\t\t\t\t\t\t\t\t\t\t\t<div class=\"qode-bct-post\">\n\t\t\t\t\t\t\t\t\t\t\t\t<div class=\"qode-bct-post-text\">\n\t\t\t\t\t\t\t<h3 class=\"qode-bct-post-title entry_title\" itemprop=\"name\">\n\t\t\t\t\t\t\t\t<a href=\"https:\/\/bollicine.org\/?p=1906\" itemprop=\"url\">Colloqui di selezione Servizio Civile Universale.<\/a>\n\t\t\t\t\t\t\t<\/h3>\n\t\t\t\t\t\t\t\t\t\t\t\t\t\t<p itemprop=\"description\" class = \"qode-bct-post-excerpt\"> L&#8217;Associazione Le Bollicine, ha fissato la data per lo svolgimento dei colloqui di selezione dei giovani che hanno presentato la propria candidatura al progetto di Servizio Civile Universale \u201cAbitare il futuro: percorsi finalizzati all&#8217;autonomia e all&#8217;integrazione sociale delle persone con disabilit\u00e0.&#8221; La selezione si svolger\u00e0...<\/p>\n\t\t\t\t\t\t\t<div class=\"qode-bct-post-date entry_date updated\" itemprop=\"dateCreated\">\n\t\t\t\t\t\t\t\t28 Ottobre 2019\t\t\t\t\t\t\t\t<meta itemprop=\"interactionCount\" content=\"UserComments: 0\"\/>\n\t\t\t\t\t\t\t<\/div>\n\t\t\t\t\t\t<\/div>\n\t\t\t\t\t<\/div>\n\t\t\t\t\t\t\t\t\t\t\t\t<div class=\"qode-bct-post\">\n\t\t\t\t\t\t\t\t\t\t\t\t\t<div class=\"qode-bct-post-image\">\n\t\t\t\t\t\t\t\t<a href=\"https:\/\/bollicine.org\/?p=1903\" itemprop=\"url\">\n\t\t\t\t\t\t\t\t\t<img loading=\"lazy\" decoding=\"async\" width=\"679\" height=\"960\" src=\"https:\/\/bollicine.org\/wp-content\/uploads\/2019\/10\/volantino-cena-26-ottobre.jpg\" class=\"attachment-full size-full wp-post-image\" alt=\"\" srcset=\"https:\/\/bollicine.org\/wp-content\/uploads\/2019\/10\/volantino-cena-26-ottobre.jpg 679w, https:\/\/bollicine.org\/wp-content\/uploads\/2019\/10\/volantino-cena-26-ottobre-212x300.jpg 212w\" sizes=\"auto, (max-width: 679px) 100vw, 679px\" \/>\t\t\t\t\t\t\t\t<\/a>\n\t\t\t\t\t\t\t<\/div>\n\t\t\t\t\t\t\t\t\t\t\t\t<div class=\"qode-bct-post-text\">\n\t\t\t\t\t\t\t<h3 class=\"qode-bct-post-title entry_title\" itemprop=\"name\">\n\t\t\t\t\t\t\t\t<a href=\"https:\/\/bollicine.org\/?p=1903\" itemprop=\"url\">il 26 ottobre cena con noi!<\/a>\n\t\t\t\t\t\t\t<\/h3>\n\t\t\t\t\t\t\t\t\t\t\t\t\t\t<p itemprop=\"description\" class = \"qode-bct-post-excerpt\"> 26 ottobre 2019SERATA DI RISTORAZIONE con un men\u00f9 di eccellenza per sostenere i progetti di Autonomia &#8220;durante e Dopo di Noi&#8221; Casa FRAGOLA e Casa CLEMENTINALa&nbsp;Fondazione Mediolanum sostiene la nostra iniziativaPartecipa alla cena e il tuo contributo sar\u00e0 raddoppiato!!Aiutaci a diffondere l&#8217;evento e non mancare!!!Per...<\/p>\n\t\t\t\t\t\t\t<div class=\"qode-bct-post-date entry_date updated\" itemprop=\"dateCreated\">\n\t\t\t\t\t\t\t\t21 Ottobre 2019\t\t\t\t\t\t\t\t<meta itemprop=\"interactionCount\" content=\"UserComments: 0\"\/>\n\t\t\t\t\t\t\t<\/div>\n\t\t\t\t\t\t<\/div>\n\t\t\t\t\t<\/div>\n\t\t\t\t\t\t\t\t\t\t\t\t<div class=\"qode-bct-post\">\n\t\t\t\t\t\t\t\t\t\t\t\t\t<div class=\"qode-bct-post-image\">\n\t\t\t\t\t\t\t\t<a href=\"https:\/\/bollicine.org\/?p=1899\" itemprop=\"url\">\n\t\t\t\t\t\t\t\t\t<img loading=\"lazy\" decoding=\"async\" width=\"294\" height=\"139\" src=\"https:\/\/bollicine.org\/wp-content\/uploads\/2019\/09\/VersoSCU_New.jpg\" class=\"attachment-full size-full wp-post-image\" alt=\"\" \/>\t\t\t\t\t\t\t\t<\/a>\n\t\t\t\t\t\t\t<\/div>\n\t\t\t\t\t\t\t\t\t\t\t\t<div class=\"qode-bct-post-text\">\n\t\t\t\t\t\t\t<h3 class=\"qode-bct-post-title entry_title\" itemprop=\"name\">\n\t\t\t\t\t\t\t\t<a href=\"https:\/\/bollicine.org\/?p=1899\" itemprop=\"url\">Servizio Civile Universale: scadenza prorogata al 17 ottobre 2019<\/a>\n\t\t\t\t\t\t\t<\/h3>\n\t\t\t\t\t\t\t\t\t\t\t\t\t\t<p itemprop=\"description\" class = \"qode-bct-post-excerpt\"> L&#8217;Associazione Le Bollicine comunica che il Bando di selezione per giovani di Servizio Civile Universale \u00e8 stato prorogato. La nuova scadenza \u00e8 fissata per gioved\u00ec 17 ottobre alle ore 14.00. Ricordiamo che gli aspiranti operatori volontari dovranno presentare la domanda di partecipazione esclusivamente attraverso la...<\/p>\n\t\t\t\t\t\t\t<div class=\"qode-bct-post-date entry_date updated\" itemprop=\"dateCreated\">\n\t\t\t\t\t\t\t\t16 Ottobre 2019\t\t\t\t\t\t\t\t<meta itemprop=\"interactionCount\" content=\"UserComments: 0\"\/>\n\t\t\t\t\t\t\t<\/div>\n\t\t\t\t\t\t<\/div>\n\t\t\t\t\t<\/div>\n\t\t\t\t\t\t\t\t\t\t\t\t<div class=\"qode-bct-post\">\n\t\t\t\t\t\t\t\t\t\t\t\t<div class=\"qode-bct-post-text\">\n\t\t\t\t\t\t\t<h3 class=\"qode-bct-post-title entry_title\" itemprop=\"name\">\n\t\t\t\t\t\t\t\t<a href=\"https:\/\/bollicine.org\/?p=1861\" itemprop=\"url\">Modalit\u00e0 di adesione al Progetto di Servizio Civile Universale Abitare il futuro: percorsi finalizzati all&#8217;autonomia e all&#8217;integrazione sociale delle persone con disabilit\u00e0.&#8221;<\/a>\n\t\t\t\t\t\t\t<\/h3>\n\t\t\t\t\t\t\t\t\t\t\t\t\t\t<p itemprop=\"description\" class = \"qode-bct-post-excerpt\"> L&#8217;Associazione Le Bollicine seleziona N. 6 volontari di Servizio Civile Universale da impegnarsi in attivit\u00e0 rivolte a persone diversamente abili&nbsp; per il progetto &#8220;Abitare il futuro: percorsi finalizzati all&#8217;autonomia e all&#8217;integrazione sociale delle persone con disabilit\u00e0.&#8221; Possono partecipare i cittadini italiani ed europei di et\u00e0...<\/p>\n\t\t\t\t\t\t\t<div class=\"qode-bct-post-date entry_date updated\" itemprop=\"dateCreated\">\n\t\t\t\t\t\t\t\t5 Settembre 2019\t\t\t\t\t\t\t\t<meta itemprop=\"interactionCount\" content=\"UserComments: 0\"\/>\n\t\t\t\t\t\t\t<\/div>\n\t\t\t\t\t\t<\/div>\n\t\t\t\t\t<\/div>\n\t\t\t\t\t\t\t\t\t\t\t\t<div class=\"qode-bct-post\">\n\t\t\t\t\t\t\t\t\t\t\t\t<div class=\"qode-bct-post-text\">\n\t\t\t\t\t\t\t<h3 class=\"qode-bct-post-title entry_title\" itemprop=\"name\">\n\t\t\t\t\t\t\t\t<a href=\"https:\/\/bollicine.org\/?p=1848\" itemprop=\"url\">MOBILITA&#8217; PER TUTTI: UN PROGETTO VINCENTE<\/a>\n\t\t\t\t\t\t\t<\/h3>\n\t\t\t\t\t\t\t\t\t\t\t\t\t\t<p itemprop=\"description\" class = \"qode-bct-post-excerpt\"> L&#8217;Associazione Le Bollicine, in partenariato l&#8217;Associazione Invalidi Civile sez di Siena, l&#8217;Associazione&nbsp;Paraplegici&nbsp;e l&#8217;Associazione Asedo, hanno realizzato il Progetto finanziato dalla Fondazione Monte dei Paschi&nbsp; &#8220;Mobilit\u00e0 solidale e servizi di prossimit\u00e0&#8221; 2018. Al progetto hanno aderito anche il Comune di Sovicille e la Societ\u00e0 della Salute...<\/p>\n\t\t\t\t\t\t\t<div class=\"qode-bct-post-date entry_date updated\" itemprop=\"dateCreated\">\n\t\t\t\t\t\t\t\t3 Settembre 2019\t\t\t\t\t\t\t\t<meta itemprop=\"interactionCount\" content=\"UserComments: 0\"\/>\n\t\t\t\t\t\t\t<\/div>\n\t\t\t\t\t\t<\/div>\n\t\t\t\t\t<\/div>\n\t\t\t\t\t\t\t\t\t\t\t\t<div class=\"qode-bct-post\">\n\t\t\t\t\t\t\t\t\t\t\t\t\t<div class=\"qode-bct-post-image\">\n\t\t\t\t\t\t\t\t<a href=\"https:\/\/bollicine.org\/?p=1844\" itemprop=\"url\">\n\t\t\t\t\t\t\t\t\t<img loading=\"lazy\" decoding=\"async\" width=\"6000\" height=\"4000\" src=\"https:\/\/bollicine.org\/wp-content\/uploads\/2019\/08\/DSC_0076.jpg\" class=\"attachment-full size-full wp-post-image\" alt=\"\" srcset=\"https:\/\/bollicine.org\/wp-content\/uploads\/2019\/08\/DSC_0076.jpg 6000w, https:\/\/bollicine.org\/wp-content\/uploads\/2019\/08\/DSC_0076-300x200.jpg 300w, https:\/\/bollicine.org\/wp-content\/uploads\/2019\/08\/DSC_0076-768x512.jpg 768w, https:\/\/bollicine.org\/wp-content\/uploads\/2019\/08\/DSC_0076-1024x683.jpg 1024w, https:\/\/bollicine.org\/wp-content\/uploads\/2019\/08\/DSC_0076-700x467.jpg 700w\" sizes=\"auto, (max-width: 6000px) 100vw, 6000px\" \/>\t\t\t\t\t\t\t\t<\/a>\n\t\t\t\t\t\t\t<\/div>\n\t\t\t\t\t\t\t\t\t\t\t\t<div class=\"qode-bct-post-text\">\n\t\t\t\t\t\t\t<h3 class=\"qode-bct-post-title entry_title\" itemprop=\"name\">\n\t\t\t\t\t\t\t\t<a href=\"https:\/\/bollicine.org\/?p=1844\" itemprop=\"url\">Campi Estivi 2019. Luned\u00ec parte l&#8217;avventura delle &#8220;Mani in pasta&#8221;<\/a>\n\t\t\t\t\t\t\t<\/h3>\n\t\t\t\t\t\t\t\t\t\t\t\t\t\t<p itemprop=\"description\" class = \"qode-bct-post-excerpt\"> Le Bollicine sono pronte. Luned\u00ec 26 agosto comincia il campo estivo &#8220;Con le mani in pasta&#8221;. Anche quest&#8217;anno vi aspettano tante sorprese, tanti giochi, i prodotti dell&#8217;orto e ricette golose ed adatte a tutti. A luned\u00ec.<\/p>\n\t\t\t\t\t\t\t<div class=\"qode-bct-post-date entry_date updated\" itemprop=\"dateCreated\">\n\t\t\t\t\t\t\t\t23 Agosto 2019\t\t\t\t\t\t\t\t<meta itemprop=\"interactionCount\" content=\"UserComments: 0\"\/>\n\t\t\t\t\t\t\t<\/div>\n\t\t\t\t\t\t<\/div>\n\t\t\t\t\t<\/div>\n\t\t\t\t\t\t\t\t\t\t\t\t<div class=\"qode-bct-post\">\n\t\t\t\t\t\t\t\t\t\t\t\t\t<div class=\"qode-bct-post-image\">\n\t\t\t\t\t\t\t\t<a href=\"https:\/\/bollicine.org\/?p=1820\" itemprop=\"url\">\n\t\t\t\t\t\t\t\t\t<img loading=\"lazy\" decoding=\"async\" width=\"2339\" height=\"1653\" src=\"https:\/\/bollicine.org\/wp-content\/uploads\/2019\/05\/Tosca-PDF-2019-1.jpg\" class=\"attachment-full size-full wp-post-image\" alt=\"\" srcset=\"https:\/\/bollicine.org\/wp-content\/uploads\/2019\/05\/Tosca-PDF-2019-1.jpg 2339w, https:\/\/bollicine.org\/wp-content\/uploads\/2019\/05\/Tosca-PDF-2019-1-300x212.jpg 300w, https:\/\/bollicine.org\/wp-content\/uploads\/2019\/05\/Tosca-PDF-2019-1-768x543.jpg 768w, https:\/\/bollicine.org\/wp-content\/uploads\/2019\/05\/Tosca-PDF-2019-1-1024x724.jpg 1024w, https:\/\/bollicine.org\/wp-content\/uploads\/2019\/05\/Tosca-PDF-2019-1-700x495.jpg 700w\" sizes=\"auto, (max-width: 2339px) 100vw, 2339px\" \/>\t\t\t\t\t\t\t\t<\/a>\n\t\t\t\t\t\t\t<\/div>\n\t\t\t\t\t\t\t\t\t\t\t\t<div class=\"qode-bct-post-text\">\n\t\t\t\t\t\t\t<h3 class=\"qode-bct-post-title entry_title\" itemprop=\"name\">\n\t\t\t\t\t\t\t\t<a href=\"https:\/\/bollicine.org\/?p=1820\" itemprop=\"url\">Campi Estivi: Le Bollicine vi aspettano con un&#8217;offerta pazzesca!!!<\/a>\n\t\t\t\t\t\t\t<\/h3>\n\t\t\t\t\t\t\t\t\t\t\t\t\t\t<p itemprop=\"description\" class = \"qode-bct-post-excerpt\"> &nbsp; Per l&#8217;estate 2019 si rinnova l&#8217;offerta per i campi estivi presso l&#8217;Associazione Sportiva &#8220;Le Bollicine&#8221; grazie anche al contributo della Fondazione Monte dei Paschi di Siena attraverso il bando &#8220;Campi Solari&#8221; 2019. L&#8217;offerta delle Bollicine \u00e8 variegata come sempre. Si parte il 29 luglio...<\/p>\n\t\t\t\t\t\t\t<div class=\"qode-bct-post-date entry_date updated\" itemprop=\"dateCreated\">\n\t\t\t\t\t\t\t\t20 Giugno 2019\t\t\t\t\t\t\t\t<meta itemprop=\"interactionCount\" content=\"UserComments: 0\"\/>\n\t\t\t\t\t\t\t<\/div>\n\t\t\t\t\t\t<\/div>\n\t\t\t\t\t<\/div>\n\t\t\t\t\t\t\t\t\t\t\t\t<div class=\"qode-bct-post\">\n\t\t\t\t\t\t\t\t\t\t\t\t<div class=\"qode-bct-post-text\">\n\t\t\t\t\t\t\t<h3 class=\"qode-bct-post-title entry_title\" itemprop=\"name\">\n\t\t\t\t\t\t\t\t<a href=\"https:\/\/bollicine.org\/?p=1797\" itemprop=\"url\">Proroga Bando Servizio Civile Regionale: scadenza 28 GIUGNO 2019<\/a>\n\t\t\t\t\t\t\t<\/h3>\n\t\t\t\t\t\t\t\t\t\t\t\t\t\t<p itemprop=\"description\" class = \"qode-bct-post-excerpt\"> &nbsp; &nbsp; &nbsp; Con Decreto n. 9081\/2019, la Regione Toscana ha prorogato i termini, per la presentazione delle candidature dei giovani a svolgere Servizio Civile Regionale, alle ORE 14.00 DEL 28\/06\/2019. Le domande pervenute oltre tale termine non saranno prese in considerazione. La domanda di...<\/p>\n\t\t\t\t\t\t\t<div class=\"qode-bct-post-date entry_date updated\" itemprop=\"dateCreated\">\n\t\t\t\t\t\t\t\t6 Giugno 2019\t\t\t\t\t\t\t\t<meta itemprop=\"interactionCount\" content=\"UserComments: 0\"\/>\n\t\t\t\t\t\t\t<\/div>\n\t\t\t\t\t\t<\/div>\n\t\t\t\t\t<\/div>\n\t\t\t\t\t\t\t\t\t\t\t\t<div class=\"qode-bct-post\">\n\t\t\t\t\t\t\t\t\t\t\t\t\t<div class=\"qode-bct-post-image\">\n\t\t\t\t\t\t\t\t<a href=\"https:\/\/bollicine.org\/?p=1752\" itemprop=\"url\">\n\t\t\t\t\t\t\t\t\t<img loading=\"lazy\" decoding=\"async\" width=\"794\" height=\"1123\" src=\"https:\/\/bollicine.org\/wp-content\/uploads\/2019\/05\/IMG-20190527-WA0006.jpg\" class=\"attachment-full size-full wp-post-image\" alt=\"\" srcset=\"https:\/\/bollicine.org\/wp-content\/uploads\/2019\/05\/IMG-20190527-WA0006.jpg 794w, https:\/\/bollicine.org\/wp-content\/uploads\/2019\/05\/IMG-20190527-WA0006-212x300.jpg 212w, https:\/\/bollicine.org\/wp-content\/uploads\/2019\/05\/IMG-20190527-WA0006-768x1086.jpg 768w, https:\/\/bollicine.org\/wp-content\/uploads\/2019\/05\/IMG-20190527-WA0006-724x1024.jpg 724w, https:\/\/bollicine.org\/wp-content\/uploads\/2019\/05\/IMG-20190527-WA0006-700x990.jpg 700w\" sizes=\"auto, (max-width: 794px) 100vw, 794px\" \/>\t\t\t\t\t\t\t\t<\/a>\n\t\t\t\t\t\t\t<\/div>\n\t\t\t\t\t\t\t\t\t\t\t\t<div class=\"qode-bct-post-text\">\n\t\t\t\t\t\t\t<h3 class=\"qode-bct-post-title entry_title\" itemprop=\"name\">\n\t\t\t\t\t\t\t\t<a href=\"https:\/\/bollicine.org\/?p=1752\" itemprop=\"url\">Ortaperto: il 31 maggio iniziativa a chiusura del progetto.<\/a>\n\t\t\t\t\t\t\t<\/h3>\n\t\t\t\t\t\t\t\t\t\t\t\t\t\t<p itemprop=\"description\" class = \"qode-bct-post-excerpt\"> Venerd\u00ec 31 maggio, a partire dalle 17.00, presso la sede della Siena Art Institute, verr\u00e0 inaugurato l&#8217;\u201dorto diffuso\u201d creato, grazie al progetto \u201cOrtaperto\u201d, negli Orti dei Tolomei nel territorio della Contrada della Tartuca. Lo scopo del progetto, ideato e realizzato da Siena Art Institute, finanziato...<\/p>\n\t\t\t\t\t\t\t<div class=\"qode-bct-post-date entry_date updated\" itemprop=\"dateCreated\">\n\t\t\t\t\t\t\t\t28 Maggio 2019\t\t\t\t\t\t\t\t<meta itemprop=\"interactionCount\" content=\"UserComments: 0\"\/>\n\t\t\t\t\t\t\t<\/div>\n\t\t\t\t\t\t<\/div>\n\t\t\t\t\t<\/div>\n\t\t\t\t\t\t\t\t\t\t\t\t<div class=\"qode-bct-post\">\n\t\t\t\t\t\t\t\t\t\t\t\t\t<div class=\"qode-bct-post-image\">\n\t\t\t\t\t\t\t\t<a href=\"https:\/\/bollicine.org\/?p=1754\" itemprop=\"url\">\n\t\t\t\t\t\t\t\t\t<img loading=\"lazy\" decoding=\"async\" width=\"720\" height=\"707\" src=\"https:\/\/bollicine.org\/wp-content\/uploads\/2019\/05\/casa-fragola-1.jpg\" class=\"attachment-full size-full wp-post-image\" alt=\"\" srcset=\"https:\/\/bollicine.org\/wp-content\/uploads\/2019\/05\/casa-fragola-1.jpg 720w, https:\/\/bollicine.org\/wp-content\/uploads\/2019\/05\/casa-fragola-1-300x295.jpg 300w, https:\/\/bollicine.org\/wp-content\/uploads\/2019\/05\/casa-fragola-1-700x687.jpg 700w\" sizes=\"auto, (max-width: 720px) 100vw, 720px\" \/>\t\t\t\t\t\t\t\t<\/a>\n\t\t\t\t\t\t\t<\/div>\n\t\t\t\t\t\t\t\t\t\t\t\t<div class=\"qode-bct-post-text\">\n\t\t\t\t\t\t\t<h3 class=\"qode-bct-post-title entry_title\" itemprop=\"name\">\n\t\t\t\t\t\t\t\t<a href=\"https:\/\/bollicine.org\/?p=1754\" itemprop=\"url\">Inaugurata &#8220;Casa Fragola&#8221;: il progetto di autonomia continua.<\/a>\n\t\t\t\t\t\t\t<\/h3>\n\t\t\t\t\t\t\t\t\t\t\t\t\t\t<p itemprop=\"description\" class = \"qode-bct-post-excerpt\"> Si \u00e8&nbsp;svolta l\u2019inaugurazione di Casa Fragola,&nbsp;il nuovo appartamento dedicato ai percorsi di autonomia e integrazione per persone con disabilit\u00e0.&nbsp;Casa Fragola&nbsp;affiancher\u00e0 il progetto di \u2018Casa Clementina\u2019 nato circa tre anni fa, grazie a Le Bollicine, Pubblica Assistenza di Siena e Associazione Senese Down, per offrire i...<\/p>\n\t\t\t\t\t\t\t<div class=\"qode-bct-post-date entry_date updated\" itemprop=\"dateCreated\">\n\t\t\t\t\t\t\t\t28 Maggio 2019\t\t\t\t\t\t\t\t<meta itemprop=\"interactionCount\" content=\"UserComments: 0\"\/>\n\t\t\t\t\t\t\t<\/div>\n\t\t\t\t\t\t<\/div>\n\t\t\t\t\t<\/div>\n\t\t\t\t\t\t\t\t\t\t\t\t<div class=\"qode-bct-post\">\n\t\t\t\t\t\t\t\t\t\t\t\t<div class=\"qode-bct-post-text\">\n\t\t\t\t\t\t\t<h3 class=\"qode-bct-post-title entry_title\" itemprop=\"name\">\n\t\t\t\t\t\t\t\t<a href=\"https:\/\/bollicine.org\/?p=1735\" itemprop=\"url\">SERVIZIO CIVILE REGIONALE 2019: LE BOLLICINE SELEZIONANO 8 GIOVANI<\/a>\n\t\t\t\t\t\t\t<\/h3>\n\t\t\t\t\t\t\t\t\t\t\t\t\t\t<p itemprop=\"description\" class = \"qode-bct-post-excerpt\"> &nbsp; &nbsp; &nbsp; L\u2019Associazione Sportiva \u201cLe Bollicine\u201d seleziona 8 nuovi volontari del Servizio Civile Regionale. E&#8217; POSSIBILE PRESENTARE DOMANDA DI SELEZIONE ENTRO LE ORE 14.00 DEL GIORNO 7 giugno 2019&nbsp; &#8211; Il progetto&nbsp; dell\u2019Associazione Le Bollicine e\u2019 : &#8220;Non solo sport: percorsi di integrazione sociale...<\/p>\n\t\t\t\t\t\t\t<div class=\"qode-bct-post-date entry_date updated\" itemprop=\"dateCreated\">\n\t\t\t\t\t\t\t\t9 Maggio 2019\t\t\t\t\t\t\t\t<meta itemprop=\"interactionCount\" content=\"UserComments: 0\"\/>\n\t\t\t\t\t\t\t<\/div>\n\t\t\t\t\t\t<\/div>\n\t\t\t\t\t<\/div>\n\t\t\t\t\t\t\t\t\t\t\t\t<div class=\"qode-bct-post\">\n\t\t\t\t\t\t\t\t\t\t\t\t<div class=\"qode-bct-post-text\">\n\t\t\t\t\t\t\t<h3 class=\"qode-bct-post-title entry_title\" itemprop=\"name\">\n\t\t\t\t\t\t\t\t<a href=\"https:\/\/bollicine.org\/?p=1696\" itemprop=\"url\">Servizio Civile Regionale 2019: la Regione Toscana ha approvato il progetto delle Bollicine<\/a>\n\t\t\t\t\t\t\t<\/h3>\n\t\t\t\t\t\t\t\t\t\t\t\t\t\t<p itemprop=\"description\" class = \"qode-bct-post-excerpt\"> &nbsp; &nbsp; &nbsp; Con decreto n. 5845 del 16\/4\/2019 sono state approvate le graduatorie dei progetti di servizio civile presentati dagli enti iscritti all&#8217;albo regionale a seguito dell&#8217;emanazione del bando progetti 2018. Tra i progetti approvati c&#8217;\u00e8 anche &#8221; NON SOLO SPORT: PERCORSI DI INTEGRAZIONE...<\/p>\n\t\t\t\t\t\t\t<div class=\"qode-bct-post-date entry_date updated\" itemprop=\"dateCreated\">\n\t\t\t\t\t\t\t\t23 Aprile 2019\t\t\t\t\t\t\t\t<meta itemprop=\"interactionCount\" content=\"UserComments: 0\"\/>\n\t\t\t\t\t\t\t<\/div>\n\t\t\t\t\t\t<\/div>\n\t\t\t\t\t<\/div>\n\t\t\t\t\t\t\t\t\t\t\t\t<div class=\"qode-bct-post\">\n\t\t\t\t\t\t\t\t\t\t\t\t\t<div class=\"qode-bct-post-image\">\n\t\t\t\t\t\t\t\t<a href=\"https:\/\/bollicine.org\/?p=1669\" itemprop=\"url\">\n\t\t\t\t\t\t\t\t\t<img loading=\"lazy\" decoding=\"async\" width=\"820\" height=\"312\" src=\"https:\/\/bollicine.org\/wp-content\/uploads\/2019\/03\/IMMAGINE-COPERTINE-FB.png\" class=\"attachment-full size-full wp-post-image\" alt=\"\" srcset=\"https:\/\/bollicine.org\/wp-content\/uploads\/2019\/03\/IMMAGINE-COPERTINE-FB.png 820w, https:\/\/bollicine.org\/wp-content\/uploads\/2019\/03\/IMMAGINE-COPERTINE-FB-300x114.png 300w, https:\/\/bollicine.org\/wp-content\/uploads\/2019\/03\/IMMAGINE-COPERTINE-FB-768x292.png 768w, https:\/\/bollicine.org\/wp-content\/uploads\/2019\/03\/IMMAGINE-COPERTINE-FB-700x266.png 700w\" sizes=\"auto, (max-width: 820px) 100vw, 820px\" \/>\t\t\t\t\t\t\t\t<\/a>\n\t\t\t\t\t\t\t<\/div>\n\t\t\t\t\t\t\t\t\t\t\t\t<div class=\"qode-bct-post-text\">\n\t\t\t\t\t\t\t<h3 class=\"qode-bct-post-title entry_title\" itemprop=\"name\">\n\t\t\t\t\t\t\t\t<a href=\"https:\/\/bollicine.org\/?p=1669\" itemprop=\"url\">Partito il crowdfunding su Eppela.<\/a>\n\t\t\t\t\t\t\t<\/h3>\n\t\t\t\t\t\t\t\t\t\t\t\t\t\t<p itemprop=\"description\" class = \"qode-bct-post-excerpt\"> Dal 12 marzo al 20 aprile 2019 puoi sostenere la campagna di crowdfunding su www.eppela.com\/casaclementina Un progetto di rete per crescere&#8230;. INSIEME! Oltre le Mura &#8211; Casa Clementina raddoppia! \u00e8 una campagna di raccolta fondi finalizzata a raddoppiare gli spazi di Casa Clementina a Siena....<\/p>\n\t\t\t\t\t\t\t<div class=\"qode-bct-post-date entry_date updated\" itemprop=\"dateCreated\">\n\t\t\t\t\t\t\t\t14 Marzo 2019\t\t\t\t\t\t\t\t<meta itemprop=\"interactionCount\" content=\"UserComments: 0\"\/>\n\t\t\t\t\t\t\t<\/div>\n\t\t\t\t\t\t<\/div>\n\t\t\t\t\t<\/div>\n\t\t\t\t\t\t\t\t\t\t\t\t<div class=\"qode-bct-post\">\n\t\t\t\t\t\t\t\t\t\t\t\t\t<div class=\"qode-bct-post-image\">\n\t\t\t\t\t\t\t\t<a href=\"https:\/\/bollicine.org\/?p=1638\" itemprop=\"url\">\n\t\t\t\t\t\t\t\t\t<img loading=\"lazy\" decoding=\"async\" width=\"1654\" height=\"2339\" src=\"https:\/\/bollicine.org\/wp-content\/uploads\/2019\/03\/Cena-alla-Pubblica-16.03-1.jpg\" class=\"attachment-full size-full wp-post-image\" alt=\"\" srcset=\"https:\/\/bollicine.org\/wp-content\/uploads\/2019\/03\/Cena-alla-Pubblica-16.03-1.jpg 1654w, https:\/\/bollicine.org\/wp-content\/uploads\/2019\/03\/Cena-alla-Pubblica-16.03-1-212x300.jpg 212w, https:\/\/bollicine.org\/wp-content\/uploads\/2019\/03\/Cena-alla-Pubblica-16.03-1-768x1086.jpg 768w, https:\/\/bollicine.org\/wp-content\/uploads\/2019\/03\/Cena-alla-Pubblica-16.03-1-724x1024.jpg 724w, https:\/\/bollicine.org\/wp-content\/uploads\/2019\/03\/Cena-alla-Pubblica-16.03-1-700x990.jpg 700w\" sizes=\"auto, (max-width: 1654px) 100vw, 1654px\" \/>\t\t\t\t\t\t\t\t<\/a>\n\t\t\t\t\t\t\t<\/div>\n\t\t\t\t\t\t\t\t\t\t\t\t<div class=\"qode-bct-post-text\">\n\t\t\t\t\t\t\t<h3 class=\"qode-bct-post-title entry_title\" itemprop=\"name\">\n\t\t\t\t\t\t\t\t<a href=\"https:\/\/bollicine.org\/?p=1638\" itemprop=\"url\">&#8220;Oltre le Mura: Casa Clementina raddoppia&#8221;<\/a>\n\t\t\t\t\t\t\t<\/h3>\n\t\t\t\t\t\t\t\t\t\t\t\t\t\t<p itemprop=\"description\" class = \"qode-bct-post-excerpt\"> L&#8217;Associazione Le Bollicine insieme all&#8217;Associazione Pubblica Assistenza di Siena, Asedo, Associazione Le Mura e Riabilita organizzeranno una campagna di raccolta fondi sostenuta dalla Fondazione Monte dei Paschi di Siena &#8220;Oltre le mura! Casa Clementina raddoppia&#8221; sulla piattaforma Eppela. La campagna ci permetter\u00e0 di sostenere i...<\/p>\n\t\t\t\t\t\t\t<div class=\"qode-bct-post-date entry_date updated\" itemprop=\"dateCreated\">\n\t\t\t\t\t\t\t\t7 Marzo 2019\t\t\t\t\t\t\t\t<meta itemprop=\"interactionCount\" content=\"UserComments: 0\"\/>\n\t\t\t\t\t\t\t<\/div>\n\t\t\t\t\t\t<\/div>\n\t\t\t\t\t<\/div>\n\t\t\t\t\t\t\t\t\t\t\t\t<div class=\"qode-bct-post\">\n\t\t\t\t\t\t\t\t\t\t\t\t<div class=\"qode-bct-post-text\">\n\t\t\t\t\t\t\t<h3 class=\"qode-bct-post-title entry_title\" itemprop=\"name\">\n\t\t\t\t\t\t\t\t<a href=\"https:\/\/bollicine.org\/?p=3140\" itemprop=\"url\">Prova<\/a>\n\t\t\t\t\t\t\t<\/h3>\n\t\t\t\t\t\t\t\t\t\t\t\t\t\t<p itemprop=\"description\" class = \"qode-bct-post-excerpt\"> prova<\/p>\n\t\t\t\t\t\t\t<div class=\"qode-bct-post-date entry_date updated\" itemprop=\"dateCreated\">\n\t\t\t\t\t\t\t\t30 Settembre 2025\t\t\t\t\t\t\t\t<meta itemprop=\"interactionCount\" content=\"UserComments: 0\"\/>\n\t\t\t\t\t\t\t<\/div>\n\t\t\t\t\t\t<\/div>\n\t\t\t\t\t<\/div>\n\t\t\t\t\t\t\t\t\t\t\t\t<div class=\"qode-bct-post\">\n\t\t\t\t\t\t\t\t\t\t\t\t<div class=\"qode-bct-post-text\">\n\t\t\t\t\t\t\t<h3 class=\"qode-bct-post-title entry_title\" itemprop=\"name\">\n\t\t\t\t\t\t\t\t<a href=\"https:\/\/bollicine.org\/?p=3126\" itemprop=\"url\">Bando Moby \u2013 edizione 2024<\/a>\n\t\t\t\t\t\t\t<\/h3>\n\t\t\t\t\t\t\t\t\t\t\t\t\t\t<p itemprop=\"description\" class = \"qode-bct-post-excerpt\"> Grazie al contributo di Fondazione Mps &#8211; Bando Moby: edizione 2024, la nostra associazione ha potuto acquistare un nuovo mezzo attrezzato, indispensabile per accompagnare i ragazzi alle attivit\u00e0, agli eventi e alle uscite programmate. Un valore aggiunto che rafforza la partecipazione attiva dei nostri ragazzi...<\/p>\n\t\t\t\t\t\t\t<div class=\"qode-bct-post-date entry_date updated\" itemprop=\"dateCreated\">\n\t\t\t\t\t\t\t\t26 Maggio 2025\t\t\t\t\t\t\t\t<meta itemprop=\"interactionCount\" content=\"UserComments: 0\"\/>\n\t\t\t\t\t\t\t<\/div>\n\t\t\t\t\t\t<\/div>\n\t\t\t\t\t<\/div>\n\t\t\t\t\t\t\t\t\t\t\t\t<div class=\"qode-bct-post\">\n\t\t\t\t\t\t\t\t\t\t\t\t<div class=\"qode-bct-post-text\">\n\t\t\t\t\t\t\t<h3 class=\"qode-bct-post-title entry_title\" itemprop=\"name\">\n\t\t\t\t\t\t\t\t<a href=\"https:\/\/bollicine.org\/?p=2710\" itemprop=\"url\">Il calcio \u00e8 per tutti<\/a>\n\t\t\t\t\t\t\t<\/h3>\n\t\t\t\t\t\t\t\t\t\t\t\t\t\t<p itemprop=\"description\" class = \"qode-bct-post-excerpt\"> Vieni a giocare con noi! Vuoi provare a giocare a calcio? Ti aspettiamo il giorno 20 Settembre alle ore 18:00\u00a0 presso lo Stadio Franco Pianigiani (Pontaccio) Strada Provinciale 99 del Piano di Rosia 37 Sovicille A seguire una merenda per tutti! Per info EMAIL: bollicinesport@gmail.com...<\/p>\n\t\t\t\t\t\t\t<div class=\"qode-bct-post-date entry_date updated\" itemprop=\"dateCreated\">\n\t\t\t\t\t\t\t\t6 Settembre 2022\t\t\t\t\t\t\t\t<meta itemprop=\"interactionCount\" content=\"UserComments: 0\"\/>\n\t\t\t\t\t\t\t<\/div>\n\t\t\t\t\t\t<\/div>\n\t\t\t\t\t<\/div>\n\t\t\t\t\t\t\t\t\t\t\t\t<div class=\"qode-bct-post\">\n\t\t\t\t\t\t\t\t\t\t\t\t<div class=\"qode-bct-post-text\">\n\t\t\t\t\t\t\t<h3 class=\"qode-bct-post-title entry_title\" itemprop=\"name\">\n\t\t\t\t\t\t\t\t<a href=\"https:\/\/bollicine.org\/?p=2686\" itemprop=\"url\">Contributo regionale<\/a>\n\t\t\t\t\t\t\t<\/h3>\n\t\t\t\t\t\t\t\t\t\t\t\t\t\t<p itemprop=\"description\" class = \"qode-bct-post-excerpt\"> L&#8217;Associazione Le Bollicine \u00e8 risultata idonea al contributo di euro 1.350,00 per la ripartenza e riapertura degli spazi sportivi erogato dalla Regione Toscana. L&#8217;Associazione (p.Iva 92009180529) \u00e9 nell&#8217;elenco dei beneficiari approvato con decreto regionale n. 17548 del 01.10.2021.<\/p>\n\t\t\t\t\t\t\t<div class=\"qode-bct-post-date entry_date updated\" itemprop=\"dateCreated\">\n\t\t\t\t\t\t\t\t31 Dicembre 2021\t\t\t\t\t\t\t\t<meta itemprop=\"interactionCount\" content=\"UserComments: 0\"\/>\n\t\t\t\t\t\t\t<\/div>\n\t\t\t\t\t\t<\/div>\n\t\t\t\t\t<\/div>\n\t\t\t\t\t\t\t\t\t\t\t\t<div class=\"qode-bct-post\">\n\t\t\t\t\t\t\t\t\t\t\t\t<div class=\"qode-bct-post-text\">\n\t\t\t\t\t\t\t<h3 class=\"qode-bct-post-title entry_title\" itemprop=\"name\">\n\t\t\t\t\t\t\t\t<a href=\"https:\/\/bollicine.org\/?p=2144\" itemprop=\"url\">Ragazzi disabili alle fonti del Vivo con il CAI di Siena<\/a>\n\t\t\t\t\t\t\t<\/h3>\n\t\t\t\t\t\t\t\t\t\t\t\t\t\t<p itemprop=\"description\" class = \"qode-bct-post-excerpt\"> Dopo oltre sei mesi di interruzione delle escursioni a causa dell&#8217;emergenza Covid il club alpino di Siena ha ripreso l&#8217;attivit\u00e0 con una escursione sull&#8217;Amiata http:\/\/www.sienafree.it\/turismo\/319-turismo\/119133-ragazzi-disabili-alle-fonti-del-vivo-con-il-cai-di-siena?fbclid=IwAR0kCXt0-vY2vO1f_cCpva0h4i_sNz4kh16ewU9xw1OglCOKokYQQrKRD58#.X0KFHvG84l4.facebook<\/p>\n\t\t\t\t\t\t\t<div class=\"qode-bct-post-date entry_date updated\" itemprop=\"dateCreated\">\n\t\t\t\t\t\t\t\t26 Novembre 2020\t\t\t\t\t\t\t\t<meta itemprop=\"interactionCount\" content=\"UserComments: 0\"\/>\n\t\t\t\t\t\t\t<\/div>\n\t\t\t\t\t\t<\/div>\n\t\t\t\t\t<\/div>\n\t\t\t\t\t\t\t\t\t\t\t\t<div class=\"qode-bct-post\">\n\t\t\t\t\t\t\t\t\t\t\t\t<div class=\"qode-bct-post-text\">\n\t\t\t\t\t\t\t<h3 class=\"qode-bct-post-title entry_title\" itemprop=\"name\">\n\t\t\t\t\t\t\t\t<a href=\"https:\/\/bollicine.org\/?p=1923\" itemprop=\"url\">Progetto Naturalmente a cavallo: Percorsi e attivit\u00e0 ludico motorie integrate per favorire le autonomie delle persone diversamente abili&#8221; &#8211; Progetto approvato con D.D.R. 1815\/18 con il contributo di Ministero del Lavoro e delle Politiche Sociali e Regione Toscana&#8221;<\/a>\n\t\t\t\t\t\t\t<\/h3>\n\t\t\t\t\t\t\t\t\t\t\t\t\t\t<p itemprop=\"description\" class = \"qode-bct-post-excerpt\"> Tre giorni di trekking equestre presso la Riserva Naturale della Marsiliana del Raggruppamento Carabinieri Biodiversit\u00e0 di Follonica. Si conclude il progetto che ha visto realizzare moltissime esperienze finalizzate a promuovere l&#8217;autonomia personale e la socializzazione delle persone con disabilit\u00e0 in contesti naturali e a contatto...<\/p>\n\t\t\t\t\t\t\t<div class=\"qode-bct-post-date entry_date updated\" itemprop=\"dateCreated\">\n\t\t\t\t\t\t\t\t31 Ottobre 2019\t\t\t\t\t\t\t\t<meta itemprop=\"interactionCount\" content=\"UserComments: 0\"\/>\n\t\t\t\t\t\t\t<\/div>\n\t\t\t\t\t\t<\/div>\n\t\t\t\t\t<\/div>\n\t\t\t\t\t\t\t\t\t\t\t\t<div class=\"qode-bct-post\">\n\t\t\t\t\t\t\t\t\t\t\t\t\t<div class=\"qode-bct-post-image\">\n\t\t\t\t\t\t\t\t<a href=\"https:\/\/bollicine.org\/?p=1856\" itemprop=\"url\">\n\t\t\t\t\t\t\t\t\t<img loading=\"lazy\" decoding=\"async\" width=\"294\" height=\"139\" src=\"https:\/\/bollicine.org\/wp-content\/uploads\/2019\/09\/VersoSCU_New.jpg\" class=\"attachment-full size-full wp-post-image\" alt=\"\" \/>\t\t\t\t\t\t\t\t<\/a>\n\t\t\t\t\t\t\t<\/div>\n\t\t\t\t\t\t\t\t\t\t\t\t<div class=\"qode-bct-post-text\">\n\t\t\t\t\t\t\t<h3 class=\"qode-bct-post-title entry_title\" itemprop=\"name\">\n\t\t\t\t\t\t\t\t<a href=\"https:\/\/bollicine.org\/?p=1856\" itemprop=\"url\">Servizio civile Universale 2019: Il progetto dell&#8217;Associazione Le Bollicine<\/a>\n\t\t\t\t\t\t\t<\/h3>\n\t\t\t\t\t\t\t\t\t\t\t\t\t\t<p itemprop=\"description\" class = \"qode-bct-post-excerpt\"> Di seguito pubblichiamo la sintesi del Progetto &#8220;Abitare il futuro: percorsi finalizzati all&#8217;autonomia e all&#8217;integrazione sociale delle persone con disabilit\u00e0.&#8221; finanziato nell&#8217;ambito del Servizio Civile Universale 2019. Leggere con attenzione questo riassunto \u00e8 importante per avere ben chiaro in mente le ragioni per cui scegliere...<\/p>\n\t\t\t\t\t\t\t<div class=\"qode-bct-post-date entry_date updated\" itemprop=\"dateCreated\">\n\t\t\t\t\t\t\t\t5 Settembre 2019\t\t\t\t\t\t\t\t<meta itemprop=\"interactionCount\" content=\"UserComments: 0\"\/>\n\t\t\t\t\t\t\t<\/div>\n\t\t\t\t\t\t<\/div>\n\t\t\t\t\t<\/div>\n\t\t\t\t\t\t\t\t\t\t\t\t<div class=\"qode-bct-post\">\n\t\t\t\t\t\t\t\t\t\t\t\t<div class=\"qode-bct-post-text\">\n\t\t\t\t\t\t\t<h3 class=\"qode-bct-post-title entry_title\" itemprop=\"name\">\n\t\t\t\t\t\t\t\t<a href=\"https:\/\/bollicine.org\/?p=1809\" itemprop=\"url\">Le Bollicine e Acquedotto del Fiora per dare una nuova forma all&#8217;acqua<\/a>\n\t\t\t\t\t\t\t<\/h3>\n\t\t\t\t\t\t\t\t\t\t\t\t\t\t<p itemprop=\"description\" class = \"qode-bct-post-excerpt\"> A sfidarsi saranno le squadre di associazione Le Bollicine, Arcidiocesi di Siena, Caritas di Grosseto e una rappresentativa di AdF Grosseto: &#8220;L&#8217;acqua ha nuove forme&#8230; Della solidariet\u00e0&#8221;. \u00c8 l&#8217;iniziativa di Acquedotto del Fiora che, con il patrocinio di CONI Toscana, organizza per gioved\u00ec 13 giugno...<\/p>\n\t\t\t\t\t\t\t<div class=\"qode-bct-post-date entry_date updated\" itemprop=\"dateCreated\">\n\t\t\t\t\t\t\t\t20 Giugno 2019\t\t\t\t\t\t\t\t<meta itemprop=\"interactionCount\" content=\"UserComments: 0\"\/>\n\t\t\t\t\t\t\t<\/div>\n\t\t\t\t\t\t<\/div>\n\t\t\t\t\t<\/div>\n\t\t\t\t\t\t\t\t\t\t\t\t<div class=\"qode-bct-post\">\n\t\t\t\t\t\t\t\t\t\t\t\t\t<div class=\"qode-bct-post-image\">\n\t\t\t\t\t\t\t\t<a href=\"https:\/\/bollicine.org\/?p=1724\" itemprop=\"url\">\n\t\t\t\t\t\t\t\t\t<img loading=\"lazy\" decoding=\"async\" width=\"2339\" height=\"1653\" src=\"https:\/\/bollicine.org\/wp-content\/uploads\/2019\/05\/Tosca-PDF-2019-1.jpg\" class=\"attachment-full size-full wp-post-image\" alt=\"\" srcset=\"https:\/\/bollicine.org\/wp-content\/uploads\/2019\/05\/Tosca-PDF-2019-1.jpg 2339w, https:\/\/bollicine.org\/wp-content\/uploads\/2019\/05\/Tosca-PDF-2019-1-300x212.jpg 300w, https:\/\/bollicine.org\/wp-content\/uploads\/2019\/05\/Tosca-PDF-2019-1-768x543.jpg 768w, https:\/\/bollicine.org\/wp-content\/uploads\/2019\/05\/Tosca-PDF-2019-1-1024x724.jpg 1024w, https:\/\/bollicine.org\/wp-content\/uploads\/2019\/05\/Tosca-PDF-2019-1-700x495.jpg 700w\" sizes=\"auto, (max-width: 2339px) 100vw, 2339px\" \/>\t\t\t\t\t\t\t\t<\/a>\n\t\t\t\t\t\t\t<\/div>\n\t\t\t\t\t\t\t\t\t\t\t\t<div class=\"qode-bct-post-text\">\n\t\t\t\t\t\t\t<h3 class=\"qode-bct-post-title entry_title\" itemprop=\"name\">\n\t\t\t\t\t\t\t\t<a href=\"https:\/\/bollicine.org\/?p=1724\" itemprop=\"url\">L&#8217;estate si avvicina: Le Bollicine ti aspettano ai campi estivi 2019<\/a>\n\t\t\t\t\t\t\t<\/h3>\n\t\t\t\t\t\t\t\t\t\t\t\t\t\t<p itemprop=\"description\" class = \"qode-bct-post-excerpt\"> Pronti per l&#8217;estate? Alle Bollicine abbiamo pensato a tutti. Se vi piacciono i cavalli e l&#8217;aria aperta, il Centro Tosca delle Bollicine \u00e8 il posto che fa per voi. Abbiamo 3 proposte per l&#8217;estate 2019: dal 29 luglio al 2 agosto &#8221; Tosca e Strani...<\/p>\n\t\t\t\t\t\t\t<div class=\"qode-bct-post-date entry_date updated\" itemprop=\"dateCreated\">\n\t\t\t\t\t\t\t\t7 Maggio 2019\t\t\t\t\t\t\t\t<meta itemprop=\"interactionCount\" content=\"UserComments: 0\"\/>\n\t\t\t\t\t\t\t<\/div>\n\t\t\t\t\t\t<\/div>\n\t\t\t\t\t<\/div>\n\t\t\t\t\t\t\t\t\t\t\t\t<div class=\"qode-bct-post\">\n\t\t\t\t\t\t\t\t\t\t\t\t<div class=\"qode-bct-post-text\">\n\t\t\t\t\t\t\t<h3 class=\"qode-bct-post-title entry_title\" itemprop=\"name\">\n\t\t\t\t\t\t\t\t<a href=\"https:\/\/bollicine.org\/?p=1721\" itemprop=\"url\">Festa di primavera: esibizione di rieducazione equestre e sport- Centro Tosca delle Bollicine.<\/a>\n\t\t\t\t\t\t\t<\/h3>\n\t\t\t\t\t\t\t\t\t\t\t\t\t\t<p itemprop=\"description\" class = \"qode-bct-post-excerpt\"> Il1 maggio, con il prezioso contributo del Panificio Corsini, della UnipolSai Assicurazione, della Banca CRAS, della Lavorazioni carni suine Rabissi Pepi &amp; C., della ditta Simply, della Selleria Il Puledro, del CentroFarc, si \u00e8 tenuta la manifestazione \u201cFesta di primavera: esibizione di rieducazione equestre e...<\/p>\n\t\t\t\t\t\t\t<div class=\"qode-bct-post-date entry_date updated\" itemprop=\"dateCreated\">\n\t\t\t\t\t\t\t\t2 Maggio 2019\t\t\t\t\t\t\t\t<meta itemprop=\"interactionCount\" content=\"UserComments: 0\"\/>\n\t\t\t\t\t\t\t<\/div>\n\t\t\t\t\t\t<\/div>\n\t\t\t\t\t<\/div>\n\t\t\t\t\t\t\t\t\t\t\t\t<div class=\"qode-bct-post\">\n\t\t\t\t\t\t\t\t\t\t\t\t<div class=\"qode-bct-post-text\">\n\t\t\t\t\t\t\t<h3 class=\"qode-bct-post-title entry_title\" itemprop=\"name\">\n\t\t\t\t\t\t\t\t<a href=\"https:\/\/bollicine.org\/?p=1716\" itemprop=\"url\">\u201cSport e Disabilit\u00e0\u201d: Le Bollicine e la Robur Siena protagonisti all\u2019Universit\u00e0<\/a>\n\t\t\t\t\t\t\t<\/h3>\n\t\t\t\t\t\t\t\t\t\t\t\t\t\t<p itemprop=\"description\" class = \"qode-bct-post-excerpt\"> \u201cSport e disabilit\u00e0\u201d. Questo il titolo dell\u2019incontro che si \u00e8 tenuto ieri mattina presso la sede dell\u2019Universit\u00e0 di Siena in via Mattioli, nell\u2019ambito del Corso di aggiornamento professionale per \u201cOperatore delle Societ\u00e0 sportive\u201d. Protagonista dell\u2019iniziativa \u00e8 stata l\u2019esperienza dell\u2019Associazione Le Bollicine, con il responsabile del...<\/p>\n\t\t\t\t\t\t\t<div class=\"qode-bct-post-date entry_date updated\" itemprop=\"dateCreated\">\n\t\t\t\t\t\t\t\t30 Aprile 2019\t\t\t\t\t\t\t\t<meta itemprop=\"interactionCount\" content=\"UserComments: 0\"\/>\n\t\t\t\t\t\t\t<\/div>\n\t\t\t\t\t\t<\/div>\n\t\t\t\t\t<\/div>\n\t\t\t\t\t\t\t\t\t\t\t\t<div class=\"qode-bct-post\">\n\t\t\t\t\t\t\t\t\t\t\t\t<div class=\"qode-bct-post-text\">\n\t\t\t\t\t\t\t<h3 class=\"qode-bct-post-title entry_title\" itemprop=\"name\">\n\t\t\t\t\t\t\t\t<a href=\"https:\/\/bollicine.org\/?p=1710\" itemprop=\"url\">I ragazzi di casa clementina ospitano i ragazzi Fondazione Down FVC<\/a>\n\t\t\t\t\t\t\t<\/h3>\n\t\t\t\t\t\t\t\t\t\t\t\t\t\t<p itemprop=\"description\" class = \"qode-bct-post-excerpt\"> Ore 12.15 Stazione Santa Maria Novella Firenze, binario 12 I ragazzi di casa Clementina sono in attesa&#8230; ed eccoli che arrivano, Rosanna, Tiberio, Maria Rosa, Alessia scendono dal treno proveniente da Mestre. Saluti, abbracci, sorrisi, amici che si ritrovano.\u00a0 Quattro giorni insieme, gite al mare,...<\/p>\n\t\t\t\t\t\t\t<div class=\"qode-bct-post-date entry_date updated\" itemprop=\"dateCreated\">\n\t\t\t\t\t\t\t\t30 Aprile 2019\t\t\t\t\t\t\t\t<meta itemprop=\"interactionCount\" content=\"UserComments: 0\"\/>\n\t\t\t\t\t\t\t<\/div>\n\t\t\t\t\t\t<\/div>\n\t\t\t\t\t<\/div>\n\t\t\t\t\t\t\t\t\t\t\t\t<div class=\"qode-bct-post\">\n\t\t\t\t\t\t\t\t\t\t\t\t<div class=\"qode-bct-post-text\">\n\t\t\t\t\t\t\t<h3 class=\"qode-bct-post-title entry_title\" itemprop=\"name\">\n\t\t\t\t\t\t\t\t<a href=\"https:\/\/bollicine.org\/?p=1702\" itemprop=\"url\">Il grande cuore di Siena: oltre 10mila euro per la Casa Clementina<\/a>\n\t\t\t\t\t\t\t<\/h3>\n\t\t\t\t\t\t\t\t\t\t\t\t\t\t<p itemprop=\"description\" class = \"qode-bct-post-excerpt\"> Si \u00e8 conclusa lo scorso sabato la campagna di crowdfunding \u201cOltre le Mura: Casa Clementina raddoppia!!!\u201d. Il progetto ha visto impegnate cinque associazioni del Comune di Siena: l&#8217;Associazione Le Bollicine, l&#8217;Associazione Senese Down, l&#8217;Associazione Riabilita, l&#8217;Associazione Pubblica Assistenza di Siena e l&#8217;Associazione Le Mura. La...<\/p>\n\t\t\t\t\t\t\t<div class=\"qode-bct-post-date entry_date updated\" itemprop=\"dateCreated\">\n\t\t\t\t\t\t\t\t24 Aprile 2019\t\t\t\t\t\t\t\t<meta itemprop=\"interactionCount\" content=\"UserComments: 0\"\/>\n\t\t\t\t\t\t\t<\/div>\n\t\t\t\t\t\t<\/div>\n\t\t\t\t\t<\/div>\n\t\t\t\t\t\t\t\t\t\t\t\t<div class=\"qode-bct-post\">\n\t\t\t\t\t\t\t\t\t\t\t\t<div class=\"qode-bct-post-text\">\n\t\t\t\t\t\t\t<h3 class=\"qode-bct-post-title entry_title\" itemprop=\"name\">\n\t\t\t\t\t\t\t\t<a href=\"https:\/\/bollicine.org\/?p=1692\" itemprop=\"url\">Bollicine in Festa per il saggio di equitazione a San Rocco a Pilli- Mercoled\u00ec 1 maggio esibizioni con gli atleti diversamente abili impegnati nel progetto di riabilitazione equestre -Durante la giornata saranno premiati anche gli studenti dell\u2019Istituto Caselli che hanno partecipato al progetto di alternanza scuola lavoro<\/a>\n\t\t\t\t\t\t\t<\/h3>\n\t\t\t\t\t\t\t\t\t\t\t\t\t\t<p itemprop=\"description\" class = \"qode-bct-post-excerpt\"> Primo Maggio a cavallo per l&#8217;Associazione Le Bollicine di Siena, che festeggia i suoi atleti con l&#8217;edizione 2019 del saggio di equitazione. L&#8217;appuntamento \u00e8 in programma mercoled\u00ec 1 maggio, a partire dalle ore 10,30, presso il Centro Tosca delle Bollicine, in Localit\u00e0 Agresto, a San...<\/p>\n\t\t\t\t\t\t\t<div class=\"qode-bct-post-date entry_date updated\" itemprop=\"dateCreated\">\n\t\t\t\t\t\t\t\t18 Aprile 2019\t\t\t\t\t\t\t\t<meta itemprop=\"interactionCount\" content=\"UserComments: 0\"\/>\n\t\t\t\t\t\t\t<\/div>\n\t\t\t\t\t\t<\/div>\n\t\t\t\t\t<\/div>\n\t\t\t\t\t\t\t\t\t\t\t\t<div class=\"qode-bct-post\">\n\t\t\t\t\t\t\t\t\t\t\t\t<div class=\"qode-bct-post-text\">\n\t\t\t\t\t\t\t<h3 class=\"qode-bct-post-title entry_title\" itemprop=\"name\">\n\t\t\t\t\t\t\t\t<a href=\"https:\/\/bollicine.org\/?p=1676\" itemprop=\"url\">Let&#8217;s Crowd. Oltre le Mura- Casa Clementina raddoppia. Rassegna stampa sulla partenza dell&#8217;iniziativa.<\/a>\n\t\t\t\t\t\t\t<\/h3>\n\t\t\t\t\t\t\t\t\t\t\t\t\t\t<p itemprop=\"description\" class = \"qode-bct-post-excerpt\"> Marted\u00ec 12 marzo si \u00e8 tenuta, presso la splendida sede della Fondazione Monte dei Paschi di Siena, la conferenza stampa di presentazione del progetto &#8220;Oltre le Mura- Casa Clementina raddoppia&#8221;. &nbsp; Parte una raccolta fondi per raddoppiare Casa Clementina<\/p>\n\t\t\t\t\t\t\t<div class=\"qode-bct-post-date entry_date updated\" itemprop=\"dateCreated\">\n\t\t\t\t\t\t\t\t14 Marzo 2019\t\t\t\t\t\t\t\t<meta itemprop=\"interactionCount\" content=\"UserComments: 0\"\/>\n\t\t\t\t\t\t\t<\/div>\n\t\t\t\t\t\t<\/div>\n\t\t\t\t\t<\/div>\n\t\t\t\t\t\t\t\t\t\t\t\t<div class=\"qode-bct-post\">\n\t\t\t\t\t\t\t\t\t\t\t\t\t<div class=\"qode-bct-post-image\">\n\t\t\t\t\t\t\t\t<a href=\"https:\/\/bollicine.org\/?p=1651\" itemprop=\"url\">\n\t\t\t\t\t\t\t\t\t<img loading=\"lazy\" decoding=\"async\" width=\"2249\" height=\"1421\" src=\"https:\/\/bollicine.org\/wp-content\/uploads\/2019\/03\/COPERTINA_EPPELA6.png\" class=\"attachment-full size-full wp-post-image\" alt=\"\" srcset=\"https:\/\/bollicine.org\/wp-content\/uploads\/2019\/03\/COPERTINA_EPPELA6.png 2249w, https:\/\/bollicine.org\/wp-content\/uploads\/2019\/03\/COPERTINA_EPPELA6-300x190.png 300w, https:\/\/bollicine.org\/wp-content\/uploads\/2019\/03\/COPERTINA_EPPELA6-768x485.png 768w, https:\/\/bollicine.org\/wp-content\/uploads\/2019\/03\/COPERTINA_EPPELA6-1024x647.png 1024w, https:\/\/bollicine.org\/wp-content\/uploads\/2019\/03\/COPERTINA_EPPELA6-700x442.png 700w\" sizes=\"auto, (max-width: 2249px) 100vw, 2249px\" \/>\t\t\t\t\t\t\t\t<\/a>\n\t\t\t\t\t\t\t<\/div>\n\t\t\t\t\t\t\t\t\t\t\t\t<div class=\"qode-bct-post-text\">\n\t\t\t\t\t\t\t<h3 class=\"qode-bct-post-title entry_title\" itemprop=\"name\">\n\t\t\t\t\t\t\t\t<a href=\"https:\/\/bollicine.org\/?p=1651\" itemprop=\"url\">PARTE LA CAMPAGNA DI RACCOLTA FONDI SU EPPELA: Oltre le mura! Casa Clementina raddoppia.<\/a>\n\t\t\t\t\t\t\t<\/h3>\n\t\t\t\t\t\t\t\t\t\t\t\t\t\t<p itemprop=\"description\" class = \"qode-bct-post-excerpt\"> Fuori dalle sue finestre si intravede la Torre del Mangia e un delizioso giardino che costeggia le mura della citt\u00e0. Al suo interno fervono le attivit\u00e0 e l\u2019incontenibile voglia di autonomia di un gruppo di quindici ragazzi senesi con disabilit\u00e0. Alcuni sono fidanzati e sperano...<\/p>\n\t\t\t\t\t\t\t<div class=\"qode-bct-post-date entry_date updated\" itemprop=\"dateCreated\">\n\t\t\t\t\t\t\t\t12 Marzo 2019\t\t\t\t\t\t\t\t<meta itemprop=\"interactionCount\" content=\"UserComments: 0\"\/>\n\t\t\t\t\t\t\t<\/div>\n\t\t\t\t\t\t<\/div>\n\t\t\t\t\t<\/div>\n\t\t\t\t\t\t\t\t\t\t\t\t<div class=\"qode-bct-post\">\n\t\t\t\t\t\t\t\t\t\t\t\t\t<div class=\"qode-bct-post-image\">\n\t\t\t\t\t\t\t\t<a href=\"https:\/\/bollicine.org\/?p=1648\" itemprop=\"url\">\n\t\t\t\t\t\t\t\t\t<img loading=\"lazy\" decoding=\"async\" width=\"960\" height=\"640\" src=\"https:\/\/bollicine.org\/wp-content\/uploads\/2019\/03\/52911837_1638533932959120_4640071100804366336_n.jpg\" class=\"attachment-full size-full wp-post-image\" alt=\"\" srcset=\"https:\/\/bollicine.org\/wp-content\/uploads\/2019\/03\/52911837_1638533932959120_4640071100804366336_n.jpg 960w, https:\/\/bollicine.org\/wp-content\/uploads\/2019\/03\/52911837_1638533932959120_4640071100804366336_n-300x200.jpg 300w, https:\/\/bollicine.org\/wp-content\/uploads\/2019\/03\/52911837_1638533932959120_4640071100804366336_n-768x512.jpg 768w, https:\/\/bollicine.org\/wp-content\/uploads\/2019\/03\/52911837_1638533932959120_4640071100804366336_n-700x467.jpg 700w\" sizes=\"auto, (max-width: 960px) 100vw, 960px\" \/>\t\t\t\t\t\t\t\t<\/a>\n\t\t\t\t\t\t\t<\/div>\n\t\t\t\t\t\t\t\t\t\t\t\t<div class=\"qode-bct-post-text\">\n\t\t\t\t\t\t\t<h3 class=\"qode-bct-post-title entry_title\" itemprop=\"name\">\n\t\t\t\t\t\t\t\t<a href=\"https:\/\/bollicine.org\/?p=1648\" itemprop=\"url\">Le Bollicine tra i partecipanti alla IV Conferenza Regionale sui Diritti delle Persone con Disabilit\u00e0.<\/a>\n\t\t\t\t\t\t\t<\/h3>\n\t\t\t\t\t\t\t\t\t\t\t\t\t\t<p itemprop=\"description\" class = \"qode-bct-post-excerpt\"> Il 1\u00b0 marzo 2019\u00a0si \u00e8 tenuta a San Donnino, Campi Bisenzio, presso Spazio Reale la\u00a0IV\u00a0Conferenza regionale sui diritti delle persone con disabilit\u00e0,\u00a0la Conferenza\u00a0\u00a0\u00e8 un appuntamento fondamentale per fare il punto sui\u00a0diritti e sulle politiche per l&#8217;autonomia e l&#8217;accessibilit\u00e0 delle persone con disabilit\u00e0\u00a0nella nostra regione. Si...<\/p>\n\t\t\t\t\t\t\t<div class=\"qode-bct-post-date entry_date updated\" itemprop=\"dateCreated\">\n\t\t\t\t\t\t\t\t7 Marzo 2019\t\t\t\t\t\t\t\t<meta itemprop=\"interactionCount\" content=\"UserComments: 0\"\/>\n\t\t\t\t\t\t\t<\/div>\n\t\t\t\t\t\t<\/div>\n\t\t\t\t\t<\/div>\n\t\t\t\t\t\t\t\t\t\t\t\t<div class=\"qode-bct-post\">\n\t\t\t\t\t\t\t\t\t\t\t\t\t<div class=\"qode-bct-post-image\">\n\t\t\t\t\t\t\t\t<a href=\"https:\/\/bollicine.org\/?p=1644\" itemprop=\"url\">\n\t\t\t\t\t\t\t\t\t<img loading=\"lazy\" decoding=\"async\" width=\"1654\" height=\"2339\" src=\"https:\/\/bollicine.org\/wp-content\/uploads\/2019\/03\/ProgrammaADS_23marzo_DEF-1.jpg\" class=\"attachment-full size-full wp-post-image\" alt=\"\" srcset=\"https:\/\/bollicine.org\/wp-content\/uploads\/2019\/03\/ProgrammaADS_23marzo_DEF-1.jpg 1654w, https:\/\/bollicine.org\/wp-content\/uploads\/2019\/03\/ProgrammaADS_23marzo_DEF-1-212x300.jpg 212w, https:\/\/bollicine.org\/wp-content\/uploads\/2019\/03\/ProgrammaADS_23marzo_DEF-1-768x1086.jpg 768w, https:\/\/bollicine.org\/wp-content\/uploads\/2019\/03\/ProgrammaADS_23marzo_DEF-1-724x1024.jpg 724w, https:\/\/bollicine.org\/wp-content\/uploads\/2019\/03\/ProgrammaADS_23marzo_DEF-1-700x990.jpg 700w\" sizes=\"auto, (max-width: 1654px) 100vw, 1654px\" \/>\t\t\t\t\t\t\t\t<\/a>\n\t\t\t\t\t\t\t<\/div>\n\t\t\t\t\t\t\t\t\t\t\t\t<div class=\"qode-bct-post-text\">\n\t\t\t\t\t\t\t<h3 class=\"qode-bct-post-title entry_title\" itemprop=\"name\">\n\t\t\t\t\t\t\t\t<a href=\"https:\/\/bollicine.org\/?p=1644\" itemprop=\"url\">L&#8217;Amministratore di sostegno: una risorsa per l&#8217;autonomia. Incontro alle Bollicine<\/a>\n\t\t\t\t\t\t\t<\/h3>\n\t\t\t\t\t\t\t\t\t\t\t\t\t\t<p itemprop=\"description\" class = \"qode-bct-post-excerpt\"> Il giorno 23 marzo, dalle ore 10 alle 16,\u00a0 presso il centro Equestre Tosca delle Bollicine avremo l\u2019occasione di passare una giornata insieme per crescere e confrontarci tra famiglie , volontari e addetti ai lavori sulle tematiche riguardanti la tutela dei nostri figli garantendone l\u2019...<\/p>\n\t\t\t\t\t\t\t<div class=\"qode-bct-post-date entry_date updated\" itemprop=\"dateCreated\">\n\t\t\t\t\t\t\t\t7 Marzo 2019\t\t\t\t\t\t\t\t<meta itemprop=\"interactionCount\" content=\"UserComments: 0\"\/>\n\t\t\t\t\t\t\t<\/div>\n\t\t\t\t\t\t<\/div>\n\t\t\t\t\t<\/div>\n\t\t\t\t\t\t\t\t\t\t\t\t<div class=\"qode-bct-post\">\n\t\t\t\t\t\t\t\t\t\t\t\t\t<div class=\"qode-bct-post-image\">\n\t\t\t\t\t\t\t\t<a href=\"https:\/\/bollicine.org\/?p=1158\" itemprop=\"url\">\n\t\t\t\t\t\t\t\t\t<img loading=\"lazy\" decoding=\"async\" width=\"6000\" height=\"4000\" src=\"https:\/\/bollicine.org\/wp-content\/uploads\/2019\/01\/DSC_0004.jpg\" class=\"attachment-full size-full wp-post-image\" alt=\"\" srcset=\"https:\/\/bollicine.org\/wp-content\/uploads\/2019\/01\/DSC_0004.jpg 6000w, https:\/\/bollicine.org\/wp-content\/uploads\/2019\/01\/DSC_0004-300x200.jpg 300w, https:\/\/bollicine.org\/wp-content\/uploads\/2019\/01\/DSC_0004-768x512.jpg 768w, https:\/\/bollicine.org\/wp-content\/uploads\/2019\/01\/DSC_0004-1024x683.jpg 1024w\" sizes=\"auto, (max-width: 6000px) 100vw, 6000px\" \/>\t\t\t\t\t\t\t\t<\/a>\n\t\t\t\t\t\t\t<\/div>\n\t\t\t\t\t\t\t\t\t\t\t\t<div class=\"qode-bct-post-text\">\n\t\t\t\t\t\t\t<h3 class=\"qode-bct-post-title entry_title\" itemprop=\"name\">\n\t\t\t\t\t\t\t\t<a href=\"https:\/\/bollicine.org\/?p=1158\" itemprop=\"url\">\u201cNaturalmente a cavallo: percorsi e attivit\u00e0 ludico motorie integrate per favorire le autonomie delle persone diversamente abili\u201d. Nuova ed eccitante esperienza per i ragazzi delle Bollicine.<\/a>\n\t\t\t\t\t\t\t<\/h3>\n\t\t\t\t\t\t\t\t\t\t\t\t\t\t<p itemprop=\"description\" class = \"qode-bct-post-excerpt\"> Grazie al partenariato concesso la realizzazione del progetto \u201cNaturalmente a cavallo: percorsi e attivit\u00e0 ludico motorie integrate per favorire le autonomie delle persone diversamente abili\u201d, della Regione Toscana nell&#8217;ambito dell&#8217; Avviso pubblico per la concessione a soggetti del terzo settore di contributi in ambito sociale...<\/p>\n\t\t\t\t\t\t\t<div class=\"qode-bct-post-date entry_date updated\" itemprop=\"dateCreated\">\n\t\t\t\t\t\t\t\t30 Gennaio 2019\t\t\t\t\t\t\t\t<meta itemprop=\"interactionCount\" content=\"UserComments: 0\"\/>\n\t\t\t\t\t\t\t<\/div>\n\t\t\t\t\t\t<\/div>\n\t\t\t\t\t<\/div>\n\t\t\t\t\t\t\t\t\t\t\t\t<div class=\"qode-bct-post\">\n\t\t\t\t\t\t\t\t\t\t\t\t\t<div class=\"qode-bct-post-image\">\n\t\t\t\t\t\t\t\t<a href=\"https:\/\/bollicine.org\/?p=1149\" itemprop=\"url\">\n\t\t\t\t\t\t\t\t\t<img loading=\"lazy\" decoding=\"async\" width=\"1600\" height=\"1200\" src=\"https:\/\/bollicine.org\/wp-content\/uploads\/2019\/01\/IMG-20190123-WA0007.jpg\" class=\"attachment-full size-full wp-post-image\" alt=\"\" srcset=\"https:\/\/bollicine.org\/wp-content\/uploads\/2019\/01\/IMG-20190123-WA0007.jpg 1600w, https:\/\/bollicine.org\/wp-content\/uploads\/2019\/01\/IMG-20190123-WA0007-300x225.jpg 300w, https:\/\/bollicine.org\/wp-content\/uploads\/2019\/01\/IMG-20190123-WA0007-768x576.jpg 768w, https:\/\/bollicine.org\/wp-content\/uploads\/2019\/01\/IMG-20190123-WA0007-1024x768.jpg 1024w\" sizes=\"auto, (max-width: 1600px) 100vw, 1600px\" \/>\t\t\t\t\t\t\t\t<\/a>\n\t\t\t\t\t\t\t<\/div>\n\t\t\t\t\t\t\t\t\t\t\t\t<div class=\"qode-bct-post-text\">\n\t\t\t\t\t\t\t<h3 class=\"qode-bct-post-title entry_title\" itemprop=\"name\">\n\t\t\t\t\t\t\t\t<a href=\"https:\/\/bollicine.org\/?p=1149\" itemprop=\"url\">GRAZIE ALL&#8217;EROGAZIONE DEL CONTRIBUTO 8X1000 DELLA CHIESA VALDESE, CRESCE L&#8217;ORTO DELLE BOLLICINE<\/a>\n\t\t\t\t\t\t\t<\/h3>\n\t\t\t\t\t\t\t\t\t\t\t\t\t\t<p itemprop=\"description\" class = \"qode-bct-post-excerpt\"> L&#8217;Associazione Le Bollicine ha ottenuto un contributo per la realizzazione del progetto &#8221; LA FATTORIA DI TOSCA &#8211; REALIZZAZIONE DI UN ORTO SOCIALE AL CENTRO TOSCA DELLE BOLLICINE&#8221;, dalla Chiesa Valdese che ha stanziato fondi del 8 x 1000 e permesso l&#8217;acquisto di attrezzature.\u00a0Il progetto...<\/p>\n\t\t\t\t\t\t\t<div class=\"qode-bct-post-date entry_date updated\" itemprop=\"dateCreated\">\n\t\t\t\t\t\t\t\t23 Gennaio 2019\t\t\t\t\t\t\t\t<meta itemprop=\"interactionCount\" content=\"UserComments: 0\"\/>\n\t\t\t\t\t\t\t<\/div>\n\t\t\t\t\t\t<\/div>\n\t\t\t\t\t<\/div>\n\t\t\t\t\t\t\t\t\t\t\t\t<div class=\"qode-bct-post\">\n\t\t\t\t\t\t\t\t\t\t\t\t\t<div class=\"qode-bct-post-image\">\n\t\t\t\t\t\t\t\t<a href=\"https:\/\/bollicine.org\/?p=1129\" itemprop=\"url\">\n\t\t\t\t\t\t\t\t\t<img loading=\"lazy\" decoding=\"async\" width=\"4896\" height=\"2752\" src=\"https:\/\/bollicine.org\/wp-content\/uploads\/2018\/10\/DSC01423.jpg\" class=\"attachment-full size-full wp-post-image\" alt=\"\" srcset=\"https:\/\/bollicine.org\/wp-content\/uploads\/2018\/10\/DSC01423.jpg 4896w, https:\/\/bollicine.org\/wp-content\/uploads\/2018\/10\/DSC01423-300x169.jpg 300w, https:\/\/bollicine.org\/wp-content\/uploads\/2018\/10\/DSC01423-768x432.jpg 768w, https:\/\/bollicine.org\/wp-content\/uploads\/2018\/10\/DSC01423-1024x576.jpg 1024w\" sizes=\"auto, (max-width: 4896px) 100vw, 4896px\" \/>\t\t\t\t\t\t\t\t<\/a>\n\t\t\t\t\t\t\t<\/div>\n\t\t\t\t\t\t\t\t\t\t\t\t<div class=\"qode-bct-post-text\">\n\t\t\t\t\t\t\t<h3 class=\"qode-bct-post-title entry_title\" itemprop=\"name\">\n\t\t\t\t\t\t\t\t<a href=\"https:\/\/bollicine.org\/?p=1129\" itemprop=\"url\">Si \u00e8 concluso il progetto finanziato dal CESVOT &#8220;Il meraviglioso mondo di Tosca: attivit\u00e0 di rieducazione equestre e percorsi educativi alla scoperta del cavallo&#8221;.<\/a>\n\t\t\t\t\t\t\t<\/h3>\n\t\t\t\t\t\t\t\t\t\t\t\t\t\t<p itemprop=\"description\" class = \"qode-bct-post-excerpt\"> L&#8217;Associazione Sportiva Le Bollicine, in rete con A.Se.Do e Associazione Pubblica Assistenza di Siena, ha concluso il progetto \u201cIl meraviglioso mondo di Tosca: attivit\u00e0 di rieducazione equestre e percorsi educativi alla scoperta del cavallo\u201d Il progetto,realizzato nell&#8217;ambito del Bando per il Volontariato 2017 finanziato dal...<\/p>\n\t\t\t\t\t\t\t<div class=\"qode-bct-post-date entry_date updated\" itemprop=\"dateCreated\">\n\t\t\t\t\t\t\t\t10 Ottobre 2018\t\t\t\t\t\t\t\t<meta itemprop=\"interactionCount\" content=\"UserComments: 0\"\/>\n\t\t\t\t\t\t\t<\/div>\n\t\t\t\t\t\t<\/div>\n\t\t\t\t\t<\/div>\n\t\t\t\t\t\t\t\t\t\t\t\t<div class=\"qode-bct-post\">\n\t\t\t\t\t\t\t\t\t\t\t\t\t<div class=\"qode-bct-post-image\">\n\t\t\t\t\t\t\t\t<a href=\"https:\/\/bollicine.org\/?p=1121\" itemprop=\"url\">\n\t\t\t\t\t\t\t\t\t<img loading=\"lazy\" decoding=\"async\" width=\"1600\" height=\"1200\" src=\"https:\/\/bollicine.org\/wp-content\/uploads\/2018\/09\/IMG-20180903-WA0001.jpg\" class=\"attachment-full size-full wp-post-image\" alt=\"\" srcset=\"https:\/\/bollicine.org\/wp-content\/uploads\/2018\/09\/IMG-20180903-WA0001.jpg 1600w, https:\/\/bollicine.org\/wp-content\/uploads\/2018\/09\/IMG-20180903-WA0001-300x225.jpg 300w, https:\/\/bollicine.org\/wp-content\/uploads\/2018\/09\/IMG-20180903-WA0001-768x576.jpg 768w, https:\/\/bollicine.org\/wp-content\/uploads\/2018\/09\/IMG-20180903-WA0001-1024x768.jpg 1024w\" sizes=\"auto, (max-width: 1600px) 100vw, 1600px\" \/>\t\t\t\t\t\t\t\t<\/a>\n\t\t\t\t\t\t\t<\/div>\n\t\t\t\t\t\t\t\t\t\t\t\t<div class=\"qode-bct-post-text\">\n\t\t\t\t\t\t\t<h3 class=\"qode-bct-post-title entry_title\" itemprop=\"name\">\n\t\t\t\t\t\t\t\t<a href=\"https:\/\/bollicine.org\/?p=1121\" itemprop=\"url\">Tre giorni di scambio tra Casa Clementina el la Fondazione Down di Pordonene.<\/a>\n\t\t\t\t\t\t\t<\/h3>\n\t\t\t\t\t\t\t\t\t\t\t\t\t\t<p itemprop=\"description\" class = \"qode-bct-post-excerpt\"> Una delegazione di sette ragazzi con disabilit\u00e0 intellettiva e due educatori sono stati ospiti dell&#8217;Appartamento di Via Mattioli 23, sede del progetto di Vita indipendente realizzato dalle Associazioni Le Bollicine, Asedo e Pubblica Assistenza Siena, grazie alla collaborazione di Asp Citt\u00e0 di Siena. Il progetto...<\/p>\n\t\t\t\t\t\t\t<div class=\"qode-bct-post-date entry_date updated\" itemprop=\"dateCreated\">\n\t\t\t\t\t\t\t\t4 Settembre 2018\t\t\t\t\t\t\t\t<meta itemprop=\"interactionCount\" content=\"UserComments: 0\"\/>\n\t\t\t\t\t\t\t<\/div>\n\t\t\t\t\t\t<\/div>\n\t\t\t\t\t<\/div>\n\t\t\t\t\t\t\t\t\t\t\t\t<div class=\"qode-bct-post\">\n\t\t\t\t\t\t\t\t\t\t\t\t\t<div class=\"qode-bct-post-image\">\n\t\t\t\t\t\t\t\t<a href=\"https:\/\/bollicine.org\/?p=1106\" itemprop=\"url\">\n\t\t\t\t\t\t\t\t\t<img loading=\"lazy\" decoding=\"async\" width=\"987\" height=\"538\" src=\"https:\/\/bollicine.org\/wp-content\/uploads\/2019\/02\/logo-bollicine-colori-e1639484180832.png\" class=\"attachment-full size-full wp-post-image\" alt=\"\" srcset=\"https:\/\/bollicine.org\/wp-content\/uploads\/2019\/02\/logo-bollicine-colori-e1639484180832.png 987w, https:\/\/bollicine.org\/wp-content\/uploads\/2019\/02\/logo-bollicine-colori-e1639484180832-300x164.png 300w, https:\/\/bollicine.org\/wp-content\/uploads\/2019\/02\/logo-bollicine-colori-e1639484180832-768x419.png 768w, https:\/\/bollicine.org\/wp-content\/uploads\/2019\/02\/logo-bollicine-colori-e1639484180832-700x382.png 700w\" sizes=\"auto, (max-width: 987px) 100vw, 987px\" \/>\t\t\t\t\t\t\t\t<\/a>\n\t\t\t\t\t\t\t<\/div>\n\t\t\t\t\t\t\t\t\t\t\t\t<div class=\"qode-bct-post-text\">\n\t\t\t\t\t\t\t<h3 class=\"qode-bct-post-title entry_title\" itemprop=\"name\">\n\t\t\t\t\t\t\t\t<a href=\"https:\/\/bollicine.org\/?p=1106\" itemprop=\"url\">AVVISO DI SELEZIONE RELATIVA A PROFILI PROFESSIONALI DI PSICOLOGO E EDUCATORE<\/a>\n\t\t\t\t\t\t\t<\/h3>\n\t\t\t\t\t\t\t\t\t\t\t\t\t\t<p itemprop=\"description\" class = \"qode-bct-post-excerpt\"> &nbsp; Finalit\u00e0 dell\u2019Avviso Con la presente procedura, l\u2019Associazione Sportiva e di volontariato \u201cLe Bollicine\u201d vuole individuare 2 figure professionali con cui cooperare nell\u2019ambito delle proprie attivit\u00e0 istituzionali relative alla promozione dell\u2019autonomia delle persone con disabilit\u00e0. L\u2019Associazione , in collaborazione con altre due organizzazioni di volontariato...<\/p>\n\t\t\t\t\t\t\t<div class=\"qode-bct-post-date entry_date updated\" itemprop=\"dateCreated\">\n\t\t\t\t\t\t\t\t10 Luglio 2018\t\t\t\t\t\t\t\t<meta itemprop=\"interactionCount\" content=\"UserComments: 0\"\/>\n\t\t\t\t\t\t\t<\/div>\n\t\t\t\t\t\t<\/div>\n\t\t\t\t\t<\/div>\n\t\t\t\t\t\t\t\t\t\t\t\t<div class=\"qode-bct-post\">\n\t\t\t\t\t\t\t\t\t\t\t\t\t<div class=\"qode-bct-post-image\">\n\t\t\t\t\t\t\t\t<a href=\"https:\/\/bollicine.org\/?p=1101\" itemprop=\"url\">\n\t\t\t\t\t\t\t\t\t<img loading=\"lazy\" decoding=\"async\" width=\"6000\" height=\"4000\" src=\"https:\/\/bollicine.org\/wp-content\/uploads\/2018\/07\/DSC_0001-2.jpg\" class=\"attachment-full size-full wp-post-image\" alt=\"\" srcset=\"https:\/\/bollicine.org\/wp-content\/uploads\/2018\/07\/DSC_0001-2.jpg 6000w, https:\/\/bollicine.org\/wp-content\/uploads\/2018\/07\/DSC_0001-2-300x200.jpg 300w, https:\/\/bollicine.org\/wp-content\/uploads\/2018\/07\/DSC_0001-2-768x512.jpg 768w, https:\/\/bollicine.org\/wp-content\/uploads\/2018\/07\/DSC_0001-2-1024x683.jpg 1024w\" sizes=\"auto, (max-width: 6000px) 100vw, 6000px\" \/>\t\t\t\t\t\t\t\t<\/a>\n\t\t\t\t\t\t\t<\/div>\n\t\t\t\t\t\t\t\t\t\t\t\t<div class=\"qode-bct-post-text\">\n\t\t\t\t\t\t\t<h3 class=\"qode-bct-post-title entry_title\" itemprop=\"name\">\n\t\t\t\t\t\t\t\t<a href=\"https:\/\/bollicine.org\/?p=1101\" itemprop=\"url\">Le Bollicine ed il progetto VOLver: i risultati dell&#8217;esperienza<\/a>\n\t\t\t\t\t\t\t<\/h3>\n\t\t\t\t\t\t\t\t\t\t\t\t\t\t<p itemprop=\"description\" class = \"qode-bct-post-excerpt\"> Si conclude Il progetto \u201cCavalcando Insieme\u201d promosso dall&#8217;Associazione e Bollicine nell&#8217;ambito del Bando Volver, promosso da Fondazione Monte dei Paschi di Siena, Cesvot, Ufficio Scolastico Regionale Toscana e la partecipazione attiva di una terza Classe del Liceo Scienze Umane E.S. Piccolomini di Siena. Il progetto...<\/p>\n\t\t\t\t\t\t\t<div class=\"qode-bct-post-date entry_date updated\" itemprop=\"dateCreated\">\n\t\t\t\t\t\t\t\t5 Luglio 2018\t\t\t\t\t\t\t\t<meta itemprop=\"interactionCount\" content=\"UserComments: 0\"\/>\n\t\t\t\t\t\t\t<\/div>\n\t\t\t\t\t\t<\/div>\n\t\t\t\t\t<\/div>\n\t\t\t\t\t\t\t\t\t\t\t\t<div class=\"qode-bct-post\">\n\t\t\t\t\t\t\t\t\t\t\t\t<div class=\"qode-bct-post-text\">\n\t\t\t\t\t\t\t<h3 class=\"qode-bct-post-title entry_title\" itemprop=\"name\">\n\t\t\t\t\t\t\t\t<a href=\"https:\/\/bollicine.org\/?p=1097\" itemprop=\"url\">Casa Clementina riceve il sostegno  dell&#8217;Ente Cassa di Risparmio di Firenze<\/a>\n\t\t\t\t\t\t\t<\/h3>\n\t\t\t\t\t\t\t\t\t\t\t\t\t\t<p itemprop=\"description\" class = \"qode-bct-post-excerpt\"> Il progetto di \u201cCasa Clementina \u201cha compiuto due anni\u00a0\u00a0 Le attivit\u00e0\u00a0\u00a0 finalizzate al poteziamento di autonomie personali e sociali promosse dall&#8217;Associaizone Le Bollcine, Asedo e Pubblica Assistenza di Siena hanno raggiunto importanti traguardi\u00a0 nell&#8217;anno 2016, dove i ragazzi con gradualit\u00e0 hanno finalmente acquisito un appratamneto...<\/p>\n\t\t\t\t\t\t\t<div class=\"qode-bct-post-date entry_date updated\" itemprop=\"dateCreated\">\n\t\t\t\t\t\t\t\t21 Giugno 2018\t\t\t\t\t\t\t\t<meta itemprop=\"interactionCount\" content=\"UserComments: 0\"\/>\n\t\t\t\t\t\t\t<\/div>\n\t\t\t\t\t\t<\/div>\n\t\t\t\t\t<\/div>\n\t\t\t\t\t\t\t\t\t\t\t\t<div class=\"qode-bct-post\">\n\t\t\t\t\t\t\t\t\t\t\t\t<div class=\"qode-bct-post-text\">\n\t\t\t\t\t\t\t<h3 class=\"qode-bct-post-title entry_title\" itemprop=\"name\">\n\t\t\t\t\t\t\t\t<a href=\"https:\/\/bollicine.org\/?p=1094\" itemprop=\"url\">Nuovo Consiglio Direttivo per l&#8217;Associazione Sportiva Le Bollicine<\/a>\n\t\t\t\t\t\t\t<\/h3>\n\t\t\t\t\t\t\t\t\t\t\t\t\t\t<p itemprop=\"description\" class = \"qode-bct-post-excerpt\"> Lo scorso 12 giugno si \u00e8 tenuta l&#8217;Assemblea dei soci dell&#8217;Associazione Sportiva Le Bollicine per il rinnovo delle Cariche Sociali. Dopo aver accompagnato il nostro percorso di crescita negli ultimi 10 anni, Francesca Poggiani, cede il passo a Paola Bisconti, gi\u00e0 membro del Consiglio Direttivo....<\/p>\n\t\t\t\t\t\t\t<div class=\"qode-bct-post-date entry_date updated\" itemprop=\"dateCreated\">\n\t\t\t\t\t\t\t\t14 Giugno 2018\t\t\t\t\t\t\t\t<meta itemprop=\"interactionCount\" content=\"UserComments: 0\"\/>\n\t\t\t\t\t\t\t<\/div>\n\t\t\t\t\t\t<\/div>\n\t\t\t\t\t<\/div>\n\t\t\t\t\t\t\t\t\t\t\t\t<div class=\"qode-bct-post\">\n\t\t\t\t\t\t\t\t\t\t\t\t<div class=\"qode-bct-post-text\">\n\t\t\t\t\t\t\t<h3 class=\"qode-bct-post-title entry_title\" itemprop=\"name\">\n\t\t\t\t\t\t\t\t<a href=\"https:\/\/bollicine.org\/?p=1091\" itemprop=\"url\">Oltre le barriere lo sport. Saggio di equitazione al Centro Tosca delle Bollicine<\/a>\n\t\t\t\t\t\t\t<\/h3>\n\t\t\t\t\t\t\t\t\t\t\t\t\t\t<p itemprop=\"description\" class = \"qode-bct-post-excerpt\"> L&#8217;Associazione Sportiva &#8220;Le Bollicine&#8221;, da oltre 25 anni, realizza percorsi di Riabilitazione Equestre e progetti legati alle autonomie per le persone diversamente abili del territorio senese. Sono oltre 40\u00a0 i beneficiari del corso di equitazione , residenti nei Comuni della Zona Senese. Si tratta di...<\/p>\n\t\t\t\t\t\t\t<div class=\"qode-bct-post-date entry_date updated\" itemprop=\"dateCreated\">\n\t\t\t\t\t\t\t\t3 Maggio 2018\t\t\t\t\t\t\t\t<meta itemprop=\"interactionCount\" content=\"UserComments: 0\"\/>\n\t\t\t\t\t\t\t<\/div>\n\t\t\t\t\t\t<\/div>\n\t\t\t\t\t<\/div>\n\t\t\t\t\t\t\t\t\t\t\t\t<div class=\"qode-bct-post\">\n\t\t\t\t\t\t\t\t\t\t\t\t<div class=\"qode-bct-post-text\">\n\t\t\t\t\t\t\t<h3 class=\"qode-bct-post-title entry_title\" itemprop=\"name\">\n\t\t\t\t\t\t\t\t<a href=\"https:\/\/bollicine.org\/?p=1084\" itemprop=\"url\">IV Torneo  Regionale di calcio a 7 unificato \u201cSPECIAL OLYMPICS.\u201d Un goal per un Sorriso\u201d \u2013 San Rocco a Pilli- 21 aprile Una Giornata di sport per gli atleti Special Olympics delle Bollicine<\/a>\n\t\t\t\t\t\t\t<\/h3>\n\t\t\t\t\t\t\t\t\t\t\t\t\t\t<p itemprop=\"description\" class = \"qode-bct-post-excerpt\"> L&#8217;Associazione Sportiva Le Bollicine, impegnata da molti anni nella promozione di attivit\u00e0 sportive in favore di persone diversamente abili, da circa 7 anni, \u00a0grazie alla collaborazione dell&#8217;AIAC e del Polisportiva CRAS , che hanno garantito supporto tecnico ed organizzativo alla realizzazione del progetto, ha creato...<\/p>\n\t\t\t\t\t\t\t<div class=\"qode-bct-post-date entry_date updated\" itemprop=\"dateCreated\">\n\t\t\t\t\t\t\t\t19 Aprile 2018\t\t\t\t\t\t\t\t<meta itemprop=\"interactionCount\" content=\"UserComments: 0\"\/>\n\t\t\t\t\t\t\t<\/div>\n\t\t\t\t\t\t<\/div>\n\t\t\t\t\t<\/div>\n\t\t\t\t\t\t\t\t\t\t\t\t<div class=\"qode-bct-post\">\n\t\t\t\t\t\t\t\t\t\t\t\t<div class=\"qode-bct-post-text\">\n\t\t\t\t\t\t\t<h3 class=\"qode-bct-post-title entry_title\" itemprop=\"name\">\n\t\t\t\t\t\t\t\t<a href=\"https:\/\/bollicine.org\/?p=1080\" itemprop=\"url\">Dona il tuo 5&#215;1000 alle Bollicine<\/a>\n\t\t\t\t\t\t\t<\/h3>\n\t\t\t\t\t\t\t\t\t\t\t\t\t\t<p itemprop=\"description\" class = \"qode-bct-post-excerpt\"> Anche quest&#8217;anno \u00e8 possibile destinare\u00a0\u00a0la quota del 5 per mille della Tua imposta sul reddito 2017 all\u2019Associazione Sportiva\u00a0Le Bollicine. Aderire \u00e8 semplice. E&#8217; sufficiente porre la tua\u00a0\u00a0firma sul riquadro\u00a0\u201cfinalit\u00e0 di volontariato \u201c e poi inserire il codice fiscale 92009180529. Grazie ai fondi a noi destinati...<\/p>\n\t\t\t\t\t\t\t<div class=\"qode-bct-post-date entry_date updated\" itemprop=\"dateCreated\">\n\t\t\t\t\t\t\t\t5 Aprile 2018\t\t\t\t\t\t\t\t<meta itemprop=\"interactionCount\" content=\"UserComments: 0\"\/>\n\t\t\t\t\t\t\t<\/div>\n\t\t\t\t\t\t<\/div>\n\t\t\t\t\t<\/div>\n\t\t\t\t\t\t\t\t\t\t\t\t<div class=\"qode-bct-post\">\n\t\t\t\t\t\t\t\t\t\t\t\t<div class=\"qode-bct-post-text\">\n\t\t\t\t\t\t\t<h3 class=\"qode-bct-post-title entry_title\" itemprop=\"name\">\n\t\t\t\t\t\t\t\t<a href=\"https:\/\/bollicine.org\/?p=1076\" itemprop=\"url\">Esito selezioni di giovani da impiegarsi in progetti di Servizio Civile Regionale presso l&#8217;Associazione Sportiva Le Bollicine<\/a>\n\t\t\t\t\t\t\t<\/h3>\n\t\t\t\t\t\t\t\t\t\t\t\t\t\t<p itemprop=\"description\" class = \"qode-bct-post-excerpt\"> Lo scorso 20 marzo 2018 si sono svolti i colloqui di selezione di giovani da impiegarsi nel progetto di Servizio Civile Regionale &#8220;Sport e autonomia- percorsi per l\u2019integrazione delle persone diversamente abili.&#8221; I proroga bando presentazione progetti FSE 2016. I candidati che hanno presentato domanda...<\/p>\n\t\t\t\t\t\t\t<div class=\"qode-bct-post-date entry_date updated\" itemprop=\"dateCreated\">\n\t\t\t\t\t\t\t\t28 Marzo 2018\t\t\t\t\t\t\t\t<meta itemprop=\"interactionCount\" content=\"UserComments: 0\"\/>\n\t\t\t\t\t\t\t<\/div>\n\t\t\t\t\t\t<\/div>\n\t\t\t\t\t<\/div>\n\t\t\t\t\t\t\t\t\t\t\t\t<div class=\"qode-bct-post\">\n\t\t\t\t\t\t\t\t\t\t\t\t<div class=\"qode-bct-post-text\">\n\t\t\t\t\t\t\t<h3 class=\"qode-bct-post-title entry_title\" itemprop=\"name\">\n\t\t\t\t\t\t\t\t<a href=\"https:\/\/bollicine.org\/?p=1072\" itemprop=\"url\">Servizio civile Regionale 2018: Le Bollicine selezionano 10 giovani.<\/a>\n\t\t\t\t\t\t\t<\/h3>\n\t\t\t\t\t\t\t\t\t\t\t\t\t\t<p itemprop=\"description\" class = \"qode-bct-post-excerpt\"> L\u2019Associazione Sportiva \u201cLe Bollicine\u201d seleziona 10 nuovi volontari del Servizio Civile Regionale. E&#8217; POSSIBILE PRESENTARE DOMANDA DI SELEZIONE ENTRO LE ORE 14.00 DEL GIORNO 2 MARZO 2018 \u00a0&#8211; Il progetto\u00a0 dell\u2019Associazione Le Bollicine e\u2019 :Sport e autonomia &#8221; percorsi per l\u2019integrazione sociale delle persone diversamente...<\/p>\n\t\t\t\t\t\t\t<div class=\"qode-bct-post-date entry_date updated\" itemprop=\"dateCreated\">\n\t\t\t\t\t\t\t\t1 Febbraio 2018\t\t\t\t\t\t\t\t<meta itemprop=\"interactionCount\" content=\"UserComments: 0\"\/>\n\t\t\t\t\t\t\t<\/div>\n\t\t\t\t\t\t<\/div>\n\t\t\t\t\t<\/div>\n\t\t\t\t\t\t\t\t\t\t\t\t<div class=\"qode-bct-post\">\n\t\t\t\t\t\t\t\t\t\t\t\t<div class=\"qode-bct-post-text\">\n\t\t\t\t\t\t\t<h3 class=\"qode-bct-post-title entry_title\" itemprop=\"name\">\n\t\t\t\t\t\t\t\t<a href=\"https:\/\/bollicine.org\/?p=1056\" itemprop=\"url\">\u201cFacciamo vivere Casa Clementina\u201d: nuova iniziativa il 10 febbraio.<\/a>\n\t\t\t\t\t\t\t<\/h3>\n\t\t\t\t\t\t\t\t\t\t\t\t\t\t<p itemprop=\"description\" class = \"qode-bct-post-excerpt\"> L&#8217;Associazione di volontariato &#8220;Le Bollicine&#8221; insieme alla Pubblica Assistenza di Siena e all&#8217;Associazione Senese Down, hanno dato vita a un progetto ambizioso, che offre l&#8217;opportunit\u00e0 di fare esperienze di vita autonoma all&#8217;interno di una vera e propria casa: Casa Clementina. Il nostro progetto \u00e8 cresciuto...<\/p>\n\t\t\t\t\t\t\t<div class=\"qode-bct-post-date entry_date updated\" itemprop=\"dateCreated\">\n\t\t\t\t\t\t\t\t23 Gennaio 2018\t\t\t\t\t\t\t\t<meta itemprop=\"interactionCount\" content=\"UserComments: 0\"\/>\n\t\t\t\t\t\t\t<\/div>\n\t\t\t\t\t\t<\/div>\n\t\t\t\t\t<\/div>\n\t\t\t\t\t\t\t\t\t\t\t\t<div class=\"qode-bct-post\">\n\t\t\t\t\t\t\t\t\t\t\t\t<div class=\"qode-bct-post-text\">\n\t\t\t\t\t\t\t<h3 class=\"qode-bct-post-title entry_title\" itemprop=\"name\">\n\t\t\t\t\t\t\t\t<a href=\"https:\/\/bollicine.org\/?p=1051\" itemprop=\"url\">Casa Clementina compie due anni. Bilancio dell&#8217;esperienza vissuta fino ad ora e prospettive future .<\/a>\n\t\t\t\t\t\t\t<\/h3>\n\t\t\t\t\t\t\t\t\t\t\t\t\t\t<p itemprop=\"description\" class = \"qode-bct-post-excerpt\"> Marted\u00ec 12 dicembre, in Sala delle Lupe a Palazzo Pubblico, si \u00e8 svolta la conferenza &#8220;Due anni di Casa Clementina: confronto e prospettive su percorsi e progetti per il Durante e Dopo di Noi&#8221; dove sono stati presentati i risultati dei primi due anni della...<\/p>\n\t\t\t\t\t\t\t<div class=\"qode-bct-post-date entry_date updated\" itemprop=\"dateCreated\">\n\t\t\t\t\t\t\t\t14 Dicembre 2017\t\t\t\t\t\t\t\t<meta itemprop=\"interactionCount\" content=\"UserComments: 0\"\/>\n\t\t\t\t\t\t\t<\/div>\n\t\t\t\t\t\t<\/div>\n\t\t\t\t\t<\/div>\n\t\t\t\t\t\t\t\t\t\t\t\t<div class=\"qode-bct-post\">\n\t\t\t\t\t\t\t\t\t\t\t\t<div class=\"qode-bct-post-text\">\n\t\t\t\t\t\t\t<h3 class=\"qode-bct-post-title entry_title\" itemprop=\"name\">\n\t\t\t\t\t\t\t\t<a href=\"https:\/\/bollicine.org\/?p=1044\" itemprop=\"url\">Cena di beneficenza 25 novembre all&#8217;Orto dei Tolomei<\/a>\n\t\t\t\t\t\t\t<\/h3>\n\t\t\t\t\t\t\t\t\t\t\t\t\t\t<p itemprop=\"description\" class = \"qode-bct-post-excerpt\"> Sabato 25 novembre l&#8217;Associazione Sportiva Le Bollicine organizza una cena per la raccolta fondi finalizzata al mantenimento delle attivit\u00e0 di riabilitazione equestre in favore delle persone diversamente abili, presso l&#8217;Orto Dei Tolomei. Potrete assaporare i gustosi piatti preparati dalle nostre cuoche. Per informazioni e prenotazioni...<\/p>\n\t\t\t\t\t\t\t<div class=\"qode-bct-post-date entry_date updated\" itemprop=\"dateCreated\">\n\t\t\t\t\t\t\t\t10 Novembre 2017\t\t\t\t\t\t\t\t<meta itemprop=\"interactionCount\" content=\"UserComments: 0\"\/>\n\t\t\t\t\t\t\t<\/div>\n\t\t\t\t\t\t<\/div>\n\t\t\t\t\t<\/div>\n\t\t\t\t\t\t\t\t\t\t\t\t<div class=\"qode-bct-post\">\n\t\t\t\t\t\t\t\t\t\t\t\t<div class=\"qode-bct-post-text\">\n\t\t\t\t\t\t\t<h3 class=\"qode-bct-post-title entry_title\" itemprop=\"name\">\n\t\t\t\t\t\t\t\t<a href=\"https:\/\/bollicine.org\/?p=1039\" itemprop=\"url\">LOTTERIA DI BENEFICENZA DELLE BOLLICINE: in vendita i biglietti<\/a>\n\t\t\t\t\t\t\t<\/h3>\n\t\t\t\t\t\t\t\t\t\t\t\t\t\t<p itemprop=\"description\" class = \"qode-bct-post-excerpt\"> &nbsp; Oggi, fino alle 19.30 e domani, sabato 21 ottobre, dalle 9.30 alle 19.30 sar\u00e0 possibile acquistare, presso la Coop delle Grondaie, i biglietti per la lotteria di beneficenza delle Bollicine. Il costo del biglietto \u00e8 3\u20ac. I premi in palio sono: 1\u00b0 PREMIO: BUONO...<\/p>\n\t\t\t\t\t\t\t<div class=\"qode-bct-post-date entry_date updated\" itemprop=\"dateCreated\">\n\t\t\t\t\t\t\t\t20 Ottobre 2017\t\t\t\t\t\t\t\t<meta itemprop=\"interactionCount\" content=\"UserComments: 0\"\/>\n\t\t\t\t\t\t\t<\/div>\n\t\t\t\t\t\t<\/div>\n\t\t\t\t\t<\/div>\n\t\t\t\t\t\t\t\t\t\t\t\t<div class=\"qode-bct-post\">\n\t\t\t\t\t\t\t\t\t\t\t\t<div class=\"qode-bct-post-text\">\n\t\t\t\t\t\t\t<h3 class=\"qode-bct-post-title entry_title\" itemprop=\"name\">\n\t\t\t\t\t\t\t\t<a href=\"https:\/\/bollicine.org\/?p=1035\" itemprop=\"url\">Pubblicata la graduatoria stilata per il Servizio Civile Nazionale 2017<\/a>\n\t\t\t\t\t\t\t<\/h3>\n\t\t\t\t\t\t\t\t\t\t\t\t\t\t<p itemprop=\"description\" class = \"qode-bct-post-excerpt\"> L&#8217;Associazione Sportiva Le Bollicine ha terminato tutte le procedure previste per la redazione e pubblicazione delle graduatorie dei giovani che hanno partecipato ai colloqui di selezione per il progetto di Servizio Civile Nazionale\u00a0\u201cInsieme per l\u2019autonomia: percorsi educativi finalizzati alla vita indipendente delle persone diversamente abili...<\/p>\n\t\t\t\t\t\t\t<div class=\"qode-bct-post-date entry_date updated\" itemprop=\"dateCreated\">\n\t\t\t\t\t\t\t\t5 Ottobre 2017\t\t\t\t\t\t\t\t<meta itemprop=\"interactionCount\" content=\"UserComments: 0\"\/>\n\t\t\t\t\t\t\t<\/div>\n\t\t\t\t\t\t<\/div>\n\t\t\t\t\t<\/div>\n\t\t\t\t\t\t\t\t\t\t\t\t<div class=\"qode-bct-post\">\n\t\t\t\t\t\t\t\t\t\t\t\t<div class=\"qode-bct-post-text\">\n\t\t\t\t\t\t\t<h3 class=\"qode-bct-post-title entry_title\" itemprop=\"name\">\n\t\t\t\t\t\t\t\t<a href=\"https:\/\/bollicine.org\/?p=1032\" itemprop=\"url\">Servizio Civile Nazionale:marted\u00ec 19 settembre le selezioni<\/a>\n\t\t\t\t\t\t\t<\/h3>\n\t\t\t\t\t\t\t\t\t\t\t\t\t\t<p itemprop=\"description\" class = \"qode-bct-post-excerpt\"> Domani pomeriggio, a partire dalle ore 14.30, presso la sede dell&#8217;Associazione Sportiva &#8220;Le Bollicine&#8221;, in via Franciosa 57, si svolgeranno i colloqui di selezione dei candidati che hanno presentato domanda per il progetto di Servizio Civile Nazionale &#8221; Insieme per l&#8217;autonomia: percorsi educativi finalizzati alla...<\/p>\n\t\t\t\t\t\t\t<div class=\"qode-bct-post-date entry_date updated\" itemprop=\"dateCreated\">\n\t\t\t\t\t\t\t\t18 Settembre 2017\t\t\t\t\t\t\t\t<meta itemprop=\"interactionCount\" content=\"UserComments: 0\"\/>\n\t\t\t\t\t\t\t<\/div>\n\t\t\t\t\t\t<\/div>\n\t\t\t\t\t<\/div>\n\t\t\t\t\t\t\t\t\t\t\t\t<div class=\"qode-bct-post\">\n\t\t\t\t\t\t\t\t\t\t\t\t<div class=\"qode-bct-post-text\">\n\t\t\t\t\t\t\t<h3 class=\"qode-bct-post-title entry_title\" itemprop=\"name\">\n\t\t\t\t\t\t\t\t<a href=\"https:\/\/bollicine.org\/?p=1028\" itemprop=\"url\">Cena sotto le stelle con i ragazzi delle Bollicine<\/a>\n\t\t\t\t\t\t\t<\/h3>\n\t\t\t\t\t\t\t\t\t\t\t\t\t\t<p itemprop=\"description\" class = \"qode-bct-post-excerpt\"> Sabato 2 settembre, ore 20.00, presso il Centro equestre Tosca delle Bollicine, tutti i nostri ragazzi vi invitano alla cena di fine estate sotto le stelle. Il men\u00f9 prevede: Benvenuto con bollicine Antipasto: millefoglie di melanzane e pomodori canditi con focaccia rustica ai fichi e...<\/p>\n\t\t\t\t\t\t\t<div class=\"qode-bct-post-date entry_date updated\" itemprop=\"dateCreated\">\n\t\t\t\t\t\t\t\t25 Agosto 2017\t\t\t\t\t\t\t\t<meta itemprop=\"interactionCount\" content=\"UserComments: 0\"\/>\n\t\t\t\t\t\t\t<\/div>\n\t\t\t\t\t\t<\/div>\n\t\t\t\t\t<\/div>\n\t\t\t\t\t\t\t\t\t\t\t\t<div class=\"qode-bct-post\">\n\t\t\t\t\t\t\t\t\t\t\t\t<div class=\"qode-bct-post-text\">\n\t\t\t\t\t\t\t<h3 class=\"qode-bct-post-title entry_title\" itemprop=\"name\">\n\t\t\t\t\t\t\t\t<a href=\"https:\/\/bollicine.org\/?p=1018\" itemprop=\"url\">BANDO DI SELEZIONE PER 6 VOLONTARI DI SERVIZIO CIVILE NAZIONALE: MODALITA&#8217; E TEMPISTICA DELLA PRESENTAZIONE DELLE DOMANDE<\/a>\n\t\t\t\t\t\t\t<\/h3>\n\t\t\t\t\t\t\t\t\t\t\t\t\t\t<p itemprop=\"description\" class = \"qode-bct-post-excerpt\"> Il prossimo 26 giugno, alle ore 14 scadranno i termini per la presentazione delle domande di selezione per la partecipazione al progetto di Servizio Civile Nazionale. Per ogni informazione \u00e8 possibile contattare la sede, dal luned\u00ec al venerd\u00ec, dalle ore 9 alle 13, allo 0577...<\/p>\n\t\t\t\t\t\t\t<div class=\"qode-bct-post-date entry_date updated\" itemprop=\"dateCreated\">\n\t\t\t\t\t\t\t\t5 Giugno 2017\t\t\t\t\t\t\t\t<meta itemprop=\"interactionCount\" content=\"UserComments: 0\"\/>\n\t\t\t\t\t\t\t<\/div>\n\t\t\t\t\t\t<\/div>\n\t\t\t\t\t<\/div>\n\t\t\t\t\t\t\t\t\t\t\t\t<div class=\"qode-bct-post\">\n\t\t\t\t\t\t\t\t\t\t\t\t<div class=\"qode-bct-post-text\">\n\t\t\t\t\t\t\t<h3 class=\"qode-bct-post-title entry_title\" itemprop=\"name\">\n\t\t\t\t\t\t\t\t<a href=\"https:\/\/bollicine.org\/?p=1012\" itemprop=\"url\">Le Bollicine selezionano 6 giovani volontari Servizio Civile Nazionale<\/a>\n\t\t\t\t\t\t\t<\/h3>\n\t\t\t\t\t\t\t\t\t\t\t\t\t\t<p itemprop=\"description\" class = \"qode-bct-post-excerpt\"> Siena, 29\/05\/2017 ELEMENTI ESSENZIALI DEL PROGETTO &nbsp; TITOLO DEL PROGETTO: \u201cInsieme per l\u2019autonomia: percorsi educativi finalizzati alla vita indipendente delle persone diversamente abili.&#8221; &nbsp; SETTORE e Area di Intervento: A 06 &nbsp; &nbsp; OBIETTIVI DEL PROGETTO Il Progetto \u201cInsieme per l\u2019autonomia: percorsi educativi finalizzati alla...<\/p>\n\t\t\t\t\t\t\t<div class=\"qode-bct-post-date entry_date updated\" itemprop=\"dateCreated\">\n\t\t\t\t\t\t\t\t29 Maggio 2017\t\t\t\t\t\t\t\t<meta itemprop=\"interactionCount\" content=\"UserComments: 0\"\/>\n\t\t\t\t\t\t\t<\/div>\n\t\t\t\t\t\t<\/div>\n\t\t\t\t\t<\/div>\n\t\t\t\t\t\t\t\t\t\t\t\t<div class=\"qode-bct-post\">\n\t\t\t\t\t\t\t\t\t\t\t\t<div class=\"qode-bct-post-text\">\n\t\t\t\t\t\t\t<h3 class=\"qode-bct-post-title entry_title\" itemprop=\"name\">\n\t\t\t\t\t\t\t\t<a href=\"https:\/\/bollicine.org\/?p=1004\" itemprop=\"url\">L\u2019ESTATE SI AVVICINA\u2026.Le Bollicine ti aspettano: le attivit\u00e0 diurne per minori proposte dalla nostra Associazione<\/a>\n\t\t\t\t\t\t\t<\/h3>\n\t\t\t\t\t\t\t\t\t\t\t\t\t\t<p itemprop=\"description\" class = \"qode-bct-post-excerpt\"> L&#8217;Associazione Sportiva Le Bollicine anche quest&#8217;anno organizza campi estivi per bambini dai 6 ai 14 anni, presso la propria struttura in loc. Agresto, San Rocco a Pilli, Siena. Il Centro, immerso nella natura, in un ambiente naturale, con cavalli che pascolano semibradi nelle colline, dispone...<\/p>\n\t\t\t\t\t\t\t<div class=\"qode-bct-post-date entry_date updated\" itemprop=\"dateCreated\">\n\t\t\t\t\t\t\t\t8 Maggio 2017\t\t\t\t\t\t\t\t<meta itemprop=\"interactionCount\" content=\"UserComments: 0\"\/>\n\t\t\t\t\t\t\t<\/div>\n\t\t\t\t\t\t<\/div>\n\t\t\t\t\t<\/div>\n\t\t\t\t\t\t\t\t\t\t\t\t<div class=\"qode-bct-post\">\n\t\t\t\t\t\t\t\t\t\t\t\t<div class=\"qode-bct-post-text\">\n\t\t\t\t\t\t\t<h3 class=\"qode-bct-post-title entry_title\" itemprop=\"name\">\n\t\t\t\t\t\t\t\t<a href=\"https:\/\/bollicine.org\/?p=998\" itemprop=\"url\">Sport Oltre le Barriere grazie all\u2019Associazione le Bollicine.<\/a>\n\t\t\t\t\t\t\t<\/h3>\n\t\t\t\t\t\t\t\t\t\t\t\t\t\t<p itemprop=\"description\" class = \"qode-bct-post-excerpt\"> L&#8217;Associazione Sportiva Le Bollicine, impegnata da molti anni nella promozione di attivit\u00e0 sportive in favore di persone diversamente abili, continua con impegno e costanza la promozione dello sport in favore delle persone con disabilit\u00e0 nel territorio Senese. Attualmente si realizzano un corso di calcio, un...<\/p>\n\t\t\t\t\t\t\t<div class=\"qode-bct-post-date entry_date updated\" itemprop=\"dateCreated\">\n\t\t\t\t\t\t\t\t4 Maggio 2017\t\t\t\t\t\t\t\t<meta itemprop=\"interactionCount\" content=\"UserComments: 0\"\/>\n\t\t\t\t\t\t\t<\/div>\n\t\t\t\t\t\t<\/div>\n\t\t\t\t\t<\/div>\n\t\t\t\t\t\t\t\t\t\t\t\t<div class=\"qode-bct-post\">\n\t\t\t\t\t\t\t\t\t\t\t\t<div class=\"qode-bct-post-text\">\n\t\t\t\t\t\t\t<h3 class=\"qode-bct-post-title entry_title\" itemprop=\"name\">\n\t\t\t\t\t\t\t\t<a href=\"https:\/\/bollicine.org\/?p=995\" itemprop=\"url\">Saggio di Equitazione per i cavalieri delle Bollicine<\/a>\n\t\t\t\t\t\t\t<\/h3>\n\t\t\t\t\t\t\t\t\t\t\t\t\t\t<p itemprop=\"description\" class = \"qode-bct-post-excerpt\"> Luned\u00ec 1 maggio i ragazzi che frequentano le lezioni di Riabilitazione Equestre presso il Centro &#8220;Tosca delle Bollicine&#8221; saranno impegnati nell&#8217;annuale saggio. I ragazzi si cimenteranno in esibizioni a cavallo al passo ed al trotto. \u00a0La manifestazione prender\u00e0 il via alle 10 del mattino e...<\/p>\n\t\t\t\t\t\t\t<div class=\"qode-bct-post-date entry_date updated\" itemprop=\"dateCreated\">\n\t\t\t\t\t\t\t\t28 Aprile 2017\t\t\t\t\t\t\t\t<meta itemprop=\"interactionCount\" content=\"UserComments: 0\"\/>\n\t\t\t\t\t\t\t<\/div>\n\t\t\t\t\t\t<\/div>\n\t\t\t\t\t<\/div>\n\t\t\t\t\t\t\t\t\t\t\t\t<div class=\"qode-bct-post\">\n\t\t\t\t\t\t\t\t\t\t\t\t<div class=\"qode-bct-post-text\">\n\t\t\t\t\t\t\t<h3 class=\"qode-bct-post-title entry_title\" itemprop=\"name\">\n\t\t\t\t\t\t\t\t<a href=\"https:\/\/bollicine.org\/?p=990\" itemprop=\"url\">III Torneo  Regionale di calcio a 7 unificato \u201cSPECIAL OLYMPICS.\u201d Un goal per un Sorriso\u201d \u2013 San Rocco a Pilli- 22 aprile Una Giornata di sport per gli atleti Special Olympics delle Bollicine.<\/a>\n\t\t\t\t\t\t\t<\/h3>\n\t\t\t\t\t\t\t\t\t\t\t\t\t\t<p itemprop=\"description\" class = \"qode-bct-post-excerpt\"> L&#8217;Associazione Sportiva Le Bollicine, impegnata da molti anni nella promozione di attivit\u00e0 sportive in favore di persone diversamente abili, da circa 6 anni, \u00a0grazie alla collaborazione dell&#8217;AIAC e del Polisportiva CRAS , che hanno garantito supporto tecnico ed organizzativo alla realizzazione del progetto, ha creato...<\/p>\n\t\t\t\t\t\t\t<div class=\"qode-bct-post-date entry_date updated\" itemprop=\"dateCreated\">\n\t\t\t\t\t\t\t\t20 Aprile 2017\t\t\t\t\t\t\t\t<meta itemprop=\"interactionCount\" content=\"UserComments: 0\"\/>\n\t\t\t\t\t\t\t<\/div>\n\t\t\t\t\t\t<\/div>\n\t\t\t\t\t<\/div>\n\t\t\t\t\t\t\t\t\t\t\t\t<div class=\"qode-bct-post\">\n\t\t\t\t\t\t\t\t\t\t\t\t<div class=\"qode-bct-post-text\">\n\t\t\t\t\t\t\t<h3 class=\"qode-bct-post-title entry_title\" itemprop=\"name\">\n\t\t\t\t\t\t\t\t<a href=\"https:\/\/bollicine.org\/?p=987\" itemprop=\"url\">Esito selezioni volontari Servizio Civile Regionale<\/a>\n\t\t\t\t\t\t\t<\/h3>\n\t\t\t\t\t\t\t\t\t\t\t\t\t\t<p itemprop=\"description\" class = \"qode-bct-post-excerpt\"> Vengono resi noti i risultati dei colloqui di selezione per giovani volontari da impiegarsi nel progetto di Servizio Civile Regionale &#8220;Sport e autonomia- percorsi per l&#8217;integrazione delle persone diversamente abili&#8221;, presso l&#8217;Associazione Sportiva Le Bollicine. I colloqui si sono svolti ieri ed i risultati sono...<\/p>\n\t\t\t\t\t\t\t<div class=\"qode-bct-post-date entry_date updated\" itemprop=\"dateCreated\">\n\t\t\t\t\t\t\t\t6 Aprile 2017\t\t\t\t\t\t\t\t<meta itemprop=\"interactionCount\" content=\"UserComments: 0\"\/>\n\t\t\t\t\t\t\t<\/div>\n\t\t\t\t\t\t<\/div>\n\t\t\t\t\t<\/div>\n\t\t\t\t\t\t\t\t\t\t\t\t<div class=\"qode-bct-post\">\n\t\t\t\t\t\t\t\t\t\t\t\t<div class=\"qode-bct-post-text\">\n\t\t\t\t\t\t\t<h3 class=\"qode-bct-post-title entry_title\" itemprop=\"name\">\n\t\t\t\t\t\t\t\t<a href=\"https:\/\/bollicine.org\/?p=983\" itemprop=\"url\">Selezioni volontari SCR Progetto &#8220;Sport e autonomia&#8221; percorsi per l&#8217;integrazione sociale delle persone diversamente abili<\/a>\n\t\t\t\t\t\t\t<\/h3>\n\t\t\t\t\t\t\t\t\t\t\t\t\t\t<p itemprop=\"description\" class = \"qode-bct-post-excerpt\"> L&#8217;Associazione Sportiva Le Bollicine rende noto che, a seguito delle candidature per lo svolgimento del Servizio Civile Regionale nel progetto &#8220;Sport e autonomia&#8221; percorsi per l&#8217;integrazione delle persone diversamente abili, il giorno 5 aprile 2017, a partire dalle ore 10.30, presso la sede di via...<\/p>\n\t\t\t\t\t\t\t<div class=\"qode-bct-post-date entry_date updated\" itemprop=\"dateCreated\">\n\t\t\t\t\t\t\t\t4 Aprile 2017\t\t\t\t\t\t\t\t<meta itemprop=\"interactionCount\" content=\"UserComments: 0\"\/>\n\t\t\t\t\t\t\t<\/div>\n\t\t\t\t\t\t<\/div>\n\t\t\t\t\t<\/div>\n\t\t\t\t\t\t\t\t\t\t\t\t<div class=\"qode-bct-post\">\n\t\t\t\t\t\t\t\t\t\t\t\t<div class=\"qode-bct-post-text\">\n\t\t\t\t\t\t\t<h3 class=\"qode-bct-post-title entry_title\" itemprop=\"name\">\n\t\t\t\t\t\t\t\t<a href=\"https:\/\/bollicine.org\/?p=976\" itemprop=\"url\">I ragazzi di Casa Clementina ospiti della Contrada di Valdimontone<\/a>\n\t\t\t\t\t\t\t<\/h3>\n\t\t\t\t\t\t\t\t\t\t\t\t\t\t<p itemprop=\"description\" class = \"qode-bct-post-excerpt\"> I ragazzi di Casa Clementina, venerd\u00ec scorso, sono stati ospiti della Contrada di Valdimontone. I ragazzi sono stati accolti calorosamente ed hanno potuto visitare il Museo e la Chiesa della Contrada, La serata \u00e8 stata allietata da una bellissima cena all&#8217;insegna della socializzazione e dell&#8217;integrazione....<\/p>\n\t\t\t\t\t\t\t<div class=\"qode-bct-post-date entry_date updated\" itemprop=\"dateCreated\">\n\t\t\t\t\t\t\t\t28 Marzo 2017\t\t\t\t\t\t\t\t<meta itemprop=\"interactionCount\" content=\"UserComments: 0\"\/>\n\t\t\t\t\t\t\t<\/div>\n\t\t\t\t\t\t<\/div>\n\t\t\t\t\t<\/div>\n\t\t\t\t\t\t\t\t\t\t\t\t<div class=\"qode-bct-post\">\n\t\t\t\t\t\t\t\t\t\t\t\t<div class=\"qode-bct-post-text\">\n\t\t\t\t\t\t\t<h3 class=\"qode-bct-post-title entry_title\" itemprop=\"name\">\n\t\t\t\t\t\t\t\t<a href=\"https:\/\/bollicine.org\/?p=962\" itemprop=\"url\">Bando di selezione per volontari del Servizio Civile Regionale. Le Bollicine selezionano 10 volontari. Scadenza 3 marzo 2017<\/a>\n\t\t\t\t\t\t\t<\/h3>\n\t\t\t\t\t\t\t\t\t\t\t\t\t\t<p itemprop=\"description\" class = \"qode-bct-post-excerpt\"> L\u2019Associazione Sportiva \u201cLe Bollicine\u201d seleziona 10 nuovi volontari del Servizio Civile Regionale. E&#8217; POSSIBILE PRESENTARE DOMANDA DI SELEZIONE ENTRO IL GIORNO \u00a03 Marzo 2017- &nbsp; &nbsp; Il progetto\u00a0 dell\u2019Associazione Le Bollicine :&#8221;Sport e autonomia\u00a0&#8221; percorsi per l\u2019integrazione sociale delle persone diversamente abili . Per tutte...<\/p>\n\t\t\t\t\t\t\t<div class=\"qode-bct-post-date entry_date updated\" itemprop=\"dateCreated\">\n\t\t\t\t\t\t\t\t7 Febbraio 2017\t\t\t\t\t\t\t\t<meta itemprop=\"interactionCount\" content=\"UserComments: 0\"\/>\n\t\t\t\t\t\t\t<\/div>\n\t\t\t\t\t\t<\/div>\n\t\t\t\t\t<\/div>\n\t\t\t\t\t\t\t\t\t\t\t\t<div class=\"qode-bct-post\">\n\t\t\t\t\t\t\t\t\t\t\t\t<div class=\"qode-bct-post-text\">\n\t\t\t\t\t\t\t<h3 class=\"qode-bct-post-title entry_title\" itemprop=\"name\">\n\t\t\t\t\t\t\t\t<a href=\"https:\/\/bollicine.org\/?p=952\" itemprop=\"url\">Casa Clementina riceve il sostegno dell&#8217;otto per mille della Chiesa Valdese<\/a>\n\t\t\t\t\t\t\t<\/h3>\n\t\t\t\t\t\t\t\t\t\t\t\t\t\t<p itemprop=\"description\" class = \"qode-bct-post-excerpt\"> Il progetto di \u201cCasa Clementina \u201cha compiuto un anno.\u00a0 Le attivit\u00e0\u00a0\u00a0 finalizzate al poteziamento di autonomie personali e sociali promosse dall&#8217;Associazione Le Bollicine, Asedo e Pubblica Assistenza di Siena hanno raggiunto importanti traguardi\u00a0 nell&#8217;anno 2016.I ragazzi, con gradualit\u00e0, hanno finalmente acquisito un appartamento per \u201cVivere...<\/p>\n\t\t\t\t\t\t\t<div class=\"qode-bct-post-date entry_date updated\" itemprop=\"dateCreated\">\n\t\t\t\t\t\t\t\t3 Febbraio 2017\t\t\t\t\t\t\t\t<meta itemprop=\"interactionCount\" content=\"UserComments: 0\"\/>\n\t\t\t\t\t\t\t<\/div>\n\t\t\t\t\t\t<\/div>\n\t\t\t\t\t<\/div>\n\t\t\t\t\t\t\t\t\t\t\t\t<div class=\"qode-bct-post\">\n\t\t\t\t\t\t\t\t\t\t\t\t<div class=\"qode-bct-post-text\">\n\t\t\t\t\t\t\t<h3 class=\"qode-bct-post-title entry_title\" itemprop=\"name\">\n\t\t\t\t\t\t\t\t<a href=\"https:\/\/bollicine.org\/?p=938\" itemprop=\"url\">Spettacolo teatrale in favore delle Bollicine<\/a>\n\t\t\t\t\t\t\t<\/h3>\n\t\t\t\t\t\t\t\t\t\t\t\t\t\t<p itemprop=\"description\" class = \"qode-bct-post-excerpt\"> Siena- Marted\u00ec 22 novembre, presso il Teatro Sant&#8217;Agostino di Colle val D&#8217;Elsa, alle ore 21.15, la compagnia teatrale &#8220;La Sveglia&#8221; porta in scena lo spettacolo &#8220;Pagamento alla consegna&#8221;. Il ricavato dell&#8217;evento sar\u00e0 destinato a\u00a0Asilo di San Giuseppe, Associazione di Volontariato Le Bollicine Onlus e Gabnichi...<\/p>\n\t\t\t\t\t\t\t<div class=\"qode-bct-post-date entry_date updated\" itemprop=\"dateCreated\">\n\t\t\t\t\t\t\t\t3 Novembre 2016\t\t\t\t\t\t\t\t<meta itemprop=\"interactionCount\" content=\"UserComments: 0\"\/>\n\t\t\t\t\t\t\t<\/div>\n\t\t\t\t\t\t<\/div>\n\t\t\t\t\t<\/div>\n\t\t\t\t\t\t\t\t\t\t\t\t<div class=\"qode-bct-post\">\n\t\t\t\t\t\t\t\t\t\t\t\t<div class=\"qode-bct-post-text\">\n\t\t\t\t\t\t\t<h3 class=\"qode-bct-post-title entry_title\" itemprop=\"name\">\n\t\t\t\t\t\t\t\t<a href=\"https:\/\/bollicine.org\/?p=933\" itemprop=\"url\">Apericena per il Centro Italia organizzata a Casa Clementina<\/a>\n\t\t\t\t\t\t\t<\/h3>\n\t\t\t\t\t\t\t\t\t\t\t\t\t\t<p itemprop=\"description\" class = \"qode-bct-post-excerpt\"> In questo momento di grande difficolt\u00e0 per le popolazioni del Centro Italia colpite dal terremoto, ci \u00e8 sembrato importante portare un nostro contributo per aiutare le famiglie senza tetto. I ragazzi di Casa Clementina organizzano il giorno 16 novembre un\u2019apericena presso l\u2019Orto dei Tolomei per...<\/p>\n\t\t\t\t\t\t\t<div class=\"qode-bct-post-date entry_date updated\" itemprop=\"dateCreated\">\n\t\t\t\t\t\t\t\t3 Novembre 2016\t\t\t\t\t\t\t\t<meta itemprop=\"interactionCount\" content=\"UserComments: 0\"\/>\n\t\t\t\t\t\t\t<\/div>\n\t\t\t\t\t\t<\/div>\n\t\t\t\t\t<\/div>\n\t\t\t\t\t\t\t\t\t\t\t\t<div class=\"qode-bct-post\">\n\t\t\t\t\t\t\t\t\t\t\t\t<div class=\"qode-bct-post-text\">\n\t\t\t\t\t\t\t<h3 class=\"qode-bct-post-title entry_title\" itemprop=\"name\">\n\t\t\t\t\t\t\t\t<a href=\"https:\/\/bollicine.org\/?p=928\" itemprop=\"url\">Corso di formazione CESVOT: \u201cEDUCARE ALL\u2019AUTONOMIA: PERCORSO FORMATIVO PER VOLONTARI IMPEGNATI NEI PROGETTI DEL DURANTE E DOPO DI NOI\u201d<\/a>\n\t\t\t\t\t\t\t<\/h3>\n\t\t\t\t\t\t\t\t\t\t\t\t\t\t<p itemprop=\"description\" class = \"qode-bct-post-excerpt\"> L&#8217;Associazione Senese Down, l&#8217;Associazione Pubblica Assistenza di Siena e l&#8217;Associazione Sportiva Le Bollicine organizzano, nell&#8217;ambito dei percorsi di Formazione CESVOT 2016, un corso di formazione intitolato\u00a0\u201cEDUCARE ALL\u2019AUTONOMIA: PERCORSO FORMATIVO PER VOLONTARI IMPEGNATI NEI PROGETTI DEL DURANTE E DOPO DI NOI\u201d. Il corso si svolger\u00e0 a...<\/p>\n\t\t\t\t\t\t\t<div class=\"qode-bct-post-date entry_date updated\" itemprop=\"dateCreated\">\n\t\t\t\t\t\t\t\t17 Ottobre 2016\t\t\t\t\t\t\t\t<meta itemprop=\"interactionCount\" content=\"UserComments: 0\"\/>\n\t\t\t\t\t\t\t<\/div>\n\t\t\t\t\t\t<\/div>\n\t\t\t\t\t<\/div>\n\t\t\t\t\t\t\t\t\t\t\t\t<div class=\"qode-bct-post\">\n\t\t\t\t\t\t\t\t\t\t\t\t<div class=\"qode-bct-post-text\">\n\t\t\t\t\t\t\t<h3 class=\"qode-bct-post-title entry_title\" itemprop=\"name\">\n\t\t\t\t\t\t\t\t<a href=\"https:\/\/bollicine.org\/?p=925\" itemprop=\"url\">Campi estivi 2016: sono aperte le iscrizioni.<\/a>\n\t\t\t\t\t\t\t<\/h3>\n\t\t\t\t\t\t\t\t\t\t\t\t\t\t<p itemprop=\"description\" class = \"qode-bct-post-excerpt\"> Anche quest\u2019anno proponiamo due\u00a0settimane a contatto con i nostri cavalli e la natura nel meraviglioso Centro \u201cTosca de Le Bollicine\u201d. \u201cTosca e Stranivari\u201d, campo estivo finalizzato alla scoperta del mondo del cavallo nella sua naturalit\u00e0 e nelle sue potenzialit\u00e0 emozionali ed emotive si svolger\u00e0 nella...<\/p>\n\t\t\t\t\t\t\t<div class=\"qode-bct-post-date entry_date updated\" itemprop=\"dateCreated\">\n\t\t\t\t\t\t\t\t17 Maggio 2016\t\t\t\t\t\t\t\t<meta itemprop=\"interactionCount\" content=\"UserComments: 0\"\/>\n\t\t\t\t\t\t\t<\/div>\n\t\t\t\t\t\t<\/div>\n\t\t\t\t\t<\/div>\n\t\t\t\t\t\t\t\t\t\t\t\t<div class=\"qode-bct-post\">\n\t\t\t\t\t\t\t\t\t\t\t\t<div class=\"qode-bct-post-text\">\n\t\t\t\t\t\t\t<h3 class=\"qode-bct-post-title entry_title\" itemprop=\"name\">\n\t\t\t\t\t\t\t\t<a href=\"https:\/\/bollicine.org\/?p=914\" itemprop=\"url\">GRADUATORIA SELEZIONE SERVIZIO CIVILE NAZIONALE 2016<\/a>\n\t\t\t\t\t\t\t<\/h3>\n\t\t\t\t\t\t\t\t\t\t\t\t\t\t<p itemprop=\"description\" class = \"qode-bct-post-excerpt\"> Al termine delle procedure di selezione dei volontari di Servizio Civile Nazionale, relative al progetto &#8220;Insieme in movimento&#8221; , \u00e8 stata stilata la seguente graduatoria. Avvisiamo che la data di ingresso in servizio \u00e8 indicativa, fermo restando l&#8217;approvazione da parte dell&#8217;Ufficio del Servizio Civile Nazionale,...<\/p>\n\t\t\t\t\t\t\t<div class=\"qode-bct-post-date entry_date updated\" itemprop=\"dateCreated\">\n\t\t\t\t\t\t\t\t6 Maggio 2016\t\t\t\t\t\t\t\t<meta itemprop=\"interactionCount\" content=\"UserComments: 0\"\/>\n\t\t\t\t\t\t\t<\/div>\n\t\t\t\t\t\t<\/div>\n\t\t\t\t\t<\/div>\n\t\t\t\t\t\t\t\t\t\t\t\t<div class=\"qode-bct-post\">\n\t\t\t\t\t\t\t\t\t\t\t\t<div class=\"qode-bct-post-text\">\n\t\t\t\t\t\t\t<h3 class=\"qode-bct-post-title entry_title\" itemprop=\"name\">\n\t\t\t\t\t\t\t\t<a href=\"https:\/\/bollicine.org\/?p=910\" itemprop=\"url\">Itinerari del gusto con Le Bollicine.<\/a>\n\t\t\t\t\t\t\t<\/h3>\n\t\t\t\t\t\t\t\t\t\t\t\t\t\t<p itemprop=\"description\" class = \"qode-bct-post-excerpt\"> L&#8217;Associazione Le Bollicine promuove l&#8217;evento di ristorazione &#8221; Itinerari del gusto&#8221;. L&#8217;appuntamento sar\u00e0 il 29 aprile nella splendida cornice del Teatro dei Rozzi, a Siena,con men\u00f9 di eccezione preparato dai ragazzi delle Bollicine. L&#8217;evento \u00e8 organizzato allo scopo di raccogliere fondi per l&#8217;acquisto di una...<\/p>\n\t\t\t\t\t\t\t<div class=\"qode-bct-post-date entry_date updated\" itemprop=\"dateCreated\">\n\t\t\t\t\t\t\t\t6 Aprile 2016\t\t\t\t\t\t\t\t<meta itemprop=\"interactionCount\" content=\"UserComments: 0\"\/>\n\t\t\t\t\t\t\t<\/div>\n\t\t\t\t\t\t<\/div>\n\t\t\t\t\t<\/div>\n\t\t\t\t\t\t\t\t\t\t\t\t<div class=\"qode-bct-post\">\n\t\t\t\t\t\t\t\t\t\t\t\t<div class=\"qode-bct-post-text\">\n\t\t\t\t\t\t\t<h3 class=\"qode-bct-post-title entry_title\" itemprop=\"name\">\n\t\t\t\t\t\t\t\t<a href=\"https:\/\/bollicine.org\/?p=906\" itemprop=\"url\">NUOVO BANDO PER LA SELEZIONE DI VOLONTARI DEL SERVIZIO CIVILE NAZIONALE<\/a>\n\t\t\t\t\t\t\t<\/h3>\n\t\t\t\t\t\t\t\t\t\t\t\t\t\t<p itemprop=\"description\" class = \"qode-bct-post-excerpt\"> Bando di selezione per volontari di Servizio Civile Nazionale presso l&#8217;Associazione Le Bollicine &nbsp; L&#8217;Associazione Sportiva &#8220;Le Bollicine&#8221; seleziona 4 volontari per il Servizio Civile Nazionale. I giovani parteciperanno al progetto &#8220;Insieme in movimento- Percorsi educativi e sportivi finalizzati all&#8217;incremento delle autonomie personali&#8221;. Possono partecipare...<\/p>\n\t\t\t\t\t\t\t<div class=\"qode-bct-post-date entry_date updated\" itemprop=\"dateCreated\">\n\t\t\t\t\t\t\t\t30 Marzo 2016\t\t\t\t\t\t\t\t<meta itemprop=\"interactionCount\" content=\"UserComments: 0\"\/>\n\t\t\t\t\t\t\t<\/div>\n\t\t\t\t\t\t<\/div>\n\t\t\t\t\t<\/div>\n\t\t\t\t\t\t\t\t\t\t\t\t<div class=\"qode-bct-post\">\n\t\t\t\t\t\t\t\t\t\t\t\t<div class=\"qode-bct-post-text\">\n\t\t\t\t\t\t\t<h3 class=\"qode-bct-post-title entry_title\" itemprop=\"name\">\n\t\t\t\t\t\t\t\t<a href=\"https:\/\/bollicine.org\/?p=902\" itemprop=\"url\">5&#215;1000 anno 2015<\/a>\n\t\t\t\t\t\t\t<\/h3>\n\t\t\t\t\t\t\t\t\t\t\t\t\t\t<p itemprop=\"description\" class = \"qode-bct-post-excerpt\"> Anche quest&#8217;anno \u00e8 possibile devolvere la quota del 5 per mille sui redditi 2015 all&#8217;Associazione Sportiva &#8220;Le Bollicine&#8221;. Grazie ai contributi ricevuti negli anni passati \u00e8 stato possibile realizzare la prima iniziativa nella nostra citt\u00e0 finalizzata ad un progetto sull\u2019autonomia del Durante e Dopo di...<\/p>\n\t\t\t\t\t\t\t<div class=\"qode-bct-post-date entry_date updated\" itemprop=\"dateCreated\">\n\t\t\t\t\t\t\t\t25 Marzo 2016\t\t\t\t\t\t\t\t<meta itemprop=\"interactionCount\" content=\"UserComments: 0\"\/>\n\t\t\t\t\t\t\t<\/div>\n\t\t\t\t\t\t<\/div>\n\t\t\t\t\t<\/div>\n\t\t\t\t\t\t\t\t\t\t\t\t<div class=\"qode-bct-post\">\n\t\t\t\t\t\t\t\t\t\t\t\t<div class=\"qode-bct-post-text\">\n\t\t\t\t\t\t\t<h3 class=\"qode-bct-post-title entry_title\" itemprop=\"name\">\n\t\t\t\t\t\t\t\t<a href=\"https:\/\/bollicine.org\/?p=899\" itemprop=\"url\">Itinerari del Gusto delle Bollicine: si replica il 20 marzo<\/a>\n\t\t\t\t\t\t\t<\/h3>\n\t\t\t\t\t\t\t\t\t\t\t\t\t\t<p itemprop=\"description\" class = \"qode-bct-post-excerpt\"> Siamo felici del successo riscontrato dall&#8217;iniziativa &#8220;Itinerari del gusto&#8221; delle Bollicine, programmato per il prossimo 19 marzo a Villa Corsano, Monteroni d&#8217;Arbia. Data la richiesta di partecipazione, abbiamo deciso di replicare la serata, domenica 20 marzo, sempre nella suggestiva cornice di Villa Corsano. Per ulteriori...<\/p>\n\t\t\t\t\t\t\t<div class=\"qode-bct-post-date entry_date updated\" itemprop=\"dateCreated\">\n\t\t\t\t\t\t\t\t14 Marzo 2016\t\t\t\t\t\t\t\t<meta itemprop=\"interactionCount\" content=\"UserComments: 0\"\/>\n\t\t\t\t\t\t\t<\/div>\n\t\t\t\t\t\t<\/div>\n\t\t\t\t\t<\/div>\n\t\t\t\t\t\t\t\t\t\t\t\t<div class=\"qode-bct-post\">\n\t\t\t\t\t\t\t\t\t\t\t\t<div class=\"qode-bct-post-text\">\n\t\t\t\t\t\t\t<h3 class=\"qode-bct-post-title entry_title\" itemprop=\"name\">\n\t\t\t\t\t\t\t\t<a href=\"https:\/\/bollicine.org\/?p=888\" itemprop=\"url\">Il Corriere di Siena visita &#8220;Casa Clementina&#8221;<\/a>\n\t\t\t\t\t\t\t<\/h3>\n\t\t\t\t\t\t\t\t\t\t\t\t\t\t<p itemprop=\"description\" class = \"qode-bct-post-excerpt\"> La scorsa settimana la giornalista del Corriere di Siena, Sonia Maggi, ha visitato &#8220;Casa Clementina&#8221;. I nostri ragazzi tornano a far parlare di s\u00e8<\/p>\n\t\t\t\t\t\t\t<div class=\"qode-bct-post-date entry_date updated\" itemprop=\"dateCreated\">\n\t\t\t\t\t\t\t\t9 Marzo 2016\t\t\t\t\t\t\t\t<meta itemprop=\"interactionCount\" content=\"UserComments: 0\"\/>\n\t\t\t\t\t\t\t<\/div>\n\t\t\t\t\t\t<\/div>\n\t\t\t\t\t<\/div>\n\t\t\t\t\t\t\t\t\t\t\t\t<div class=\"qode-bct-post\">\n\t\t\t\t\t\t\t\t\t\t\t\t<div class=\"qode-bct-post-text\">\n\t\t\t\t\t\t\t<h3 class=\"qode-bct-post-title entry_title\" itemprop=\"name\">\n\t\t\t\t\t\t\t\t<a href=\"https:\/\/bollicine.org\/?p=884\" itemprop=\"url\">Itinerari del gusto: nuova iniziativa delle Bollicine<\/a>\n\t\t\t\t\t\t\t<\/h3>\n\t\t\t\t\t\t\t\t\t\t\t\t\t\t<p itemprop=\"description\" class = \"qode-bct-post-excerpt\"> L&#8217;Associazione Le Bollicine promuove due eventi di ristorazione &#8221; Itinerari del gu sto&#8221;. Il primo appuntamento sar\u00e0 19 marzo nella suggestiva cornice di Villa Corsano, con men\u00f9 di eccezione preparato dai ragazzi delle Bollicine. L&#8217;evento \u00e8 organizzato allo scopo di raccogliere fondi per l&#8217;acquisto di...<\/p>\n\t\t\t\t\t\t\t<div class=\"qode-bct-post-date entry_date updated\" itemprop=\"dateCreated\">\n\t\t\t\t\t\t\t\t1 Marzo 2016\t\t\t\t\t\t\t\t<meta itemprop=\"interactionCount\" content=\"UserComments: 0\"\/>\n\t\t\t\t\t\t\t<\/div>\n\t\t\t\t\t\t<\/div>\n\t\t\t\t\t<\/div>\n\t\t\t\t\t\t\t\t\t\t\t\t<div class=\"qode-bct-post\">\n\t\t\t\t\t\t\t\t\t\t\t\t<div class=\"qode-bct-post-text\">\n\t\t\t\t\t\t\t<h3 class=\"qode-bct-post-title entry_title\" itemprop=\"name\">\n\t\t\t\t\t\t\t\t<a href=\"https:\/\/bollicine.org\/?p=874\" itemprop=\"url\">Finalmente&#8230; Casa Clementina<\/a>\n\t\t\t\t\t\t\t<\/h3>\n\t\t\t\t\t\t\t\t\t\t\t\t\t\t<p itemprop=\"description\" class = \"qode-bct-post-excerpt\"> \u00a0Con grande orgoglio annunciamo che siamo pronti. Luned\u00ec 14 dicembre, alle ore 12, presso la RSA Caccialupi- ASP Citt\u00e0 di Siena, via Mattioli, 15, presenteremo &#8220;Casa Clementina&#8221;. L&#8217;iniziativa \u00e8 parte del progetto, realizzato con l&#8217;Associazione Pubblica Assistenza di Siena, \u00a0l&#8217;Associazione Senese Down e con la...<\/p>\n\t\t\t\t\t\t\t<div class=\"qode-bct-post-date entry_date updated\" itemprop=\"dateCreated\">\n\t\t\t\t\t\t\t\t4 Dicembre 2015\t\t\t\t\t\t\t\t<meta itemprop=\"interactionCount\" content=\"UserComments: 0\"\/>\n\t\t\t\t\t\t\t<\/div>\n\t\t\t\t\t\t<\/div>\n\t\t\t\t\t<\/div>\n\t\t\t\t\t\t\t\t\t\t\t\t<div class=\"qode-bct-post\">\n\t\t\t\t\t\t\t\t\t\t\t\t<div class=\"qode-bct-post-text\">\n\t\t\t\t\t\t\t<h3 class=\"qode-bct-post-title entry_title\" itemprop=\"name\">\n\t\t\t\t\t\t\t\t<a href=\"https:\/\/bollicine.org\/?p=865\" itemprop=\"url\">Vendita di beneficenza delle Bollicine<\/a>\n\t\t\t\t\t\t\t<\/h3>\n\t\t\t\t\t\t\t\t\t\t\t\t\t\t<p itemprop=\"description\" class = \"qode-bct-post-excerpt\"> Anche quest&#8217;anno abbiamo organizzato la vendita di beneficenza delle Bollicine in Piazza Salimbeni. Presso il nostro gazebo, presente fino al 25 novembre, potrete trovare articoli, idee regalo, marmellate dolci e salate, realizzati dalle mamme e dalle volontarie dell&#8217;Associazione. L&#8217;intero ricavato sar\u00e0 destinato al sostegno delle...<\/p>\n\t\t\t\t\t\t\t<div class=\"qode-bct-post-date entry_date updated\" itemprop=\"dateCreated\">\n\t\t\t\t\t\t\t\t20 Novembre 2015\t\t\t\t\t\t\t\t<meta itemprop=\"interactionCount\" content=\"UserComments: 0\"\/>\n\t\t\t\t\t\t\t<\/div>\n\t\t\t\t\t\t<\/div>\n\t\t\t\t\t<\/div>\n\t\t\t\t\t\t\t\t\t\t\t\t<div class=\"qode-bct-post\">\n\t\t\t\t\t\t\t\t\t\t\t\t<div class=\"qode-bct-post-text\">\n\t\t\t\t\t\t\t<h3 class=\"qode-bct-post-title entry_title\" itemprop=\"name\">\n\t\t\t\t\t\t\t\t<a href=\"https:\/\/bollicine.org\/?p=861\" itemprop=\"url\">Lotteria di beneficenza delle Bollicine: I biglietti vincenti.<\/a>\n\t\t\t\t\t\t\t<\/h3>\n\t\t\t\t\t\t\t\t\t\t\t\t\t\t<p itemprop=\"description\" class = \"qode-bct-post-excerpt\"> Nel\u00a0 pomeriggio\u00a0 di sabato 31 ottobre presso il Centro Tosca delle Bollicine si \u00e8 tenuta l\u2019estrazione della lotteria di beneficenza, il cui ricavato andr\u00e0 a sostenere le attivit\u00e0\u00a0 terapeutico-riabilitative, sportive e sociali rivolte a persone diversamente abili del territorio di Siena. Anche quest&#8217;anno molti cittadini...<\/p>\n\t\t\t\t\t\t\t<div class=\"qode-bct-post-date entry_date updated\" itemprop=\"dateCreated\">\n\t\t\t\t\t\t\t\t4 Novembre 2015\t\t\t\t\t\t\t\t<meta itemprop=\"interactionCount\" content=\"UserComments: 0\"\/>\n\t\t\t\t\t\t\t<\/div>\n\t\t\t\t\t\t<\/div>\n\t\t\t\t\t<\/div>\n\t\t\t\t\t\t\t\t\t\t\t\t<div class=\"qode-bct-post\">\n\t\t\t\t\t\t\t\t\t\t\t\t<div class=\"qode-bct-post-text\">\n\t\t\t\t\t\t\t<h3 class=\"qode-bct-post-title entry_title\" itemprop=\"name\">\n\t\t\t\t\t\t\t\t<a href=\"https:\/\/bollicine.org\/?p=845\" itemprop=\"url\">Naturalmente a cavallo- Equitazione ed integrazione.   Bilancio di un anno di Attivit\u00e0<\/a>\n\t\t\t\t\t\t\t<\/h3>\n\t\t\t\t\t\t\t\t\t\t\t\t\t\t<p itemprop=\"description\" class = \"qode-bct-post-excerpt\"> Solidariet\u00e0, sensibilit\u00e0 e un forte senso di partecipazione e attaccamento al tessuto sociale della comunit\u00e0: sono questi i valori a cui si inspira l&#8217;Associazione Le Bollicine.\u00a0 Durante una Festa al centro Tosca delle Bollicine, ha \u00a0presentato i risultati del Progetto&#8221; Naturalmente a cavallo- Equitazione ed...<\/p>\n\t\t\t\t\t\t\t<div class=\"qode-bct-post-date entry_date updated\" itemprop=\"dateCreated\">\n\t\t\t\t\t\t\t\t21 Ottobre 2015\t\t\t\t\t\t\t\t<meta itemprop=\"interactionCount\" content=\"UserComments: 0\"\/>\n\t\t\t\t\t\t\t<\/div>\n\t\t\t\t\t\t<\/div>\n\t\t\t\t\t<\/div>\n\t\t\t\t\t\t\t\t\t\t\t\t<div class=\"qode-bct-post\">\n\t\t\t\t\t\t\t\t\t\t\t\t<div class=\"qode-bct-post-text\">\n\t\t\t\t\t\t\t<h3 class=\"qode-bct-post-title entry_title\" itemprop=\"name\">\n\t\t\t\t\t\t\t\t<a href=\"https:\/\/bollicine.org\/?p=838\" itemprop=\"url\">25 ANNI PER LE BOLLICINE  L&#8217; Associazione festeggia la sua attivit\u00e0<\/a>\n\t\t\t\t\t\t\t<\/h3>\n\t\t\t\t\t\t\t\t\t\t\t\t\t\t<p itemprop=\"description\" class = \"qode-bct-post-excerpt\"> L&#8217;Associazione di Volontariato \u201cLe Bollicine\u201d, raggiunge il suo 25esimo anno di attivit\u00e0 a servizio delle persone diversamente abili . Nata nel 1990 per volont\u00e0 di un piccolo gruppo di famiglie e volontari , con lo scopo di favorire opportunit\u00e0 di socializzazione ed integrazione alle persone...<\/p>\n\t\t\t\t\t\t\t<div class=\"qode-bct-post-date entry_date updated\" itemprop=\"dateCreated\">\n\t\t\t\t\t\t\t\t25 Settembre 2015\t\t\t\t\t\t\t\t<meta itemprop=\"interactionCount\" content=\"UserComments: 0\"\/>\n\t\t\t\t\t\t\t<\/div>\n\t\t\t\t\t\t<\/div>\n\t\t\t\t\t<\/div>\n\t\t\t\t\t\t\t\t\t\t\t\t<div class=\"qode-bct-post\">\n\t\t\t\t\t\t\t\t\t\t\t\t<div class=\"qode-bct-post-text\">\n\t\t\t\t\t\t\t<h3 class=\"qode-bct-post-title entry_title\" itemprop=\"name\">\n\t\t\t\t\t\t\t\t<a href=\"https:\/\/bollicine.org\/?p=827\" itemprop=\"url\">5&#215;1000 anno 2013: bilancio degli interventi effettuati grazie al contributo erogato<\/a>\n\t\t\t\t\t\t\t<\/h3>\n\t\t\t\t\t\t\t\t\t\t\t\t\t\t<p itemprop=\"description\" class = \"qode-bct-post-excerpt\"> ASSOCIAZIONE SPORTIVA LE BOLLICINE INTERVENTI REALIZZATI GRAZIE AL CONTRIBUTO DEL 5X 1000 SUI REDDITI 2013 Attivit\u00e0 di Riabilitazione equestre n.\u00b0\u00a0 utenti 41 n.\u00b0 accessi 2214 Attivit\u00e0 di calcio\u00a0 n.\u00b0 utenti 9\u00a0 n.\u00b0 accessi 648 Attivit\u00e0 di ginnastica n.\u00b0 utenti 12 n.\u00b0 accessi 423 n. 4890...<\/p>\n\t\t\t\t\t\t\t<div class=\"qode-bct-post-date entry_date updated\" itemprop=\"dateCreated\">\n\t\t\t\t\t\t\t\t22 Maggio 2015\t\t\t\t\t\t\t\t<meta itemprop=\"interactionCount\" content=\"UserComments: 0\"\/>\n\t\t\t\t\t\t\t<\/div>\n\t\t\t\t\t\t<\/div>\n\t\t\t\t\t<\/div>\n\t\t\t\t\t\t\t\t\t\t\t\t<div class=\"qode-bct-post\">\n\t\t\t\t\t\t\t\t\t\t\t\t<div class=\"qode-bct-post-text\">\n\t\t\t\t\t\t\t<h3 class=\"qode-bct-post-title entry_title\" itemprop=\"name\">\n\t\t\t\t\t\t\t\t<a href=\"https:\/\/bollicine.org\/?p=825\" itemprop=\"url\">I vestiti nuovi del presidente.<\/a>\n\t\t\t\t\t\t\t<\/h3>\n\t\t\t\t\t\t\t\t\t\t\t\t\t\t<p itemprop=\"description\" class = \"qode-bct-post-excerpt\"> Comunichiamo, a chi volesse assistere allo spettacolo teatrale previsto per domani pomeriggio presso l&#8217;Anfiteatro naturale di Casciano di Murlo, che la manifestazione si svolger\u00e0 secondo programma. Ad ora le previsioni metereologiche prevedono un miglioramento.<\/p>\n\t\t\t\t\t\t\t<div class=\"qode-bct-post-date entry_date updated\" itemprop=\"dateCreated\">\n\t\t\t\t\t\t\t\t22 Maggio 2015\t\t\t\t\t\t\t\t<meta itemprop=\"interactionCount\" content=\"UserComments: 0\"\/>\n\t\t\t\t\t\t\t<\/div>\n\t\t\t\t\t\t<\/div>\n\t\t\t\t\t<\/div>\n\t\t\t\t\t\t\t\t\t\t\t\t<div class=\"qode-bct-post\">\n\t\t\t\t\t\t\t\t\t\t\t\t<div class=\"qode-bct-post-text\">\n\t\t\t\t\t\t\t<h3 class=\"qode-bct-post-title entry_title\" itemprop=\"name\">\n\t\t\t\t\t\t\t\t<a href=\"https:\/\/bollicine.org\/?p=816\" itemprop=\"url\">&#8220;Ricominciamo a giocare a pallone&#8221;. Il nuovo libro di Mister Morgia \u00e8 da oggi in vendita presso Le Bollicine<\/a>\n\t\t\t\t\t\t\t<\/h3>\n\t\t\t\t\t\t\t\t\t\t\t\t\t\t<p itemprop=\"description\" class = \"qode-bct-post-excerpt\"> &nbsp; &nbsp; &nbsp; &nbsp; &nbsp; &nbsp; &nbsp; Presentato il 14 maggio scorso, nella Sala delle Lupe in Palazzo Pubblico, il libro scritto dall\u2019allenatore della Robur Siena Massimo Morgia. Il libro, dal titolo \u201cRicominciamo a giocare a pallone \u201d , \u00e8 l\u2019ideale mondo del calcio che...<\/p>\n\t\t\t\t\t\t\t<div class=\"qode-bct-post-date entry_date updated\" itemprop=\"dateCreated\">\n\t\t\t\t\t\t\t\t20 Maggio 2015\t\t\t\t\t\t\t\t<meta itemprop=\"interactionCount\" content=\"UserComments: 0\"\/>\n\t\t\t\t\t\t\t<\/div>\n\t\t\t\t\t\t<\/div>\n\t\t\t\t\t<\/div>\n\t\t\t\t\t\t\t\t\t\t\t\t<div class=\"qode-bct-post\">\n\t\t\t\t\t\t\t\t\t\t\t\t<div class=\"qode-bct-post-text\">\n\t\t\t\t\t\t\t<h3 class=\"qode-bct-post-title entry_title\" itemprop=\"name\">\n\t\t\t\t\t\t\t\t<a href=\"https:\/\/bollicine.org\/?p=813\" itemprop=\"url\">Spettacolo teatrale in favore delle Bollicine<\/a>\n\t\t\t\t\t\t\t<\/h3>\n\t\t\t\t\t\t\t\t\t\t\t\t\t\t<p itemprop=\"description\" class = \"qode-bct-post-excerpt\"> Sabato prossimo, 23 maggio, alle ore 18.00, presso anfiteatro naturale Teatro degli ulivi, Loc Casanova, a Casciano di Murlo, verr\u00e0 presentato lo spettacolo teatrale &#8220;I VESTITI DEL NUOVO PRESIDENTE&#8221; a cura della Compagnia Circomare Teatro di Orte. Si tratta di uno spettacolo di commedia dell&#8217;arte...<\/p>\n\t\t\t\t\t\t\t<div class=\"qode-bct-post-date entry_date updated\" itemprop=\"dateCreated\">\n\t\t\t\t\t\t\t\t18 Maggio 2015\t\t\t\t\t\t\t\t<meta itemprop=\"interactionCount\" content=\"UserComments: 0\"\/>\n\t\t\t\t\t\t\t<\/div>\n\t\t\t\t\t\t<\/div>\n\t\t\t\t\t<\/div>\n\t\t\t\t\t\t\t\t\t\t\t\t<div class=\"qode-bct-post\">\n\t\t\t\t\t\t\t\t\t\t\t\t<div class=\"qode-bct-post-text\">\n\t\t\t\t\t\t\t<h3 class=\"qode-bct-post-title entry_title\" itemprop=\"name\">\n\t\t\t\t\t\t\t\t<a href=\"https:\/\/bollicine.org\/?p=793\" itemprop=\"url\">Campi Estivi 2016: \u00e9 possibile iscriversi. Ecco le proposte delle Bollicine<\/a>\n\t\t\t\t\t\t\t<\/h3>\n\t\t\t\t\t\t\t\t\t\t\t\t\t\t<p itemprop=\"description\" class = \"qode-bct-post-excerpt\"> &nbsp; &nbsp; Anche quest\u2019anno proponiamo due\u00a0settimane a contatto con i nostri cavalli e la natura nel meraviglioso Centro \u201cTosca de Le Bollicine\u201d. \u201cTosca e Stranivari\u201d, campo estivo finalizzato alla scoperta del mondo del cavallo nella sua naturalit\u00e0 e nelle sue potenzialit\u00e0 emozionali ed emotive si...<\/p>\n\t\t\t\t\t\t\t<div class=\"qode-bct-post-date entry_date updated\" itemprop=\"dateCreated\">\n\t\t\t\t\t\t\t\t17 Maggio 2015\t\t\t\t\t\t\t\t<meta itemprop=\"interactionCount\" content=\"UserComments: 0\"\/>\n\t\t\t\t\t\t\t<\/div>\n\t\t\t\t\t\t<\/div>\n\t\t\t\t\t<\/div>\n\t\t\t\t\t\t\t\t\t\t\t\t<div class=\"qode-bct-post\">\n\t\t\t\t\t\t\t\t\t\t\t\t<div class=\"qode-bct-post-text\">\n\t\t\t\t\t\t\t<h3 class=\"qode-bct-post-title entry_title\" itemprop=\"name\">\n\t\t\t\t\t\t\t\t<a href=\"https:\/\/bollicine.org\/?p=807\" itemprop=\"url\">Le Bollicine in festa. Saggio di equitazione.<\/a>\n\t\t\t\t\t\t\t<\/h3>\n\t\t\t\t\t\t\t\t\t\t\t\t\t\t<p itemprop=\"description\" class = \"qode-bct-post-excerpt\"> L&#8217;Associazione Sportiva &#8220;Le Bollicine&#8221;, da 25 anni, realizza percorsi di Riabilitazione Equestre e progetti legati alle autonomie per le persone diversamente abili del territorio senese. Sono oltre 40\u00a0 i beneficiari del corso di equitazione , residenti nei Comuni della Zona Senese. Inoltre, da circa un...<\/p>\n\t\t\t\t\t\t\t<div class=\"qode-bct-post-date entry_date updated\" itemprop=\"dateCreated\">\n\t\t\t\t\t\t\t\t14 Maggio 2015\t\t\t\t\t\t\t\t<meta itemprop=\"interactionCount\" content=\"UserComments: 0\"\/>\n\t\t\t\t\t\t\t<\/div>\n\t\t\t\t\t\t<\/div>\n\t\t\t\t\t<\/div>\n\t\t\t\t\t\t\t\t\t\t\t\t<div class=\"qode-bct-post\">\n\t\t\t\t\t\t\t\t\t\t\t\t<div class=\"qode-bct-post-text\">\n\t\t\t\t\t\t\t<h3 class=\"qode-bct-post-title entry_title\" itemprop=\"name\">\n\t\t\t\t\t\t\t\t<a href=\"https:\/\/bollicine.org\/?p=788\" itemprop=\"url\">Graduatoria Servizio Civile Nazionale 2015<\/a>\n\t\t\t\t\t\t\t<\/h3>\n\t\t\t\t\t\t\t\t\t\t\t\t\t\t<p itemprop=\"description\" class = \"qode-bct-post-excerpt\"> Al termine delle procedure di selezione dei volontari di Servizio Civile Nazionale, relative al progetto &#8220;Insieme a cavallo&#8221; , \u00e8 stata stilata la seguente graduatoria. Avvisiamo che la data di ingresso in servizio \u00e8 indicativa, fermo restando l&#8217;approvazione da parte dell&#8217;Ufficio del Servizio Civile Nazionale....<\/p>\n\t\t\t\t\t\t\t<div class=\"qode-bct-post-date entry_date updated\" itemprop=\"dateCreated\">\n\t\t\t\t\t\t\t\t30 Aprile 2015\t\t\t\t\t\t\t\t<meta itemprop=\"interactionCount\" content=\"UserComments: 0\"\/>\n\t\t\t\t\t\t\t<\/div>\n\t\t\t\t\t\t<\/div>\n\t\t\t\t\t<\/div>\n\t\t\t\t\t\t\t\t\t\t\t\t<div class=\"qode-bct-post\">\n\t\t\t\t\t\t\t\t\t\t\t\t<div class=\"qode-bct-post-text\">\n\t\t\t\t\t\t\t<h3 class=\"qode-bct-post-title entry_title\" itemprop=\"name\">\n\t\t\t\t\t\t\t\t<a href=\"https:\/\/bollicine.org\/?p=778\" itemprop=\"url\">I\u00b0 Meeting Regionale di Calcio a 5 Special Olympics- Le Bollicine<\/a>\n\t\t\t\t\t\t\t<\/h3>\n\t\t\t\t\t\t\t\t\t\t\t\t\t\t<p itemprop=\"description\" class = \"qode-bct-post-excerpt\"> Domenica 19 aprile, presso la Polisportiva CRAS si San Rocco a Pilli, si terr\u00e0 il I\u00b0 Meeting Regionale di Calcio a 5, Special Olympics, organizzato dall&#8217;Associazione Sportiva &#8220;Le Bollicine&#8221;. Alla manifestazione, realizzata anche grazie al contributo della Regione Toscana, prenderanno parte squadre provenienti da tutto...<\/p>\n\t\t\t\t\t\t\t<div class=\"qode-bct-post-date entry_date updated\" itemprop=\"dateCreated\">\n\t\t\t\t\t\t\t\t8 Aprile 2015\t\t\t\t\t\t\t\t<meta itemprop=\"interactionCount\" content=\"UserComments: 0\"\/>\n\t\t\t\t\t\t\t<\/div>\n\t\t\t\t\t\t<\/div>\n\t\t\t\t\t<\/div>\n\t\t\t\t\t\t\t\t\t\t\t\t<div class=\"qode-bct-post\">\n\t\t\t\t\t\t\t\t\t\t\t\t<div class=\"qode-bct-post-text\">\n\t\t\t\t\t\t\t<h3 class=\"qode-bct-post-title entry_title\" itemprop=\"name\">\n\t\t\t\t\t\t\t\t<a href=\"https:\/\/bollicine.org\/?p=774\" itemprop=\"url\">CONAD E LE BOLLICINE- PROGETTO &#8220;SOSTENIAMO LE PASSIONI&#8221;<\/a>\n\t\t\t\t\t\t\t<\/h3>\n\t\t\t\t\t\t\t\t\t\t\t\t\t\t<p itemprop=\"description\" class = \"qode-bct-post-excerpt\"> Siamo felici di informarvi che Le Bollicine partecipano all\u2019iniziativa promozionale di Conad:\u00a0SOSTENIAMO LE PASSIONI Ecco come funziona: .. dal 3 novembre 2014 al 17 maggio 2015 i consumatori in possesso della \u00abCarta Insieme Conad\u00bb (per chi ne fosse sprovvisto pu\u00f2 richiederla gratuitamente presso qualsiasi punto...<\/p>\n\t\t\t\t\t\t\t<div class=\"qode-bct-post-date entry_date updated\" itemprop=\"dateCreated\">\n\t\t\t\t\t\t\t\t27 Marzo 2015\t\t\t\t\t\t\t\t<meta itemprop=\"interactionCount\" content=\"UserComments: 0\"\/>\n\t\t\t\t\t\t\t<\/div>\n\t\t\t\t\t\t<\/div>\n\t\t\t\t\t<\/div>\n\t\t\t\t\t\t\t\t\t\t\t\t<div class=\"qode-bct-post\">\n\t\t\t\t\t\t\t\t\t\t\t\t<div class=\"qode-bct-post-text\">\n\t\t\t\t\t\t\t<h3 class=\"qode-bct-post-title entry_title\" itemprop=\"name\">\n\t\t\t\t\t\t\t\t<a href=\"https:\/\/bollicine.org\/?p=764\" itemprop=\"url\">Bando di selezione per volontari servizio civile Nazionale 2015<\/a>\n\t\t\t\t\t\t\t<\/h3>\n\t\t\t\t\t\t\t\t\t\t\t\t\t\t<p itemprop=\"description\" class = \"qode-bct-post-excerpt\"> L&#8217;Associazione Sportiva &#8220;Le Bollicine&#8221; seleziona 4 volontari da impiegare nel progetto di Servizio Civile Nazionale per l&#8217;anno 2015. I termini della presentazione della domanda sono le ore 14.00 del 23 aprile 2015. Al seguente link \u00e8 possibile scaricare l&#8217;allegato 2 \u00a0e allegato 3 che devono...<\/p>\n\t\t\t\t\t\t\t<div class=\"qode-bct-post-date entry_date updated\" itemprop=\"dateCreated\">\n\t\t\t\t\t\t\t\t18 Marzo 2015\t\t\t\t\t\t\t\t<meta itemprop=\"interactionCount\" content=\"UserComments: 0\"\/>\n\t\t\t\t\t\t\t<\/div>\n\t\t\t\t\t\t<\/div>\n\t\t\t\t\t<\/div>\n\t\t\t\t\t\t\t\t\t\t\t\t<div class=\"qode-bct-post\">\n\t\t\t\t\t\t\t\t\t\t\t\t<div class=\"qode-bct-post-text\">\n\t\t\t\t\t\t\t<h3 class=\"qode-bct-post-title entry_title\" itemprop=\"name\">\n\t\t\t\t\t\t\t\t<a href=\"https:\/\/bollicine.org\/?p=759\" itemprop=\"url\">5 x 1000 sui redditi 2014. Devolvilo alle Bollicine<\/a>\n\t\t\t\t\t\t\t<\/h3>\n\t\t\t\t\t\t\t\t\t\t\t\t\t\t<p itemprop=\"description\" class = \"qode-bct-post-excerpt\"> \u00a0E&#8217; possibile devolvere la quota del 5 per mille sui redditi 2014 in favore \u00a0dell&#8217;Associazione Sportiva &#8220;Le Bollicine&#8221;. Grazie ai contributi ricevuti negli anni passati l&#8217;Associazione ha potuto realizzare molti progetti in favore delle persone diversamente abili permettendo loro di svolgere le attivit\u00e0 di riabilitative,...<\/p>\n\t\t\t\t\t\t\t<div class=\"qode-bct-post-date entry_date updated\" itemprop=\"dateCreated\">\n\t\t\t\t\t\t\t\t16 Marzo 2015\t\t\t\t\t\t\t\t<meta itemprop=\"interactionCount\" content=\"UserComments: 0\"\/>\n\t\t\t\t\t\t\t<\/div>\n\t\t\t\t\t\t<\/div>\n\t\t\t\t\t<\/div>\n\t\t\t\t\t\t\t\t\t\t\t\t<div class=\"qode-bct-post\">\n\t\t\t\t\t\t\t\t\t\t\t\t<div class=\"qode-bct-post-text\">\n\t\t\t\t\t\t\t<h3 class=\"qode-bct-post-title entry_title\" itemprop=\"name\">\n\t\t\t\t\t\t\t\t<a href=\"https:\/\/bollicine.org\/?p=753\" itemprop=\"url\">Protocollo Corpo forestale dello Stato- Associazione Le Bollicine<\/a>\n\t\t\t\t\t\t\t<\/h3>\n\t\t\t\t\t\t\t\t\t\t\t\t\t\t<p itemprop=\"description\" class = \"qode-bct-post-excerpt\"> 13 gennaio 2015 \u00a0 &nbsp; &nbsp; \u201cLE BOLLICINE\u201d E IL CORPO FORESTALE DELLO STATO INSIEME PER IL RECUPERO E L\u2019AUTONOMIA DEI DIVERSAMENTE ABILI Presentata stamani a Palazzo Berlinghieri, con la presenza del Prefetto Renato Saccone, l\u2019azione di forte valenza sociale sostenuta dal Comune di Siena...<\/p>\n\t\t\t\t\t\t\t<div class=\"qode-bct-post-date entry_date updated\" itemprop=\"dateCreated\">\n\t\t\t\t\t\t\t\t14 Gennaio 2015\t\t\t\t\t\t\t\t<meta itemprop=\"interactionCount\" content=\"UserComments: 0\"\/>\n\t\t\t\t\t\t\t<\/div>\n\t\t\t\t\t\t<\/div>\n\t\t\t\t\t<\/div>\n\t\t\t\t\t\t\t\t\t\t\t\t<div class=\"qode-bct-post\">\n\t\t\t\t\t\t\t\t\t\t\t\t<div class=\"qode-bct-post-text\">\n\t\t\t\t\t\t\t<h3 class=\"qode-bct-post-title entry_title\" itemprop=\"name\">\n\t\t\t\t\t\t\t\t<a href=\"https:\/\/bollicine.org\/?p=749\" itemprop=\"url\">La Compagnia teatrale Chiocciolina \u201cIl Teatro nel Pozzo\u201d per le \u201cBollicine\u201d.<\/a>\n\t\t\t\t\t\t\t<\/h3>\n\t\t\t\t\t\t\t\t\t\t\t\t\t\t<p itemprop=\"description\" class = \"qode-bct-post-excerpt\"> &nbsp; La compagnia teatrale Chiocciolina \u201cIl teatro nel Pozzo\u201d, metter\u00e0 in scena, i prossimi 5 e 6 dicembre, la commedia in 2 atti \u201cPeace &amp; Love\u201d. Lo spettacolo, scritto e diretto da Enrico Ninci, avr\u00e0 luogo presso il Teatro dei Rozzi alle ore 21.15. Si...<\/p>\n\t\t\t\t\t\t\t<div class=\"qode-bct-post-date entry_date updated\" itemprop=\"dateCreated\">\n\t\t\t\t\t\t\t\t7 Novembre 2014\t\t\t\t\t\t\t\t<meta itemprop=\"interactionCount\" content=\"UserComments: 0\"\/>\n\t\t\t\t\t\t\t<\/div>\n\t\t\t\t\t\t<\/div>\n\t\t\t\t\t<\/div>\n\t\t\t\t\t\t\t\t\t\t\t\t<div class=\"qode-bct-post\">\n\t\t\t\t\t\t\t\t\t\t\t\t<div class=\"qode-bct-post-text\">\n\t\t\t\t\t\t\t<h3 class=\"qode-bct-post-title entry_title\" itemprop=\"name\">\n\t\t\t\t\t\t\t\t<a href=\"https:\/\/bollicine.org\/?p=747\" itemprop=\"url\">Graduatoria Selezioni Bando Servizio Civile Regionale 2014<\/a>\n\t\t\t\t\t\t\t<\/h3>\n\t\t\t\t\t\t\t\t\t\t\t\t\t\t<p itemprop=\"description\" class = \"qode-bct-post-excerpt\"> Al termine delle procedure di selezione dei volontari di Servizio Civile Regionale 2014, relative al progetto &#8220;Sport SenzAcca- Percorsi di autonomia e inclusione sociale&#8221; finanziato dalla Regione Toscana, \u00e8 stata stilata la seguente graduatoria. &nbsp; Si ricorda ai giovani selezionati che dovranno presentare certificazione, a...<\/p>\n\t\t\t\t\t\t\t<div class=\"qode-bct-post-date entry_date updated\" itemprop=\"dateCreated\">\n\t\t\t\t\t\t\t\t5 Novembre 2014\t\t\t\t\t\t\t\t<meta itemprop=\"interactionCount\" content=\"UserComments: 0\"\/>\n\t\t\t\t\t\t\t<\/div>\n\t\t\t\t\t\t<\/div>\n\t\t\t\t\t<\/div>\n\t\t\t\t\t\t\t\t\t\t\t\t<div class=\"qode-bct-post\">\n\t\t\t\t\t\t\t\t\t\t\t\t<div class=\"qode-bct-post-text\">\n\t\t\t\t\t\t\t<h3 class=\"qode-bct-post-title entry_title\" itemprop=\"name\">\n\t\t\t\t\t\t\t\t<a href=\"https:\/\/bollicine.org\/?p=740\" itemprop=\"url\">Bando di selezione per volontari Servizio Civile Regionale 2014: apertura dei termini per la presentazione delle domande.<\/a>\n\t\t\t\t\t\t\t<\/h3>\n\t\t\t\t\t\t\t\t\t\t\t\t\t\t<p itemprop=\"description\" class = \"qode-bct-post-excerpt\"> &nbsp; &nbsp; Per il 2014-2015 l\u2019Associazione Sportiva \u201cLe Bollicine\u201d seleziona 9 nuovi volontari del Servizio Civile Regionale. E&#8217; POSSIBIL E PRESENTARE DOMANDA DI SELEZIONE FINO ALLE O RE 13 del 28 ottobre 2014. Nel caso in cui si volesse presentare la domanda di selezione tramite...<\/p>\n\t\t\t\t\t\t\t<div class=\"qode-bct-post-date entry_date updated\" itemprop=\"dateCreated\">\n\t\t\t\t\t\t\t\t9 Ottobre 2014\t\t\t\t\t\t\t\t<meta itemprop=\"interactionCount\" content=\"UserComments: 0\"\/>\n\t\t\t\t\t\t\t<\/div>\n\t\t\t\t\t\t<\/div>\n\t\t\t\t\t<\/div>\n\t\t\t\t\t\t\t\t\t\t\t\t<div class=\"qode-bct-post\">\n\t\t\t\t\t\t\t\t\t\t\t\t<div class=\"qode-bct-post-text\">\n\t\t\t\t\t\t\t<h3 class=\"qode-bct-post-title entry_title\" itemprop=\"name\">\n\t\t\t\t\t\t\t\t<a href=\"https:\/\/bollicine.org\/?p=735\" itemprop=\"url\">Nuovo pulmino per le Bollicine.<\/a>\n\t\t\t\t\t\t\t<\/h3>\n\t\t\t\t\t\t\t\t\t\t\t\t\t\t<p itemprop=\"description\" class = \"qode-bct-post-excerpt\"> L&#8217;Associazione Le Bollicine impegnata da molti anni nella promozione di attivit\u00e0 sportive e riabilitative in favore delle persone diversamente abili, \u00a0grazie al prezioso contributo dell&#8217;Ente Cassa di Risparmio di Firenze, ha potuto acquistare\u00a0 un pulmino finalizzato alla realizzazione di servizi di accompagnamento e trasporto. L&#8217;associazione...<\/p>\n\t\t\t\t\t\t\t<div class=\"qode-bct-post-date entry_date updated\" itemprop=\"dateCreated\">\n\t\t\t\t\t\t\t\t2 Luglio 2014\t\t\t\t\t\t\t\t<meta itemprop=\"interactionCount\" content=\"UserComments: 0\"\/>\n\t\t\t\t\t\t\t<\/div>\n\t\t\t\t\t\t<\/div>\n\t\t\t\t\t<\/div>\n\t\t\t\t\t\t\t\t\t\t\t\t<div class=\"qode-bct-post\">\n\t\t\t\t\t\t\t\t\t\t\t\t<div class=\"qode-bct-post-text\">\n\t\t\t\t\t\t\t<h3 class=\"qode-bct-post-title entry_title\" itemprop=\"name\">\n\t\t\t\t\t\t\t\t<a href=\"https:\/\/bollicine.org\/?p=732\" itemprop=\"url\">Le Bollicine in festa di Primavera.<\/a>\n\t\t\t\t\t\t\t<\/h3>\n\t\t\t\t\t\t\t\t\t\t\t\t\t\t<p itemprop=\"description\" class = \"qode-bct-post-excerpt\"> L&#8217;Associazione Sportiva &#8220;Le Bollicine&#8221;, da oltre vent&#8217;anni realizza percorsi di Riabilitazione Equestre e progetti legati all&#8217;autonomie per le persone diversamente abili del territorio senese. Grazie al prezioso contributo della Fondazione della Banca del Chianti Fiorentino e Monteriggioni e di Enel del Cuore e con il...<\/p>\n\t\t\t\t\t\t\t<div class=\"qode-bct-post-date entry_date updated\" itemprop=\"dateCreated\">\n\t\t\t\t\t\t\t\t30 Aprile 2014\t\t\t\t\t\t\t\t<meta itemprop=\"interactionCount\" content=\"UserComments: 0\"\/>\n\t\t\t\t\t\t\t<\/div>\n\t\t\t\t\t\t<\/div>\n\t\t\t\t\t<\/div>\n\t\t\t\t\t\t\t\t\t\t\t\t<div class=\"qode-bct-post\">\n\t\t\t\t\t\t\t\t\t\t\t\t<div class=\"qode-bct-post-text\">\n\t\t\t\t\t\t\t<h3 class=\"qode-bct-post-title entry_title\" itemprop=\"name\">\n\t\t\t\t\t\t\t\t<a href=\"https:\/\/bollicine.org\/?p=726\" itemprop=\"url\">Nuova serata di ristorazione il 24 aprile<\/a>\n\t\t\t\t\t\t\t<\/h3>\n\t\t\t\t\t\t\t\t\t\t\t\t\t\t<p itemprop=\"description\" class = \"qode-bct-post-excerpt\"> Il 24 aprile prossimo l&#8217;Associazione Le Bollicine organizza, in collaborazione con la Pubblica Assistenza di Siena e l&#8217; A.Se.Do, una nuova serata di ristorazione, aperta a tutti, presso il circolo ARCI di Ampugnano, Sovicille. Il costo della cena \u00e8 ad offerta libera a partire da...<\/p>\n\t\t\t\t\t\t\t<div class=\"qode-bct-post-date entry_date updated\" itemprop=\"dateCreated\">\n\t\t\t\t\t\t\t\t11 Aprile 2014\t\t\t\t\t\t\t\t<meta itemprop=\"interactionCount\" content=\"UserComments: 0\"\/>\n\t\t\t\t\t\t\t<\/div>\n\t\t\t\t\t\t<\/div>\n\t\t\t\t\t<\/div>\n\t\t\t\t\t\t\t\t\t\t\t\t<div class=\"qode-bct-post\">\n\t\t\t\t\t\t\t\t\t\t\t\t<div class=\"qode-bct-post-text\">\n\t\t\t\t\t\t\t<h3 class=\"qode-bct-post-title entry_title\" itemprop=\"name\">\n\t\t\t\t\t\t\t\t<a href=\"https:\/\/bollicine.org\/?p=723\" itemprop=\"url\">Giornata di sport e divertimento: XII\u00b0 Meeting &#8220;Le Bollicine&#8221; di Atletica Leggera Special Olympics.<\/a>\n\t\t\t\t\t\t\t<\/h3>\n\t\t\t\t\t\t\t\t\t\t\t\t\t\t<p itemprop=\"description\" class = \"qode-bct-post-excerpt\"> Si sono tenute, domenica 6 aprile, le gare del XII\u00b0 Meeting Regionale di Atletica Leggera Special Olympics organizzate, come ogni anno, dall\u2019Associazione Sportiva \u201cLe Bollicine\u201d. L\u2019evento, che ha visto la partecipazione di oltre 60 atleti provenienti da tutta la Toscana, \u00e8 stato realizzato grazie al...<\/p>\n\t\t\t\t\t\t\t<div class=\"qode-bct-post-date entry_date updated\" itemprop=\"dateCreated\">\n\t\t\t\t\t\t\t\t9 Aprile 2014\t\t\t\t\t\t\t\t<meta itemprop=\"interactionCount\" content=\"UserComments: 0\"\/>\n\t\t\t\t\t\t\t<\/div>\n\t\t\t\t\t\t<\/div>\n\t\t\t\t\t<\/div>\n\t\t\t\t\t\t\t\t\t\t\t\t<div class=\"qode-bct-post\">\n\t\t\t\t\t\t\t\t\t\t\t\t<div class=\"qode-bct-post-text\">\n\t\t\t\t\t\t\t<h3 class=\"qode-bct-post-title entry_title\" itemprop=\"name\">\n\t\t\t\t\t\t\t\t<a href=\"https:\/\/bollicine.org\/?p=710\" itemprop=\"url\">Bomboniere solidali realizzate dalle Bollicine<\/a>\n\t\t\t\t\t\t\t<\/h3>\n\t\t\t\t\t\t\t\t\t\t\t\t\t\t<p itemprop=\"description\" class = \"qode-bct-post-excerpt\"> Bomboniere per matrimoni, battesimi, comunioni, lauree e cerimonie religiose. \u00a0Insieme potremo rendere meraviglioso il vostro giorno speciale con un gesto di solidariet\u00e0 e amore \u00a0Le nostre bomboniere sono oggetti unici ed originali realizzati interamente a mano in diverse forme e colori, con un valore aggiunto:...<\/p>\n\t\t\t\t\t\t\t<div class=\"qode-bct-post-date entry_date updated\" itemprop=\"dateCreated\">\n\t\t\t\t\t\t\t\t31 Marzo 2014\t\t\t\t\t\t\t\t<meta itemprop=\"interactionCount\" content=\"UserComments: 0\"\/>\n\t\t\t\t\t\t\t<\/div>\n\t\t\t\t\t\t<\/div>\n\t\t\t\t\t<\/div>\n\t\t\t\t\t\t\t\t\t\t\t\t<div class=\"qode-bct-post\">\n\t\t\t\t\t\t\t\t\t\t\t\t<div class=\"qode-bct-post-text\">\n\t\t\t\t\t\t\t<h3 class=\"qode-bct-post-title entry_title\" itemprop=\"name\">\n\t\t\t\t\t\t\t\t<a href=\"https:\/\/bollicine.org\/?p=702\" itemprop=\"url\">Lotteria delle Bollicine: i biglietti vincenti.<\/a>\n\t\t\t\t\t\t\t<\/h3>\n\t\t\t\t\t\t\t\t\t\t\t\t\t\t<p itemprop=\"description\" class = \"qode-bct-post-excerpt\"> Nel\u00a0 pomeriggio\u00a0 di ieri\u00a0 19 dicembre 2013 presso il Centro Tosca delle Bollicine si \u00e8 tenuta l\u2019estrazione della lotteria di beneficenza il cui ricavato andr\u00e0 a sostenere le attivit\u00e0\u00a0 terapeutico-riabilitative, sportive e sociali rivolte a persone diversamente abili del territorio di Siena. I numeri vincenti...<\/p>\n\t\t\t\t\t\t\t<div class=\"qode-bct-post-date entry_date updated\" itemprop=\"dateCreated\">\n\t\t\t\t\t\t\t\t20 Dicembre 2013\t\t\t\t\t\t\t\t<meta itemprop=\"interactionCount\" content=\"UserComments: 0\"\/>\n\t\t\t\t\t\t\t<\/div>\n\t\t\t\t\t\t<\/div>\n\t\t\t\t\t<\/div>\n\t\t\t\t\t\t\t\t\t\t\t\t<div class=\"qode-bct-post\">\n\t\t\t\t\t\t\t\t\t\t\t\t<div class=\"qode-bct-post-text\">\n\t\t\t\t\t\t\t<h3 class=\"qode-bct-post-title entry_title\" itemprop=\"name\">\n\t\t\t\t\t\t\t\t<a href=\"https:\/\/bollicine.org\/?p=698\" itemprop=\"url\">Festa di Natale presso il panificio Corsini.<\/a>\n\t\t\t\t\t\t\t<\/h3>\n\t\t\t\t\t\t\t\t\t\t\t\t\t\t<p itemprop=\"description\" class = \"qode-bct-post-excerpt\"> Le Bollicine organizzano, Luned\u00ec 23 Dicembre, per i bambini di Siena, il Natale presso il Negozio di Corsini Biscotti di via Diaz. L&#8217;iniziativa avr\u00e0 inizio alle ore 16.45, sono previste tante sorprese per i pi\u00f9 piccini e la partecipazione dei giocatori dell&#8217;A.C. Siena. Si invita...<\/p>\n\t\t\t\t\t\t\t<div class=\"qode-bct-post-date entry_date updated\" itemprop=\"dateCreated\">\n\t\t\t\t\t\t\t\t18 Dicembre 2013\t\t\t\t\t\t\t\t<meta itemprop=\"interactionCount\" content=\"UserComments: 0\"\/>\n\t\t\t\t\t\t\t<\/div>\n\t\t\t\t\t\t<\/div>\n\t\t\t\t\t<\/div>\n\t\t\t\t\t\t\t\t\t\t\t\t<div class=\"qode-bct-post\">\n\t\t\t\t\t\t\t\t\t\t\t\t<div class=\"qode-bct-post-text\">\n\t\t\t\t\t\t\t<h3 class=\"qode-bct-post-title entry_title\" itemprop=\"name\">\n\t\t\t\t\t\t\t\t<a href=\"https:\/\/bollicine.org\/?p=693\" itemprop=\"url\">ESITO SELEZIONI BANDO SERVIZIO CIVILE NAZIONALE 2013<\/a>\n\t\t\t\t\t\t\t<\/h3>\n\t\t\t\t\t\t\t\t\t\t\t\t\t\t<p itemprop=\"description\" class = \"qode-bct-post-excerpt\"> Sono stati effettuati ieri i colloqui di selezione dei candidati che hanno presentato domanda di Selezione per il Progetto di Servizio Civile Nazionale &#8220;Oltre le barriere, lo sport&#8221;. Di seguito riportiamo la graduatoria stilata in seguito ai colloqui. Gli idonei\/selezionati riceveranno comunicazione della data dell&#8217;ingresso...<\/p>\n\t\t\t\t\t\t\t<div class=\"qode-bct-post-date entry_date updated\" itemprop=\"dateCreated\">\n\t\t\t\t\t\t\t\t26 Novembre 2013\t\t\t\t\t\t\t\t<meta itemprop=\"interactionCount\" content=\"UserComments: 0\"\/>\n\t\t\t\t\t\t\t<\/div>\n\t\t\t\t\t\t<\/div>\n\t\t\t\t\t<\/div>\n\t\t\t\t\t\t\t\t\t\t\t\t<div class=\"qode-bct-post\">\n\t\t\t\t\t\t\t\t\t\t\t\t<div class=\"qode-bct-post-text\">\n\t\t\t\t\t\t\t<h3 class=\"qode-bct-post-title entry_title\" itemprop=\"name\">\n\t\t\t\t\t\t\t\t<a href=\"https:\/\/bollicine.org\/?p=683\" itemprop=\"url\">MANGIAGGIRO: Itinerari del gusto nella Provincia di Siena<\/a>\n\t\t\t\t\t\t\t<\/h3>\n\t\t\t\t\t\t\t\t\t\t\t\t\t\t<p itemprop=\"description\" class = \"qode-bct-post-excerpt\"> &nbsp; L\u2019Associazione \u201cLe Bollicine\u201d in collaborazione con l\u2019Associazione Pubblica Assistenza di Siena e A.SE.DO., dopo l\u2019incredibile successo riscosso nella prima met\u00e0 dell\u2019anno 2013 con le serate di ristorazione svoltesi a \u201cIl Santo\u201d, ha deciso di proseguire il proprio percorso realizzando delle serate itineranti nel territorio...<\/p>\n\t\t\t\t\t\t\t<div class=\"qode-bct-post-date entry_date updated\" itemprop=\"dateCreated\">\n\t\t\t\t\t\t\t\t14 Novembre 2013\t\t\t\t\t\t\t\t<meta itemprop=\"interactionCount\" content=\"UserComments: 0\"\/>\n\t\t\t\t\t\t\t<\/div>\n\t\t\t\t\t\t<\/div>\n\t\t\t\t\t<\/div>\n\t\t\t\t\t\t\t\t\t\t\t\t<div class=\"qode-bct-post\">\n\t\t\t\t\t\t\t\t\t\t\t\t<div class=\"qode-bct-post-text\">\n\t\t\t\t\t\t\t<h3 class=\"qode-bct-post-title entry_title\" itemprop=\"name\">\n\t\t\t\t\t\t\t\t<a href=\"https:\/\/bollicine.org\/?p=670\" itemprop=\"url\">Pubblicato il bando di selezione per 6 volontari Servizio Civile Nazionale 2013.<\/a>\n\t\t\t\t\t\t\t<\/h3>\n\t\t\t\t\t\t\t\t\t\t\t\t\t\t<p itemprop=\"description\" class = \"qode-bct-post-excerpt\"> L\u2019Associazione Sportiva \u201cLe Bollicine\u201d seleziona 6 nuovi volontari del Servizio Civile Nazionale. E&#8217; POSSIBILE PRESENTARE DOMANDA DI SELEZIONE FINO ALLE ORE 14 DEL 4 novembre 2013 . Nel caso in cui si volesse presentare la domanda di selezione tramite raccomandata, il bando specifica che\u00a0NON FA...<\/p>\n\t\t\t\t\t\t\t<div class=\"qode-bct-post-date entry_date updated\" itemprop=\"dateCreated\">\n\t\t\t\t\t\t\t\t11 Ottobre 2013\t\t\t\t\t\t\t\t<meta itemprop=\"interactionCount\" content=\"UserComments: 0\"\/>\n\t\t\t\t\t\t\t<\/div>\n\t\t\t\t\t\t<\/div>\n\t\t\t\t\t<\/div>\n\t\t\t\t\t\t\t\t\t\t\t\t<div class=\"qode-bct-post\">\n\t\t\t\t\t\t\t\t\t\t\t\t<div class=\"qode-bct-post-text\">\n\t\t\t\t\t\t\t<h3 class=\"qode-bct-post-title entry_title\" itemprop=\"name\">\n\t\t\t\t\t\t\t\t<a href=\"https:\/\/bollicine.org\/?p=664\" itemprop=\"url\">ESITO SELEZIONI VOLONTARI SERVIZIO CIVILE REGIONALE ANNO 2013.<\/a>\n\t\t\t\t\t\t\t<\/h3>\n\t\t\t\t\t\t\t\t\t\t\t\t\t\t<p itemprop=\"description\" class = \"qode-bct-post-excerpt\"> Di seguito riportiamo la graduatoria stilata in seguito alle selezioni di volontari di Servizio Civile Regionale per l&#8217;anno 2013. GRADUATORIA DEI GIOVANI SELEZIONATI RT: RT3C00033 DENOMINAZIONE DELL&#8217;ENTE: ASSOCIAZIONE SPORTIVA LE BOLLICINE TITOLO DEL PROGETTO: &#8221; IntegrAzione: Percorsi educativi e ludico-motori per persone diversamente abili,&#8221; COGNOME...<\/p>\n\t\t\t\t\t\t\t<div class=\"qode-bct-post-date entry_date updated\" itemprop=\"dateCreated\">\n\t\t\t\t\t\t\t\t27 Settembre 2013\t\t\t\t\t\t\t\t<meta itemprop=\"interactionCount\" content=\"UserComments: 0\"\/>\n\t\t\t\t\t\t\t<\/div>\n\t\t\t\t\t\t<\/div>\n\t\t\t\t\t<\/div>\n\t\t\t\t\t\t\t\t\t\t\t\t<div class=\"qode-bct-post\">\n\t\t\t\t\t\t\t\t\t\t\t\t<div class=\"qode-bct-post-text\">\n\t\t\t\t\t\t\t<h3 class=\"qode-bct-post-title entry_title\" itemprop=\"name\">\n\t\t\t\t\t\t\t\t<a href=\"https:\/\/bollicine.org\/?p=647\" itemprop=\"url\">SERVIZIO CIVILE REGIONALE 2013: BANDO DI SELEZIONE PER 6 GIOVANI da impiegare in progetti di Servizio Civile.<\/a>\n\t\t\t\t\t\t\t<\/h3>\n\t\t\t\t\t\t\t\t\t\t\t\t\t\t<p itemprop=\"description\" class = \"qode-bct-post-excerpt\"> Per il 2013 l\u2019Associazione Sportiva \u201cLe Bollicine\u201d seleziona 6 nuovi volontari del Servizio Civile Regionale. E&#8217; POSSIBILE PRESENTARE DOMANDA DI SELEZIONE FINO ALLE ORE 13 DEL 24 settembre 2013 . Nel caso in cui si volesse presentare la domanda di selezione tramite raccomandata, il bando...<\/p>\n\t\t\t\t\t\t\t<div class=\"qode-bct-post-date entry_date updated\" itemprop=\"dateCreated\">\n\t\t\t\t\t\t\t\t21 Agosto 2013\t\t\t\t\t\t\t\t<meta itemprop=\"interactionCount\" content=\"UserComments: 0\"\/>\n\t\t\t\t\t\t\t<\/div>\n\t\t\t\t\t\t<\/div>\n\t\t\t\t\t<\/div>\n\t\t\t\t\t\t\t\t\t\t\t\t<div class=\"qode-bct-post\">\n\t\t\t\t\t\t\t\t\t\t\t\t<div class=\"qode-bct-post-text\">\n\t\t\t\t\t\t\t<h3 class=\"qode-bct-post-title entry_title\" itemprop=\"name\">\n\t\t\t\t\t\t\t\t<a href=\"https:\/\/bollicine.org\/?p=638\" itemprop=\"url\">tre serate &#8220;CON TUTTE QUELLE BOLLICINE&#8221;<\/a>\n\t\t\t\t\t\t\t<\/h3>\n\t\t\t\t\t\t\t\t\t\t\t\t\t\t<p itemprop=\"description\" class = \"qode-bct-post-excerpt\"> L&#8217;associazione Sportiva &#8220;Le Bollicine&#8221;, impegnata da molti anni nella promozione di percorsi educativi, riabilitativi ed in particolare nella riabilitazione equestre in favore delle persone diversamente abili del territorio senese, organizza tre serate gastronomiche di beneficenza presso il centro Tosca delle bollicine L&#8217;iniziativa \u00e8 promossa dalle...<\/p>\n\t\t\t\t\t\t\t<div class=\"qode-bct-post-date entry_date updated\" itemprop=\"dateCreated\">\n\t\t\t\t\t\t\t\t31 Maggio 2013\t\t\t\t\t\t\t\t<meta itemprop=\"interactionCount\" content=\"UserComments: 0\"\/>\n\t\t\t\t\t\t\t<\/div>\n\t\t\t\t\t\t<\/div>\n\t\t\t\t\t<\/div>\n\t\t\t\t\t\t\t\t\t\t\t\t<div class=\"qode-bct-post\">\n\t\t\t\t\t\t\t\t\t\t\t\t<div class=\"qode-bct-post-text\">\n\t\t\t\t\t\t\t<h3 class=\"qode-bct-post-title entry_title\" itemprop=\"name\">\n\t\t\t\t\t\t\t\t<a href=\"https:\/\/bollicine.org\/?p=626\" itemprop=\"url\">Maratona di Milano: un&#8217;esperienza da ricordare.<\/a>\n\t\t\t\t\t\t\t<\/h3>\n\t\t\t\t\t\t\t\t\t\t\t\t\t\t<p itemprop=\"description\" class = \"qode-bct-post-excerpt\"> CE L\u2019ABBIAMO FATTA!!!! Domenica 7 aprile la staffetta delle Bollicine, composta da Daniela, Gianluigi, Michele e Alessandro, ha corso la Maratona di Milano, ed \u00e8 stata un\u2019esperienza bellissima, condivisa con gli amici, le famiglie e i tutti i nostri supporters. Un\u2019atmosfera gioiosa e piena di...<\/p>\n\t\t\t\t\t\t\t<div class=\"qode-bct-post-date entry_date updated\" itemprop=\"dateCreated\">\n\t\t\t\t\t\t\t\t16 Aprile 2013\t\t\t\t\t\t\t\t<meta itemprop=\"interactionCount\" content=\"UserComments: 0\"\/>\n\t\t\t\t\t\t\t<\/div>\n\t\t\t\t\t\t<\/div>\n\t\t\t\t\t<\/div>\n\t\t\t\t\t\t\t\t\t\t\t\t<div class=\"qode-bct-post\">\n\t\t\t\t\t\t\t\t\t\t\t\t<div class=\"qode-bct-post-text\">\n\t\t\t\t\t\t\t<h3 class=\"qode-bct-post-title entry_title\" itemprop=\"name\">\n\t\t\t\t\t\t\t\t<a href=\"https:\/\/bollicine.org\/?p=619\" itemprop=\"url\">XI\u00b0 Meeting di Atletica Leggera Special Plympics organizzato dalle Bollicine<\/a>\n\t\t\t\t\t\t\t<\/h3>\n\t\t\t\t\t\t\t\t\t\t\t\t\t\t<p itemprop=\"description\" class = \"qode-bct-post-excerpt\"> Anche quest&#8217;anno Siena ospita un importante evento Sportivo e sociale, organizzato grazie all\u2019impegno dell\u2019Associazione di Volontariato senese \u201cLe Bollicine\u201d, che da oltre dieci anni si ripropone per l\u2019organizzazione dei Manifestazioni regionali e interregionali Special Olympics. Sabato 13 aprile dalle 9.30 appuntamento al Campo Scuola di...<\/p>\n\t\t\t\t\t\t\t<div class=\"qode-bct-post-date entry_date updated\" itemprop=\"dateCreated\">\n\t\t\t\t\t\t\t\t5 Aprile 2013\t\t\t\t\t\t\t\t<meta itemprop=\"interactionCount\" content=\"UserComments: 0\"\/>\n\t\t\t\t\t\t\t<\/div>\n\t\t\t\t\t\t<\/div>\n\t\t\t\t\t<\/div>\n\t\t\t\t\t\t\t\t\t\t\t\t<div class=\"qode-bct-post\">\n\t\t\t\t\t\t\t\t\t\t\t\t<div class=\"qode-bct-post-text\">\n\t\t\t\t\t\t\t<h3 class=\"qode-bct-post-title entry_title\" itemprop=\"name\">\n\t\t\t\t\t\t\t\t<a href=\"https:\/\/bollicine.org\/?p=614\" itemprop=\"url\">Maratona di Milano. Solo 2 giorni di attesa.<\/a>\n\t\t\t\t\t\t\t<\/h3>\n\t\t\t\t\t\t\t\t\t\t\t\t\t\t<p itemprop=\"description\" class = \"qode-bct-post-excerpt\"> Ciao a tutti, come ormai saprete L&#8217;Associazione Le Bollicine ha deciso di lanciarsi in una nuova impresa: prendere parte alla Maratona di Milano come Charity Partner. Molti amici hanno aderito come atleti per sostenere la nostra causa. Abbiamo costituito una staffetta con i nostri volontari...<\/p>\n\t\t\t\t\t\t\t<div class=\"qode-bct-post-date entry_date updated\" itemprop=\"dateCreated\">\n\t\t\t\t\t\t\t\t5 Aprile 2013\t\t\t\t\t\t\t\t<meta itemprop=\"interactionCount\" content=\"UserComments: 0\"\/>\n\t\t\t\t\t\t\t<\/div>\n\t\t\t\t\t\t<\/div>\n\t\t\t\t\t<\/div>\n\t\t\t\t\t\t\t\t\t\t\t\t<div class=\"qode-bct-post\">\n\t\t\t\t\t\t\t\t\t\t\t\t<div class=\"qode-bct-post-text\">\n\t\t\t\t\t\t\t<h3 class=\"qode-bct-post-title entry_title\" itemprop=\"name\">\n\t\t\t\t\t\t\t\t<a href=\"https:\/\/bollicine.org\/?p=602\" itemprop=\"url\">Destina il tuo 5 per mille alle Bollicine<\/a>\n\t\t\t\t\t\t\t<\/h3>\n\t\t\t\t\t\t\t\t\t\t\t\t\t\t<p itemprop=\"description\" class = \"qode-bct-post-excerpt\"> Anche quest&#8217;anno \u00e8 possibile devolvere la quota del 5 per mille sui redditi 2012 all&#8217;Associazione Sportiva &#8220;Le Bollicine&#8221;. Grazie ai contributi ricevuti negli anni passati l&#8217;Associazione ha potuto realizzare molte progetti e in favore delle persone diversamente abili permettendo loro di svolgere le attivit\u00e0 di...<\/p>\n\t\t\t\t\t\t\t<div class=\"qode-bct-post-date entry_date updated\" itemprop=\"dateCreated\">\n\t\t\t\t\t\t\t\t25 Marzo 2013\t\t\t\t\t\t\t\t<meta itemprop=\"interactionCount\" content=\"UserComments: 0\"\/>\n\t\t\t\t\t\t\t<\/div>\n\t\t\t\t\t\t<\/div>\n\t\t\t\t\t<\/div>\n\t\t\t\t\t\t\t\t\t\t\t\t<div class=\"qode-bct-post\">\n\t\t\t\t\t\t\t\t\t\t\t\t<div class=\"qode-bct-post-text\">\n\t\t\t\t\t\t\t<h3 class=\"qode-bct-post-title entry_title\" itemprop=\"name\">\n\t\t\t\t\t\t\t\t<a href=\"https:\/\/bollicine.org\/?p=595\" itemprop=\"url\">Maratona di Milano: il traguardo si avvicina.<\/a>\n\t\t\t\t\t\t\t<\/h3>\n\t\t\t\t\t\t\t\t\t\t\t\t\t\t<p itemprop=\"description\" class = \"qode-bct-post-excerpt\"> Tutti coloro che hanno visitato la pagina di rete del dono riguardante la nostra associazione, http:\/\/www.retedeldono.it\/progetti\/associazione-sportiva-le-bollicine\/alla-maratona-di-milano-con&#8230;le-bollicine , ha potuto vedere che ci eravamo prefissi di raggiungere 5000 \u20ac di raccolta fondi a sostegno della nostra staffetta che parteciper\u00e0 alla MAratona di Milano prevista per il...<\/p>\n\t\t\t\t\t\t\t<div class=\"qode-bct-post-date entry_date updated\" itemprop=\"dateCreated\">\n\t\t\t\t\t\t\t\t4 Marzo 2013\t\t\t\t\t\t\t\t<meta itemprop=\"interactionCount\" content=\"UserComments: 0\"\/>\n\t\t\t\t\t\t\t<\/div>\n\t\t\t\t\t\t<\/div>\n\t\t\t\t\t<\/div>\n\t\t\t\t\t\t\t\t\t\t\t\t<div class=\"qode-bct-post\">\n\t\t\t\t\t\t\t\t\t\t\t\t<div class=\"qode-bct-post-text\">\n\t\t\t\t\t\t\t<h3 class=\"qode-bct-post-title entry_title\" itemprop=\"name\">\n\t\t\t\t\t\t\t\t<a href=\"https:\/\/bollicine.org\/?p=593\" itemprop=\"url\">Riconoscimento per la Staffetta &#8220;Amici della Tosca&#8221;<\/a>\n\t\t\t\t\t\t\t<\/h3>\n\t\t\t\t\t\t\t\t\t\t\t\t\t\t<p itemprop=\"description\" class = \"qode-bct-post-excerpt\"> Gli Amici della Tosca,staffetta che correr\u00e0 per Le Bollicine, \u00e8 stata selezionata come staffetta del mese, e le \u00e8 stato dedicato un articolo sulla newsletter della Milano City Marathon, sicuramente grazie anche all\u2019impegno di tutti coloro che ci hanno finora sostenuto! La staffetta \u00e8 composta...<\/p>\n\t\t\t\t\t\t\t<div class=\"qode-bct-post-date entry_date updated\" itemprop=\"dateCreated\">\n\t\t\t\t\t\t\t\t11 Febbraio 2013\t\t\t\t\t\t\t\t<meta itemprop=\"interactionCount\" content=\"UserComments: 0\"\/>\n\t\t\t\t\t\t\t<\/div>\n\t\t\t\t\t\t<\/div>\n\t\t\t\t\t<\/div>\n\t\t\t\t\t\t\t\t\t\t\t\t<div class=\"qode-bct-post\">\n\t\t\t\t\t\t\t\t\t\t\t\t<div class=\"qode-bct-post-text\">\n\t\t\t\t\t\t\t<h3 class=\"qode-bct-post-title entry_title\" itemprop=\"name\">\n\t\t\t\t\t\t\t\t<a href=\"https:\/\/bollicine.org\/?p=586\" itemprop=\"url\">Le Bollicine alla Maratona di Milano<\/a>\n\t\t\t\t\t\t\t<\/h3>\n\t\t\t\t\t\t\t\t\t\t\t\t\t\t<p itemprop=\"description\" class = \"qode-bct-post-excerpt\"> Le Bollicine si lanciano in una nuova avventura: la Maratona di Milano. Una nostra staffetta, composta da Michele, istruttore di atletica leggera, Daniela, insegnante di ginnastica, Gianluigi (meglio noto come Giangy) volontario del Servizio civile, e Alessandrino,che tutti noi ben conosciamo, correr\u00e0 per le vie...<\/p>\n\t\t\t\t\t\t\t<div class=\"qode-bct-post-date entry_date updated\" itemprop=\"dateCreated\">\n\t\t\t\t\t\t\t\t8 Febbraio 2013\t\t\t\t\t\t\t\t<meta itemprop=\"interactionCount\" content=\"UserComments: 0\"\/>\n\t\t\t\t\t\t\t<\/div>\n\t\t\t\t\t\t<\/div>\n\t\t\t\t\t<\/div>\n\t\t\t\t\t\t\t\t\t\t\t\t<div class=\"qode-bct-post\">\n\t\t\t\t\t\t\t\t\t\t\t\t<div class=\"qode-bct-post-text\">\n\t\t\t\t\t\t\t<h3 class=\"qode-bct-post-title entry_title\" itemprop=\"name\">\n\t\t\t\t\t\t\t\t<a href=\"https:\/\/bollicine.org\/?p=583\" itemprop=\"url\">Corso di formazione per volontari &#8220;Vieni a conoscere Tosca: essere volontari in un centro di riabilitazione equestre&#8221;<\/a>\n\t\t\t\t\t\t\t<\/h3>\n\t\t\t\t\t\t\t\t\t\t\t\t\t\t<p itemprop=\"description\" class = \"qode-bct-post-excerpt\"> L&#8217;Associazione Le Bollicine, Organizza un Percorso Formativo nell&#8217;ambito del Bando di Formazione, Finanziato dal Cesvot, in collaborazione con il Comune di Siena, l&#8217;Amministrazione Provinciale di Siena, l&#8217;Associazione Pubblica Assistenza di Siena, l&#8217;A.SE.Do, l&#8217;Associazione di Pubblica Assistenza Montagnola Senese, Comitato Associazioni Sportive Senesi, l\u2019Associazione Club Cavalgiocare...<\/p>\n\t\t\t\t\t\t\t<div class=\"qode-bct-post-date entry_date updated\" itemprop=\"dateCreated\">\n\t\t\t\t\t\t\t\t21 Dicembre 2012\t\t\t\t\t\t\t\t<meta itemprop=\"interactionCount\" content=\"UserComments: 0\"\/>\n\t\t\t\t\t\t\t<\/div>\n\t\t\t\t\t\t<\/div>\n\t\t\t\t\t<\/div>\n\t\t\t\t\t\t\t\t\t\t\t\t<div class=\"qode-bct-post\">\n\t\t\t\t\t\t\t\t\t\t\t\t<div class=\"qode-bct-post-text\">\n\t\t\t\t\t\t\t<h3 class=\"qode-bct-post-title entry_title\" itemprop=\"name\">\n\t\t\t\t\t\t\t\t<a href=\"https:\/\/bollicine.org\/?p=579\" itemprop=\"url\">Lotterie di beneficenza 2012: numeri vincenti.<\/a>\n\t\t\t\t\t\t\t<\/h3>\n\t\t\t\t\t\t\t\t\t\t\t\t\t\t<p itemprop=\"description\" class = \"qode-bct-post-excerpt\"> Nel pomeriggio del 16 dicembre 2012 presso il Centro Tosca delle Bollicine si \u00e8 tenuta l\u2019estrazione della lotteria di beneficenza il cui ricavato andr\u00e0 a sostenere le attivit\u00e0 terapeutico-riabilitative, sportive e sociali rivolte a persone diversamente abili del territorio di Siena. I numeri vincenti sono...<\/p>\n\t\t\t\t\t\t\t<div class=\"qode-bct-post-date entry_date updated\" itemprop=\"dateCreated\">\n\t\t\t\t\t\t\t\t19 Dicembre 2012\t\t\t\t\t\t\t\t<meta itemprop=\"interactionCount\" content=\"UserComments: 0\"\/>\n\t\t\t\t\t\t\t<\/div>\n\t\t\t\t\t\t<\/div>\n\t\t\t\t\t<\/div>\n\t\t\t\t\t\t\t\t\t\t\t\t<div class=\"qode-bct-post\">\n\t\t\t\t\t\t\t\t\t\t\t\t<div class=\"qode-bct-post-text\">\n\t\t\t\t\t\t\t<h3 class=\"qode-bct-post-title entry_title\" itemprop=\"name\">\n\t\t\t\t\t\t\t\t<a href=\"https:\/\/bollicine.org\/?p=575\" itemprop=\"url\">Percorsi delle Idee- Progetto &#8220;IO mi Reinvento&#8221;. Termine del corso<\/a>\n\t\t\t\t\t\t\t<\/h3>\n\t\t\t\t\t\t\t\t\t\t\t\t\t\t<p itemprop=\"description\" class = \"qode-bct-post-excerpt\"> L&#8217;A.Se.do., l\u2019Associazione Sportiva Le Bollicine, la Pubblica Assisitenza di Siena, l\u2019Auser ed il CAI, hanno concluso sabato 10 novembre scorso un Percorso Formativo nell&#8217;ambito del Bando Percorsi delle Idee, Finanziato dal Cesvot, in collaborazione con il Comune di Siena, l&#8217;Amministrazione Provinciale di Siena, Arci Solidariet\u00e0,...<\/p>\n\t\t\t\t\t\t\t<div class=\"qode-bct-post-date entry_date updated\" itemprop=\"dateCreated\">\n\t\t\t\t\t\t\t\t21 Novembre 2012\t\t\t\t\t\t\t\t<meta itemprop=\"interactionCount\" content=\"UserComments: 0\"\/>\n\t\t\t\t\t\t\t<\/div>\n\t\t\t\t\t\t<\/div>\n\t\t\t\t\t<\/div>\n\t\t\t\t\t\t\t\t\t\t\t\t<div class=\"qode-bct-post\">\n\t\t\t\t\t\t\t\t\t\t\t\t<div class=\"qode-bct-post-text\">\n\t\t\t\t\t\t\t<h3 class=\"qode-bct-post-title entry_title\" itemprop=\"name\">\n\t\t\t\t\t\t\t\t<a href=\"https:\/\/bollicine.org\/?p=569\" itemprop=\"url\">Ma ..Donne..Fiera di beneficienza organizzate dall\u2019Associazione di Volontariato \u201cLe Bollicine!<\/a>\n\t\t\t\t\t\t\t<\/h3>\n\t\t\t\t\t\t\t\t\t\t\t\t\t\t<p itemprop=\"description\" class = \"qode-bct-post-excerpt\"> Come gli anni passati, per sostenere le attivit\u00e0 istituzionali ed i progetti avviati, l&#8217;Associazione organizza \u201cMa donne.. una vendita di beneficienza di manufatti artigianali realizzati dalle mamme e dai soci delle Bollicine. Potete trovare il nostro gazebo nei seguenti giorni e luoghi: da gioved\u00ec 15...<\/p>\n\t\t\t\t\t\t\t<div class=\"qode-bct-post-date entry_date updated\" itemprop=\"dateCreated\">\n\t\t\t\t\t\t\t\t12 Novembre 2012\t\t\t\t\t\t\t\t<meta itemprop=\"interactionCount\" content=\"UserComments: 0\"\/>\n\t\t\t\t\t\t\t<\/div>\n\t\t\t\t\t\t<\/div>\n\t\t\t\t\t<\/div>\n\t\t\t\t\t\t\t\t\t\t\t\t<div class=\"qode-bct-post\">\n\t\t\t\t\t\t\t\t\t\t\t\t<div class=\"qode-bct-post-text\">\n\t\t\t\t\t\t\t<h3 class=\"qode-bct-post-title entry_title\" itemprop=\"name\">\n\t\t\t\t\t\t\t\t<a href=\"https:\/\/bollicine.org\/?p=564\" itemprop=\"url\">Percorsi delle Idee 2011:&#8221;Io mi reinvento&#8221;. La buona prassi del riciclo.<\/a>\n\t\t\t\t\t\t\t<\/h3>\n\t\t\t\t\t\t\t\t\t\t\t\t\t\t<p itemprop=\"description\" class = \"qode-bct-post-excerpt\"> L&#8217;Associazione Senese Down, in rete con l&#8217;Associazione Sportiva &#8220;Le Bollicine&#8221;, l&#8217;Associazione Pubblica Assistenza di Siena, l&#8217;AUSER Comunale di Siena e il CAI, organizza un corso di formazione per volontari: \u201cIo mi reinvento:la buona prassi del riciclo\u201d finalizzato alla tutela dell&#8217;ambiente e a migliorare la qualit\u00e0...<\/p>\n\t\t\t\t\t\t\t<div class=\"qode-bct-post-date entry_date updated\" itemprop=\"dateCreated\">\n\t\t\t\t\t\t\t\t21 Settembre 2012\t\t\t\t\t\t\t\t<meta itemprop=\"interactionCount\" content=\"UserComments: 0\"\/>\n\t\t\t\t\t\t\t<\/div>\n\t\t\t\t\t\t<\/div>\n\t\t\t\t\t<\/div>\n\t\t\t\t\t\t\t\t\t\t\t\t<div class=\"qode-bct-post\">\n\t\t\t\t\t\t\t\t\t\t\t\t<div class=\"qode-bct-post-text\">\n\t\t\t\t\t\t\t<h3 class=\"qode-bct-post-title entry_title\" itemprop=\"name\">\n\t\t\t\t\t\t\t\t<a href=\"https:\/\/bollicine.org\/?p=551\" itemprop=\"url\">Graduatoria volontari servizio civile Regionale 2012<\/a>\n\t\t\t\t\t\t\t<\/h3>\n\t\t\t\t\t\t\t\t\t\t\t\t\t\t<p itemprop=\"description\" class = \"qode-bct-post-excerpt\"> Di seguito pubblichiamo la graduatoria stilata a seguito dei colloqui di selezione per il progetto di Servizio Civile Regionale &#8220;Noi e lo sport&#8221;. Ricordiamo che la graduatoria pu\u00f2 scorrere nel caso in cui ci siano rinunce. In tal caso provvederemo a contattare i candidati al...<\/p>\n\t\t\t\t\t\t\t<div class=\"qode-bct-post-date entry_date updated\" itemprop=\"dateCreated\">\n\t\t\t\t\t\t\t\t23 Maggio 2012\t\t\t\t\t\t\t\t<meta itemprop=\"interactionCount\" content=\"UserComments: 0\"\/>\n\t\t\t\t\t\t\t<\/div>\n\t\t\t\t\t\t<\/div>\n\t\t\t\t\t<\/div>\n\t\t\t\t\t\t\t\t\t\t\t\t<div class=\"qode-bct-post\">\n\t\t\t\t\t\t\t\t\t\t\t\t<div class=\"qode-bct-post-text\">\n\t\t\t\t\t\t\t<h3 class=\"qode-bct-post-title entry_title\" itemprop=\"name\">\n\t\t\t\t\t\t\t\t<a href=\"https:\/\/bollicine.org\/?p=545\" itemprop=\"url\">Attivit\u00e0 estive diurne per minori 2012: nuova proposta alle Bollicine.<\/a>\n\t\t\t\t\t\t\t<\/h3>\n\t\t\t\t\t\t\t\t\t\t\t\t\t\t<p itemprop=\"description\" class = \"qode-bct-post-excerpt\"> LE BOLLICINE TI ASPETTANO CON UNA NUOVA ESPERIENZA Con le Mani in Pasta: viaggio alla scoperta\u00a0delle forme, colori e\u00a0sapori dell\u2019orto di\u00a0Tosca ! Il Progetto &#8220;Con le mani in pasta&#8221; intende promuovere nei\u00a0bambini il piacere di scoprire il contatto con l&#8217;ambiente, gli alimenti\u00a0prodotti tramite coltivazioni biologiche...<\/p>\n\t\t\t\t\t\t\t<div class=\"qode-bct-post-date entry_date updated\" itemprop=\"dateCreated\">\n\t\t\t\t\t\t\t\t14 Maggio 2012\t\t\t\t\t\t\t\t<meta itemprop=\"interactionCount\" content=\"UserComments: 0\"\/>\n\t\t\t\t\t\t\t<\/div>\n\t\t\t\t\t\t<\/div>\n\t\t\t\t\t<\/div>\n\t\t\t\t\t\t\t\t\t\t\t\t<div class=\"qode-bct-post\">\n\t\t\t\t\t\t\t\t\t\t\t\t<div class=\"qode-bct-post-text\">\n\t\t\t\t\t\t\t<h3 class=\"qode-bct-post-title entry_title\" itemprop=\"name\">\n\t\t\t\t\t\t\t\t<a href=\"https:\/\/bollicine.org\/?p=531\" itemprop=\"url\">Proposta per campi estivi per ragazzi, estate 2012<\/a>\n\t\t\t\t\t\t\t<\/h3>\n\t\t\t\t\t\t\t\t\t\t\t\t\t\t<p itemprop=\"description\" class = \"qode-bct-post-excerpt\"> L\u2019estate si avvicina&#8230; Tosca e Strani Vari &#8230;.ti aspettano ! Tosca e StraniVari &#8230;.ti aspettano ! Vieni a conoscere Tosca, la Cavalla Sorridente! Nata e allevata\u00a0dall\u2019Associazione Le Bollicine, nel rispetto della sua animalit\u00e0, ti aspetta nella\u00a0zona rurale di San Rocco a Pilli (loc. agresto) presso...<\/p>\n\t\t\t\t\t\t\t<div class=\"qode-bct-post-date entry_date updated\" itemprop=\"dateCreated\">\n\t\t\t\t\t\t\t\t14 Maggio 2012\t\t\t\t\t\t\t\t<meta itemprop=\"interactionCount\" content=\"UserComments: 0\"\/>\n\t\t\t\t\t\t\t<\/div>\n\t\t\t\t\t\t<\/div>\n\t\t\t\t\t<\/div>\n\t\t\t\t\t\t\t\t\t\t\t\t<div class=\"qode-bct-post\">\n\t\t\t\t\t\t\t\t\t\t\t\t<div class=\"qode-bct-post-text\">\n\t\t\t\t\t\t\t<h3 class=\"qode-bct-post-title entry_title\" itemprop=\"name\">\n\t\t\t\t\t\t\t\t<a href=\"https:\/\/bollicine.org\/?p=533\" itemprop=\"url\">Corso CESVOT 2011-2012: A CHE GIOCO GIOCHIAMO?<\/a>\n\t\t\t\t\t\t\t<\/h3>\n\t\t\t\t\t\t\t\t\t\t\t\t\t\t<p itemprop=\"description\" class = \"qode-bct-post-excerpt\"> L&#8217;associazione Le Bollicine, ha concluso venerd\u00ec 13 aprile scorso un Percorso Formativo nell&#8217;ambito del Bando di Formazione, Finanziato dal Cesvot, in collaborazione con l&#8217;Amministrazione Provinciale di Siena, Arci Solidariet\u00e0,l&#8217;Associazione Pubblica Assistenza di Siena, l&#8217;A.SE.Do, l&#8217;Associazione di Pubblica Assistenza Montagnola Senese, Comitato Associazioni Sportive Senesi, Comune...<\/p>\n\t\t\t\t\t\t\t<div class=\"qode-bct-post-date entry_date updated\" itemprop=\"dateCreated\">\n\t\t\t\t\t\t\t\t8 Maggio 2012\t\t\t\t\t\t\t\t<meta itemprop=\"interactionCount\" content=\"UserComments: 0\"\/>\n\t\t\t\t\t\t\t<\/div>\n\t\t\t\t\t\t<\/div>\n\t\t\t\t\t<\/div>\n\t\t\t\t\t\t\t\t\t\t\t\t<div class=\"qode-bct-post\">\n\t\t\t\t\t\t\t\t\t\t\t\t<div class=\"qode-bct-post-text\">\n\t\t\t\t\t\t\t<h3 class=\"qode-bct-post-title entry_title\" itemprop=\"name\">\n\t\t\t\t\t\t\t\t<a href=\"https:\/\/bollicine.org\/?p=525\" itemprop=\"url\">Trofeo Interregionale di Equitazione alle Bollicine 2012<\/a>\n\t\t\t\t\t\t\t<\/h3>\n\t\t\t\t\t\t\t\t\t\t\t\t\t\t<p itemprop=\"description\" class = \"qode-bct-post-excerpt\"> L\u2019associazione \u201cLe Bollicine\u201d di Siena organizza per il prossimo 21 e 22 Aprile una Manifestazione Interregionale di Equitazione secondo i programmi FISDIR, del Comitato Paralimpico Italiano. L\u2019evento, Patrocinato dal Comune di Siena, dall\u2019Amministrazione provinciale di Siena e dal Coni, si realizzer\u00e0 con il contributo del...<\/p>\n\t\t\t\t\t\t\t<div class=\"qode-bct-post-date entry_date updated\" itemprop=\"dateCreated\">\n\t\t\t\t\t\t\t\t19 Aprile 2012\t\t\t\t\t\t\t\t<meta itemprop=\"interactionCount\" content=\"UserComments: 0\"\/>\n\t\t\t\t\t\t\t<\/div>\n\t\t\t\t\t\t<\/div>\n\t\t\t\t\t<\/div>\n\t\t\t\t\t\t\t\t\t\t\t\t<div class=\"qode-bct-post\">\n\t\t\t\t\t\t\t\t\t\t\t\t<div class=\"qode-bct-post-text\">\n\t\t\t\t\t\t\t<h3 class=\"qode-bct-post-title entry_title\" itemprop=\"name\">\n\t\t\t\t\t\t\t\t<a href=\"https:\/\/bollicine.org\/?p=518\" itemprop=\"url\">X\u00b0 Meeting di Atletica Leggera &#8220;Le Bollicine&#8221; Special Olympics<\/a>\n\t\t\t\t\t\t\t<\/h3>\n\t\t\t\t\t\t\t\t\t\t\t\t\t\t<p itemprop=\"description\" class = \"qode-bct-post-excerpt\"> Una Giornata speciale per gli atleti delle Bollicine. Siena ospita un importante evento Sportivo e sociale, organizzato grazie all\u2019impegno dell\u2019Associazione di Volontariato senese \u201cLe Bollicine\u201d, che da dieci anni si ripropone per l\u2019organizzazione dei Manifestazioni regionali e interregionali Special Olympics. Sabato 31 Marzo dalle 9.30...<\/p>\n\t\t\t\t\t\t\t<div class=\"qode-bct-post-date entry_date updated\" itemprop=\"dateCreated\">\n\t\t\t\t\t\t\t\t29 Marzo 2012\t\t\t\t\t\t\t\t<meta itemprop=\"interactionCount\" content=\"UserComments: 0\"\/>\n\t\t\t\t\t\t\t<\/div>\n\t\t\t\t\t\t<\/div>\n\t\t\t\t\t<\/div>\n\t\t\t\t\t\t\t\t\t\t\t\t<div class=\"qode-bct-post\">\n\t\t\t\t\t\t\t\t\t\t\t\t<div class=\"qode-bct-post-text\">\n\t\t\t\t\t\t\t<h3 class=\"qode-bct-post-title entry_title\" itemprop=\"name\">\n\t\t\t\t\t\t\t\t<a href=\"https:\/\/bollicine.org\/?p=514\" itemprop=\"url\">Destina il 5 x 000 alle Bollicine<\/a>\n\t\t\t\t\t\t\t<\/h3>\n\t\t\t\t\t\t\t\t\t\t\t\t\t\t<p itemprop=\"description\" class = \"qode-bct-post-excerpt\"> Per destinare la quota del 5 per mille della tua imposta sul reddito 2011 all&#8217;Associazione Sportiva &#8220;Le Bollicine&#8221;, poni la tua firma su riquadro &#8220;Finalit\u00e0 di volontariato&#8221;. Inserisci il codice fiscale 92009180529. Diffondete l&#8217;iniziativa. Grazie per il vostro contributo.<\/p>\n\t\t\t\t\t\t\t<div class=\"qode-bct-post-date entry_date updated\" itemprop=\"dateCreated\">\n\t\t\t\t\t\t\t\t26 Marzo 2012\t\t\t\t\t\t\t\t<meta itemprop=\"interactionCount\" content=\"UserComments: 0\"\/>\n\t\t\t\t\t\t\t<\/div>\n\t\t\t\t\t\t<\/div>\n\t\t\t\t\t<\/div>\n\t\t\t\t\t\t\t\t\t\t\t\t<div class=\"qode-bct-post\">\n\t\t\t\t\t\t\t\t\t\t\t\t<div class=\"qode-bct-post-text\">\n\t\t\t\t\t\t\t<h3 class=\"qode-bct-post-title entry_title\" itemprop=\"name\">\n\t\t\t\t\t\t\t\t<a href=\"https:\/\/bollicine.org\/?p=449\" itemprop=\"url\">Servizio Civile Regionale 2012: aperte le selezioni fino al 27 Aprile 2012<\/a>\n\t\t\t\t\t\t\t<\/h3>\n\t\t\t\t\t\t\t\t\t\t\t\t\t\t<p itemprop=\"description\" class = \"qode-bct-post-excerpt\"> Per\u00a0il 2012 l\u2019Associazione Sportiva \u201cLe Bollicine\u201d selezioner\u00e0\u00a06 nuovi\u00a0volontari del Servizio Civile Regionale. E&#8217; POSSIBILE PRESENTARE DOMANDA DI SELEZIONE FINO\u00a0 ALLE ORE 12 DEL 27 Aprile 2012. Per tutte le informazioni sull&#8217;Associazione,\u00a0sulla modulistica e le selezioni\u00a0, potete contattare allo 0577\/286335\u00a0\u00a0la sede, in via Franciosa, 57,\u00a0dalle 9...<\/p>\n\t\t\t\t\t\t\t<div class=\"qode-bct-post-date entry_date updated\" itemprop=\"dateCreated\">\n\t\t\t\t\t\t\t\t8 Marzo 2012\t\t\t\t\t\t\t\t<meta itemprop=\"interactionCount\" content=\"UserComments: 0\"\/>\n\t\t\t\t\t\t\t<\/div>\n\t\t\t\t\t\t<\/div>\n\t\t\t\t\t<\/div>\n\t\t\t\t\t\t\t\t\t\t\t\t<div class=\"qode-bct-post\">\n\t\t\t\t\t\t\t\t\t\t\t\t<div class=\"qode-bct-post-text\">\n\t\t\t\t\t\t\t<h3 class=\"qode-bct-post-title entry_title\" itemprop=\"name\">\n\t\t\t\t\t\t\t\t<a href=\"https:\/\/bollicine.org\/?p=502\" itemprop=\"url\">PERCORSO FORMATIVO CESVOT 2011: &#8220;A CHE GIOCO GIOCHIAMO?&#8221; &#8211; SCADENZA 5 GENNAIO<\/a>\n\t\t\t\t\t\t\t<\/h3>\n\t\t\t\t\t\t\t\t\t\t\t\t\t\t<p itemprop=\"description\" class = \"qode-bct-post-excerpt\"> L&#8217;associazione Le Bollicine, organizza un Percorso Formativo nell&#8217;ambito del Bando di Formazione, finanziato dal Cesvot, in collaborazione con l&#8217;Amministrazione Provinciale di Siena, ArciSolidariet\u00e0, l&#8217;Associazione Pubblica Assistenza di Siena, l&#8217;A.SE.Do, l&#8217;Associazione di Pubblica Assistenza Montagnola Senese, Comitato Associazioni Sportive Senesi, Comune di Siena, Uisp Solidariet\u00e0 Universit\u00e0...<\/p>\n\t\t\t\t\t\t\t<div class=\"qode-bct-post-date entry_date updated\" itemprop=\"dateCreated\">\n\t\t\t\t\t\t\t\t4 Gennaio 2012\t\t\t\t\t\t\t\t<meta itemprop=\"interactionCount\" content=\"UserComments: 0\"\/>\n\t\t\t\t\t\t\t<\/div>\n\t\t\t\t\t\t<\/div>\n\t\t\t\t\t<\/div>\n\t\t\t\t\t\t\t\t\t\t\t\t<div class=\"qode-bct-post\">\n\t\t\t\t\t\t\t\t\t\t\t\t<div class=\"qode-bct-post-text\">\n\t\t\t\t\t\t\t<h3 class=\"qode-bct-post-title entry_title\" itemprop=\"name\">\n\t\t\t\t\t\t\t\t<a href=\"https:\/\/bollicine.org\/?p=496\" itemprop=\"url\">GRADUATORIE SERVIZIO CIVILE NAZIONALE 2011\/2012<\/a>\n\t\t\t\t\t\t\t<\/h3>\n\t\t\t\t\t\t\t\t\t\t\t\t\t\t<p itemprop=\"description\" class = \"qode-bct-post-excerpt\"> Di seguito riportiamo la graduatoria scaturita dai colloqui di selezione dei volontari di servizio civile nazionale per il Progetto \u201cSport e Autonomia: percorsi per una migliore qualit\u00e0 della vita e per favorire occasioni di relazione e di vita indipendente delle persone diversamente abili.\u201d . Associazione...<\/p>\n\t\t\t\t\t\t\t<div class=\"qode-bct-post-date entry_date updated\" itemprop=\"dateCreated\">\n\t\t\t\t\t\t\t\t7 Novembre 2011\t\t\t\t\t\t\t\t<meta itemprop=\"interactionCount\" content=\"UserComments: 0\"\/>\n\t\t\t\t\t\t\t<\/div>\n\t\t\t\t\t\t<\/div>\n\t\t\t\t\t<\/div>\n\t\t\t\t\t\t\t\t\t\t\t\t<div class=\"qode-bct-post\">\n\t\t\t\t\t\t\t\t\t\t\t\t<div class=\"qode-bct-post-text\">\n\t\t\t\t\t\t\t<h3 class=\"qode-bct-post-title entry_title\" itemprop=\"name\">\n\t\t\t\t\t\t\t\t<a href=\"https:\/\/bollicine.org\/?p=490\" itemprop=\"url\">Spettacolo teatrale a favore delle Bollicine.<\/a>\n\t\t\t\t\t\t\t<\/h3>\n\t\t\t\t\t\t\t\t\t\t\t\t\t\t<p itemprop=\"description\" class = \"qode-bct-post-excerpt\"> Domenica 2 ottobre, alle ore 21.00 nella prestigiosa cornice del teatro dei Rozzi di Siena, la compagnia CLAP metter\u00e0 in scena la commedia brillante &#8220;Le Cognate&#8221; di M. Tremblay, con la regia di Paolo Ciotti. L&#8217;ingresso \u00e8 ad offerta minima\u00a0di 10 \u20ac e il ricavato...<\/p>\n\t\t\t\t\t\t\t<div class=\"qode-bct-post-date entry_date updated\" itemprop=\"dateCreated\">\n\t\t\t\t\t\t\t\t23 Settembre 2011\t\t\t\t\t\t\t\t<meta itemprop=\"interactionCount\" content=\"UserComments: 0\"\/>\n\t\t\t\t\t\t\t<\/div>\n\t\t\t\t\t\t<\/div>\n\t\t\t\t\t<\/div>\n\t\t\t\t\t\t\t\t\t\t\t\t<div class=\"qode-bct-post\">\n\t\t\t\t\t\t\t\t\t\t\t\t<div class=\"qode-bct-post-text\">\n\t\t\t\t\t\t\t<h3 class=\"qode-bct-post-title entry_title\" itemprop=\"name\">\n\t\t\t\t\t\t\t\t<a href=\"https:\/\/bollicine.org\/?p=482\" itemprop=\"url\">SERVIZIO CIVILE NAZIONALE 2011: aperte le selezioni fino al 21 ottobre.<\/a>\n\t\t\t\t\t\t\t<\/h3>\n\t\t\t\t\t\t\t\t\t\t\t\t\t\t<p itemprop=\"description\" class = \"qode-bct-post-excerpt\"> Per\u00a0il 2011 l\u2019Associazione Sportiva \u201cLe Bollicine\u201d selezioner\u00e0\u00a06 nuovi\u00a0volontari del Servizio Civile Nazionale E\u2019 POSSIBILE PRESENTARE DOMANDA DI SELEZIONE FINO\u00a0 ALLE ORE 14 DEL GIORNO 21 OTTOBRE Per tutte le informazioni sull\u2019Associazione,\u00a0sulla modulistica e le selezioni\u00a0, potete contattare la sede\u00a0allo 0577\/286335\u00a0\u00a0\u00a0\u00a0\u00a0fAX\u00a0\u00a0\u00a0\u00a00577\/286335,\u00a0\u00a0\u00a0che rimane aperta,\u00a0in via Franciosa, 57,\u00a0dalle...<\/p>\n\t\t\t\t\t\t\t<div class=\"qode-bct-post-date entry_date updated\" itemprop=\"dateCreated\">\n\t\t\t\t\t\t\t\t23 Settembre 2011\t\t\t\t\t\t\t\t<meta itemprop=\"interactionCount\" content=\"UserComments: 0\"\/>\n\t\t\t\t\t\t\t<\/div>\n\t\t\t\t\t\t<\/div>\n\t\t\t\t\t<\/div>\n\t\t\t\t\t\t\t\t\t\t\t\t<div class=\"qode-bct-post\">\n\t\t\t\t\t\t\t\t\t\t\t\t<div class=\"qode-bct-post-text\">\n\t\t\t\t\t\t\t<h3 class=\"qode-bct-post-title entry_title\" itemprop=\"name\">\n\t\t\t\t\t\t\t\t<a href=\"https:\/\/bollicine.org\/?p=476\" itemprop=\"url\">Corso per volontari &#8220;Dalla Terra al Cibo&#8221;: fine di un&#8217;esperienza.<\/a>\n\t\t\t\t\t\t\t<\/h3>\n\t\t\t\t\t\t\t\t\t\t\t\t\t\t<p itemprop=\"description\" class = \"qode-bct-post-excerpt\"> L&#8217;associazione AUSER COMUNALE DI SIENA, \u00a0in collaborazione con il CESVOT,\u00a0l&#8217;Associazione Sportiva &#8220;Le Bollicine&#8221;, l&#8217;Associazione Pubblica Assistenza di Siena, l&#8217;A.SE.Do, il CAI di Siena e la sezione di Siena di Legambiente, ha realizzato \u00a0un percorso formativo,\u00a0nell&#8217;ambito del Bando &#8220;Percorso delle Idee&#8221;, finanziato dal CESVOT, \u00a0finalizzato alla...<\/p>\n\t\t\t\t\t\t\t<div class=\"qode-bct-post-date entry_date updated\" itemprop=\"dateCreated\">\n\t\t\t\t\t\t\t\t14 Settembre 2011\t\t\t\t\t\t\t\t<meta itemprop=\"interactionCount\" content=\"UserComments: 0\"\/>\n\t\t\t\t\t\t\t<\/div>\n\t\t\t\t\t\t<\/div>\n\t\t\t\t\t<\/div>\n\t\t\t\t\t\t\t\t\t\t\t\t<div class=\"qode-bct-post\">\n\t\t\t\t\t\t\t\t\t\t\t\t<div class=\"qode-bct-post-text\">\n\t\t\t\t\t\t\t<h3 class=\"qode-bct-post-title entry_title\" itemprop=\"name\">\n\t\t\t\t\t\t\t\t<a href=\"https:\/\/bollicine.org\/?p=472\" itemprop=\"url\">Graduatorie volontari servizio civile Regionale<\/a>\n\t\t\t\t\t\t\t<\/h3>\n\t\t\t\t\t\t\t\t\t\t\t\t\t\t<p itemprop=\"description\" class = \"qode-bct-post-excerpt\"> Le graduatorie di sotto riportate si intendono provvisorie. Esse diventeranno definitive ed avranno validit\u00e0\u00a0solo dopo la loro pubblicazione sul B.U.R.T.\u00a0 Sar\u00e0 nostra premura comunicare eventuali variazioni. Graduatoria candidati selezionati, per il progetto di servizio civile regionale,\u00a0dall\u2019Associazione Sportiva \u201cLe Bollicine\u201d, codice ente RT1S00033, per il Progetto...<\/p>\n\t\t\t\t\t\t\t<div class=\"qode-bct-post-date entry_date updated\" itemprop=\"dateCreated\">\n\t\t\t\t\t\t\t\t3 Agosto 2011\t\t\t\t\t\t\t\t<meta itemprop=\"interactionCount\" content=\"UserComments: 0\"\/>\n\t\t\t\t\t\t\t<\/div>\n\t\t\t\t\t\t<\/div>\n\t\t\t\t\t<\/div>\n\t\t\t\t\t\t\t\t\t\t\t\t<div class=\"qode-bct-post\">\n\t\t\t\t\t\t\t\t\t\t\t\t<div class=\"qode-bct-post-text\">\n\t\t\t\t\t\t\t<h3 class=\"qode-bct-post-title entry_title\" itemprop=\"name\">\n\t\t\t\t\t\t\t\t<a href=\"https:\/\/bollicine.org\/?p=433\" itemprop=\"url\">Corso di Formazione per Volontari &#8220;Dalla terra al cibo&#8221; &#8211; Esperienze formative per la salute e la valorizzazione dell&#8217;ambiente in cui viviamo.<\/a>\n\t\t\t\t\t\t\t<\/h3>\n\t\t\t\t\t\t\t\t\t\t\t\t\t\t<p itemprop=\"description\" class = \"qode-bct-post-excerpt\"> L&#8217;associazione AUSER, \u00a0in collaborazione con il CESVOT,\u00a0l&#8217;Associazione Sportiva &#8220;Le Bollicine&#8221;, l&#8217;Associazione Pubblica Assistenza di Siena, l&#8217;A.SE.Do, il CAI di Siena e la sezione di Siena di Legambiente, organizza un percorso formativo,\u00a0nell&#8217;ambito del Bando &#8220;Percorso delle Idee&#8221;, finanziato dal CESVOT, \u00a0finalizzato alla valorizzazione e recupero del\u00a0territorio...<\/p>\n\t\t\t\t\t\t\t<div class=\"qode-bct-post-date entry_date updated\" itemprop=\"dateCreated\">\n\t\t\t\t\t\t\t\t11 Maggio 2011\t\t\t\t\t\t\t\t<meta itemprop=\"interactionCount\" content=\"UserComments: 0\"\/>\n\t\t\t\t\t\t\t<\/div>\n\t\t\t\t\t\t<\/div>\n\t\t\t\t\t<\/div>\n\t\t\t\t\t\t\t\t\t\t\t\t<div class=\"qode-bct-post\">\n\t\t\t\t\t\t\t\t\t\t\t\t<div class=\"qode-bct-post-text\">\n\t\t\t\t\t\t\t<h3 class=\"qode-bct-post-title entry_title\" itemprop=\"name\">\n\t\t\t\t\t\t\t\t<a href=\"https:\/\/bollicine.org\/?p=429\" itemprop=\"url\">Meeting Interregionale Equitazione del 16 e 17 aprile<\/a>\n\t\t\t\t\t\t\t<\/h3>\n\t\t\t\t\t\t\t\t\t\t\t\t\t\t<p itemprop=\"description\" class = \"qode-bct-post-excerpt\"> L\u2019associazione \u201cLe Bollicine\u201d di Siena organizza per il prossimo 16 e 17 Aprile una Manifestazione Interregionale di Equitazione secondo i programmi FISDIR, del Comitato Paralimpico Italiano. L\u2019evento, Patrocinato dal Comune di Siena , dal Comune di Sovicille, dall\u2019Amministrazione provinciale di Siena e dal Coni, si...<\/p>\n\t\t\t\t\t\t\t<div class=\"qode-bct-post-date entry_date updated\" itemprop=\"dateCreated\">\n\t\t\t\t\t\t\t\t11 Aprile 2011\t\t\t\t\t\t\t\t<meta itemprop=\"interactionCount\" content=\"UserComments: 0\"\/>\n\t\t\t\t\t\t\t<\/div>\n\t\t\t\t\t\t<\/div>\n\t\t\t\t\t<\/div>\n\t\t\t\t\t\t\t\t\t\t\t\t<div class=\"qode-bct-post\">\n\t\t\t\t\t\t\t\t\t\t\t\t<div class=\"qode-bct-post-text\">\n\t\t\t\t\t\t\t<h3 class=\"qode-bct-post-title entry_title\" itemprop=\"name\">\n\t\t\t\t\t\t\t\t<a href=\"https:\/\/bollicine.org\/?p=425\" itemprop=\"url\">Donazione 5 per mille Le Bollicine C.F. 92009180529<\/a>\n\t\t\t\t\t\t\t<\/h3>\n\t\t\t\t\t\t\t\t\t\t\t\t\t\t<p itemprop=\"description\" class = \"qode-bct-post-excerpt\"> Anche per i redditi 2010 \u00e8 possibile devolvere la quota del 5 x 1000 all&#8217;Associazione Sportiva &#8220;Le Bollicine&#8221;. Grazie ai contributi ricevuti negli anni passati l&#8217;Associazione ha potuto acquistare un&#8217;autovettura adibita a trasporto di persone diversamente abili ed ha potuto realizzare, presso il proprio centro...<\/p>\n\t\t\t\t\t\t\t<div class=\"qode-bct-post-date entry_date updated\" itemprop=\"dateCreated\">\n\t\t\t\t\t\t\t\t30 Marzo 2011\t\t\t\t\t\t\t\t<meta itemprop=\"interactionCount\" content=\"UserComments: 0\"\/>\n\t\t\t\t\t\t\t<\/div>\n\t\t\t\t\t\t<\/div>\n\t\t\t\t\t<\/div>\n\t\t\t\t\t\t\t\t\t\t\t\t<div class=\"qode-bct-post\">\n\t\t\t\t\t\t\t\t\t\t\t\t<div class=\"qode-bct-post-text\">\n\t\t\t\t\t\t\t<h3 class=\"qode-bct-post-title entry_title\" itemprop=\"name\">\n\t\t\t\t\t\t\t\t<a href=\"https:\/\/bollicine.org\/?p=416\" itemprop=\"url\">IX Trofeo Le Bollicine- Atletica leggera- 9 Aprile 2011<\/a>\n\t\t\t\t\t\t\t<\/h3>\n\t\t\t\t\t\t\t\t\t\t\t\t\t\t<p itemprop=\"description\" class = \"qode-bct-post-excerpt\"> Il 9 aprile prossimo, presso il Campo Scuola di Viale Avignone, a Siena, si svolger\u00e0 il &#8220;IX Trofeo di Atletica Leggera- Le Bollicine&#8221;. La manifestazione vedr\u00e0 la partecipazioni di associazioni sprtive provenienti da tutta la Toscana. L&#8217;evento \u00e8 realizzato in collaborazione con il Comune di...<\/p>\n\t\t\t\t\t\t\t<div class=\"qode-bct-post-date entry_date updated\" itemprop=\"dateCreated\">\n\t\t\t\t\t\t\t\t25 Marzo 2011\t\t\t\t\t\t\t\t<meta itemprop=\"interactionCount\" content=\"UserComments: 0\"\/>\n\t\t\t\t\t\t\t<\/div>\n\t\t\t\t\t\t<\/div>\n\t\t\t\t\t<\/div>\n\t\t\t\t\t\t\t\t\t\t\t\t<div class=\"qode-bct-post\">\n\t\t\t\t\t\t\t\t\t\t\t\t<div class=\"qode-bct-post-text\">\n\t\t\t\t\t\t\t<h3 class=\"qode-bct-post-title entry_title\" itemprop=\"name\">\n\t\t\t\t\t\t\t\t<a href=\"https:\/\/bollicine.org\/?p=412\" itemprop=\"url\">Corso di formazione per volontari: &#8220;La Riabilitazione equestre nei disturbi neuro-motori. Corso Introduttivo&#8221;<\/a>\n\t\t\t\t\t\t\t<\/h3>\n\t\t\t\t\t\t\t\t\t\t\t\t\t\t<p itemprop=\"description\" class = \"qode-bct-post-excerpt\"> Si \u00e8 concluso sabato 12 febbraio\u00a0il Corso di formazione per volontari finanzia to dal CESVOT dal titolo &#8220;La Riabilitazione equestre nei disturbi neuro-motori&#8221;. Il corso si \u00e8 svolto presso il Centro Tosca delle Bollicine ed ha visto la partecipazione di 14 volontari appartenenti all&#8217;Associazione &#8220;Le...<\/p>\n\t\t\t\t\t\t\t<div class=\"qode-bct-post-date entry_date updated\" itemprop=\"dateCreated\">\n\t\t\t\t\t\t\t\t16 Febbraio 2011\t\t\t\t\t\t\t\t<meta itemprop=\"interactionCount\" content=\"UserComments: 0\"\/>\n\t\t\t\t\t\t\t<\/div>\n\t\t\t\t\t\t<\/div>\n\t\t\t\t\t<\/div>\n\t\t\t\t\t\t\t\t\t\t\t\t<div class=\"qode-bct-post\">\n\t\t\t\t\t\t\t\t\t\t\t\t<div class=\"qode-bct-post-text\">\n\t\t\t\t\t\t\t<h3 class=\"qode-bct-post-title entry_title\" itemprop=\"name\">\n\t\t\t\t\t\t\t\t<a href=\"https:\/\/bollicine.org\/?p=405\" itemprop=\"url\">LE BOCCE : Inizio di nuova attivit\u00e0<\/a>\n\t\t\t\t\t\t\t<\/h3>\n\t\t\t\t\t\t\t\t\t\t\t\t\t\t<p itemprop=\"description\" class = \"qode-bct-post-excerpt\"> Le Bollicine ringraziano il CENTRO BOCCIOFILO SENESE di Piazza d&#8217;Armi per la loro disponibilit\u00e0 di svolgere l&#8217;attivit\u00e0 di Bocce ogni Venerdi dalle ore 15.30 alle ore 17.30 presso il loro Centro. Buon inizio!<\/p>\n\t\t\t\t\t\t\t<div class=\"qode-bct-post-date entry_date updated\" itemprop=\"dateCreated\">\n\t\t\t\t\t\t\t\t25 Gennaio 2011\t\t\t\t\t\t\t\t<meta itemprop=\"interactionCount\" content=\"UserComments: 0\"\/>\n\t\t\t\t\t\t\t<\/div>\n\t\t\t\t\t\t<\/div>\n\t\t\t\t\t<\/div>\n\t\t\t\t\t\t\t\t\t\t\t\t<div class=\"qode-bct-post\">\n\t\t\t\t\t\t\t\t\t\t\t\t<div class=\"qode-bct-post-text\">\n\t\t\t\t\t\t\t<h3 class=\"qode-bct-post-title entry_title\" itemprop=\"name\">\n\t\t\t\t\t\t\t\t<a href=\"https:\/\/bollicine.org\/?p=400\" itemprop=\"url\">Estrazione biglietti vincenti &#8220;lotteria Le Bollicine&#8221;<\/a>\n\t\t\t\t\t\t\t<\/h3>\n\t\t\t\t\t\t\t\t\t\t\t\t\t\t<p itemprop=\"description\" class = \"qode-bct-post-excerpt\"> Sabato pomeriggio presso il Centro Tosca delle Bollicine ha avuto luogo l&#8217;estrazione dei biglietti vincenti della lotteria organizzata dall&#8217;Associazione. I Vincitori sono: biglietto n. 1425 vince il primo premio: buono spesa del valore di \u20ac 500\u00a0spendibile presso\u00a0UNICOOP Firenze; biglietto n. 0803 vince il secondo premio:...<\/p>\n\t\t\t\t\t\t\t<div class=\"qode-bct-post-date entry_date updated\" itemprop=\"dateCreated\">\n\t\t\t\t\t\t\t\t17 Gennaio 2011\t\t\t\t\t\t\t\t<meta itemprop=\"interactionCount\" content=\"UserComments: 0\"\/>\n\t\t\t\t\t\t\t<\/div>\n\t\t\t\t\t\t<\/div>\n\t\t\t\t\t<\/div>\n\t\t\t\t\t\t\t\t\t\t\t\t<div class=\"qode-bct-post\">\n\t\t\t\t\t\t\t\t\t\t\t\t<div class=\"qode-bct-post-text\">\n\t\t\t\t\t\t\t<h3 class=\"qode-bct-post-title entry_title\" itemprop=\"name\">\n\t\t\t\t\t\t\t\t<a href=\"https:\/\/bollicine.org\/?p=391\" itemprop=\"url\">\u201cLa Riabilitazione Equestre nei disturbi neuro\u2013motori\u201d: Corso Introduttivo per volontari<\/a>\n\t\t\t\t\t\t\t<\/h3>\n\t\t\t\t\t\t\t\t\t\t\t\t\t\t<p itemprop=\"description\" class = \"qode-bct-post-excerpt\"> L&#8217;associazione Le Bollicine di Siena organizza grazie al Contributo del Cesvot ( Centro Servizi Volontariato Toscano) un corso di Formazione rivolto ai volontari operanti nel sociale e a persone interessate a tale ambito. Il percorso formativo si realizza presso il centro Tosca delle Bollicine Loc...<\/p>\n\t\t\t\t\t\t\t<div class=\"qode-bct-post-date entry_date updated\" itemprop=\"dateCreated\">\n\t\t\t\t\t\t\t\t12 Gennaio 2011\t\t\t\t\t\t\t\t<meta itemprop=\"interactionCount\" content=\"UserComments: 0\"\/>\n\t\t\t\t\t\t\t<\/div>\n\t\t\t\t\t\t<\/div>\n\t\t\t\t\t<\/div>\n\t\t\t\t\t\t\t\t\t\t\t\t<div class=\"qode-bct-post\">\n\t\t\t\t\t\t\t\t\t\t\t\t<div class=\"qode-bct-post-text\">\n\t\t\t\t\t\t\t<h3 class=\"qode-bct-post-title entry_title\" itemprop=\"name\">\n\t\t\t\t\t\t\t\t<a href=\"https:\/\/bollicine.org\/?p=376\" itemprop=\"url\">&#8220;MA&#8230;DONNE\u2026&#8221;: Mercatini di Beneficenza, Natale 2011<\/a>\n\t\t\t\t\t\t\t<\/h3>\n\t\t\t\t\t\t\t\t\t\t\t\t\t\t<p itemprop=\"description\" class = \"qode-bct-post-excerpt\"> Anche quest\u2019anno l\u2019Associazione Le Bollicine organizza\u2026 &#8220;Ma&#8230;Donne\u2026&#8221; Mercatini di Beneficenza\u00a0 per la raccolta Fondi a sostegno delle Attivit\u00e0 educative e riabilitative rivolte a persone diversamente abili. Gli appuntamenti sono dal 28 al 1 Dicembre, dal 13 al 15 Dicembre in P.zza Salimbeni ed il 4...<\/p>\n\t\t\t\t\t\t\t<div class=\"qode-bct-post-date entry_date updated\" itemprop=\"dateCreated\">\n\t\t\t\t\t\t\t\t30 Novembre 2010\t\t\t\t\t\t\t\t<meta itemprop=\"interactionCount\" content=\"UserComments: 0\"\/>\n\t\t\t\t\t\t\t<\/div>\n\t\t\t\t\t\t<\/div>\n\t\t\t\t\t<\/div>\n\t\t\t\t\t\t\t\t\t\t\t\t<div class=\"qode-bct-post\">\n\t\t\t\t\t\t\t\t\t\t\t\t<div class=\"qode-bct-post-text\">\n\t\t\t\t\t\t\t<h3 class=\"qode-bct-post-title entry_title\" itemprop=\"name\">\n\t\t\t\t\t\t\t\t<a href=\"https:\/\/bollicine.org\/?p=362\" itemprop=\"url\">LA RIABILITAZIONE EQUESTRE NEI DISTURBI NEURO-MOTORI: Corso di Formazione 14 gennaio-5 febbraio 2011<\/a>\n\t\t\t\t\t\t\t<\/h3>\n\t\t\t\t\t\t\t\t\t\t\t\t\t\t<p itemprop=\"description\" class = \"qode-bct-post-excerpt\"> Corso di Formazione per Volontari con lo scopo di fornire gli elementi di base sulle metodologie della Riabilitazione Equestre e della gestione del cavallo durante le attivit\u00e0 dei centri riabilitativi equestri. Scadenza: Venerdi 7 gennaio 2011 Scaricare il Programma e la Scheda di adesione<\/p>\n\t\t\t\t\t\t\t<div class=\"qode-bct-post-date entry_date updated\" itemprop=\"dateCreated\">\n\t\t\t\t\t\t\t\t30 Novembre 2010\t\t\t\t\t\t\t\t<meta itemprop=\"interactionCount\" content=\"UserComments: 0\"\/>\n\t\t\t\t\t\t\t<\/div>\n\t\t\t\t\t\t<\/div>\n\t\t\t\t\t<\/div>\n\t\t\t\t\t\t\t\t\t\t\t\t<div class=\"qode-bct-post\">\n\t\t\t\t\t\t\t\t\t\t\t\t<div class=\"qode-bct-post-text\">\n\t\t\t\t\t\t\t<h3 class=\"qode-bct-post-title entry_title\" itemprop=\"name\">\n\t\t\t\t\t\t\t\t<a href=\"https:\/\/bollicine.org\/?p=347\" itemprop=\"url\">IDEE ED ESPERIENZE- Testimonianze di un percorso.<\/a>\n\t\t\t\t\t\t\t<\/h3>\n\t\t\t\t\t\t\t\t\t\t\t\t\t\t<p itemprop=\"description\" class = \"qode-bct-post-excerpt\"> Mercoled\u00ec 17 novembre alle ore 16.00, presso la Sala &#8220;Aurora&#8221; dell&#8217;Amministrazione Provinciale di Siena in Piazza del Duomo 9, l&#8217;Associazione &#8220;Le Bollicine&#8221; presenta i risultati del Progetto Bando Percorso delle Idee CESVOT\u00a0realizzato in rete con A.Se.Do e Pubblica Assistenza di Siena. L&#8217;iniziativa \u00e8 stata realizzata...<\/p>\n\t\t\t\t\t\t\t<div class=\"qode-bct-post-date entry_date updated\" itemprop=\"dateCreated\">\n\t\t\t\t\t\t\t\t8 Novembre 2010\t\t\t\t\t\t\t\t<meta itemprop=\"interactionCount\" content=\"UserComments: 0\"\/>\n\t\t\t\t\t\t\t<\/div>\n\t\t\t\t\t\t<\/div>\n\t\t\t\t\t<\/div>\n\t\t\t\t\t\t\t\t\t\t\t\t<div class=\"qode-bct-post\">\n\t\t\t\t\t\t\t\t\t\t\t\t<div class=\"qode-bct-post-text\">\n\t\t\t\t\t\t\t<h3 class=\"qode-bct-post-title entry_title\" itemprop=\"name\">\n\t\t\t\t\t\t\t\t<a href=\"https:\/\/bollicine.org\/?p=342\" itemprop=\"url\">GRADUATORIE SELEZIONI SERVIZIO CIVILE 2010.<\/a>\n\t\t\t\t\t\t\t<\/h3>\n\t\t\t\t\t\t\t\t\t\t\t\t\t\t<p itemprop=\"description\" class = \"qode-bct-post-excerpt\"> ELENCO DEI VOLONTARI SELEZIONATI Idonei e selezionati: Num. COGNOME NOME DATA NASCITA\u00a0\u00a0\u00a0\u00a0\u00a0 PUNTEGGIO 1\u00a0\u00a0\u00a0\u00a0\u00a0\u00a0\u00a0\u00a0\u00a0\u00a0\u00a0\u00a0\u00a0\u00a0\u00a0\u00a0\u00a0 \u00a0Vento\u00a0\u00a0\u00a0\u00a0\u00a0\u00a0\u00a0\u00a0\u00a0\u00a0\u00a0\u00a0\u00a0\u00a0\u00a0\u00a0\u00a0\u00a0\u00a0\u00a0\u00a0\u00a0\u00a0\u00a0\u00a0\u00a0\u00a0\u00a0\u00a0\u00a0\u00a0\u00a0\u00a0\u00a0\u00a0\u00a0 Valentina\u00a0\u00a0\u00a0\u00a0\u00a0\u00a0\u00a0\u00a0\u00a0\u00a0\u00a0\u00a0\u00a0\u00a0\u00a0\u00a0\u00a0\u00a0\u00a0\u00a0\u00a0\u00a0\u00a0\u00a0\u00a0\u00a0\u00a0\u00a0\u00a0\u00a0\u00a0\u00a0\u00a0\u00a0\u00a0\u00a0\u00a0\u00a0\u00a0\u00a0\u00a0\u00a0\u00a0\u00a0\u00a0\u00a0 25\/04\/1985\u00a0\u00a0\u00a0\u00a0\u00a0\u00a0\u00a0\u00a0\u00a0\u00a0\u00a0\u00a0\u00a0\u00a0\u00a0\u00a0\u00a0\u00a0 67 2\u00a0\u00a0\u00a0\u00a0\u00a0\u00a0\u00a0\u00a0\u00a0\u00a0\u00a0\u00a0\u00a0\u00a0\u00a0 \u00a0Innocenti\u00a0\u00a0\u00a0\u00a0\u00a0\u00a0\u00a0\u00a0\u00a0\u00a0\u00a0\u00a0\u00a0\u00a0\u00a0\u00a0\u00a0\u00a0\u00a0\u00a0\u00a0\u00a0\u00a0\u00a0\u00a0\u00a0\u00a0\u00a0\u00a0\u00a0 Francesca\u00a0\u00a0\u00a0\u00a0\u00a0\u00a0\u00a0\u00a0\u00a0\u00a0\u00a0\u00a0\u00a0\u00a0\u00a0\u00a0\u00a0\u00a0\u00a0\u00a0\u00a0\u00a0\u00a0\u00a0\u00a0\u00a0\u00a0\u00a0\u00a0\u00a0\u00a0\u00a0\u00a0\u00a0\u00a0\u00a0\u00a0\u00a0\u00a0\u00a0\u00a0\u00a0\u00a0\u00a0 06\/09\/1986\u00a0\u00a0\u00a0\u00a0\u00a0\u00a0\u00a0\u00a0\u00a0\u00a0\u00a0\u00a0\u00a0 61.75 3\u00a0\u00a0\u00a0\u00a0\u00a0\u00a0\u00a0\u00a0\u00a0\u00a0\u00a0\u00a0\u00a0\u00a0\u00a0 Rosa\u00a0\u00a0\u00a0\u00a0\u00a0\u00a0\u00a0\u00a0\u00a0\u00a0\u00a0\u00a0\u00a0\u00a0\u00a0\u00a0\u00a0\u00a0\u00a0\u00a0\u00a0\u00a0\u00a0\u00a0\u00a0\u00a0\u00a0\u00a0\u00a0\u00a0\u00a0\u00a0\u00a0\u00a0\u00a0\u00a0\u00a0\u00a0 \u00a0\u00a0 Giada\u00a0\u00a0\u00a0\u00a0\u00a0\u00a0\u00a0\u00a0\u00a0\u00a0\u00a0\u00a0\u00a0\u00a0\u00a0\u00a0\u00a0\u00a0\u00a0\u00a0\u00a0\u00a0\u00a0\u00a0\u00a0\u00a0\u00a0\u00a0\u00a0\u00a0\u00a0\u00a0\u00a0\u00a0\u00a0\u00a0\u00a0\u00a0\u00a0\u00a0\u00a0\u00a0\u00a0\u00a0\u00a0\u00a0\u00a0\u00a0\u00a0\u00a0\u00a0\u00a0\u00a0\u00a0\u00a0\u00a0 19\/05\/1987\u00a0\u00a0\u00a0\u00a0\u00a0\u00a0\u00a0\u00a0\u00a0\u00a0\u00a0\u00a0\u00a0\u00a0\u00a0 58 4\u00a0\u00a0\u00a0\u00a0\u00a0\u00a0\u00a0\u00a0\u00a0\u00a0\u00a0\u00a0\u00a0\u00a0\u00a0\u00a0Cei\u00a0\u00a0\u00a0\u00a0\u00a0\u00a0\u00a0\u00a0\u00a0\u00a0\u00a0\u00a0\u00a0\u00a0\u00a0\u00a0\u00a0\u00a0\u00a0\u00a0\u00a0\u00a0\u00a0\u00a0\u00a0\u00a0\u00a0\u00a0\u00a0\u00a0\u00a0\u00a0\u00a0\u00a0\u00a0\u00a0\u00a0\u00a0\u00a0\u00a0\u00a0\u00a0\u00a0\u00a0 \u00a0Martina\u00a0\u00a0\u00a0\u00a0\u00a0\u00a0\u00a0\u00a0\u00a0\u00a0\u00a0\u00a0\u00a0\u00a0\u00a0\u00a0\u00a0\u00a0\u00a0\u00a0\u00a0\u00a0\u00a0\u00a0\u00a0\u00a0\u00a0\u00a0\u00a0\u00a0\u00a0\u00a0\u00a0\u00a0\u00a0\u00a0\u00a0\u00a0\u00a0\u00a0\u00a0\u00a0\u00a0\u00a0\u00a0\u00a0\u00a0\u00a0\u00a0\u00a0\u00a0 04\/10\/1990\u00a0\u00a0\u00a0\u00a0\u00a0\u00a0\u00a0\u00a0\u00a0\u00a0\u00a0\u00a0\u00a0 55.71 5\u00a0\u00a0\u00a0\u00a0\u00a0\u00a0\u00a0\u00a0\u00a0\u00a0\u00a0\u00a0\u00a0\u00a0\u00a0\u00a0Montaperto\u00a0\u00a0\u00a0\u00a0\u00a0\u00a0\u00a0\u00a0\u00a0\u00a0\u00a0\u00a0\u00a0\u00a0\u00a0\u00a0\u00a0\u00a0\u00a0\u00a0\u00a0\u00a0\u00a0\u00a0\u00a0\u00a0\u00a0Oretta\u00a0\u00a0\u00a0\u00a0\u00a0\u00a0\u00a0\u00a0\u00a0\u00a0\u00a0\u00a0\u00a0\u00a0\u00a0\u00a0\u00a0\u00a0\u00a0\u00a0\u00a0\u00a0\u00a0\u00a0\u00a0\u00a0\u00a0\u00a0\u00a0\u00a0\u00a0\u00a0\u00a0\u00a0\u00a0\u00a0\u00a0\u00a0\u00a0\u00a0\u00a0\u00a0\u00a0\u00a0\u00a0\u00a0\u00a0\u00a0\u00a0\u00a0\u00a0\u00a0\u00a0\u00a0\u00a0 04\/05\/1990\u00a0\u00a0\u00a0\u00a0\u00a0\u00a0\u00a0\u00a0\u00a0\u00a0\u00a0\u00a0\u00a0 54.75 6\u00a0\u00a0\u00a0\u00a0\u00a0\u00a0\u00a0\u00a0\u00a0\u00a0\u00a0\u00a0\u00a0\u00a0\u00a0 Mesina\u00a0\u00a0\u00a0\u00a0\u00a0\u00a0\u00a0\u00a0\u00a0\u00a0\u00a0\u00a0\u00a0\u00a0\u00a0\u00a0\u00a0\u00a0\u00a0\u00a0\u00a0\u00a0\u00a0\u00a0\u00a0\u00a0\u00a0\u00a0\u00a0\u00a0\u00a0\u00a0\u00a0\u00a0\u00a0\u00a0\u00a0Maristella\u00a0\u00a0\u00a0\u00a0\u00a0\u00a0\u00a0\u00a0\u00a0\u00a0\u00a0\u00a0\u00a0\u00a0\u00a0\u00a0\u00a0\u00a0\u00a0\u00a0\u00a0\u00a0\u00a0\u00a0\u00a0\u00a0\u00a0\u00a0\u00a0\u00a0\u00a0\u00a0\u00a0\u00a0\u00a0\u00a0\u00a0\u00a0\u00a0\u00a0\u00a0\u00a0\u00a0\u00a0\u00a0\u00a0\u00a0 14\/10\/1984\u00a0\u00a0\u00a0\u00a0\u00a0\u00a0\u00a0\u00a0\u00a0\u00a0\u00a0\u00a0\u00a0\u00a0\u00a0\u00a0\u00a0 \u00a052.29 Idonei non selezionati: 1\u00a0\u00a0\u00a0\u00a0\u00a0\u00a0\u00a0\u00a0\u00a0\u00a0\u00a0\u00a0\u00a0\u00a0\u00a0 \u00a0\u00a0...<\/p>\n\t\t\t\t\t\t\t<div class=\"qode-bct-post-date entry_date updated\" itemprop=\"dateCreated\">\n\t\t\t\t\t\t\t\t18 Ottobre 2010\t\t\t\t\t\t\t\t<meta itemprop=\"interactionCount\" content=\"UserComments: 0\"\/>\n\t\t\t\t\t\t\t<\/div>\n\t\t\t\t\t\t<\/div>\n\t\t\t\t\t<\/div>\n\t\t\t\t\t\t\t\t\t\t\t\t<div class=\"qode-bct-post\">\n\t\t\t\t\t\t\t\t\t\t\t\t<div class=\"qode-bct-post-text\">\n\t\t\t\t\t\t\t<h3 class=\"qode-bct-post-title entry_title\" itemprop=\"name\">\n\t\t\t\t\t\t\t\t<a href=\"https:\/\/bollicine.org\/?p=321\" itemprop=\"url\">&#8220;VENT&#8217;ANNI (effervescenti)&#8221; alla Libreria Feltrinelli<\/a>\n\t\t\t\t\t\t\t<\/h3>\n\t\t\t\t\t\t\t\t\t\t\t\t\t\t<p itemprop=\"description\" class = \"qode-bct-post-excerpt\"> Le copie del libro &#8220;Vent&#8217;anni (effervescenti): STORIE, PERSONE E SPORT NEL VENTENALLE DE LE BOLLICINE&#8221; a cura di Gregori Galli sono disponibili alla Libreria Feltrinelli di Siena e chi vuole pu\u00f2 lasciare una donazione a favore delle attivit\u00e0 de Le Bollicine di 15 Euro.<\/p>\n\t\t\t\t\t\t\t<div class=\"qode-bct-post-date entry_date updated\" itemprop=\"dateCreated\">\n\t\t\t\t\t\t\t\t15 Settembre 2010\t\t\t\t\t\t\t\t<meta itemprop=\"interactionCount\" content=\"UserComments: 0\"\/>\n\t\t\t\t\t\t\t<\/div>\n\t\t\t\t\t\t<\/div>\n\t\t\t\t\t<\/div>\n\t\t\t\t\t\t\t\t\t\t\t\t<div class=\"qode-bct-post\">\n\t\t\t\t\t\t\t\t\t\t\t\t<div class=\"qode-bct-post-text\">\n\t\t\t\t\t\t\t<h3 class=\"qode-bct-post-title entry_title\" itemprop=\"name\">\n\t\t\t\t\t\t\t\t<a href=\"https:\/\/bollicine.org\/?p=291\" itemprop=\"url\">Servizio Civile Nazionale 2011 : SONO APERTE LE SELEZIONI PER 6 NUOVI VOLONTARI.<\/a>\n\t\t\t\t\t\t\t<\/h3>\n\t\t\t\t\t\t\t\t\t\t\t\t\t\t<p itemprop=\"description\" class = \"qode-bct-post-excerpt\"> Anche per il 2011 l\u2019Associazione Sportiva \u201cLe Bollicine\u201d selezioner\u00e0\u00a06 nuovi\u00a0volontari del Servizio Civile. E&#8217; POSSIBILE PRESENTARE DOMANDA DI SELEZIONE FINO ALLE ORE 14.00 DEL 4 OTTOBRE 2010. Si possono ritirare i moduli presso la sede dell&#8217;Associazione oppure si possono scaricare dal sito www.serviziocivile.it. Ai moduli...<\/p>\n\t\t\t\t\t\t\t<div class=\"qode-bct-post-date entry_date updated\" itemprop=\"dateCreated\">\n\t\t\t\t\t\t\t\t7 Settembre 2010\t\t\t\t\t\t\t\t<meta itemprop=\"interactionCount\" content=\"UserComments: 0\"\/>\n\t\t\t\t\t\t\t<\/div>\n\t\t\t\t\t\t<\/div>\n\t\t\t\t\t<\/div>\n\t\t\t\t\t\t\t\t\t\t\t\t<div class=\"qode-bct-post\">\n\t\t\t\t\t\t\t\t\t\t\t\t<div class=\"qode-bct-post-text\">\n\t\t\t\t\t\t\t<h3 class=\"qode-bct-post-title entry_title\" itemprop=\"name\">\n\t\t\t\t\t\t\t\t<a href=\"https:\/\/bollicine.org\/?p=300\" itemprop=\"url\">Le Bollicine- 20 anni di storie, persone e sport<\/a>\n\t\t\t\t\t\t\t<\/h3>\n\t\t\t\t\t\t\t\t\t\t\t\t\t\t<p itemprop=\"description\" class = \"qode-bct-post-excerpt\"> Il 9 Settembre Le Bollicine festeggiano i primi 20 anni di attivit\u00e0. Alle ore 17.30 nella Sala delle Lupe di Palazzo Pubblico, alla presenza delle autorit\u00e0 cittadine e delle Istituzioni del Territorio Senese, verr\u00e0 presentata la pubblicazione realizzata per illustrare 20 anni trascorsi insieme a...<\/p>\n\t\t\t\t\t\t\t<div class=\"qode-bct-post-date entry_date updated\" itemprop=\"dateCreated\">\n\t\t\t\t\t\t\t\t26 Agosto 2010\t\t\t\t\t\t\t\t<meta itemprop=\"interactionCount\" content=\"UserComments: 0\"\/>\n\t\t\t\t\t\t\t<\/div>\n\t\t\t\t\t\t<\/div>\n\t\t\t\t\t<\/div>\n\t\t\t\t\t\t\t\t\t\t\t\t<div class=\"qode-bct-post\">\n\t\t\t\t\t\t\t\t\t\t\t\t<div class=\"qode-bct-post-text\">\n\t\t\t\t\t\t\t<h3 class=\"qode-bct-post-title entry_title\" itemprop=\"name\">\n\t\t\t\t\t\t\t\t<a href=\"https:\/\/bollicine.org\/?p=282\" itemprop=\"url\">Servizi Svolti dall\u2019Associazione Sportiva \u201cLe Bollicine\u201d &#8211; anno 2009 -2010<\/a>\n\t\t\t\t\t\t\t<\/h3>\n\t\t\t\t\t\t\t\t\t\t\t\t\t\t<p itemprop=\"description\" class = \"qode-bct-post-excerpt\"> Grazie alle donazioni, ai contributi pubblici e privati e alle quote del 5 per mille dell\u2019imposta sul reddito sono state realizzate le seguenti attivit\u00e0 in favore delle persone diversamente abili: Attivit\u00e0 di Riabilitazione equestre e sport N. 30 Utenti\u00a0\u00a0\u00a0\u00a0\u00a0\u00a0\u00a0\u00a0\u00a0\u00a0\u00a0\u00a0\u00a0\u00a0\u00a0\u00a0\u00a0\u00a0\u00a0\u00a0\u00a0\u00a0\u00a0\u00a0\u00a0\u00a0\u00a0\u00a0\u00a0\u00a0\u00a0\u00a0\u00a0\u00a0\u00a0\u00a0\u00a0\u00a0\u00a0\u00a0\u00a0\u00a0\u00a0\u00a0\u00a0\u00a0\u00a0\u00a0\u00a0\u00a0\u00a0\u00a0\u00a0\u00a0\u00a0\u00a0\u00a0\u00a0\u00a0\u00a0\u00a0\u00a0\u00a0\u00a0\u00a0\u00a0\u00a0\u00a0\u00a0\u00a0\u00a0\u00a0\u00a0\u00a0 \u00a0\u00a0\u00a0\u00a0\u00a0\u00a0\u00a0\u00a0\u00a0\u00a0 \u00a0\u00a0\u00a0\u00a0\u00a0\u00a0\u00a0\u00a0\u00a0\u00a0\u00a0 N. 2640 sedute Inserimenti...<\/p>\n\t\t\t\t\t\t\t<div class=\"qode-bct-post-date entry_date updated\" itemprop=\"dateCreated\">\n\t\t\t\t\t\t\t\t28 Maggio 2010\t\t\t\t\t\t\t\t<meta itemprop=\"interactionCount\" content=\"UserComments: 0\"\/>\n\t\t\t\t\t\t\t<\/div>\n\t\t\t\t\t\t<\/div>\n\t\t\t\t\t<\/div>\n\t\t\t\t\t\t\t\t\t\t\t\t<div class=\"qode-bct-post\">\n\t\t\t\t\t\t\t\t\t\t\t\t<div class=\"qode-bct-post-text\">\n\t\t\t\t\t\t\t<h3 class=\"qode-bct-post-title entry_title\" itemprop=\"name\">\n\t\t\t\t\t\t\t\t<a href=\"https:\/\/bollicine.org\/?p=272\" itemprop=\"url\">30 Aprile &#8211; 1 Maggio 2010: MEETING INTER-REGIONALE DI EQUITAZIONE-FISDIR &#8220;LE BOLLICINE&#8221;<\/a>\n\t\t\t\t\t\t\t<\/h3>\n\t\t\t\t\t\t\t\t\t\t\t\t\t\t<p itemprop=\"description\" class = \"qode-bct-post-excerpt\"> Vi aspettiamo al Centro di Riabilitazione Equestre &#8220;Tosca delle Bollicine&#8221; PROGRAMMA MANIFESTAZIONE DI EQUITAZIONE VENERDI 30 APRILE 2010 ORE 9.00 \u00a0\u00a0\u00a0\u00a0\u00a0\u00a0 Arrivo Societ\u00e0 Sportive (accreditamento) Ore 10.00 \u00a0\u00a0\u00a0\u00a0\u00a0\u00a0 Riunione tecnica Prova cavallo istruttore, Prova cavallo- cavaliere Ore 12.30\u00a0\u00a0\u00a0\u00a0\u00a0\u00a0 Consegna moduli conferma iscrizioni Ore 13.00 \u00a0\u00a0\u00a0\u00a0\u00a0...<\/p>\n\t\t\t\t\t\t\t<div class=\"qode-bct-post-date entry_date updated\" itemprop=\"dateCreated\">\n\t\t\t\t\t\t\t\t26 Aprile 2010\t\t\t\t\t\t\t\t<meta itemprop=\"interactionCount\" content=\"UserComments: 0\"\/>\n\t\t\t\t\t\t\t<\/div>\n\t\t\t\t\t\t<\/div>\n\t\t\t\t\t<\/div>\n\t\t\t\t\t\t\t\t\t\t\t\t<div class=\"qode-bct-post\">\n\t\t\t\t\t\t\t\t\t\t\t\t<div class=\"qode-bct-post-text\">\n\t\t\t\t\t\t\t<h3 class=\"qode-bct-post-title entry_title\" itemprop=\"name\">\n\t\t\t\t\t\t\t\t<a href=\"https:\/\/bollicine.org\/?p=266\" itemprop=\"url\">DESTINARE LA QUOTA DEL 5 PER MILLE ALLE BOLLICINE<\/a>\n\t\t\t\t\t\t\t<\/h3>\n\t\t\t\t\t\t\t\t\t\t\t\t\t\t<p itemprop=\"description\" class = \"qode-bct-post-excerpt\"> <\/p>\n\t\t\t\t\t\t\t<div class=\"qode-bct-post-date entry_date updated\" itemprop=\"dateCreated\">\n\t\t\t\t\t\t\t\t15 Aprile 2010\t\t\t\t\t\t\t\t<meta itemprop=\"interactionCount\" content=\"UserComments: 1\"\/>\n\t\t\t\t\t\t\t<\/div>\n\t\t\t\t\t\t<\/div>\n\t\t\t\t\t<\/div>\n\t\t\t\t\t\t\t\t\t\t\t\t<div class=\"qode-bct-post\">\n\t\t\t\t\t\t\t\t\t\t\t\t<div class=\"qode-bct-post-text\">\n\t\t\t\t\t\t\t<h3 class=\"qode-bct-post-title entry_title\" itemprop=\"name\">\n\t\t\t\t\t\t\t\t<a href=\"https:\/\/bollicine.org\/?p=261\" itemprop=\"url\">6-12 Aprile 2010: Mercatino Le Bollicine<\/a>\n\t\t\t\t\t\t\t<\/h3>\n\t\t\t\t\t\t\t\t\t\t\t\t\t\t<p itemprop=\"description\" class = \"qode-bct-post-excerpt\"> L&#8217; Ass.ne Le Bollicine torna in P.za Salimbeni dal 6 al 12 aprile (orario 10-19) per la vendita di beneficenza di oggettistica d\u00e9coupage, biancheria per la casa e bigiotteria.Tutti i prodotti sono realizzati a mano dai ragazzi e le loro mamme, dalle volontarie. Il ricavato...<\/p>\n\t\t\t\t\t\t\t<div class=\"qode-bct-post-date entry_date updated\" itemprop=\"dateCreated\">\n\t\t\t\t\t\t\t\t7 Aprile 2010\t\t\t\t\t\t\t\t<meta itemprop=\"interactionCount\" content=\"UserComments: 0\"\/>\n\t\t\t\t\t\t\t<\/div>\n\t\t\t\t\t\t<\/div>\n\t\t\t\t\t<\/div>\n\t\t\t\t\t\t\t\t\t\t\t\t<div class=\"qode-bct-post\">\n\t\t\t\t\t\t\t\t\t\t\t\t<div class=\"qode-bct-post-text\">\n\t\t\t\t\t\t\t<h3 class=\"qode-bct-post-title entry_title\" itemprop=\"name\">\n\t\t\t\t\t\t\t\t<a href=\"https:\/\/bollicine.org\/?p=251\" itemprop=\"url\">10 Aprile 2010: Giochi Regionali di Atletica Leggera Special Olympics<\/a>\n\t\t\t\t\t\t\t<\/h3>\n\t\t\t\t\t\t\t\t\t\t\t\t\t\t<p itemprop=\"description\" class = \"qode-bct-post-excerpt\"> SPORT SENZA BARRIERE CON LE BOLLICINE Siena ospita un importante evento Sportivo e sociale, organizzato grazie all\u2019impegno dell\u2019Associazione di Volontariato senese \u201cLe Bollicine\u201d, che da sette anni si ripropone per l\u2019organizzazione dei Giochi regionali Special Olympics. Sabato 10 Aprile dalle 9.30 appuntamento al Campo Scuola...<\/p>\n\t\t\t\t\t\t\t<div class=\"qode-bct-post-date entry_date updated\" itemprop=\"dateCreated\">\n\t\t\t\t\t\t\t\t7 Aprile 2010\t\t\t\t\t\t\t\t<meta itemprop=\"interactionCount\" content=\"UserComments: 0\"\/>\n\t\t\t\t\t\t\t<\/div>\n\t\t\t\t\t\t<\/div>\n\t\t\t\t\t<\/div>\n\t\t\t\t\t\t\t\t\t\t\t\t<div class=\"qode-bct-post\">\n\t\t\t\t\t\t\t\t\t\t\t\t<div class=\"qode-bct-post-text\">\n\t\t\t\t\t\t\t<h3 class=\"qode-bct-post-title entry_title\" itemprop=\"name\">\n\t\t\t\t\t\t\t\t<a href=\"https:\/\/bollicine.org\/?p=224\" itemprop=\"url\">SERATE AL CASTELLO<\/a>\n\t\t\t\t\t\t\t<\/h3>\n\t\t\t\t\t\t\t\t\t\t\t\t\t\t<p itemprop=\"description\" class = \"qode-bct-post-excerpt\"> Cari amici, vi informiamo che l&#8217;Associazione \u201cLe Bollicine\u201d in collaborazione con l&#8217;Associazione Pubblica Assistenza di Siena e A.SE.DO., grazie al contributo del CESVOT bando \u201cPercorso delle Idee\u201d, sta realizzando un corso di cucina. Nei giorni 20 marzo, 17 aprile e 22 maggio organizziamo delle serate...<\/p>\n\t\t\t\t\t\t\t<div class=\"qode-bct-post-date entry_date updated\" itemprop=\"dateCreated\">\n\t\t\t\t\t\t\t\t16 Marzo 2010\t\t\t\t\t\t\t\t<meta itemprop=\"interactionCount\" content=\"UserComments: 0\"\/>\n\t\t\t\t\t\t\t<\/div>\n\t\t\t\t\t\t<\/div>\n\t\t\t\t\t<\/div>\n\t\t\t\t\t\t\t\t\t\t\t\t<div class=\"qode-bct-post\">\n\t\t\t\t\t\t\t\t\t\t\t\t<div class=\"qode-bct-post-text\">\n\t\t\t\t\t\t\t<h3 class=\"qode-bct-post-title entry_title\" itemprop=\"name\">\n\t\t\t\t\t\t\t\t<a href=\"https:\/\/bollicine.org\/?p=211\" itemprop=\"url\">&#8220;PERCORSI DELLE IDEE&#8221;: 27 FEBBRAIO 2010 FORMAZIONE PER VOLONTARI<\/a>\n\t\t\t\t\t\t\t<\/h3>\n\t\t\t\t\t\t\t\t\t\t\t\t\t\t<p itemprop=\"description\" class = \"qode-bct-post-excerpt\"> GIORNATA FORMATIVA PER VOLONTARI AL CENTRO DI RIABILITAZIONE EQUESTRE &#8220;TOSCA DELLE BOLLICINE&#8221; Ore 9:00\/11:00 \u201cL&#8217;Autonomia Possibile\u201d : il concetto di autonomia come valorizzazione della persona all&#8217;interno di percorsi individualizzati, attraverso l&#8217;attivazione di reti sociali (scuola, volontariato, istituzioni) e familiari. Relatore: Dott.ssa Paola Cellerai (Psicologa) Ore...<\/p>\n\t\t\t\t\t\t\t<div class=\"qode-bct-post-date entry_date updated\" itemprop=\"dateCreated\">\n\t\t\t\t\t\t\t\t26 Febbraio 2010\t\t\t\t\t\t\t\t<meta itemprop=\"interactionCount\" content=\"UserComments: 0\"\/>\n\t\t\t\t\t\t\t<\/div>\n\t\t\t\t\t\t<\/div>\n\t\t\t\t\t<\/div>\n\t\t\t\t\t\t\t\t\t\t\t\t<div class=\"qode-bct-post\">\n\t\t\t\t\t\t\t\t\t\t\t\t<div class=\"qode-bct-post-text\">\n\t\t\t\t\t\t\t<h3 class=\"qode-bct-post-title entry_title\" itemprop=\"name\">\n\t\t\t\t\t\t\t\t<a href=\"https:\/\/bollicine.org\/?p=193\" itemprop=\"url\">&#8220;PERCORSI DELLE IDEE&#8221;: CORSO DI FORMAZIONE PER VOLONTARI<\/a>\n\t\t\t\t\t\t\t<\/h3>\n\t\t\t\t\t\t\t\t\t\t\t\t\t\t<p itemprop=\"description\" class = \"qode-bct-post-excerpt\"> L&#8217;Associazione \u201cLe Bollicine\u201d, in collaborazione con l&#8217;Associazione Pubblica Assistenza di Siena, l&#8217;Associazione Senese Down, l&#8217;Associazione Genitori Bambini Disabili e grazie alla partecipazione del Comune di Siena e dell&#8217;Amministrazione provinciale di Siena, organizza un Corso di Formazione Teorico- pratico per volontari operanti nel territorio. Il progetto,...<\/p>\n\t\t\t\t\t\t\t<div class=\"qode-bct-post-date entry_date updated\" itemprop=\"dateCreated\">\n\t\t\t\t\t\t\t\t26 Febbraio 2010\t\t\t\t\t\t\t\t<meta itemprop=\"interactionCount\" content=\"UserComments: 0\"\/>\n\t\t\t\t\t\t\t<\/div>\n\t\t\t\t\t\t<\/div>\n\t\t\t\t\t<\/div>\n\t\t\t\t\t\t\t\t\t\t\t\t<div class=\"qode-bct-post\">\n\t\t\t\t\t\t\t\t\t\t\t\t<div class=\"qode-bct-post-text\">\n\t\t\t\t\t\t\t<h3 class=\"qode-bct-post-title entry_title\" itemprop=\"name\">\n\t\t\t\t\t\t\t\t<a href=\"https:\/\/bollicine.org\/?p=184\" itemprop=\"url\">Manifestazione Judo: &#8220;Oltre le differenze 2010&#8221;<\/a>\n\t\t\t\t\t\t\t<\/h3>\n\t\t\t\t\t\t\t\t\t\t\t\t\t\t<p itemprop=\"description\" class = \"qode-bct-post-excerpt\"> <\/p>\n\t\t\t\t\t\t\t<div class=\"qode-bct-post-date entry_date updated\" itemprop=\"dateCreated\">\n\t\t\t\t\t\t\t\t25 Gennaio 2010\t\t\t\t\t\t\t\t<meta itemprop=\"interactionCount\" content=\"UserComments: 1\"\/>\n\t\t\t\t\t\t\t<\/div>\n\t\t\t\t\t\t<\/div>\n\t\t\t\t\t<\/div>\n\t\t\t\t\t\t\t\t\t\t\t\t<div class=\"qode-bct-post\">\n\t\t\t\t\t\t\t\t\t\t\t\t<div class=\"qode-bct-post-text\">\n\t\t\t\t\t\t\t<h3 class=\"qode-bct-post-title entry_title\" itemprop=\"name\">\n\t\t\t\t\t\t\t\t<a href=\"https:\/\/bollicine.org\/?p=1\" itemprop=\"url\">Benvenuti sul nuovo sito de Le Bollicine<\/a>\n\t\t\t\t\t\t\t<\/h3>\n\t\t\t\t\t\t\t\t\t\t\t\t\t\t<p itemprop=\"description\" class = \"qode-bct-post-excerpt\"> Le Bollicine sono i volontari, i ragazzi, le famiglie che ogni giorno condividono esperienze di vita insieme nelle diverse attivit\u00e0 offerte dall\u2019Associazione. Le Bollicine sono uniche al mondo per queste persone, cos\u00ec come queste persone lo sono per Le Bollicine, perch\u00e9, come dice la Volpe...<\/p>\n\t\t\t\t\t\t\t<div class=\"qode-bct-post-date entry_date updated\" itemprop=\"dateCreated\">\n\t\t\t\t\t\t\t\t24 Novembre 2009\t\t\t\t\t\t\t\t<meta itemprop=\"interactionCount\" content=\"UserComments: 0\"\/>\n\t\t\t\t\t\t\t<\/div>\n\t\t\t\t\t\t<\/div>\n\t\t\t\t\t<\/div>\n\t\t\t\t\t\t\t\t\t\t\t\t<div class=\"qode-bct-post\">\n\t\t\t\t\t\t\t\t\t\t\t\t<div class=\"qode-bct-post-text\">\n\t\t\t\t\t\t\t<h3 class=\"qode-bct-post-title entry_title\" itemprop=\"name\">\n\t\t\t\t\t\t\t\t<a href=\"https:\/\/bollicine.org\/?p=88\" itemprop=\"url\">OFFERTA STAGE 2008\/2009<\/a>\n\t\t\t\t\t\t\t<\/h3>\n\t\t\t\t\t\t\t\t\t\t\t\t\t\t<p itemprop=\"description\" class = \"qode-bct-post-excerpt\"> OFFERTA STAGE 2008\/2009 LA COMUNICAZIONE INTERNA E ESTERNA PRESSO UN&#8217;ASSOCIAZIONE SPORTIVA Profilo: Studenti e laureati della Facolt\u00e0 di Lettere e Filosofia, conoscenze di informatica Attivit\u00e0 previste durante lo svolgimento dello stage: Elaborazione delle strategie per favorire la comunicazione tra i diversi tipi di soci. Partecipazione...<\/p>\n\t\t\t\t\t\t\t<div class=\"qode-bct-post-date entry_date updated\" itemprop=\"dateCreated\">\n\t\t\t\t\t\t\t\t1 Gennaio 2009\t\t\t\t\t\t\t\t<meta itemprop=\"interactionCount\" content=\"UserComments: 0\"\/>\n\t\t\t\t\t\t\t<\/div>\n\t\t\t\t\t\t<\/div>\n\t\t\t\t\t<\/div>\n\t\t\t\t\t\t\t\t\t\t\t\t<div class=\"qode-bct-post\">\n\t\t\t\t\t\t\t\t\t\t\t\t<div class=\"qode-bct-post-text\">\n\t\t\t\t\t\t\t<h3 class=\"qode-bct-post-title entry_title\" itemprop=\"name\">\n\t\t\t\t\t\t\t\t<a href=\"https:\/\/bollicine.org\/?p=100\" itemprop=\"url\">CORSO DI INTRODUZIONE ALLA PET THERAPY 2008<\/a>\n\t\t\t\t\t\t\t<\/h3>\n\t\t\t\t\t\t\t\t\t\t\t\t\t\t<p itemprop=\"description\" class = \"qode-bct-post-excerpt\"> Scarica pdf<\/p>\n\t\t\t\t\t\t\t<div class=\"qode-bct-post-date entry_date updated\" itemprop=\"dateCreated\">\n\t\t\t\t\t\t\t\t1 Gennaio 2008\t\t\t\t\t\t\t\t<meta itemprop=\"interactionCount\" content=\"UserComments: 0\"\/>\n\t\t\t\t\t\t\t<\/div>\n\t\t\t\t\t\t<\/div>\n\t\t\t\t\t<\/div>\n\t\t\t\t\t\t\t\t\t\t\t\t<div class=\"qode-bct-post\">\n\t\t\t\t\t\t\t\t\t\t\t\t<div class=\"qode-bct-post-text\">\n\t\t\t\t\t\t\t<h3 class=\"qode-bct-post-title entry_title\" itemprop=\"name\">\n\t\t\t\t\t\t\t\t<a href=\"https:\/\/bollicine.org\/?p=94\" itemprop=\"url\">Corso di Formazione per Volontari: Un Asino per Amico<\/a>\n\t\t\t\t\t\t\t<\/h3>\n\t\t\t\t\t\t\t\t\t\t\t\t\t\t<p itemprop=\"description\" class = \"qode-bct-post-excerpt\"> Scarica pdf<\/p>\n\t\t\t\t\t\t\t<div class=\"qode-bct-post-date entry_date updated\" itemprop=\"dateCreated\">\n\t\t\t\t\t\t\t\t1 Gennaio 2007\t\t\t\t\t\t\t\t<meta itemprop=\"interactionCount\" content=\"UserComments: 0\"\/>\n\t\t\t\t\t\t\t<\/div>\n\t\t\t\t\t\t<\/div>\n\t\t\t\t\t<\/div>\n\t\t\t\t\t\t\t\t\t\t\t\t<div class=\"qode-bct-post\">\n\t\t\t\t\t\t\t\t\t\t\t\t<div class=\"qode-bct-post-text\">\n\t\t\t\t\t\t\t<h3 class=\"qode-bct-post-title entry_title\" itemprop=\"name\">\n\t\t\t\t\t\t\t\t<a href=\"https:\/\/bollicine.org\/?p=83\" itemprop=\"url\">PERCORSI DI INNOVAZIONE 2006: Percorso sensoriale nel mondo fantastico dei suoni, colori ed immagini<\/a>\n\t\t\t\t\t\t\t<\/h3>\n\t\t\t\t\t\t\t\t\t\t\t\t\t\t<p itemprop=\"description\" class = \"qode-bct-post-excerpt\"> PERCORSI DI INNOVAZIONE 2006: Percorso sensoriale nel mondo fantastico dei suoni, colori ed immagini ?? Metodo: Globalit\u00e0 dei Linguaggi di Stefania G. Lisi PARTNERS Comune di Siena Amministrazione Provinciale di Siena Associazione Genitori Bambini Disabili UISP Unione Italiana Sport per Tutti Ente finanziatore: CESVOT DESCRIZIONE...<\/p>\n\t\t\t\t\t\t\t<div class=\"qode-bct-post-date entry_date updated\" itemprop=\"dateCreated\">\n\t\t\t\t\t\t\t\t1 Febbraio 2006\t\t\t\t\t\t\t\t<meta itemprop=\"interactionCount\" content=\"UserComments: 0\"\/>\n\t\t\t\t\t\t\t<\/div>\n\t\t\t\t\t\t<\/div>\n\t\t\t\t\t<\/div>\n\t\t\t\t\t\t\t\t\t\t\t\t<div class=\"qode-bct-post\">\n\t\t\t\t\t\t\t\t\t\t\t\t<div class=\"qode-bct-post-text\">\n\t\t\t\t\t\t\t<h3 class=\"qode-bct-post-title entry_title\" itemprop=\"name\">\n\t\t\t\t\t\t\t\t<a href=\"https:\/\/bollicine.org\/?p=78\" itemprop=\"url\">Progetto per il CENTRO TOSCA DELLE BOLLICINE<\/a>\n\t\t\t\t\t\t\t<\/h3>\n\t\t\t\t\t\t\t\t\t\t\t\t\t\t<p itemprop=\"description\" class = \"qode-bct-post-excerpt\"> TOSCA DELLE BOLLICINE Costruzione di un Centro Polifunzionale per la Riabilitazione Equestre e Lo Sport per Disabili ENTI FINANZIATORI Fondazione Monte dei Paschi di Siena Ente Cassa di Risparmio di Firenze Societ\u00e0 delle Contrade di Siena Lions Club Siena I Ragazzi del &#8217;53 Gruppo \u201cVolta...<\/p>\n\t\t\t\t\t\t\t<div class=\"qode-bct-post-date entry_date updated\" itemprop=\"dateCreated\">\n\t\t\t\t\t\t\t\t1 Gennaio 2006\t\t\t\t\t\t\t\t<meta itemprop=\"interactionCount\" content=\"UserComments: 0\"\/>\n\t\t\t\t\t\t\t<\/div>\n\t\t\t\t\t\t<\/div>\n\t\t\t\t\t<\/div>\n\t\t\t\t\t\t\t\t\t\t\t\t<div class=\"qode-bct-post\">\n\t\t\t\t\t\t\t\t\t\t\t\t<div class=\"qode-bct-post-text\">\n\t\t\t\t\t\t\t<h3 class=\"qode-bct-post-title entry_title\" itemprop=\"name\">\n\t\t\t\t\t\t\t\t<a href=\"https:\/\/bollicine.org\/?p=75\" itemprop=\"url\">Percorsi di Innovazione 2005: PERCORSO NATURALE ALLA SCOPERTA DEL CAVALLO. IO SONO TOSCA, UN CAVALLO, E TU?<\/a>\n\t\t\t\t\t\t\t<\/h3>\n\t\t\t\t\t\t\t\t\t\t\t\t\t\t<p itemprop=\"description\" class = \"qode-bct-post-excerpt\"> Il progetto \u00e8 stato approvato dal CESVOT (Centro Servizi Volontariato Toscana) nel 2005 e s\u2019intitola \u201cPERCORSO NATURALE ALLA SCOPERTA DEL CAVALLO. IO SONO TOSCA,UN CAVALLO, E TU?\u201d Il progetto prende il nome dalla puledra \u201cTOSCA\u201d, \u201cnata nel 2000 dalla cavalla Dancalia, di propriet\u00e0 dell\u2019associazione \u201cLe...<\/p>\n\t\t\t\t\t\t\t<div class=\"qode-bct-post-date entry_date updated\" itemprop=\"dateCreated\">\n\t\t\t\t\t\t\t\t1 Febbraio 2005\t\t\t\t\t\t\t\t<meta itemprop=\"interactionCount\" content=\"UserComments: 0\"\/>\n\t\t\t\t\t\t\t<\/div>\n\t\t\t\t\t\t<\/div>\n\t\t\t\t\t<\/div>\n\t\t\t\t\t\t\t\t\t\t\t\t<div class=\"qode-bct-post\">\n\t\t\t\t\t\t\t\t\t\t\t\t<div class=\"qode-bct-post-text\">\n\t\t\t\t\t\t\t<h3 class=\"qode-bct-post-title entry_title\" itemprop=\"name\">\n\t\t\t\t\t\t\t\t<a href=\"https:\/\/bollicine.org\/?p=68\" itemprop=\"url\">Corso di Formazione per Volontari 2005<\/a>\n\t\t\t\t\t\t\t<\/h3>\n\t\t\t\t\t\t\t\t\t\t\t\t\t\t<p itemprop=\"description\" class = \"qode-bct-post-excerpt\"> Scarica pdf<\/p>\n\t\t\t\t\t\t\t<div class=\"qode-bct-post-date entry_date updated\" itemprop=\"dateCreated\">\n\t\t\t\t\t\t\t\t1 Gennaio 2005\t\t\t\t\t\t\t\t<meta itemprop=\"interactionCount\" content=\"UserComments: 0\"\/>\n\t\t\t\t\t\t\t<\/div>\n\t\t\t\t\t\t<\/div>\n\t\t\t\t\t<\/div>\n\t\t\t\t\t\t\t\t\t\t\t\t<div class=\"qode-bct-post\">\n\t\t\t\t\t\t\t\t\t\t\t\t<div class=\"qode-bct-post-text\">\n\t\t\t\t\t\t\t<h3 class=\"qode-bct-post-title entry_title\" itemprop=\"name\">\n\t\t\t\t\t\t\t\t<a href=\"https:\/\/bollicine.org\/?p=66\" itemprop=\"url\">PERCORSI DI INNOVAZIONE 2004: &#8220;Estate Insieme&#8221;<\/a>\n\t\t\t\t\t\t\t<\/h3>\n\t\t\t\t\t\t\t\t\t\t\t\t\t\t<p itemprop=\"description\" class = \"qode-bct-post-excerpt\"> PERCORSI DI INNOVAZIONE 2004: &#8220;Estate Insieme&#8221;: proposte educative e ludico-motorie per il tempo libero PARTNERS Comune di Siena Amministrazione Provinciale di Siena Comune di Sovicille Associazione Genitori Bambini Disabili UISP Unione Italiana Sport per Tutti Ente finanziatore: CESVOT DESCRIZIONE Il Progetto si propone di diminuire...<\/p>\n\t\t\t\t\t\t\t<div class=\"qode-bct-post-date entry_date updated\" itemprop=\"dateCreated\">\n\t\t\t\t\t\t\t\t1 Marzo 2004\t\t\t\t\t\t\t\t<meta itemprop=\"interactionCount\" content=\"UserComments: 0\"\/>\n\t\t\t\t\t\t\t<\/div>\n\t\t\t\t\t\t<\/div>\n\t\t\t\t\t<\/div>\n\t\t\t\t\t\t\t\t\t\t\t\t<div class=\"qode-bct-post\">\n\t\t\t\t\t\t\t\t\t\t\t\t<div class=\"qode-bct-post-text\">\n\t\t\t\t\t\t\t<h3 class=\"qode-bct-post-title entry_title\" itemprop=\"name\">\n\t\t\t\t\t\t\t\t<a href=\"https:\/\/bollicine.org\/?p=64\" itemprop=\"url\">UN BUONO PER AMICO<\/a>\n\t\t\t\t\t\t\t<\/h3>\n\t\t\t\t\t\t\t\t\t\t\t\t\t\t<p itemprop=\"description\" class = \"qode-bct-post-excerpt\"> UN BUONO PER AMICO PARTNERS AISM, AUGES, AUSER PROVINCIALE, IL LABORATORIO, MISERICORDIA, PUBBLICA ASSISTENZA Ente finanziatore: Amministrazione Provinciale di Siena DESCRIZIONE La linea \u201cUn Buono per Amico\u201d consiste in interventi di aiuto per disabili offerti dalle Associazioni di Volontariato nel territorio della Provincia di Siena....<\/p>\n\t\t\t\t\t\t\t<div class=\"qode-bct-post-date entry_date updated\" itemprop=\"dateCreated\">\n\t\t\t\t\t\t\t\t1 Febbraio 2004\t\t\t\t\t\t\t\t<meta itemprop=\"interactionCount\" content=\"UserComments: 0\"\/>\n\t\t\t\t\t\t\t<\/div>\n\t\t\t\t\t\t<\/div>\n\t\t\t\t\t<\/div>\n\t\t\t\t\t\t\t\t\t\t\t\t<div class=\"qode-bct-post\">\n\t\t\t\t\t\t\t\t\t\t\t\t<div class=\"qode-bct-post-text\">\n\t\t\t\t\t\t\t<h3 class=\"qode-bct-post-title entry_title\" itemprop=\"name\">\n\t\t\t\t\t\t\t\t<a href=\"https:\/\/bollicine.org\/?p=59\" itemprop=\"url\">ACQUA INSIEME<\/a>\n\t\t\t\t\t\t\t<\/h3>\n\t\t\t\t\t\t\t\t\t\t\t\t\t\t<p itemprop=\"description\" class = \"qode-bct-post-excerpt\"> ACQUA INSIEME PARTNERS U. I.S.P. e l\u2019 Associazione Genitori Bambini Disabili Ente finanziatore: Amministrazione Provinciale di Siena DESCRIZIONE Sperimentazione di un percorso di conoscenza e di gioco con l\u2019acqua ed i suoi ambienti. L\u2019attivit\u00e0 prevede appuntamenti bisettimanali in piscina ( periodo estivo) e il Servizio...<\/p>\n\t\t\t\t\t\t\t<div class=\"qode-bct-post-date entry_date updated\" itemprop=\"dateCreated\">\n\t\t\t\t\t\t\t\t1 Gennaio 2004\t\t\t\t\t\t\t\t<meta itemprop=\"interactionCount\" content=\"UserComments: 0\"\/>\n\t\t\t\t\t\t\t<\/div>\n\t\t\t\t\t\t<\/div>\n\t\t\t\t\t<\/div>\n\t\t\t\t\t\t\t\t\t\t\t\t<div class=\"qode-bct-post\">\n\t\t\t\t\t\t\t\t\t\t\t\t<div class=\"qode-bct-post-text\">\n\t\t\t\t\t\t\t<h3 class=\"qode-bct-post-title entry_title\" itemprop=\"name\">\n\t\t\t\t\t\t\t\t<a href=\"https:\/\/bollicine.org\/?p=54\" itemprop=\"url\">PERCORSI DI INNOVAZIONE 2003: Lo Sport per la Conquista dell\u2019Autonomia<\/a>\n\t\t\t\t\t\t\t<\/h3>\n\t\t\t\t\t\t\t\t\t\t\t\t\t\t<p itemprop=\"description\" class = \"qode-bct-post-excerpt\"> PERCORSI DI INNOVAZIONE 2003: Lo Sport per la Conquista dell\u2019Autonomia PARTNERS: Sporting Club \u2013 Anffas, Comune di Siena Ente finanziatore: Cesvot DESCRIZIONE Il progetto prevede la realizzazione di percorsi finalizzati allo sviluppo e al potenziamento delle autonomie personali mediante l\u2019 approccio con varie discipline sportive...<\/p>\n\t\t\t\t\t\t\t<div class=\"qode-bct-post-date entry_date updated\" itemprop=\"dateCreated\">\n\t\t\t\t\t\t\t\t1 Giugno 2003\t\t\t\t\t\t\t\t<meta itemprop=\"interactionCount\" content=\"UserComments: 0\"\/>\n\t\t\t\t\t\t\t<\/div>\n\t\t\t\t\t\t<\/div>\n\t\t\t\t\t<\/div>\n\t\t\t\t\t<\/div>\n\t\t<\/div>\n\t<\/div>[\/vc_column][vc_column width=&#8221;1\/6&#8243;][\/vc_column][\/vc_row][vc_row css_animation=&#8221;&#8221; row_type=&#8221;row&#8221; use_row_as_full_screen_section=&#8221;no&#8221; type=&#8221;full_width&#8221; angled_section=&#8221;no&#8221; text_align=&#8221;left&#8221; background_image_as_pattern=&#8221;without_pattern&#8221; z_index=&#8221;&#8221; css=&#8221;.vc_custom_1550152387720{background-image: url(https:\/\/bollicine.org\/wp-content\/uploads\/2019\/02\/grass.png?id=1213) !important;}&#8221;][vc_column][vc_empty_space height=&#8221;50px&#8221;][\/vc_column][\/vc_row][vc_row css_animation=&#8221;&#8221; row_type=&#8221;row&#8221; use_row_as_full_screen_section=&#8221;no&#8221; type=&#8221;full_width&#8221; angled_section=&#8221;no&#8221; text_align=&#8221;left&#8221; background_image_as_pattern=&#8221;without_pattern&#8221;][vc_column][vc_column_text]<\/p>\n\n\n\n<p class=\"wp-block-paragraph\">[\/vc_column_text][\/vc_column][\/vc_row]<\/p>\n\n\n\n<p><!-- \/wp:post-content --><\/p>","protected":false},"excerpt":{"rendered":"<p>[vc_row css_animation=&#8221;&#8221; row_type=&#8221;row&#8221; use_row_as_full_screen_section=&#8221;no&#8221; type=&#8221;full_width&#8221; angled_section=&#8221;no&#8221; text_align=&#8221;left&#8221; background_image_as_pattern=&#8221;without_pattern&#8221; padding_top=&#8221;0&#8243; padding_bottom=&#8221;0&#8243; css=&#8221;.vc_custom_1550148559441{margin-top: 0px !important;border-top-width: 0px !important;border-bottom-width: 0px !important;padding-top: 0px !important;}&#8221; z_index=&#8221;&#8221;][vc_column width=&#8221;1\/6&#8243;][\/vc_column][vc_column width=&#8221;2\/3&#8243;][vc_column_text][rev_slider_vc alias=&#8221;home&#8221;][\/vc_column_text][\/vc_column][vc_column width=&#8221;1\/6&#8243;][\/vc_column][\/vc_row][vc_row css_animation=&#8221;&#8221; row_type=&#8221;row&#8221; use_row_as_full_screen_section=&#8221;no&#8221; type=&#8221;full_width&#8221; angled_section=&#8221;no&#8221; text_align=&#8221;left&#8221; background_image_as_pattern=&#8221;without_pattern&#8221;][vc_column width=&#8221;1\/6&#8243;][\/vc_column][vc_column width=&#8221;2\/3&#8243;][\/vc_column][vc_column width=&#8221;1\/6&#8243;][\/vc_column][\/vc_row][vc_row css_animation=&#8221;&#8221; row_type=&#8221;row&#8221; use_row_as_full_screen_section=&#8221;no&#8221; type=&#8221;full_width&#8221; angled_section=&#8221;no&#8221; text_align=&#8221;left&#8221; background_image_as_pattern=&#8221;without_pattern&#8221; z_index=&#8221;&#8221; css=&#8221;.vc_custom_1550152387720{background-image: url(https:\/\/bollicine.org\/wp-content\/uploads\/2019\/02\/grass.png?id=1213) !important;}&#8221;][vc_column][vc_empty_space&#8230;<\/p>\n","protected":false},"author":1,"featured_media":0,"parent":0,"menu_order":0,"comment_status":"closed","ping_status":"closed","template":"","meta":{"footnotes":""},"class_list":["post-1184","page","type-page","status-publish","hentry"],"_links":{"self":[{"href":"https:\/\/bollicine.org\/index.php?rest_route=\/wp\/v2\/pages\/1184","targetHints":{"allow":["GET"]}}],"collection":[{"href":"https:\/\/bollicine.org\/index.php?rest_route=\/wp\/v2\/pages"}],"about":[{"href":"https:\/\/bollicine.org\/index.php?rest_route=\/wp\/v2\/types\/page"}],"author":[{"embeddable":true,"href":"https:\/\/bollicine.org\/index.php?rest_route=\/wp\/v2\/users\/1"}],"replies":[{"embeddable":true,"href":"https:\/\/bollicine.org\/index.php?rest_route=%2Fwp%2Fv2%2Fcomments&post=1184"}],"version-history":[{"count":6,"href":"https:\/\/bollicine.org\/index.php?rest_route=\/wp\/v2\/pages\/1184\/revisions"}],"predecessor-version":[{"id":3223,"href":"https:\/\/bollicine.org\/index.php?rest_route=\/wp\/v2\/pages\/1184\/revisions\/3223"}],"wp:attachment":[{"href":"https:\/\/bollicine.org\/index.php?rest_route=%2Fwp%2Fv2%2Fmedia&parent=1184"}],"curies":[{"name":"wp","href":"https:\/\/api.w.org\/{rel}","templated":true}]}}