{"id":2,"date":"2009-11-24T02:57:28","date_gmt":"2009-11-24T02:57:28","guid":{"rendered":"https:\/\/bollicine.org\/?page_id=2"},"modified":"2024-04-24T11:27:27","modified_gmt":"2024-04-24T11:27:27","slug":"storia","status":"publish","type":"page","link":"https:\/\/bollicine.org\/?page_id=2","title":{"rendered":"Chi siamo"},"content":{"rendered":"\n<p class=\"has-black-color has-text-color wp-block-paragraph\">L&#8217;associazione Le Bollicine fu fondata nel 1990 per promuovere attivit\u00e0 sportive per persone con disabilit\u00e0 , con particolare riferimento alla riabilitazione equestre e l&#8217;Equitazione sportiva Con il tempo l&#8217;associazione \u00e8 cresciuta e ad oggi \u00e8 un punto di riferimento per la costruzione del progetto di vita delle persone con disabilit\u00e0, attraverso la realizzazione di percorsi integrati con le istituzioni e altri enti del territorio&nbsp; negli Interventi Assistiti con gli Animali,&nbsp; in ambito educativo sportivo , lavorativo e mediante la sperimentazione&nbsp; progetti di autonomia personale. <\/p>\n\n\n\n<p class=\"has-black-color has-text-color wp-block-paragraph\">L\u2019Associazione \u00e8 composta da circa 220 soci, in gran parte familiari dei beneficiari&nbsp; e da volontari che collaborano attivamente alla vita associativa, oltre che da persone che condividono comunque lo spirito di questa realt\u00e0.<\/p>\n\n\n\n<br \/>\n<br \/>\n\n\n\n<p class=\"has-text-color has-vivid-cyan-blue-color has-large-font-size wp-block-paragraph\">Organigramma e statuto<\/p>\n\n\n\n<br \/>\n<br \/>\n\n\n\n<hr class=\"wp-block-separator has-alpha-channel-opacity\"\/>\n\n\n\n<p class=\"wp-block-paragraph\"><strong>CONSIGLIO DIRETTIVO<\/strong><\/p>\n\n\n\n<div style=\"height:24px\" aria-hidden=\"true\" class=\"wp-block-spacer\"><\/div>\n\n\n\n<p class=\"wp-block-paragraph\"><strong>Presidente<\/strong>:<\/p>\n\n\n\n<p class=\"wp-block-paragraph\">Paraskevi Spantidaki<\/p>\n\n\n\n<p class=\"wp-block-paragraph\"><strong>Vice Presidente:<\/strong><\/p>\n\n\n\n<p class=\"wp-block-paragraph\">Francesca Poggiani<\/p>\n\n\n\n<p class=\"wp-block-paragraph\"><strong>Consiglieri<\/strong>:<\/p>\n\n\n\n<p class=\"wp-block-paragraph\">Angela Manfrin<\/p>\n\n\n\n<p class=\"wp-block-paragraph\">Fabio Puliti<\/p>\n\n\n\n<p class=\"wp-block-paragraph\">Nicola Rocchigiani<\/p>\n\n\n\n<p class=\"wp-block-paragraph\">Lisa Dioli&nbsp;<\/p>\n\n\n\n<p class=\"wp-block-paragraph\">Marco Pucci<\/p>\n\n\n\n<p class=\"wp-block-paragraph\"><strong>Coordinatore<\/strong>:<\/p>\n\n\n\n<p class=\"wp-block-paragraph\">Letizia Cambi<\/p>\n\n\n\n<br \/>\n<br \/>\n\n\n\n<p class=\"wp-block-paragraph\" style=\"font-size:25px\"><a href=\"https:\/\/bollicine.org\/wp-content\/uploads\/2023\/06\/3.-Statuto-Bollicine-2021-APS.pdf\" data-type=\"URL\" data-id=\"https:\/\/bollicine.org\/wp-content\/uploads\/2019\/02\/STATUTO-2018.pdf\"><strong>Statuto Associazione Le Bollicine<\/strong><\/a><\/p>\n\n\n\n<br \/>\n<br \/>\n","protected":false},"excerpt":{"rendered":"<p>L&#8217;associazione Le Bollicine fu fondata nel 1990 per promuovere attivit\u00e0 sportive per persone con disabilit\u00e0 , con particolare riferimento alla riabilitazione equestre e l&#8217;Equitazione sportiva Con il tempo l&#8217;associazione \u00e8 cresciuta e ad oggi \u00e8 un punto di riferimento per la costruzione del progetto di&#8230;<\/p>\n","protected":false},"author":1,"featured_media":0,"parent":0,"menu_order":4,"comment_status":"open","ping_status":"open","template":"","meta":{"footnotes":""},"class_list":["post-2","page","type-page","status-publish","hentry"],"_links":{"self":[{"href":"https:\/\/bollicine.org\/index.php?rest_route=\/wp\/v2\/pages\/2","targetHints":{"allow":["GET"]}}],"collection":[{"href":"https:\/\/bollicine.org\/index.php?rest_route=\/wp\/v2\/pages"}],"about":[{"href":"https:\/\/bollicine.org\/index.php?rest_route=\/wp\/v2\/types\/page"}],"author":[{"embeddable":true,"href":"https:\/\/bollicine.org\/index.php?rest_route=\/wp\/v2\/users\/1"}],"replies":[{"embeddable":true,"href":"https:\/\/bollicine.org\/index.php?rest_route=%2Fwp%2Fv2%2Fcomments&post=2"}],"version-history":[{"count":0,"href":"https:\/\/bollicine.org\/index.php?rest_route=\/wp\/v2\/pages\/2\/revisions"}],"wp:attachment":[{"href":"https:\/\/bollicine.org\/index.php?rest_route=%2Fwp%2Fv2%2Fmedia&parent=2"}],"curies":[{"name":"wp","href":"https:\/\/api.w.org\/{rel}","templated":true}]}}