{"id":2207,"date":"2020-12-13T15:42:42","date_gmt":"2020-12-13T15:42:42","guid":{"rendered":"https:\/\/bollicine.org\/?page_id=2207"},"modified":"2020-12-14T19:32:40","modified_gmt":"2020-12-14T19:32:40","slug":"la-valigia-delle-idee","status":"publish","type":"page","link":"https:\/\/bollicine.org\/?page_id=2207","title":{"rendered":"La Valigia delle Idee"},"content":{"rendered":"\n<p class=\"wp-block-paragraph\"><strong>\u201c LA VALIGIA DELLE IDEE!\u201d<\/strong><\/p>\n\n\n\n<div style=\"height:40px\" aria-hidden=\"true\" class=\"wp-block-spacer\"><\/div>\n\n\n\n<p class=\"wp-block-paragraph\">Durante i mesi del lockdown ci siamo interrogati a lungo su come sostenere e mantenere i legami sociali tra le nostre ragazze ed i nostri ragazzi. L\u2019idea del gruppo online \u201cla valigia delle idee!\u201d nasce come opportunit\u00e0 di incontro settimanale in cui condividere le proprie esperienze, discutere su tematiche prestabilite e prepararsi ad un ritorno alla socializzazione.<\/p>\n\n\n\n<p class=\"wp-block-paragraph\">La Pandemia ha ridimensionato la sfera socio-emotiva di tutte e tutti, creando nuovi modelli di relazionalit\u00e0 che ci spingono a rapportarsi in maniera diversa con le persone. Dalle riflessioni delle nostre ragazze e dei nostri ragazzi spesso emerge la domanda \u201cma si torner\u00e0 come prima?\u201d.<\/p>\n\n\n\n<div style=\"height:40px\" aria-hidden=\"true\" class=\"wp-block-spacer\"><\/div>\n\n\n\n<p class=\"wp-block-paragraph\">Il laboratorio si svolge, da inizio giugno, con cadenza settimanale sulla piattaforma ZOOM. \u00c8 stato creato un gruppo whats\u2019app in cui l\u2019educatrice di riferimento invia delle proposte di attivit\u00e0 che verranno discusse insieme durate il gruppo online. Partecipano attivamente dai sette ai dieci ragazzi e ragazze con disabilit\u00e0 intellettiva. \u00c8 un\u2019occasione di incontro e di scambio, la cadenza settimane e le attivit\u00e0 proposte i giorni precedenti, aiutano a calendarizzare il tempo scomposto del lockdown, stimolando nei partecipanti la \u201clogica sequenziale del tempo che passa\u201d.<\/p>\n\n\n\n<p class=\"wp-block-paragraph\">&nbsp;Il laboratorio \u00e8 stato strutturato in diversi moduli tematici che vertono intorno al tema delle emozioni e dell\u2019identit\u00e0 utilizzando vari canali espressivi e creativi.<\/p>\n\n\n\n<div style=\"height:40px\" aria-hidden=\"true\" class=\"wp-block-spacer\"><\/div>\n\n\n\n<p class=\"wp-block-paragraph\">Il primo modulo \u00e8 stato centrato sulle sei emozioni fondamentali, teorizzate da Paul Ekman. Per prima cosa i partecipanti sono stati invitati a piantare un fagiolino, nell\u2019ottica di prendersi cura dell\u2019altro, vederlo crescere e saperlo ascoltare. Durante tutto il laboratorio abbiamo monitorato l\u2019andamento nelle nostre piantine sostenendo ed elaborando le emozioni che da esso derivavano: come la gioia del vederlo crescere o la frustrazione del non vedere progressi.<\/p>\n\n\n\n<p class=\"wp-block-paragraph\">Per ognuna delle sei emozioni fondamentali (gioia, paura, tristezza, rabbia, disgusto, sorpresa) \u00e8 stato proposto un canale espressivo e creativo differente, cos\u00ec da potersi metterci in gioco in varie modalit\u00e0.<\/p>\n\n\n\n<div style=\"height:40px\" aria-hidden=\"true\" class=\"wp-block-spacer\"><\/div>\n\n\n\n<p class=\"wp-block-paragraph\">Qua il link per poter prendere visione di alcune delle attivit\u00e0 proposte sulle emozioni: <a href=\"https:\/\/www.youtube.com\/channel\/UCyi4kg1Ki9t2R7JOkh4GVlg\">https:\/\/www.youtube.com\/channel\/UCyi4kg1Ki9t2R7JOkh4GVlg<\/a> <\/p>\n\n\n\n<div style=\"height:40px\" aria-hidden=\"true\" class=\"wp-block-spacer\"><\/div>\n\n\n\n<figure class=\"wp-block-gallery columns-3 is-cropped wp-block-gallery-1 is-layout-flex wp-block-gallery-is-layout-flex\"><ul class=\"blocks-gallery-grid\"><li class=\"blocks-gallery-item\"><figure><a href=\"https:\/\/bollicine.org\/wp-content\/uploads\/2020\/12\/kmk.jpg\"><img loading=\"lazy\" decoding=\"async\" width=\"768\" height=\"1024\" src=\"https:\/\/bollicine.org\/wp-content\/uploads\/2020\/12\/kmk.jpg\" alt=\"\" data-id=\"2209\" data-link=\"https:\/\/bollicine.org\/?attachment_id=2209\" class=\"wp-image-2209\" srcset=\"https:\/\/bollicine.org\/wp-content\/uploads\/2020\/12\/kmk.jpg 768w, https:\/\/bollicine.org\/wp-content\/uploads\/2020\/12\/kmk-225x300.jpg 225w, https:\/\/bollicine.org\/wp-content\/uploads\/2020\/12\/kmk-600x800.jpg 600w, https:\/\/bollicine.org\/wp-content\/uploads\/2020\/12\/kmk-700x933.jpg 700w\" sizes=\"auto, (max-width: 768px) 100vw, 768px\" \/><\/a><\/figure><\/li><li class=\"blocks-gallery-item\"><figure><a href=\"https:\/\/bollicine.org\/wp-content\/uploads\/2020\/12\/2.jpg\"><img loading=\"lazy\" decoding=\"async\" width=\"634\" height=\"846\" src=\"https:\/\/bollicine.org\/wp-content\/uploads\/2020\/12\/2.jpg\" alt=\"\" data-id=\"2210\" data-link=\"https:\/\/bollicine.org\/?attachment_id=2210\" class=\"wp-image-2210\" srcset=\"https:\/\/bollicine.org\/wp-content\/uploads\/2020\/12\/2.jpg 634w, https:\/\/bollicine.org\/wp-content\/uploads\/2020\/12\/2-225x300.jpg 225w, https:\/\/bollicine.org\/wp-content\/uploads\/2020\/12\/2-600x800.jpg 600w\" sizes=\"auto, (max-width: 634px) 100vw, 634px\" \/><\/a><\/figure><\/li><li class=\"blocks-gallery-item\"><figure><a href=\"https:\/\/bollicine.org\/wp-content\/uploads\/2020\/12\/3.jpg\"><img loading=\"lazy\" decoding=\"async\" width=\"768\" height=\"1024\" src=\"https:\/\/bollicine.org\/wp-content\/uploads\/2020\/12\/3-768x1024.jpg\" alt=\"\" data-id=\"2211\" data-full-url=\"https:\/\/bollicine.org\/wp-content\/uploads\/2020\/12\/3.jpg\" data-link=\"https:\/\/bollicine.org\/?attachment_id=2211\" class=\"wp-image-2211\" srcset=\"https:\/\/bollicine.org\/wp-content\/uploads\/2020\/12\/3-768x1023.jpg 768w, https:\/\/bollicine.org\/wp-content\/uploads\/2020\/12\/3-225x300.jpg 225w, https:\/\/bollicine.org\/wp-content\/uploads\/2020\/12\/3-1153x1536.jpg 1153w, https:\/\/bollicine.org\/wp-content\/uploads\/2020\/12\/3-600x800.jpg 600w, https:\/\/bollicine.org\/wp-content\/uploads\/2020\/12\/3-700x933.jpg 700w, https:\/\/bollicine.org\/wp-content\/uploads\/2020\/12\/3.jpg 1200w\" sizes=\"auto, (max-width: 768px) 100vw, 768px\" \/><\/a><\/figure><\/li><\/ul><\/figure>\n\n\n\n<div style=\"height:40px\" aria-hidden=\"true\" class=\"wp-block-spacer\"><\/div>\n\n\n\n<p class=\"wp-block-paragraph\">Il tema principale del secondo modulo \u00e8 stata l\u2019esplorazione dei cinque sensi. Ci siamo concentrati un senso a volta, cercando di escludere gli altri. Questo \u00e8 un processo molto complesso che implica vari aspetti cognitivi tra cui l\u2019attenzione selettiva, le abilit\u00e0 di problem-solving ed un certo grado di elaborazione cognitiva. Ad esempio non \u00e8 scontato pensare all\u2019olfatto senza tenere in considerazione la vista: abbiamo chiuso gli occhi annusando un fiore e ci siamo sperimentati a disegnare quale profumo potrebbe aver avuto per poterlo raccontare agli altri.<\/p>\n\n\n\n<div style=\"height:40px\" aria-hidden=\"true\" class=\"wp-block-spacer\"><\/div>\n\n\n\n<figure class=\"wp-block-gallery columns-2 is-cropped wp-block-gallery-2 is-layout-flex wp-block-gallery-is-layout-flex\"><ul class=\"blocks-gallery-grid\"><li class=\"blocks-gallery-item\"><figure><a href=\"https:\/\/bollicine.org\/wp-content\/uploads\/2020\/12\/4.jpg\"><img loading=\"lazy\" decoding=\"async\" width=\"1200\" height=\"1600\" src=\"https:\/\/bollicine.org\/wp-content\/uploads\/2020\/12\/4-768x1024.jpg\" alt=\"\" data-id=\"2213\" data-full-url=\"https:\/\/bollicine.org\/wp-content\/uploads\/2020\/12\/4.jpg\" data-link=\"https:\/\/bollicine.org\/?attachment_id=2213\" class=\"wp-image-2213\" srcset=\"https:\/\/bollicine.org\/wp-content\/uploads\/2020\/12\/4-768x1024.jpg 768w, https:\/\/bollicine.org\/wp-content\/uploads\/2020\/12\/4-225x300.jpg 225w, https:\/\/bollicine.org\/wp-content\/uploads\/2020\/12\/4-1152x1536.jpg 1152w, https:\/\/bollicine.org\/wp-content\/uploads\/2020\/12\/4-600x800.jpg 600w, https:\/\/bollicine.org\/wp-content\/uploads\/2020\/12\/4-700x933.jpg 700w, https:\/\/bollicine.org\/wp-content\/uploads\/2020\/12\/4.jpg 1200w\" sizes=\"auto, (max-width: 1200px) 100vw, 1200px\" \/><\/a><\/figure><\/li><li class=\"blocks-gallery-item\"><figure><a href=\"https:\/\/bollicine.org\/wp-content\/uploads\/2020\/12\/5.jpg\"><img loading=\"lazy\" decoding=\"async\" width=\"1024\" height=\"768\" src=\"https:\/\/bollicine.org\/wp-content\/uploads\/2020\/12\/5-1024x768.jpg\" alt=\"\" data-id=\"2214\" data-full-url=\"https:\/\/bollicine.org\/wp-content\/uploads\/2020\/12\/5.jpg\" data-link=\"https:\/\/bollicine.org\/?attachment_id=2214\" class=\"wp-image-2214\" srcset=\"https:\/\/bollicine.org\/wp-content\/uploads\/2020\/12\/5-1024x768.jpg 1024w, https:\/\/bollicine.org\/wp-content\/uploads\/2020\/12\/5-300x225.jpg 300w, https:\/\/bollicine.org\/wp-content\/uploads\/2020\/12\/5-768x576.jpg 768w, https:\/\/bollicine.org\/wp-content\/uploads\/2020\/12\/5-1536x1153.jpg 1536w, https:\/\/bollicine.org\/wp-content\/uploads\/2020\/12\/5-800x600.jpg 800w, https:\/\/bollicine.org\/wp-content\/uploads\/2020\/12\/5-700x525.jpg 700w, https:\/\/bollicine.org\/wp-content\/uploads\/2020\/12\/5.jpg 1599w\" sizes=\"auto, (max-width: 1024px) 100vw, 1024px\" \/><\/a><\/figure><\/li><\/ul><\/figure>\n\n\n\n<div style=\"height:40px\" aria-hidden=\"true\" class=\"wp-block-spacer\"><\/div>\n\n\n\n<p class=\"wp-block-paragraph\">Il terzo modulo, attualmente ancora in corso, verte attorno ai temi dell\u2019identit\u00e0 e del racconto di noi stessi. Iniziando dalla lettura dell\u2019albo illustrato \u201cI cinque Malfatti\u201d di Beatrice Alemagna abbiamo esplorato il tema dell\u2019unicit\u00e0 di ognuno tra difetti e specificit\u00e0, realizzando una carta di identit\u00e0 dei proprio essere Malfatto e riscrivendo la storia proposta. Le ragazze e i ragazzi del gruppo si sono improvvisati giornalisti, intervistando genitori e amici con delle domande scelte tutte e tutti insieme, ognuno ha scelto il canale comunicativo preferenziale: video, audio, scrittura.<\/p>\n\n\n\n<div style=\"height:40px\" aria-hidden=\"true\" class=\"wp-block-spacer\"><\/div>\n\n\n\n<figure class=\"wp-block-image size-large\"><a href=\"https:\/\/bollicine.org\/wp-content\/uploads\/2020\/12\/6-2.jpg\"><img loading=\"lazy\" decoding=\"async\" width=\"768\" height=\"1024\" src=\"https:\/\/bollicine.org\/wp-content\/uploads\/2020\/12\/6-2-768x1024.jpg\" alt=\"\" class=\"wp-image-2217\" srcset=\"https:\/\/bollicine.org\/wp-content\/uploads\/2020\/12\/6-2-768x1023.jpg 768w, https:\/\/bollicine.org\/wp-content\/uploads\/2020\/12\/6-2-225x300.jpg 225w, https:\/\/bollicine.org\/wp-content\/uploads\/2020\/12\/6-2-1153x1536.jpg 1153w, https:\/\/bollicine.org\/wp-content\/uploads\/2020\/12\/6-2-600x800.jpg 600w, https:\/\/bollicine.org\/wp-content\/uploads\/2020\/12\/6-2-700x933.jpg 700w, https:\/\/bollicine.org\/wp-content\/uploads\/2020\/12\/6-2.jpg 1200w\" sizes=\"auto, (max-width: 768px) 100vw, 768px\" \/><\/a><\/figure>\n\n\n\n<div style=\"height:40px\" aria-hidden=\"true\" class=\"wp-block-spacer\"><\/div>\n\n\n\n<p class=\"wp-block-paragraph\">Non sono mancati momenti di svago, come la festa di Halloween, in cui rigorosamente mascherati abbiamo ascoltato musica&nbsp; ballato tutte e tutti insieme a distanza.&nbsp;<\/p>\n\n\n\n<div style=\"height:40px\" aria-hidden=\"true\" class=\"wp-block-spacer\"><\/div>\n\n\n\n<figure class=\"wp-block-image size-large\"><a href=\"https:\/\/bollicine.org\/wp-content\/uploads\/2020\/12\/1.jpg\"><img loading=\"lazy\" decoding=\"async\" width=\"640\" height=\"640\" src=\"https:\/\/bollicine.org\/wp-content\/uploads\/2020\/12\/1.jpg\" alt=\"\" class=\"wp-image-2236\" srcset=\"https:\/\/bollicine.org\/wp-content\/uploads\/2020\/12\/1.jpg 640w, https:\/\/bollicine.org\/wp-content\/uploads\/2020\/12\/1-300x300.jpg 300w, https:\/\/bollicine.org\/wp-content\/uploads\/2020\/12\/1-150x150.jpg 150w, https:\/\/bollicine.org\/wp-content\/uploads\/2020\/12\/1-570x570.jpg 570w, https:\/\/bollicine.org\/wp-content\/uploads\/2020\/12\/1-500x500.jpg 500w\" sizes=\"auto, (max-width: 640px) 100vw, 640px\" \/><\/a><\/figure>\n\n\n\n<div style=\"height:40px\" aria-hidden=\"true\" class=\"wp-block-spacer\"><\/div>\n\n\n\n<p class=\"wp-block-paragraph\">Il progetto \u00e8 nato in collaborazione con la Societ\u00e0 della salute senese nell\u2019ambito delle iniziative di socializzazione durante il periodo dell\u2019emergenza sanitaria.<\/p>\n\n\n\n<p class=\"wp-block-paragraph\">Il laboratorio online \u201cLa Valigia delle idee!\u201d si propone come momento di riflessione e scambio, che ha l\u2019obiettivo di stimolare la creativit\u00e0 e l\u2019espressivit\u00e0 di tutte e di tutti. La condivisione degli elaborati permette di valorizzare le proprie scelte in un\u2019ottica di autodeterminazione.\u00a0<\/p>\n\n\n\n<div style=\"height:50px\" aria-hidden=\"true\" class=\"wp-block-spacer\"><\/div>\n","protected":false},"excerpt":{"rendered":"<p>\u201c LA VALIGIA DELLE IDEE!\u201d Durante i mesi del lockdown ci siamo interrogati a lungo su come sostenere e mantenere i legami sociali tra le nostre ragazze ed i nostri ragazzi. L\u2019idea del gruppo online \u201cla valigia delle idee!\u201d nasce come opportunit\u00e0 di incontro settimanale&#8230;<\/p>\n","protected":false},"author":1,"featured_media":0,"parent":0,"menu_order":0,"comment_status":"closed","ping_status":"closed","template":"","meta":{"footnotes":""},"class_list":["post-2207","page","type-page","status-publish","hentry"],"_links":{"self":[{"href":"https:\/\/bollicine.org\/index.php?rest_route=\/wp\/v2\/pages\/2207","targetHints":{"allow":["GET"]}}],"collection":[{"href":"https:\/\/bollicine.org\/index.php?rest_route=\/wp\/v2\/pages"}],"about":[{"href":"https:\/\/bollicine.org\/index.php?rest_route=\/wp\/v2\/types\/page"}],"author":[{"embeddable":true,"href":"https:\/\/bollicine.org\/index.php?rest_route=\/wp\/v2\/users\/1"}],"replies":[{"embeddable":true,"href":"https:\/\/bollicine.org\/index.php?rest_route=%2Fwp%2Fv2%2Fcomments&post=2207"}],"version-history":[{"count":0,"href":"https:\/\/bollicine.org\/index.php?rest_route=\/wp\/v2\/pages\/2207\/revisions"}],"wp:attachment":[{"href":"https:\/\/bollicine.org\/index.php?rest_route=%2Fwp%2Fv2%2Fmedia&parent=2207"}],"curies":[{"name":"wp","href":"https:\/\/api.w.org\/{rel}","templated":true}]}}